{"id":34441,"date":"2024-06-21T11:32:17","date_gmt":"2024-06-21T09:32:17","guid":{"rendered":"https:\/\/charente.catholique.fr\/ouest-charente\/?post_type=evenement&#038;p=34441"},"modified":"2024-09-09T14:11:17","modified_gmt":"2024-09-09T12:11:17","slug":"weekend-hommes-entrer-dans-sa-terre-promise","status":"publish","type":"evenement","link":"https:\/\/charente.catholique.fr\/ouest-charente\/agenda\/weekend-hommes-entrer-dans-sa-terre-promise\/","title":{"rendered":"Weekend Hommes &#8220;Entrer dans sa terre promise !&#8221;"},"content":{"rendered":"\n<p>Un Weekend Hommes pour &#8220;Entrer dans sa terre promise&#8221; anim\u00e9 par Jean-Philippe Rouillier (Auteur Conf\u00e9rencier Catholique), propos\u00e9 par les Serviteurs de la Mis\u00e9ricorde.<\/p>\n\n\n<div class=\"wp-block-image\">\n<figure class=\"aligncenter size-large\"><img loading=\"lazy\" decoding=\"async\" width=\"764\" height=\"1080\" src=\"https:\/\/charente.catholique.fr\/ouest-charente\/wp-content\/uploads\/sites\/6\/2024\/06\/Copie-de-WEEKEND-11-13-OCT-V1-1-764x1080.png\" alt=\"\" class=\"wp-image-34552\" srcset=\"https:\/\/charente.catholique.fr\/ouest-charente\/wp-content\/uploads\/sites\/6\/2024\/06\/Copie-de-WEEKEND-11-13-OCT-V1-1-764x1080.png 764w, https:\/\/charente.catholique.fr\/ouest-charente\/wp-content\/uploads\/sites\/6\/2024\/06\/Copie-de-WEEKEND-11-13-OCT-V1-1-212x300.png 212w, https:\/\/charente.catholique.fr\/ouest-charente\/wp-content\/uploads\/sites\/6\/2024\/06\/Copie-de-WEEKEND-11-13-OCT-V1-1-768x1086.png 768w, https:\/\/charente.catholique.fr\/ouest-charente\/wp-content\/uploads\/sites\/6\/2024\/06\/Copie-de-WEEKEND-11-13-OCT-V1-1-1086x1536.png 1086w, https:\/\/charente.catholique.fr\/ouest-charente\/wp-content\/uploads\/sites\/6\/2024\/06\/Copie-de-WEEKEND-11-13-OCT-V1-1-1320x1867.png 1320w, https:\/\/charente.catholique.fr\/ouest-charente\/wp-content\/uploads\/sites\/6\/2024\/06\/Copie-de-WEEKEND-11-13-OCT-V1-1.png 1414w\" sizes=\"auto, (max-width: 764px) 100vw, 764px\" \/><\/figure>\n<\/div>\n\n\n<p>Avec Philippe Albert \u00e0 la louange et le P\u00e8re Massi pour nous accompagner.<\/p>\n\n\n\n<p>Deux jours <strong>entre Hommes<\/strong> pour se rapprocher de Dieu, sortir de sa zone de confort, se retrouver soi-m\u00eame ! Du physique, du spirituel, du partage&#8230; un temps fort pour repartir gonfl\u00e9 \u00e0 bloc !<\/p>\n\n\n\n<p>Ce weekend d\u00e9bute le Vendredi 11 Octobre \u00e0 18h30 (Accueil) et se termine le Dimanche 13 Octobre \u00e0 16h00.<\/p>\n\n\n\n<p>Pour toutes informations 07 69 73 63 16 (Marc)<\/p>\n\n\n\n<p><a href=\"https:\/\/serviteursdelamisericorde.org\/?page_id=3778\"><strong>Liens pour s&#8217;inscrire<\/strong><\/a><\/p>\n\n\n","protected":false},"author":63,"featured_media":34552,"template":"","meta":{"_acf_changed":false,"paroisse":["24","24","24","24","24","24","24","24","24","24"],"service":["0"],"footnotes":""},"categories":[1,5],"tags":[],"class_list":["post-34441","evenement","type-evenement","status-publish","has-post-thumbnail","hentry","category-actualites","category-cognac","validated"],"acf":{"start_date":"2024-10-11 08:30:00","end_date":"2024-10-13 23:30:00","location":"Institut de Richemont 12 Route de l'Ancien S\u00e9minaire 16370 Cherves Richemont","address":{"address":"12 Route de l'Ancien S\u00e9minaire, 16370 Cherves-Richemont, France","lat":45.7204197,"lng":-0.3630734,"zoom":15,"place_id":"ChIJP3-crknyAEgRj4B5m3j8qmQ","name":"12 Rte de l'Ancien S\u00e9minaire","street_number":12,"street_name":"Route de l'Ancien S\u00e9minaire","street_name_short":"Rte de l'Ancien S\u00e9minaire","city":"Cherves-Richemont","state":"Nouvelle-Aquitaine","post_code":16370,"country":"France","country_short":"FR"}},"yoast_head":"<!-- This site is optimized with the Yoast SEO plugin v27.1.1 - https:\/\/yoast.com\/product\/yoast-seo-wordpress\/ -->\n<title>Weekend Hommes &quot;Entrer dans sa terre promise !&quot; - Doyenn\u00e9 Ouest Charente<\/title>\n<meta name=\"robots\" content=\"index, follow, max-snippet:-1, max-image-preview:large, max-video-preview:-1\" \/>\n<link rel=\"canonical\" href=\"https:\/\/charente.catholique.fr\/ouest-charente\/agenda\/weekend-hommes-entrer-dans-sa-terre-promise\/\" \/>\n<meta property=\"og:locale\" content=\"fr_FR\" \/>\n<meta property=\"og:type\" content=\"article\" \/>\n<meta property=\"og:title\" content=\"Weekend Hommes &quot;Entrer dans sa terre promise !&quot; - Doyenn\u00e9 Ouest Charente\" \/>\n<meta property=\"og:description\" content=\"Un Weekend Hommes pour &#8220;Entrer dans sa terre promise&#8221; anim\u00e9 par Jean-Philippe Rouillier (Auteur Conf\u00e9rencier Catholique), propos\u00e9 par les Serviteurs de la Mis\u00e9ricorde. Avec Philippe Albert \u00e0 la louange et le P\u00e8re Massi pour nous accompagner. Deux jours entre Hommes pour se rapprocher de Dieu, sortir de sa zone de confort, se retrouver soi-m\u00eame ! [&hellip;]\" \/>\n<meta property=\"og:url\" content=\"https:\/\/charente.catholique.fr\/ouest-charente\/agenda\/weekend-hommes-entrer-dans-sa-terre-promise\/\" \/>\n<meta property=\"og:site_name\" content=\"Doyenn\u00e9 Ouest Charente\" \/>\n<meta property=\"article:publisher\" content=\"https:\/\/www.facebook.com\/EgliseCatholiqueCharente\" \/>\n<meta property=\"article:modified_time\" content=\"2024-09-09T12:11:17+00:00\" \/>\n<meta property=\"og:image\" content=\"https:\/\/charente.catholique.fr\/ouest-charente\/wp-content\/uploads\/sites\/6\/2024\/06\/Copie-de-WEEKEND-11-13-OCT-V1-1.png\" \/>\n\t<meta property=\"og:image:width\" content=\"1414\" \/>\n\t<meta property=\"og:image:height\" content=\"2000\" \/>\n\t<meta property=\"og:image:type\" content=\"image\/png\" \/>\n<meta name=\"twitter:card\" content=\"summary_large_image\" \/>\n<meta name=\"twitter:site\" content=\"@diocesecharente\" \/>\n<meta name=\"twitter:label1\" content=\"Dur\u00e9e de lecture estim\u00e9e\" \/>\n\t<meta name=\"twitter:data1\" content=\"1 minute\" \/>\n<script type=\"application\/ld+json\" class=\"yoast-schema-graph\">{\"@context\":\"https:\/\/schema.org\",\"@graph\":[{\"@type\":\"WebPage\",\"@id\":\"https:\/\/charente.catholique.fr\/ouest-charente\/agenda\/weekend-hommes-entrer-dans-sa-terre-promise\/\",\"url\":\"https:\/\/charente.catholique.fr\/ouest-charente\/agenda\/weekend-hommes-entrer-dans-sa-terre-promise\/\",\"name\":\"Weekend Hommes \\\"Entrer dans sa terre promise !\\\" - Doyenn\u00e9 Ouest Charente\",\"isPartOf\":{\"@id\":\"https:\/\/charente.catholique.fr\/ouest-charente\/#website\"},\"primaryImageOfPage\":{\"@id\":\"https:\/\/charente.catholique.fr\/ouest-charente\/agenda\/weekend-hommes-entrer-dans-sa-terre-promise\/#primaryimage\"},\"image\":{\"@id\":\"https:\/\/charente.catholique.fr\/ouest-charente\/agenda\/weekend-hommes-entrer-dans-sa-terre-promise\/#primaryimage\"},\"thumbnailUrl\":\"https:\/\/charente.catholique.fr\/ouest-charente\/wp-content\/uploads\/sites\/6\/2024\/06\/Copie-de-WEEKEND-11-13-OCT-V1-1.png\",\"datePublished\":\"2024-06-21T09:32:17+00:00\",\"dateModified\":\"2024-09-09T12:11:17+00:00\",\"breadcrumb\":{\"@id\":\"https:\/\/charente.catholique.fr\/ouest-charente\/agenda\/weekend-hommes-entrer-dans-sa-terre-promise\/#breadcrumb\"},\"inLanguage\":\"fr-FR\",\"potentialAction\":[{\"@type\":\"ReadAction\",\"target\":[\"https:\/\/charente.catholique.fr\/ouest-charente\/agenda\/weekend-hommes-entrer-dans-sa-terre-promise\/\"]}]},{\"@type\":\"ImageObject\",\"inLanguage\":\"fr-FR\",\"@id\":\"https:\/\/charente.catholique.fr\/ouest-charente\/agenda\/weekend-hommes-entrer-dans-sa-terre-promise\/#primaryimage\",\"url\":\"https:\/\/charente.catholique.fr\/ouest-charente\/wp-content\/uploads\/sites\/6\/2024\/06\/Copie-de-WEEKEND-11-13-OCT-V1-1.png\",\"contentUrl\":\"https:\/\/charente.catholique.fr\/ouest-charente\/wp-content\/uploads\/sites\/6\/2024\/06\/Copie-de-WEEKEND-11-13-OCT-V1-1.png\",\"width\":1414,\"height\":2000},{\"@type\":\"BreadcrumbList\",\"@id\":\"https:\/\/charente.catholique.fr\/ouest-charente\/agenda\/weekend-hommes-entrer-dans-sa-terre-promise\/#breadcrumb\",\"itemListElement\":[{\"@type\":\"ListItem\",\"position\":1,\"name\":\"Accueil\",\"item\":\"https:\/\/charente.catholique.fr\/ouest-charente\/\"},{\"@type\":\"ListItem\",\"position\":2,\"name\":\"Weekend Hommes &#8220;Entrer dans sa terre promise !&#8221;\"}]},{\"@type\":\"WebSite\",\"@id\":\"https:\/\/charente.catholique.fr\/ouest-charente\/#website\",\"url\":\"https:\/\/charente.catholique.fr\/ouest-charente\/\",\"name\":\"Doyenn\u00e9 Ouest Charente - Dioc\u00e8se d'Angoul\u00eame\",\"description\":\"Dioc\u00e8se d&#039;Angoul\u00eame\",\"publisher\":{\"@id\":\"https:\/\/charente.catholique.fr\/ouest-charente\/#organization\"},\"potentialAction\":[{\"@type\":\"SearchAction\",\"target\":{\"@type\":\"EntryPoint\",\"urlTemplate\":\"https:\/\/charente.catholique.fr\/ouest-charente\/?s={search_term_string}\"},\"query-input\":{\"@type\":\"PropertyValueSpecification\",\"valueRequired\":true,\"valueName\":\"search_term_string\"}}],\"inLanguage\":\"fr-FR\"},{\"@type\":\"Organization\",\"@id\":\"https:\/\/charente.catholique.fr\/ouest-charente\/#organization\",\"name\":\"Association dioc\u00e9saine d'Angoul\u00eame\",\"url\":\"https:\/\/charente.catholique.fr\/ouest-charente\/\",\"logo\":{\"@type\":\"ImageObject\",\"inLanguage\":\"fr-FR\",\"@id\":\"https:\/\/charente.catholique.fr\/ouest-charente\/#\/schema\/logo\/image\/\",\"url\":\"https:\/\/charente.catholique.fr\/ouest-charente\/wp-content\/uploads\/sites\/6\/2020\/10\/logos.png\",\"contentUrl\":\"https:\/\/charente.catholique.fr\/ouest-charente\/wp-content\/uploads\/sites\/6\/2020\/10\/logos.png\",\"width\":600,\"height\":257,\"caption\":\"Association dioc\u00e9saine d'Angoul\u00eame\"},\"image\":{\"@id\":\"https:\/\/charente.catholique.fr\/ouest-charente\/#\/schema\/logo\/image\/\"},\"sameAs\":[\"https:\/\/www.facebook.com\/EgliseCatholiqueCharente\",\"https:\/\/x.com\/diocesecharente\",\"https:\/\/www.instagram.com\/eglisecharente\",\"https:\/\/www.youtube.com\/channel\/UCByyFWApZbw3gDTiADoiAaQ\"]}]}<\/script>\n<!-- \/ Yoast SEO plugin. -->","yoast_head_json":{"title":"Weekend Hommes \"Entrer dans sa terre promise !\" - Doyenn\u00e9 Ouest Charente","robots":{"index":"index","follow":"follow","max-snippet":"max-snippet:-1","max-image-preview":"max-image-preview:large","max-video-preview":"max-video-preview:-1"},"canonical":"https:\/\/charente.catholique.fr\/ouest-charente\/agenda\/weekend-hommes-entrer-dans-sa-terre-promise\/","og_locale":"fr_FR","og_type":"article","og_title":"Weekend Hommes \"Entrer dans sa terre promise !\" - Doyenn\u00e9 Ouest Charente","og_description":"Un Weekend Hommes pour &#8220;Entrer dans sa terre promise&#8221; anim\u00e9 par Jean-Philippe Rouillier (Auteur Conf\u00e9rencier Catholique), propos\u00e9 par les Serviteurs de la Mis\u00e9ricorde. Avec Philippe Albert \u00e0 la louange et le P\u00e8re Massi pour nous accompagner. Deux jours entre Hommes pour se rapprocher de Dieu, sortir de sa zone de confort, se retrouver soi-m\u00eame ! [&hellip;]","og_url":"https:\/\/charente.catholique.fr\/ouest-charente\/agenda\/weekend-hommes-entrer-dans-sa-terre-promise\/","og_site_name":"Doyenn\u00e9 Ouest Charente","article_publisher":"https:\/\/www.facebook.com\/EgliseCatholiqueCharente","article_modified_time":"2024-09-09T12:11:17+00:00","og_image":[{"width":1414,"height":2000,"url":"https:\/\/charente.catholique.fr\/ouest-charente\/wp-content\/uploads\/sites\/6\/2024\/06\/Copie-de-WEEKEND-11-13-OCT-V1-1.png","type":"image\/png"}],"twitter_card":"summary_large_image","twitter_site":"@diocesecharente","twitter_misc":{"Dur\u00e9e de lecture estim\u00e9e":"1 minute"},"schema":{"@context":"https:\/\/schema.org","@graph":[{"@type":"WebPage","@id":"https:\/\/charente.catholique.fr\/ouest-charente\/agenda\/weekend-hommes-entrer-dans-sa-terre-promise\/","url":"https:\/\/charente.catholique.fr\/ouest-charente\/agenda\/weekend-hommes-entrer-dans-sa-terre-promise\/","name":"Weekend Hommes \"Entrer dans sa terre promise !\" - Doyenn\u00e9 Ouest Charente","isPartOf":{"@id":"https:\/\/charente.catholique.fr\/ouest-charente\/#website"},"primaryImageOfPage":{"@id":"https:\/\/charente.catholique.fr\/ouest-charente\/agenda\/weekend-hommes-entrer-dans-sa-terre-promise\/#primaryimage"},"image":{"@id":"https:\/\/charente.catholique.fr\/ouest-charente\/agenda\/weekend-hommes-entrer-dans-sa-terre-promise\/#primaryimage"},"thumbnailUrl":"https:\/\/charente.catholique.fr\/ouest-charente\/wp-content\/uploads\/sites\/6\/2024\/06\/Copie-de-WEEKEND-11-13-OCT-V1-1.png","datePublished":"2024-06-21T09:32:17+00:00","dateModified":"2024-09-09T12:11:17+00:00","breadcrumb":{"@id":"https:\/\/charente.catholique.fr\/ouest-charente\/agenda\/weekend-hommes-entrer-dans-sa-terre-promise\/#breadcrumb"},"inLanguage":"fr-FR","potentialAction":[{"@type":"ReadAction","target":["https:\/\/charente.catholique.fr\/ouest-charente\/agenda\/weekend-hommes-entrer-dans-sa-terre-promise\/"]}]},{"@type":"ImageObject","inLanguage":"fr-FR","@id":"https:\/\/charente.catholique.fr\/ouest-charente\/agenda\/weekend-hommes-entrer-dans-sa-terre-promise\/#primaryimage","url":"https:\/\/charente.catholique.fr\/ouest-charente\/wp-content\/uploads\/sites\/6\/2024\/06\/Copie-de-WEEKEND-11-13-OCT-V1-1.png","contentUrl":"https:\/\/charente.catholique.fr\/ouest-charente\/wp-content\/uploads\/sites\/6\/2024\/06\/Copie-de-WEEKEND-11-13-OCT-V1-1.png","width":1414,"height":2000},{"@type":"BreadcrumbList","@id":"https:\/\/charente.catholique.fr\/ouest-charente\/agenda\/weekend-hommes-entrer-dans-sa-terre-promise\/#breadcrumb","itemListElement":[{"@type":"ListItem","position":1,"name":"Accueil","item":"https:\/\/charente.catholique.fr\/ouest-charente\/"},{"@type":"ListItem","position":2,"name":"Weekend Hommes &#8220;Entrer dans sa terre promise !&#8221;"}]},{"@type":"WebSite","@id":"https:\/\/charente.catholique.fr\/ouest-charente\/#website","url":"https:\/\/charente.catholique.fr\/ouest-charente\/","name":"Doyenn\u00e9 Ouest Charente - Dioc\u00e8se d'Angoul\u00eame","description":"Dioc\u00e8se d&#039;Angoul\u00eame","publisher":{"@id":"https:\/\/charente.catholique.fr\/ouest-charente\/#organization"},"potentialAction":[{"@type":"SearchAction","target":{"@type":"EntryPoint","urlTemplate":"https:\/\/charente.catholique.fr\/ouest-charente\/?s={search_term_string}"},"query-input":{"@type":"PropertyValueSpecification","valueRequired":true,"valueName":"search_term_string"}}],"inLanguage":"fr-FR"},{"@type":"Organization","@id":"https:\/\/charente.catholique.fr\/ouest-charente\/#organization","name":"Association dioc\u00e9saine d'Angoul\u00eame","url":"https:\/\/charente.catholique.fr\/ouest-charente\/","logo":{"@type":"ImageObject","inLanguage":"fr-FR","@id":"https:\/\/charente.catholique.fr\/ouest-charente\/#\/schema\/logo\/image\/","url":"https:\/\/charente.catholique.fr\/ouest-charente\/wp-content\/uploads\/sites\/6\/2020\/10\/logos.png","contentUrl":"https:\/\/charente.catholique.fr\/ouest-charente\/wp-content\/uploads\/sites\/6\/2020\/10\/logos.png","width":600,"height":257,"caption":"Association dioc\u00e9saine d'Angoul\u00eame"},"image":{"@id":"https:\/\/charente.catholique.fr\/ouest-charente\/#\/schema\/logo\/image\/"},"sameAs":["https:\/\/www.facebook.com\/EgliseCatholiqueCharente","https:\/\/x.com\/diocesecharente","https:\/\/www.instagram.com\/eglisecharente","https:\/\/www.youtube.com\/channel\/UCByyFWApZbw3gDTiADoiAaQ"]}]}},"_links":{"self":[{"href":"https:\/\/charente.catholique.fr\/ouest-charente\/wp-json\/wp\/v2\/evenement\/34441","targetHints":{"allow":["GET"]}}],"collection":[{"href":"https:\/\/charente.catholique.fr\/ouest-charente\/wp-json\/wp\/v2\/evenement"}],"about":[{"href":"https:\/\/charente.catholique.fr\/ouest-charente\/wp-json\/wp\/v2\/types\/evenement"}],"author":[{"embeddable":true,"href":"https:\/\/charente.catholique.fr\/ouest-charente\/wp-json\/wp\/v2\/users\/63"}],"version-history":[{"count":4,"href":"https:\/\/charente.catholique.fr\/ouest-charente\/wp-json\/wp\/v2\/evenement\/34441\/revisions"}],"predecessor-version":[{"id":34554,"href":"https:\/\/charente.catholique.fr\/ouest-charente\/wp-json\/wp\/v2\/evenement\/34441\/revisions\/34554"}],"wp:featuredmedia":[{"embeddable":true,"href":"https:\/\/charente.catholique.fr\/ouest-charente\/wp-json\/wp\/v2\/media\/34552"}],"wp:attachment":[{"href":"https:\/\/charente.catholique.fr\/ouest-charente\/wp-json\/wp\/v2\/media?parent=34441"}],"wp:term":[{"taxonomy":"category","embeddable":true,"href":"https:\/\/charente.catholique.fr\/ouest-charente\/wp-json\/wp\/v2\/categories?post=34441"},{"taxonomy":"post_tag","embeddable":true,"href":"https:\/\/charente.catholique.fr\/ouest-charente\/wp-json\/wp\/v2\/tags?post=34441"}],"curies":[{"name":"wp","href":"https:\/\/api.w.org\/{rel}","templated":true}]}}