{"id":32313,"date":"2023-11-07T09:42:46","date_gmt":"2023-11-07T08:42:46","guid":{"rendered":"https:\/\/charente.catholique.fr\/ouest-charente\/?post_type=evenement&#038;p=32313"},"modified":"2023-11-20T11:08:26","modified_gmt":"2023-11-20T10:08:26","slug":"regards-bibliques-sur-la-fin-de-vie","status":"publish","type":"evenement","link":"https:\/\/charente.catholique.fr\/ouest-charente\/agenda\/regards-bibliques-sur-la-fin-de-vie\/","title":{"rendered":"Regards bibliques sur la fin de vie"},"content":{"rendered":"\n<p>Soir\u00e9e anim\u00e9e par la Pasteure Patricia Saciloto, bibliste r\u00e9gionale.<\/p>\n\n\n\n<p>Une soir\u00e9e oecum\u00e9nique consacr\u00e9e \u00e0 la fin de vie est programm\u00e9e dans 10 jours au Temple de Jarnac \u00e0 20h\u2026<br>Elle est propos\u00e9e par le groupe oeucum\u00e9nique du Pays de Jarnac. Le mercredi 22 novembre, cette soir\u00e9e est donc ouverte aux chr\u00e9tiens de fa\u00e7on g\u00e9n\u00e9rale sur le th\u00e8me \u00ab La fin de vie, regards bibliques \u00bb. Patricia Sacilotto animera ce temps de partage et d\u2019\u00e9changes. Elle est la nouvelle responsable de la formation biblique de la r\u00e9gion Ouest pour l\u2019Eglise protestante unie.<br>Patricia Sacilotto pr\u00e9cise d\u2019abord quelle est sa responsabilit\u00e9 en tant que telle. Elle r\u00e9pond \u00e0 Erica Walter.<\/p>\n\n\n\n<iframe allowfullscreen width=100% height=140px src=\"https:\/\/www.rcf.fr\/vie-spirituelle\/chronique-diocesaine\/embed?episodeId=422443\"><\/iframe>\n\n\n<a href=\"https:\/\/charente.catholique.fr\/ouest-charente\/wp-content\/uploads\/sites\/6\/2023\/11\/2023-11-22-affiches-fin-de-vie-au-temple-jarnac-2023-2024-a4.pdf\" class=\"pdfemb-viewer\" style=\"\" data-width=\"max\" data-height=\"max\" data-toolbar=\"bottom\" data-toolbar-fixed=\"off\">2023-11-22-affiches-fin-de-vie-au-temple-jarnac-2023-2024-a4<\/a>\n<p class=\"wp-block-pdfemb-pdf-embedder-viewer\"><\/p>\n","protected":false},"author":10,"featured_media":32311,"template":"","meta":{"_acf_changed":false,"paroisse":["18"],"service":["0"],"footnotes":""},"categories":[1,2],"tags":[],"class_list":["post-32313","evenement","type-evenement","status-publish","has-post-thumbnail","hentry","category-actualites","category-jarnac","validated"],"acf":{"start_date":"2023-11-22 20:00:00","end_date":"2023-11-22 22:00:00","location":"Temple de Jarnac","address":{"address":"16 Rue Abel Guy, Jarnac, 16, France","lat":45.6813602,"lng":-0.1793408,"zoom":14,"place_id":"ChIJob_4eDGPAEgRTYnEo7iI_Pw","name":"16 Rue Abel Guy","street_number":16,"street_name":"Rue Abel Guy","city":"Jarnac","state":"Nouvelle-Aquitaine","post_code":16200,"country":"France","country_short":"FR"}},"yoast_head":"<!-- This site is optimized with the Yoast SEO plugin v27.1.1 - https:\/\/yoast.com\/product\/yoast-seo-wordpress\/ -->\n<title>Regards bibliques sur la fin de vie - Doyenn\u00e9 Ouest Charente<\/title>\n<meta name=\"robots\" content=\"index, follow, max-snippet:-1, max-image-preview:large, max-video-preview:-1\" \/>\n<link rel=\"canonical\" href=\"https:\/\/charente.catholique.fr\/ouest-charente\/agenda\/regards-bibliques-sur-la-fin-de-vie\/\" \/>\n<meta property=\"og:locale\" content=\"fr_FR\" \/>\n<meta property=\"og:type\" content=\"article\" \/>\n<meta property=\"og:title\" content=\"Regards bibliques sur la fin de vie - Doyenn\u00e9 Ouest Charente\" \/>\n<meta property=\"og:description\" content=\"Soir\u00e9e anim\u00e9e par la Pasteure Patricia Saciloto, bibliste r\u00e9gionale. Une soir\u00e9e oecum\u00e9nique consacr\u00e9e \u00e0 la fin de vie est programm\u00e9e dans 10 jours au Temple de Jarnac \u00e0 20h\u2026Elle est propos\u00e9e par le groupe oeucum\u00e9nique du Pays de Jarnac. Le mercredi 22 novembre, cette soir\u00e9e est donc ouverte aux chr\u00e9tiens de fa\u00e7on g\u00e9n\u00e9rale sur le [&hellip;]\" \/>\n<meta property=\"og:url\" content=\"https:\/\/charente.catholique.fr\/ouest-charente\/agenda\/regards-bibliques-sur-la-fin-de-vie\/\" \/>\n<meta property=\"og:site_name\" content=\"Doyenn\u00e9 Ouest Charente\" \/>\n<meta property=\"article:publisher\" content=\"https:\/\/www.facebook.com\/EgliseCatholiqueCharente\" \/>\n<meta property=\"article:modified_time\" content=\"2023-11-20T10:08:26+00:00\" \/>\n<meta property=\"og:image\" content=\"https:\/\/charente.catholique.fr\/ouest-charente\/wp-content\/uploads\/sites\/6\/2023\/11\/bible-et-bougie-bandeau-site.jpg\" \/>\n\t<meta property=\"og:image:width\" content=\"234\" \/>\n\t<meta property=\"og:image:height\" content=\"113\" \/>\n\t<meta property=\"og:image:type\" content=\"image\/jpeg\" \/>\n<meta name=\"twitter:card\" content=\"summary_large_image\" \/>\n<meta name=\"twitter:site\" content=\"@diocesecharente\" \/>\n<meta name=\"twitter:label1\" content=\"Dur\u00e9e de lecture estim\u00e9e\" \/>\n\t<meta name=\"twitter:data1\" content=\"1 minute\" \/>\n<script type=\"application\/ld+json\" class=\"yoast-schema-graph\">{\"@context\":\"https:\/\/schema.org\",\"@graph\":[{\"@type\":\"WebPage\",\"@id\":\"https:\/\/charente.catholique.fr\/ouest-charente\/agenda\/regards-bibliques-sur-la-fin-de-vie\/\",\"url\":\"https:\/\/charente.catholique.fr\/ouest-charente\/agenda\/regards-bibliques-sur-la-fin-de-vie\/\",\"name\":\"Regards bibliques sur la fin de vie - Doyenn\u00e9 Ouest Charente\",\"isPartOf\":{\"@id\":\"https:\/\/charente.catholique.fr\/ouest-charente\/#website\"},\"primaryImageOfPage\":{\"@id\":\"https:\/\/charente.catholique.fr\/ouest-charente\/agenda\/regards-bibliques-sur-la-fin-de-vie\/#primaryimage\"},\"image\":{\"@id\":\"https:\/\/charente.catholique.fr\/ouest-charente\/agenda\/regards-bibliques-sur-la-fin-de-vie\/#primaryimage\"},\"thumbnailUrl\":\"https:\/\/charente.catholique.fr\/ouest-charente\/wp-content\/uploads\/sites\/6\/2023\/11\/bible-et-bougie-bandeau-site.jpg\",\"datePublished\":\"2023-11-07T08:42:46+00:00\",\"dateModified\":\"2023-11-20T10:08:26+00:00\",\"breadcrumb\":{\"@id\":\"https:\/\/charente.catholique.fr\/ouest-charente\/agenda\/regards-bibliques-sur-la-fin-de-vie\/#breadcrumb\"},\"inLanguage\":\"fr-FR\",\"potentialAction\":[{\"@type\":\"ReadAction\",\"target\":[\"https:\/\/charente.catholique.fr\/ouest-charente\/agenda\/regards-bibliques-sur-la-fin-de-vie\/\"]}]},{\"@type\":\"ImageObject\",\"inLanguage\":\"fr-FR\",\"@id\":\"https:\/\/charente.catholique.fr\/ouest-charente\/agenda\/regards-bibliques-sur-la-fin-de-vie\/#primaryimage\",\"url\":\"https:\/\/charente.catholique.fr\/ouest-charente\/wp-content\/uploads\/sites\/6\/2023\/11\/bible-et-bougie-bandeau-site.jpg\",\"contentUrl\":\"https:\/\/charente.catholique.fr\/ouest-charente\/wp-content\/uploads\/sites\/6\/2023\/11\/bible-et-bougie-bandeau-site.jpg\",\"width\":234,\"height\":113},{\"@type\":\"BreadcrumbList\",\"@id\":\"https:\/\/charente.catholique.fr\/ouest-charente\/agenda\/regards-bibliques-sur-la-fin-de-vie\/#breadcrumb\",\"itemListElement\":[{\"@type\":\"ListItem\",\"position\":1,\"name\":\"Accueil\",\"item\":\"https:\/\/charente.catholique.fr\/ouest-charente\/\"},{\"@type\":\"ListItem\",\"position\":2,\"name\":\"Regards bibliques sur la fin de vie\"}]},{\"@type\":\"WebSite\",\"@id\":\"https:\/\/charente.catholique.fr\/ouest-charente\/#website\",\"url\":\"https:\/\/charente.catholique.fr\/ouest-charente\/\",\"name\":\"Doyenn\u00e9 Ouest Charente - Dioc\u00e8se d'Angoul\u00eame\",\"description\":\"Dioc\u00e8se d&#039;Angoul\u00eame\",\"publisher\":{\"@id\":\"https:\/\/charente.catholique.fr\/ouest-charente\/#organization\"},\"potentialAction\":[{\"@type\":\"SearchAction\",\"target\":{\"@type\":\"EntryPoint\",\"urlTemplate\":\"https:\/\/charente.catholique.fr\/ouest-charente\/?s={search_term_string}\"},\"query-input\":{\"@type\":\"PropertyValueSpecification\",\"valueRequired\":true,\"valueName\":\"search_term_string\"}}],\"inLanguage\":\"fr-FR\"},{\"@type\":\"Organization\",\"@id\":\"https:\/\/charente.catholique.fr\/ouest-charente\/#organization\",\"name\":\"Association dioc\u00e9saine d'Angoul\u00eame\",\"url\":\"https:\/\/charente.catholique.fr\/ouest-charente\/\",\"logo\":{\"@type\":\"ImageObject\",\"inLanguage\":\"fr-FR\",\"@id\":\"https:\/\/charente.catholique.fr\/ouest-charente\/#\/schema\/logo\/image\/\",\"url\":\"https:\/\/charente.catholique.fr\/ouest-charente\/wp-content\/uploads\/sites\/6\/2020\/10\/logos.png\",\"contentUrl\":\"https:\/\/charente.catholique.fr\/ouest-charente\/wp-content\/uploads\/sites\/6\/2020\/10\/logos.png\",\"width\":600,\"height\":257,\"caption\":\"Association dioc\u00e9saine d'Angoul\u00eame\"},\"image\":{\"@id\":\"https:\/\/charente.catholique.fr\/ouest-charente\/#\/schema\/logo\/image\/\"},\"sameAs\":[\"https:\/\/www.facebook.com\/EgliseCatholiqueCharente\",\"https:\/\/x.com\/diocesecharente\",\"https:\/\/www.instagram.com\/eglisecharente\",\"https:\/\/www.youtube.com\/channel\/UCByyFWApZbw3gDTiADoiAaQ\"]}]}<\/script>\n<!-- \/ Yoast SEO plugin. -->","yoast_head_json":{"title":"Regards bibliques sur la fin de vie - Doyenn\u00e9 Ouest Charente","robots":{"index":"index","follow":"follow","max-snippet":"max-snippet:-1","max-image-preview":"max-image-preview:large","max-video-preview":"max-video-preview:-1"},"canonical":"https:\/\/charente.catholique.fr\/ouest-charente\/agenda\/regards-bibliques-sur-la-fin-de-vie\/","og_locale":"fr_FR","og_type":"article","og_title":"Regards bibliques sur la fin de vie - Doyenn\u00e9 Ouest Charente","og_description":"Soir\u00e9e anim\u00e9e par la Pasteure Patricia Saciloto, bibliste r\u00e9gionale. Une soir\u00e9e oecum\u00e9nique consacr\u00e9e \u00e0 la fin de vie est programm\u00e9e dans 10 jours au Temple de Jarnac \u00e0 20h\u2026Elle est propos\u00e9e par le groupe oeucum\u00e9nique du Pays de Jarnac. Le mercredi 22 novembre, cette soir\u00e9e est donc ouverte aux chr\u00e9tiens de fa\u00e7on g\u00e9n\u00e9rale sur le [&hellip;]","og_url":"https:\/\/charente.catholique.fr\/ouest-charente\/agenda\/regards-bibliques-sur-la-fin-de-vie\/","og_site_name":"Doyenn\u00e9 Ouest Charente","article_publisher":"https:\/\/www.facebook.com\/EgliseCatholiqueCharente","article_modified_time":"2023-11-20T10:08:26+00:00","og_image":[{"width":234,"height":113,"url":"https:\/\/charente.catholique.fr\/ouest-charente\/wp-content\/uploads\/sites\/6\/2023\/11\/bible-et-bougie-bandeau-site.jpg","type":"image\/jpeg"}],"twitter_card":"summary_large_image","twitter_site":"@diocesecharente","twitter_misc":{"Dur\u00e9e de lecture estim\u00e9e":"1 minute"},"schema":{"@context":"https:\/\/schema.org","@graph":[{"@type":"WebPage","@id":"https:\/\/charente.catholique.fr\/ouest-charente\/agenda\/regards-bibliques-sur-la-fin-de-vie\/","url":"https:\/\/charente.catholique.fr\/ouest-charente\/agenda\/regards-bibliques-sur-la-fin-de-vie\/","name":"Regards bibliques sur la fin de vie - Doyenn\u00e9 Ouest Charente","isPartOf":{"@id":"https:\/\/charente.catholique.fr\/ouest-charente\/#website"},"primaryImageOfPage":{"@id":"https:\/\/charente.catholique.fr\/ouest-charente\/agenda\/regards-bibliques-sur-la-fin-de-vie\/#primaryimage"},"image":{"@id":"https:\/\/charente.catholique.fr\/ouest-charente\/agenda\/regards-bibliques-sur-la-fin-de-vie\/#primaryimage"},"thumbnailUrl":"https:\/\/charente.catholique.fr\/ouest-charente\/wp-content\/uploads\/sites\/6\/2023\/11\/bible-et-bougie-bandeau-site.jpg","datePublished":"2023-11-07T08:42:46+00:00","dateModified":"2023-11-20T10:08:26+00:00","breadcrumb":{"@id":"https:\/\/charente.catholique.fr\/ouest-charente\/agenda\/regards-bibliques-sur-la-fin-de-vie\/#breadcrumb"},"inLanguage":"fr-FR","potentialAction":[{"@type":"ReadAction","target":["https:\/\/charente.catholique.fr\/ouest-charente\/agenda\/regards-bibliques-sur-la-fin-de-vie\/"]}]},{"@type":"ImageObject","inLanguage":"fr-FR","@id":"https:\/\/charente.catholique.fr\/ouest-charente\/agenda\/regards-bibliques-sur-la-fin-de-vie\/#primaryimage","url":"https:\/\/charente.catholique.fr\/ouest-charente\/wp-content\/uploads\/sites\/6\/2023\/11\/bible-et-bougie-bandeau-site.jpg","contentUrl":"https:\/\/charente.catholique.fr\/ouest-charente\/wp-content\/uploads\/sites\/6\/2023\/11\/bible-et-bougie-bandeau-site.jpg","width":234,"height":113},{"@type":"BreadcrumbList","@id":"https:\/\/charente.catholique.fr\/ouest-charente\/agenda\/regards-bibliques-sur-la-fin-de-vie\/#breadcrumb","itemListElement":[{"@type":"ListItem","position":1,"name":"Accueil","item":"https:\/\/charente.catholique.fr\/ouest-charente\/"},{"@type":"ListItem","position":2,"name":"Regards bibliques sur la fin de vie"}]},{"@type":"WebSite","@id":"https:\/\/charente.catholique.fr\/ouest-charente\/#website","url":"https:\/\/charente.catholique.fr\/ouest-charente\/","name":"Doyenn\u00e9 Ouest Charente - Dioc\u00e8se d'Angoul\u00eame","description":"Dioc\u00e8se d&#039;Angoul\u00eame","publisher":{"@id":"https:\/\/charente.catholique.fr\/ouest-charente\/#organization"},"potentialAction":[{"@type":"SearchAction","target":{"@type":"EntryPoint","urlTemplate":"https:\/\/charente.catholique.fr\/ouest-charente\/?s={search_term_string}"},"query-input":{"@type":"PropertyValueSpecification","valueRequired":true,"valueName":"search_term_string"}}],"inLanguage":"fr-FR"},{"@type":"Organization","@id":"https:\/\/charente.catholique.fr\/ouest-charente\/#organization","name":"Association dioc\u00e9saine d'Angoul\u00eame","url":"https:\/\/charente.catholique.fr\/ouest-charente\/","logo":{"@type":"ImageObject","inLanguage":"fr-FR","@id":"https:\/\/charente.catholique.fr\/ouest-charente\/#\/schema\/logo\/image\/","url":"https:\/\/charente.catholique.fr\/ouest-charente\/wp-content\/uploads\/sites\/6\/2020\/10\/logos.png","contentUrl":"https:\/\/charente.catholique.fr\/ouest-charente\/wp-content\/uploads\/sites\/6\/2020\/10\/logos.png","width":600,"height":257,"caption":"Association dioc\u00e9saine d'Angoul\u00eame"},"image":{"@id":"https:\/\/charente.catholique.fr\/ouest-charente\/#\/schema\/logo\/image\/"},"sameAs":["https:\/\/www.facebook.com\/EgliseCatholiqueCharente","https:\/\/x.com\/diocesecharente","https:\/\/www.instagram.com\/eglisecharente","https:\/\/www.youtube.com\/channel\/UCByyFWApZbw3gDTiADoiAaQ"]}]}},"_links":{"self":[{"href":"https:\/\/charente.catholique.fr\/ouest-charente\/wp-json\/wp\/v2\/evenement\/32313","targetHints":{"allow":["GET"]}}],"collection":[{"href":"https:\/\/charente.catholique.fr\/ouest-charente\/wp-json\/wp\/v2\/evenement"}],"about":[{"href":"https:\/\/charente.catholique.fr\/ouest-charente\/wp-json\/wp\/v2\/types\/evenement"}],"author":[{"embeddable":true,"href":"https:\/\/charente.catholique.fr\/ouest-charente\/wp-json\/wp\/v2\/users\/10"}],"version-history":[{"count":5,"href":"https:\/\/charente.catholique.fr\/ouest-charente\/wp-json\/wp\/v2\/evenement\/32313\/revisions"}],"predecessor-version":[{"id":32461,"href":"https:\/\/charente.catholique.fr\/ouest-charente\/wp-json\/wp\/v2\/evenement\/32313\/revisions\/32461"}],"wp:featuredmedia":[{"embeddable":true,"href":"https:\/\/charente.catholique.fr\/ouest-charente\/wp-json\/wp\/v2\/media\/32311"}],"wp:attachment":[{"href":"https:\/\/charente.catholique.fr\/ouest-charente\/wp-json\/wp\/v2\/media?parent=32313"}],"wp:term":[{"taxonomy":"category","embeddable":true,"href":"https:\/\/charente.catholique.fr\/ouest-charente\/wp-json\/wp\/v2\/categories?post=32313"},{"taxonomy":"post_tag","embeddable":true,"href":"https:\/\/charente.catholique.fr\/ouest-charente\/wp-json\/wp\/v2\/tags?post=32313"}],"curies":[{"name":"wp","href":"https:\/\/api.w.org\/{rel}","templated":true}]}}