{"id":31600,"date":"2023-10-16T11:14:50","date_gmt":"2023-10-16T09:14:50","guid":{"rendered":"https:\/\/charente.catholique.fr\/ouest-charente\/?post_type=evenement&#038;p=31600"},"modified":"2023-10-16T11:15:26","modified_gmt":"2023-10-16T09:15:26","slug":"messe-en-memoire-du-bienheureux-charles-dautriche-25-10-2023","status":"publish","type":"evenement","link":"https:\/\/charente.catholique.fr\/ouest-charente\/agenda\/messe-en-memoire-du-bienheureux-charles-dautriche-25-10-2023\/","title":{"rendered":"Messe en m\u00e9moire du Bienheureux Charles d&#8217;Autriche, 25\/10\/2023"},"content":{"rendered":"<div class=\"wp-block-image is-style-rounded\">\n<figure class=\"aligncenter size-full is-resized\"><img loading=\"lazy\" decoding=\"async\" width=\"500\" height=\"750\" src=\"https:\/\/charente.catholique.fr\/ouest-charente\/wp-content\/uploads\/sites\/6\/2023\/10\/Bienheureux-Charles-dAutriche.jpg\" alt=\"\" class=\"wp-image-31601\" style=\"aspect-ratio:0.6666666666666666;width:135px;height:auto\" srcset=\"https:\/\/charente.catholique.fr\/ouest-charente\/wp-content\/uploads\/sites\/6\/2023\/10\/Bienheureux-Charles-dAutriche.jpg 500w, https:\/\/charente.catholique.fr\/ouest-charente\/wp-content\/uploads\/sites\/6\/2023\/10\/Bienheureux-Charles-dAutriche-200x300.jpg 200w\" sizes=\"auto, (max-width: 500px) 100vw, 500px\" \/><\/figure>\n<\/div>\n\n\n<p class=\"has-text-align-center\">Madame, Monsieur,&nbsp;<\/p>\n\n\n\n<p class=\"has-text-align-center\">Chers amis,&nbsp;<\/p>\n\n\n\n<p class=\"has-text-align-center has-medium-font-size\">Plusieurs messes seront c\u00e9l\u00e9br\u00e9es en m\u00e9moire du <strong>Bienheureux Charles d\u2019Autriche, Empereur de la Paix<\/strong>&nbsp;:<\/p>\n\n\n\n<p class=\"has-text-align-center\">Dont&nbsp;<\/p>\n\n\n\n<p class=\"has-text-align-center has-medium-font-size\"><em>Mercredi 25 octobre \u00e0 18 h 30&nbsp;en&nbsp;<strong>l\u2019\u00e9glise Saint L\u00e9ger de Cognac<\/strong>&nbsp;(16100)&nbsp;\u00e0 18h30<\/em>.<\/p>\n\n\n\n<p><\/p>\n\n\n\n<p class=\"has-text-align-center\">Nous prierons tout sp\u00e9cialement pour la paix en Terre Sainte et en Europe, par l\u2019intercession du Bienheureux Charles d\u2019Autriche.<\/p>\n\n\n\n<p class=\"has-text-align-right\">Avec toute notre amiti\u00e9<\/p>\n\n\n\n<p class=\"has-text-align-right\">Elizabeth Montfort<\/p>\n\n\n\n<p class=\"has-text-align-right\"><strong>Gebetsliga France<\/strong><\/p>\n\n\n\n<p class=\"has-text-align-right\"><em>Ligue de Pri\u00e8re pour la canonisation du Bienheureux Charles d&#8217;Autriche<\/em><\/p>\n\n\n\n<p class=\"has-text-align-right\"><a href=\"mailto:gebetsliga.france@gmail.com\">gebetsliga.france@gmail.com<\/a><\/p>\n\n\n\n<figure class=\"wp-block-embed alignright is-type-wp-embed is-provider-bienheureux-charles-d-039-autriche wp-block-embed-bienheureux-charles-d-039-autriche\"><div class=\"wp-block-embed__wrapper\">\n<blockquote class=\"wp-embedded-content\" data-secret=\"T9ilSE4Z2A\"><a href=\"https:\/\/bienheureuxcharlesdautriche.com\/\">L&#8217;Empereur de la Paix<\/a><\/blockquote><iframe loading=\"lazy\" class=\"wp-embedded-content\" sandbox=\"allow-scripts\" security=\"restricted\" style=\"position: absolute; clip: rect(1px, 1px, 1px, 1px);\" title=\"&#8220;L&#8217;Empereur de la Paix&#8221; &#8212; Bienheureux Charles d&#039;Autriche  \" src=\"https:\/\/bienheureuxcharlesdautriche.com\/embed\/#?secret=lwGDpBKzZe#?secret=T9ilSE4Z2A\" data-secret=\"T9ilSE4Z2A\" width=\"500\" height=\"282\" frameborder=\"0\" marginwidth=\"0\" marginheight=\"0\" scrolling=\"no\"><\/iframe>\n<\/div><\/figure>\n\n\n\n<hr class=\"wp-block-separator has-alpha-channel-opacity\" \/>\n","protected":false},"author":80,"featured_media":31601,"template":"","meta":{"_acf_changed":false,"paroisse":["20","20","20"],"service":["0"],"footnotes":""},"categories":[1,5],"tags":[],"class_list":["post-31600","evenement","type-evenement","status-publish","has-post-thumbnail","hentry","category-actualites","category-cognac","validated"],"acf":{"start_date":"2023-10-25 18:30:00","end_date":"2023-10-25 20:30:00","location":"\u00e9glise Saint L\u00e9ger de Cognac\u00a0(16100)\u00a0","address":null},"yoast_head":"<!-- This site is optimized with the Yoast SEO plugin v27.1.1 - https:\/\/yoast.com\/product\/yoast-seo-wordpress\/ -->\n<title>Messe en m\u00e9moire du Bienheureux Charles d&#039;Autriche, 25\/10\/2023 - Doyenn\u00e9 Ouest Charente<\/title>\n<meta name=\"description\" content=\"Messe en m\u00e9moire du Bienheureux Charles d&#039;Autriche, 25\/10\/2023\" \/>\n<meta name=\"robots\" content=\"index, follow, max-snippet:-1, max-image-preview:large, max-video-preview:-1\" \/>\n<link rel=\"canonical\" href=\"https:\/\/charente.catholique.fr\/ouest-charente\/agenda\/messe-en-memoire-du-bienheureux-charles-dautriche-25-10-2023\/\" \/>\n<meta property=\"og:locale\" content=\"fr_FR\" \/>\n<meta property=\"og:type\" content=\"article\" \/>\n<meta property=\"og:title\" content=\"Messe en m\u00e9moire du Bienheureux Charles d&#039;Autriche, 25\/10\/2023 - Doyenn\u00e9 Ouest Charente\" \/>\n<meta property=\"og:description\" content=\"Messe en m\u00e9moire du Bienheureux Charles d&#039;Autriche, 25\/10\/2023\" \/>\n<meta property=\"og:url\" content=\"https:\/\/charente.catholique.fr\/ouest-charente\/agenda\/messe-en-memoire-du-bienheureux-charles-dautriche-25-10-2023\/\" \/>\n<meta property=\"og:site_name\" content=\"Doyenn\u00e9 Ouest Charente\" \/>\n<meta property=\"article:publisher\" content=\"https:\/\/www.facebook.com\/EgliseCatholiqueCharente\" \/>\n<meta property=\"article:modified_time\" content=\"2023-10-16T09:15:26+00:00\" \/>\n<meta property=\"og:image\" content=\"https:\/\/charente.catholique.fr\/ouest-charente\/wp-content\/uploads\/sites\/6\/2023\/10\/Bienheureux-Charles-dAutriche.jpg\" \/>\n\t<meta property=\"og:image:width\" content=\"500\" \/>\n\t<meta property=\"og:image:height\" content=\"750\" \/>\n\t<meta property=\"og:image:type\" content=\"image\/jpeg\" \/>\n<meta name=\"twitter:card\" content=\"summary_large_image\" \/>\n<meta name=\"twitter:site\" content=\"@diocesecharente\" \/>\n<meta name=\"twitter:label1\" content=\"Dur\u00e9e de lecture estim\u00e9e\" \/>\n\t<meta name=\"twitter:data1\" content=\"1 minute\" \/>\n<script type=\"application\/ld+json\" class=\"yoast-schema-graph\">{\"@context\":\"https:\/\/schema.org\",\"@graph\":[{\"@type\":\"WebPage\",\"@id\":\"https:\/\/charente.catholique.fr\/ouest-charente\/agenda\/messe-en-memoire-du-bienheureux-charles-dautriche-25-10-2023\/\",\"url\":\"https:\/\/charente.catholique.fr\/ouest-charente\/agenda\/messe-en-memoire-du-bienheureux-charles-dautriche-25-10-2023\/\",\"name\":\"Messe en m\u00e9moire du Bienheureux Charles d'Autriche, 25\/10\/2023 - Doyenn\u00e9 Ouest Charente\",\"isPartOf\":{\"@id\":\"https:\/\/charente.catholique.fr\/ouest-charente\/#website\"},\"primaryImageOfPage\":{\"@id\":\"https:\/\/charente.catholique.fr\/ouest-charente\/agenda\/messe-en-memoire-du-bienheureux-charles-dautriche-25-10-2023\/#primaryimage\"},\"image\":{\"@id\":\"https:\/\/charente.catholique.fr\/ouest-charente\/agenda\/messe-en-memoire-du-bienheureux-charles-dautriche-25-10-2023\/#primaryimage\"},\"thumbnailUrl\":\"https:\/\/charente.catholique.fr\/ouest-charente\/wp-content\/uploads\/sites\/6\/2023\/10\/Bienheureux-Charles-dAutriche.jpg\",\"datePublished\":\"2023-10-16T09:14:50+00:00\",\"dateModified\":\"2023-10-16T09:15:26+00:00\",\"description\":\"Messe en m\u00e9moire du Bienheureux Charles d'Autriche, 25\/10\/2023\",\"breadcrumb\":{\"@id\":\"https:\/\/charente.catholique.fr\/ouest-charente\/agenda\/messe-en-memoire-du-bienheureux-charles-dautriche-25-10-2023\/#breadcrumb\"},\"inLanguage\":\"fr-FR\",\"potentialAction\":[{\"@type\":\"ReadAction\",\"target\":[\"https:\/\/charente.catholique.fr\/ouest-charente\/agenda\/messe-en-memoire-du-bienheureux-charles-dautriche-25-10-2023\/\"]}]},{\"@type\":\"ImageObject\",\"inLanguage\":\"fr-FR\",\"@id\":\"https:\/\/charente.catholique.fr\/ouest-charente\/agenda\/messe-en-memoire-du-bienheureux-charles-dautriche-25-10-2023\/#primaryimage\",\"url\":\"https:\/\/charente.catholique.fr\/ouest-charente\/wp-content\/uploads\/sites\/6\/2023\/10\/Bienheureux-Charles-dAutriche.jpg\",\"contentUrl\":\"https:\/\/charente.catholique.fr\/ouest-charente\/wp-content\/uploads\/sites\/6\/2023\/10\/Bienheureux-Charles-dAutriche.jpg\",\"width\":500,\"height\":750},{\"@type\":\"BreadcrumbList\",\"@id\":\"https:\/\/charente.catholique.fr\/ouest-charente\/agenda\/messe-en-memoire-du-bienheureux-charles-dautriche-25-10-2023\/#breadcrumb\",\"itemListElement\":[{\"@type\":\"ListItem\",\"position\":1,\"name\":\"Accueil\",\"item\":\"https:\/\/charente.catholique.fr\/ouest-charente\/\"},{\"@type\":\"ListItem\",\"position\":2,\"name\":\"Messe en m\u00e9moire du Bienheureux Charles d&#8217;Autriche, 25\/10\/2023\"}]},{\"@type\":\"WebSite\",\"@id\":\"https:\/\/charente.catholique.fr\/ouest-charente\/#website\",\"url\":\"https:\/\/charente.catholique.fr\/ouest-charente\/\",\"name\":\"Doyenn\u00e9 Ouest Charente - Dioc\u00e8se d'Angoul\u00eame\",\"description\":\"Dioc\u00e8se d&#039;Angoul\u00eame\",\"publisher\":{\"@id\":\"https:\/\/charente.catholique.fr\/ouest-charente\/#organization\"},\"potentialAction\":[{\"@type\":\"SearchAction\",\"target\":{\"@type\":\"EntryPoint\",\"urlTemplate\":\"https:\/\/charente.catholique.fr\/ouest-charente\/?s={search_term_string}\"},\"query-input\":{\"@type\":\"PropertyValueSpecification\",\"valueRequired\":true,\"valueName\":\"search_term_string\"}}],\"inLanguage\":\"fr-FR\"},{\"@type\":\"Organization\",\"@id\":\"https:\/\/charente.catholique.fr\/ouest-charente\/#organization\",\"name\":\"Association dioc\u00e9saine d'Angoul\u00eame\",\"url\":\"https:\/\/charente.catholique.fr\/ouest-charente\/\",\"logo\":{\"@type\":\"ImageObject\",\"inLanguage\":\"fr-FR\",\"@id\":\"https:\/\/charente.catholique.fr\/ouest-charente\/#\/schema\/logo\/image\/\",\"url\":\"https:\/\/charente.catholique.fr\/ouest-charente\/wp-content\/uploads\/sites\/6\/2020\/10\/logos.png\",\"contentUrl\":\"https:\/\/charente.catholique.fr\/ouest-charente\/wp-content\/uploads\/sites\/6\/2020\/10\/logos.png\",\"width\":600,\"height\":257,\"caption\":\"Association dioc\u00e9saine d'Angoul\u00eame\"},\"image\":{\"@id\":\"https:\/\/charente.catholique.fr\/ouest-charente\/#\/schema\/logo\/image\/\"},\"sameAs\":[\"https:\/\/www.facebook.com\/EgliseCatholiqueCharente\",\"https:\/\/x.com\/diocesecharente\",\"https:\/\/www.instagram.com\/eglisecharente\",\"https:\/\/www.youtube.com\/channel\/UCByyFWApZbw3gDTiADoiAaQ\"]}]}<\/script>\n<!-- \/ Yoast SEO plugin. -->","yoast_head_json":{"title":"Messe en m\u00e9moire du Bienheureux Charles d'Autriche, 25\/10\/2023 - Doyenn\u00e9 Ouest Charente","description":"Messe en m\u00e9moire du Bienheureux Charles d'Autriche, 25\/10\/2023","robots":{"index":"index","follow":"follow","max-snippet":"max-snippet:-1","max-image-preview":"max-image-preview:large","max-video-preview":"max-video-preview:-1"},"canonical":"https:\/\/charente.catholique.fr\/ouest-charente\/agenda\/messe-en-memoire-du-bienheureux-charles-dautriche-25-10-2023\/","og_locale":"fr_FR","og_type":"article","og_title":"Messe en m\u00e9moire du Bienheureux Charles d'Autriche, 25\/10\/2023 - Doyenn\u00e9 Ouest Charente","og_description":"Messe en m\u00e9moire du Bienheureux Charles d'Autriche, 25\/10\/2023","og_url":"https:\/\/charente.catholique.fr\/ouest-charente\/agenda\/messe-en-memoire-du-bienheureux-charles-dautriche-25-10-2023\/","og_site_name":"Doyenn\u00e9 Ouest Charente","article_publisher":"https:\/\/www.facebook.com\/EgliseCatholiqueCharente","article_modified_time":"2023-10-16T09:15:26+00:00","og_image":[{"width":500,"height":750,"url":"https:\/\/charente.catholique.fr\/ouest-charente\/wp-content\/uploads\/sites\/6\/2023\/10\/Bienheureux-Charles-dAutriche.jpg","type":"image\/jpeg"}],"twitter_card":"summary_large_image","twitter_site":"@diocesecharente","twitter_misc":{"Dur\u00e9e de lecture estim\u00e9e":"1 minute"},"schema":{"@context":"https:\/\/schema.org","@graph":[{"@type":"WebPage","@id":"https:\/\/charente.catholique.fr\/ouest-charente\/agenda\/messe-en-memoire-du-bienheureux-charles-dautriche-25-10-2023\/","url":"https:\/\/charente.catholique.fr\/ouest-charente\/agenda\/messe-en-memoire-du-bienheureux-charles-dautriche-25-10-2023\/","name":"Messe en m\u00e9moire du Bienheureux Charles d'Autriche, 25\/10\/2023 - Doyenn\u00e9 Ouest Charente","isPartOf":{"@id":"https:\/\/charente.catholique.fr\/ouest-charente\/#website"},"primaryImageOfPage":{"@id":"https:\/\/charente.catholique.fr\/ouest-charente\/agenda\/messe-en-memoire-du-bienheureux-charles-dautriche-25-10-2023\/#primaryimage"},"image":{"@id":"https:\/\/charente.catholique.fr\/ouest-charente\/agenda\/messe-en-memoire-du-bienheureux-charles-dautriche-25-10-2023\/#primaryimage"},"thumbnailUrl":"https:\/\/charente.catholique.fr\/ouest-charente\/wp-content\/uploads\/sites\/6\/2023\/10\/Bienheureux-Charles-dAutriche.jpg","datePublished":"2023-10-16T09:14:50+00:00","dateModified":"2023-10-16T09:15:26+00:00","description":"Messe en m\u00e9moire du Bienheureux Charles d'Autriche, 25\/10\/2023","breadcrumb":{"@id":"https:\/\/charente.catholique.fr\/ouest-charente\/agenda\/messe-en-memoire-du-bienheureux-charles-dautriche-25-10-2023\/#breadcrumb"},"inLanguage":"fr-FR","potentialAction":[{"@type":"ReadAction","target":["https:\/\/charente.catholique.fr\/ouest-charente\/agenda\/messe-en-memoire-du-bienheureux-charles-dautriche-25-10-2023\/"]}]},{"@type":"ImageObject","inLanguage":"fr-FR","@id":"https:\/\/charente.catholique.fr\/ouest-charente\/agenda\/messe-en-memoire-du-bienheureux-charles-dautriche-25-10-2023\/#primaryimage","url":"https:\/\/charente.catholique.fr\/ouest-charente\/wp-content\/uploads\/sites\/6\/2023\/10\/Bienheureux-Charles-dAutriche.jpg","contentUrl":"https:\/\/charente.catholique.fr\/ouest-charente\/wp-content\/uploads\/sites\/6\/2023\/10\/Bienheureux-Charles-dAutriche.jpg","width":500,"height":750},{"@type":"BreadcrumbList","@id":"https:\/\/charente.catholique.fr\/ouest-charente\/agenda\/messe-en-memoire-du-bienheureux-charles-dautriche-25-10-2023\/#breadcrumb","itemListElement":[{"@type":"ListItem","position":1,"name":"Accueil","item":"https:\/\/charente.catholique.fr\/ouest-charente\/"},{"@type":"ListItem","position":2,"name":"Messe en m\u00e9moire du Bienheureux Charles d&#8217;Autriche, 25\/10\/2023"}]},{"@type":"WebSite","@id":"https:\/\/charente.catholique.fr\/ouest-charente\/#website","url":"https:\/\/charente.catholique.fr\/ouest-charente\/","name":"Doyenn\u00e9 Ouest Charente - Dioc\u00e8se d'Angoul\u00eame","description":"Dioc\u00e8se d&#039;Angoul\u00eame","publisher":{"@id":"https:\/\/charente.catholique.fr\/ouest-charente\/#organization"},"potentialAction":[{"@type":"SearchAction","target":{"@type":"EntryPoint","urlTemplate":"https:\/\/charente.catholique.fr\/ouest-charente\/?s={search_term_string}"},"query-input":{"@type":"PropertyValueSpecification","valueRequired":true,"valueName":"search_term_string"}}],"inLanguage":"fr-FR"},{"@type":"Organization","@id":"https:\/\/charente.catholique.fr\/ouest-charente\/#organization","name":"Association dioc\u00e9saine d'Angoul\u00eame","url":"https:\/\/charente.catholique.fr\/ouest-charente\/","logo":{"@type":"ImageObject","inLanguage":"fr-FR","@id":"https:\/\/charente.catholique.fr\/ouest-charente\/#\/schema\/logo\/image\/","url":"https:\/\/charente.catholique.fr\/ouest-charente\/wp-content\/uploads\/sites\/6\/2020\/10\/logos.png","contentUrl":"https:\/\/charente.catholique.fr\/ouest-charente\/wp-content\/uploads\/sites\/6\/2020\/10\/logos.png","width":600,"height":257,"caption":"Association dioc\u00e9saine d'Angoul\u00eame"},"image":{"@id":"https:\/\/charente.catholique.fr\/ouest-charente\/#\/schema\/logo\/image\/"},"sameAs":["https:\/\/www.facebook.com\/EgliseCatholiqueCharente","https:\/\/x.com\/diocesecharente","https:\/\/www.instagram.com\/eglisecharente","https:\/\/www.youtube.com\/channel\/UCByyFWApZbw3gDTiADoiAaQ"]}]}},"_links":{"self":[{"href":"https:\/\/charente.catholique.fr\/ouest-charente\/wp-json\/wp\/v2\/evenement\/31600","targetHints":{"allow":["GET"]}}],"collection":[{"href":"https:\/\/charente.catholique.fr\/ouest-charente\/wp-json\/wp\/v2\/evenement"}],"about":[{"href":"https:\/\/charente.catholique.fr\/ouest-charente\/wp-json\/wp\/v2\/types\/evenement"}],"author":[{"embeddable":true,"href":"https:\/\/charente.catholique.fr\/ouest-charente\/wp-json\/wp\/v2\/users\/80"}],"version-history":[{"count":3,"href":"https:\/\/charente.catholique.fr\/ouest-charente\/wp-json\/wp\/v2\/evenement\/31600\/revisions"}],"predecessor-version":[{"id":31604,"href":"https:\/\/charente.catholique.fr\/ouest-charente\/wp-json\/wp\/v2\/evenement\/31600\/revisions\/31604"}],"wp:featuredmedia":[{"embeddable":true,"href":"https:\/\/charente.catholique.fr\/ouest-charente\/wp-json\/wp\/v2\/media\/31601"}],"wp:attachment":[{"href":"https:\/\/charente.catholique.fr\/ouest-charente\/wp-json\/wp\/v2\/media?parent=31600"}],"wp:term":[{"taxonomy":"category","embeddable":true,"href":"https:\/\/charente.catholique.fr\/ouest-charente\/wp-json\/wp\/v2\/categories?post=31600"},{"taxonomy":"post_tag","embeddable":true,"href":"https:\/\/charente.catholique.fr\/ouest-charente\/wp-json\/wp\/v2\/tags?post=31600"}],"curies":[{"name":"wp","href":"https:\/\/api.w.org\/{rel}","templated":true}]}}