{"id":31455,"date":"2023-09-28T11:25:46","date_gmt":"2023-09-28T09:25:46","guid":{"rendered":"https:\/\/charente.catholique.fr\/ouest-charente\/?post_type=evenement&#038;p=31455"},"modified":"2023-09-28T11:25:47","modified_gmt":"2023-09-28T09:25:47","slug":"sigogne-concert-kadenza","status":"publish","type":"evenement","link":"https:\/\/charente.catholique.fr\/ouest-charente\/agenda\/sigogne-concert-kadenza\/","title":{"rendered":"Sigogne concert Kadenza"},"content":{"rendered":"\n<p>Le 28 octobre, venez assister \u00e0 ce<strong> concert \u00e0 croquer et \u00e0 ne pas manquer<\/strong> !<\/p>\n\n\n<a href=\"https:\/\/charente.catholique.fr\/ouest-charente\/wp-content\/uploads\/sites\/6\/2023\/09\/affiche-kadenza-2023.pdf\" class=\"pdfemb-viewer\" style=\"\" data-width=\"max\" data-height=\"max\" data-toolbar=\"bottom\" data-toolbar-fixed=\"off\">affiche-kadenza-2023<\/a>\n<p class=\"wp-block-pdfemb-pdf-embedder-viewer\"><\/p>\n\n\n\n<p><strong>Avec le Quatuor KADENZA<\/strong><\/p>\n\n\n\n<p>Formation reconnue dans le paysage culturel r\u00e9gional mais aussi national, le <em>Quatuor KADENZA<\/em> confirme depuis 17 ans une belle \u00e9volution artistique et professionnelle en \u00e9tant programm\u00e9 par des festivals (les jeudis quatuor en pays de Fayence), ou des sc\u00e8nes nationales avec des projets innovants comme KBW et s\u2019associe \u00e0 des artistes exceptionnels comme Gilles Apap, Dana Ciocarlie, le quatuor Talich, Alain Meunier et bien d\u2019autres\u2026.<\/p>\n\n\n\n<p>Tel un orchestre en miniature le quatuor \u00e0 cordes d\u00e9ploie, gr\u00e2ce \u00e0 la compl\u00e9mentarit\u00e9 des timbres des cordes (du violon au violoncelle) une richesse et une palette sonore incroyables. V\u00e9ritable valeur ajout\u00e9e pour une formation instrumentale particuli\u00e8rement exigeante, leur complicit\u00e9 tant humaine que musicale, qui s\u2019est enrichie au fil des ann\u00e9es, se ressent et gagne le public qui se trouve totalement aspir\u00e9 dans une bulle intemporelle de plaisirs sensoriels, sonore et visuel.<\/p>\n\n\n\n<p>C\u2019est dans cette perspective que le <em>Quatuor KADENZA<\/em> a extrait de leur r\u00e9pertoire, telles des mignardises, parmi les plus belles pages du quatuor \u00e0 cordes&nbsp;: De Haydn, le p\u00e8re du quatuor, \u00e0 Dvorak en passant par Raillat, sans oublier quelques p\u00e9pites issues du r\u00e9pertoire traditionnel Irlandais, Klezmer ou Tzigane avec la c\u00e9l\u00e8bre Czardas.<\/p>\n\n\n\n<p>Le <em>Quatuor KADENZA<\/em> vous a concoct\u00e9 une soir\u00e9e plaisir gourmand, pleine d\u2019intensit\u00e9, de l\u00e9g\u00e8ret\u00e9 et de gait\u00e9.<\/p>\n","protected":false},"author":10,"featured_media":31457,"template":"","meta":{"_acf_changed":false,"paroisse":["18"],"service":["0"],"footnotes":""},"categories":[2],"tags":[],"class_list":["post-31455","evenement","type-evenement","status-publish","has-post-thumbnail","hentry","category-jarnac","validated"],"acf":{"start_date":"2023-10-28 18:00:00","end_date":"2023-10-28 20:00:00","location":"Eglise de Sigogne","address":{"address":"\u00c9glise Saint-Martin \u00e0 Sigogne, Place de l'\u00c9glise, Sigogne, France","lat":45.7372551,"lng":-0.1581752,"zoom":14,"place_id":"ChIJgS6jhyyPAEgRfa9qXeLh9bs","name":"\u00c9glise Saint-Martin \u00e0 Sigogne","street_number":1,"street_name":"Place de l'\u00c9glise","street_name_short":"Pl. de l'\u00c9glise","city":"Sigogne","state":"Nouvelle-Aquitaine","post_code":16200,"country":"France","country_short":"FR"}},"yoast_head":"<!-- This site is optimized with the Yoast SEO plugin v27.1.1 - https:\/\/yoast.com\/product\/yoast-seo-wordpress\/ -->\n<title>Sigogne concert Kadenza - Doyenn\u00e9 Ouest Charente<\/title>\n<meta name=\"robots\" content=\"index, follow, max-snippet:-1, max-image-preview:large, max-video-preview:-1\" \/>\n<link rel=\"canonical\" href=\"https:\/\/charente.catholique.fr\/ouest-charente\/agenda\/sigogne-concert-kadenza\/\" \/>\n<meta property=\"og:locale\" content=\"fr_FR\" \/>\n<meta property=\"og:type\" content=\"article\" \/>\n<meta property=\"og:title\" content=\"Sigogne concert Kadenza - Doyenn\u00e9 Ouest Charente\" \/>\n<meta property=\"og:description\" content=\"Le 28 octobre, venez assister \u00e0 ce concert \u00e0 croquer et \u00e0 ne pas manquer ! Avec le Quatuor KADENZA Formation reconnue dans le paysage culturel r\u00e9gional mais aussi national, le Quatuor KADENZA confirme depuis 17 ans une belle \u00e9volution artistique et professionnelle en \u00e9tant programm\u00e9 par des festivals (les jeudis quatuor en pays de [&hellip;]\" \/>\n<meta property=\"og:url\" content=\"https:\/\/charente.catholique.fr\/ouest-charente\/agenda\/sigogne-concert-kadenza\/\" \/>\n<meta property=\"og:site_name\" content=\"Doyenn\u00e9 Ouest Charente\" \/>\n<meta property=\"article:publisher\" content=\"https:\/\/www.facebook.com\/EgliseCatholiqueCharente\" \/>\n<meta property=\"article:modified_time\" content=\"2023-09-28T09:25:47+00:00\" \/>\n<meta property=\"og:image\" content=\"https:\/\/charente.catholique.fr\/ouest-charente\/wp-content\/uploads\/sites\/6\/2023\/09\/photo-kadenza-scaled.jpg\" \/>\n\t<meta property=\"og:image:width\" content=\"2560\" \/>\n\t<meta property=\"og:image:height\" content=\"1709\" \/>\n\t<meta property=\"og:image:type\" content=\"image\/jpeg\" \/>\n<meta name=\"twitter:card\" content=\"summary_large_image\" \/>\n<meta name=\"twitter:site\" content=\"@diocesecharente\" \/>\n<meta name=\"twitter:label1\" content=\"Dur\u00e9e de lecture estim\u00e9e\" \/>\n\t<meta name=\"twitter:data1\" content=\"2 minutes\" \/>\n<script type=\"application\/ld+json\" class=\"yoast-schema-graph\">{\"@context\":\"https:\/\/schema.org\",\"@graph\":[{\"@type\":\"WebPage\",\"@id\":\"https:\/\/charente.catholique.fr\/ouest-charente\/agenda\/sigogne-concert-kadenza\/\",\"url\":\"https:\/\/charente.catholique.fr\/ouest-charente\/agenda\/sigogne-concert-kadenza\/\",\"name\":\"Sigogne concert Kadenza - Doyenn\u00e9 Ouest Charente\",\"isPartOf\":{\"@id\":\"https:\/\/charente.catholique.fr\/ouest-charente\/#website\"},\"primaryImageOfPage\":{\"@id\":\"https:\/\/charente.catholique.fr\/ouest-charente\/agenda\/sigogne-concert-kadenza\/#primaryimage\"},\"image\":{\"@id\":\"https:\/\/charente.catholique.fr\/ouest-charente\/agenda\/sigogne-concert-kadenza\/#primaryimage\"},\"thumbnailUrl\":\"https:\/\/charente.catholique.fr\/ouest-charente\/wp-content\/uploads\/sites\/6\/2023\/09\/photo-kadenza-scaled.jpg\",\"datePublished\":\"2023-09-28T09:25:46+00:00\",\"dateModified\":\"2023-09-28T09:25:47+00:00\",\"breadcrumb\":{\"@id\":\"https:\/\/charente.catholique.fr\/ouest-charente\/agenda\/sigogne-concert-kadenza\/#breadcrumb\"},\"inLanguage\":\"fr-FR\",\"potentialAction\":[{\"@type\":\"ReadAction\",\"target\":[\"https:\/\/charente.catholique.fr\/ouest-charente\/agenda\/sigogne-concert-kadenza\/\"]}]},{\"@type\":\"ImageObject\",\"inLanguage\":\"fr-FR\",\"@id\":\"https:\/\/charente.catholique.fr\/ouest-charente\/agenda\/sigogne-concert-kadenza\/#primaryimage\",\"url\":\"https:\/\/charente.catholique.fr\/ouest-charente\/wp-content\/uploads\/sites\/6\/2023\/09\/photo-kadenza-scaled.jpg\",\"contentUrl\":\"https:\/\/charente.catholique.fr\/ouest-charente\/wp-content\/uploads\/sites\/6\/2023\/09\/photo-kadenza-scaled.jpg\",\"width\":2560,\"height\":1709},{\"@type\":\"BreadcrumbList\",\"@id\":\"https:\/\/charente.catholique.fr\/ouest-charente\/agenda\/sigogne-concert-kadenza\/#breadcrumb\",\"itemListElement\":[{\"@type\":\"ListItem\",\"position\":1,\"name\":\"Accueil\",\"item\":\"https:\/\/charente.catholique.fr\/ouest-charente\/\"},{\"@type\":\"ListItem\",\"position\":2,\"name\":\"Sigogne concert Kadenza\"}]},{\"@type\":\"WebSite\",\"@id\":\"https:\/\/charente.catholique.fr\/ouest-charente\/#website\",\"url\":\"https:\/\/charente.catholique.fr\/ouest-charente\/\",\"name\":\"Doyenn\u00e9 Ouest Charente - Dioc\u00e8se d'Angoul\u00eame\",\"description\":\"Dioc\u00e8se d&#039;Angoul\u00eame\",\"publisher\":{\"@id\":\"https:\/\/charente.catholique.fr\/ouest-charente\/#organization\"},\"potentialAction\":[{\"@type\":\"SearchAction\",\"target\":{\"@type\":\"EntryPoint\",\"urlTemplate\":\"https:\/\/charente.catholique.fr\/ouest-charente\/?s={search_term_string}\"},\"query-input\":{\"@type\":\"PropertyValueSpecification\",\"valueRequired\":true,\"valueName\":\"search_term_string\"}}],\"inLanguage\":\"fr-FR\"},{\"@type\":\"Organization\",\"@id\":\"https:\/\/charente.catholique.fr\/ouest-charente\/#organization\",\"name\":\"Association dioc\u00e9saine d'Angoul\u00eame\",\"url\":\"https:\/\/charente.catholique.fr\/ouest-charente\/\",\"logo\":{\"@type\":\"ImageObject\",\"inLanguage\":\"fr-FR\",\"@id\":\"https:\/\/charente.catholique.fr\/ouest-charente\/#\/schema\/logo\/image\/\",\"url\":\"https:\/\/charente.catholique.fr\/ouest-charente\/wp-content\/uploads\/sites\/6\/2020\/10\/logos.png\",\"contentUrl\":\"https:\/\/charente.catholique.fr\/ouest-charente\/wp-content\/uploads\/sites\/6\/2020\/10\/logos.png\",\"width\":600,\"height\":257,\"caption\":\"Association dioc\u00e9saine d'Angoul\u00eame\"},\"image\":{\"@id\":\"https:\/\/charente.catholique.fr\/ouest-charente\/#\/schema\/logo\/image\/\"},\"sameAs\":[\"https:\/\/www.facebook.com\/EgliseCatholiqueCharente\",\"https:\/\/x.com\/diocesecharente\",\"https:\/\/www.instagram.com\/eglisecharente\",\"https:\/\/www.youtube.com\/channel\/UCByyFWApZbw3gDTiADoiAaQ\"]}]}<\/script>\n<!-- \/ Yoast SEO plugin. -->","yoast_head_json":{"title":"Sigogne concert Kadenza - Doyenn\u00e9 Ouest Charente","robots":{"index":"index","follow":"follow","max-snippet":"max-snippet:-1","max-image-preview":"max-image-preview:large","max-video-preview":"max-video-preview:-1"},"canonical":"https:\/\/charente.catholique.fr\/ouest-charente\/agenda\/sigogne-concert-kadenza\/","og_locale":"fr_FR","og_type":"article","og_title":"Sigogne concert Kadenza - Doyenn\u00e9 Ouest Charente","og_description":"Le 28 octobre, venez assister \u00e0 ce concert \u00e0 croquer et \u00e0 ne pas manquer ! Avec le Quatuor KADENZA Formation reconnue dans le paysage culturel r\u00e9gional mais aussi national, le Quatuor KADENZA confirme depuis 17 ans une belle \u00e9volution artistique et professionnelle en \u00e9tant programm\u00e9 par des festivals (les jeudis quatuor en pays de [&hellip;]","og_url":"https:\/\/charente.catholique.fr\/ouest-charente\/agenda\/sigogne-concert-kadenza\/","og_site_name":"Doyenn\u00e9 Ouest Charente","article_publisher":"https:\/\/www.facebook.com\/EgliseCatholiqueCharente","article_modified_time":"2023-09-28T09:25:47+00:00","og_image":[{"width":2560,"height":1709,"url":"https:\/\/charente.catholique.fr\/ouest-charente\/wp-content\/uploads\/sites\/6\/2023\/09\/photo-kadenza-scaled.jpg","type":"image\/jpeg"}],"twitter_card":"summary_large_image","twitter_site":"@diocesecharente","twitter_misc":{"Dur\u00e9e de lecture estim\u00e9e":"2 minutes"},"schema":{"@context":"https:\/\/schema.org","@graph":[{"@type":"WebPage","@id":"https:\/\/charente.catholique.fr\/ouest-charente\/agenda\/sigogne-concert-kadenza\/","url":"https:\/\/charente.catholique.fr\/ouest-charente\/agenda\/sigogne-concert-kadenza\/","name":"Sigogne concert Kadenza - Doyenn\u00e9 Ouest Charente","isPartOf":{"@id":"https:\/\/charente.catholique.fr\/ouest-charente\/#website"},"primaryImageOfPage":{"@id":"https:\/\/charente.catholique.fr\/ouest-charente\/agenda\/sigogne-concert-kadenza\/#primaryimage"},"image":{"@id":"https:\/\/charente.catholique.fr\/ouest-charente\/agenda\/sigogne-concert-kadenza\/#primaryimage"},"thumbnailUrl":"https:\/\/charente.catholique.fr\/ouest-charente\/wp-content\/uploads\/sites\/6\/2023\/09\/photo-kadenza-scaled.jpg","datePublished":"2023-09-28T09:25:46+00:00","dateModified":"2023-09-28T09:25:47+00:00","breadcrumb":{"@id":"https:\/\/charente.catholique.fr\/ouest-charente\/agenda\/sigogne-concert-kadenza\/#breadcrumb"},"inLanguage":"fr-FR","potentialAction":[{"@type":"ReadAction","target":["https:\/\/charente.catholique.fr\/ouest-charente\/agenda\/sigogne-concert-kadenza\/"]}]},{"@type":"ImageObject","inLanguage":"fr-FR","@id":"https:\/\/charente.catholique.fr\/ouest-charente\/agenda\/sigogne-concert-kadenza\/#primaryimage","url":"https:\/\/charente.catholique.fr\/ouest-charente\/wp-content\/uploads\/sites\/6\/2023\/09\/photo-kadenza-scaled.jpg","contentUrl":"https:\/\/charente.catholique.fr\/ouest-charente\/wp-content\/uploads\/sites\/6\/2023\/09\/photo-kadenza-scaled.jpg","width":2560,"height":1709},{"@type":"BreadcrumbList","@id":"https:\/\/charente.catholique.fr\/ouest-charente\/agenda\/sigogne-concert-kadenza\/#breadcrumb","itemListElement":[{"@type":"ListItem","position":1,"name":"Accueil","item":"https:\/\/charente.catholique.fr\/ouest-charente\/"},{"@type":"ListItem","position":2,"name":"Sigogne concert Kadenza"}]},{"@type":"WebSite","@id":"https:\/\/charente.catholique.fr\/ouest-charente\/#website","url":"https:\/\/charente.catholique.fr\/ouest-charente\/","name":"Doyenn\u00e9 Ouest Charente - Dioc\u00e8se d'Angoul\u00eame","description":"Dioc\u00e8se d&#039;Angoul\u00eame","publisher":{"@id":"https:\/\/charente.catholique.fr\/ouest-charente\/#organization"},"potentialAction":[{"@type":"SearchAction","target":{"@type":"EntryPoint","urlTemplate":"https:\/\/charente.catholique.fr\/ouest-charente\/?s={search_term_string}"},"query-input":{"@type":"PropertyValueSpecification","valueRequired":true,"valueName":"search_term_string"}}],"inLanguage":"fr-FR"},{"@type":"Organization","@id":"https:\/\/charente.catholique.fr\/ouest-charente\/#organization","name":"Association dioc\u00e9saine d'Angoul\u00eame","url":"https:\/\/charente.catholique.fr\/ouest-charente\/","logo":{"@type":"ImageObject","inLanguage":"fr-FR","@id":"https:\/\/charente.catholique.fr\/ouest-charente\/#\/schema\/logo\/image\/","url":"https:\/\/charente.catholique.fr\/ouest-charente\/wp-content\/uploads\/sites\/6\/2020\/10\/logos.png","contentUrl":"https:\/\/charente.catholique.fr\/ouest-charente\/wp-content\/uploads\/sites\/6\/2020\/10\/logos.png","width":600,"height":257,"caption":"Association dioc\u00e9saine d'Angoul\u00eame"},"image":{"@id":"https:\/\/charente.catholique.fr\/ouest-charente\/#\/schema\/logo\/image\/"},"sameAs":["https:\/\/www.facebook.com\/EgliseCatholiqueCharente","https:\/\/x.com\/diocesecharente","https:\/\/www.instagram.com\/eglisecharente","https:\/\/www.youtube.com\/channel\/UCByyFWApZbw3gDTiADoiAaQ"]}]}},"_links":{"self":[{"href":"https:\/\/charente.catholique.fr\/ouest-charente\/wp-json\/wp\/v2\/evenement\/31455","targetHints":{"allow":["GET"]}}],"collection":[{"href":"https:\/\/charente.catholique.fr\/ouest-charente\/wp-json\/wp\/v2\/evenement"}],"about":[{"href":"https:\/\/charente.catholique.fr\/ouest-charente\/wp-json\/wp\/v2\/types\/evenement"}],"author":[{"embeddable":true,"href":"https:\/\/charente.catholique.fr\/ouest-charente\/wp-json\/wp\/v2\/users\/10"}],"version-history":[{"count":3,"href":"https:\/\/charente.catholique.fr\/ouest-charente\/wp-json\/wp\/v2\/evenement\/31455\/revisions"}],"predecessor-version":[{"id":31460,"href":"https:\/\/charente.catholique.fr\/ouest-charente\/wp-json\/wp\/v2\/evenement\/31455\/revisions\/31460"}],"wp:featuredmedia":[{"embeddable":true,"href":"https:\/\/charente.catholique.fr\/ouest-charente\/wp-json\/wp\/v2\/media\/31457"}],"wp:attachment":[{"href":"https:\/\/charente.catholique.fr\/ouest-charente\/wp-json\/wp\/v2\/media?parent=31455"}],"wp:term":[{"taxonomy":"category","embeddable":true,"href":"https:\/\/charente.catholique.fr\/ouest-charente\/wp-json\/wp\/v2\/categories?post=31455"},{"taxonomy":"post_tag","embeddable":true,"href":"https:\/\/charente.catholique.fr\/ouest-charente\/wp-json\/wp\/v2\/tags?post=31455"}],"curies":[{"name":"wp","href":"https:\/\/api.w.org\/{rel}","templated":true}]}}