{"id":29371,"date":"2022-11-25T15:45:39","date_gmt":"2022-11-25T14:45:39","guid":{"rendered":"https:\/\/charente.catholique.fr\/ouest-charente\/?post_type=evenement&#038;p=29371"},"modified":"2022-12-06T14:19:31","modified_gmt":"2022-12-06T13:19:31","slug":"cognac-messes-matutinales-a-la-lueur-exclusive-des-cierges-01-15-22-decembre-2022","status":"publish","type":"evenement","link":"https:\/\/charente.catholique.fr\/ouest-charente\/agenda\/cognac-messes-matutinales-a-la-lueur-exclusive-des-cierges-01-15-22-decembre-2022\/","title":{"rendered":"Cognac &#8211; Messes Matutinales \u00e0 la lueur exclusive des Cierges &#8211; 01, 15 &amp; 22 D\u00e9cembre 2022"},"content":{"rendered":"\n<hr class=\"wp-block-separator has-alpha-channel-opacity\"\/>\n\n\n<div class=\"wp-block-image is-style-rounded\">\n<figure class=\"aligncenter size-large is-resized\"><img loading=\"lazy\" decoding=\"async\" src=\"https:\/\/charente.catholique.fr\/ouest-charente\/wp-content\/uploads\/sites\/6\/2022\/11\/267021181_5329935847021835_3786625381146855907_n-1440x1080.jpg\" alt=\"\" class=\"wp-image-29366\" width=\"299\" height=\"224\" srcset=\"https:\/\/charente.catholique.fr\/ouest-charente\/wp-content\/uploads\/sites\/6\/2022\/11\/267021181_5329935847021835_3786625381146855907_n-1440x1080.jpg 1440w, https:\/\/charente.catholique.fr\/ouest-charente\/wp-content\/uploads\/sites\/6\/2022\/11\/267021181_5329935847021835_3786625381146855907_n-300x225.jpg 300w, https:\/\/charente.catholique.fr\/ouest-charente\/wp-content\/uploads\/sites\/6\/2022\/11\/267021181_5329935847021835_3786625381146855907_n-768x576.jpg 768w, https:\/\/charente.catholique.fr\/ouest-charente\/wp-content\/uploads\/sites\/6\/2022\/11\/267021181_5329935847021835_3786625381146855907_n-1536x1152.jpg 1536w, https:\/\/charente.catholique.fr\/ouest-charente\/wp-content\/uploads\/sites\/6\/2022\/11\/267021181_5329935847021835_3786625381146855907_n.jpg 1600w\" sizes=\"auto, (max-width: 299px) 100vw, 299px\" \/><\/figure>\n<\/div>\n\n\n<p class=\"has-text-align-center has-nord-charente-color has-text-color has-medium-font-size\"><strong>MESSES MATUTINALES \u00c0 LA LUEUR EXCLUSIVE DES CIERGES<\/strong><\/p>\n\n\n\n<p class=\"has-text-align-center\">Messe \u00e0 S<sup>t<\/sup> Martin (Cognac):<\/p>\n\n\n\n<p class=\"has-text-align-center\">les jeudis 01, 15 &amp; 22 D\u00e9cembre 2022; \u00e0 7h00<\/p>\n\n\n\n<p><\/p>\n\n\n\n<p class=\"has-text-align-center\">Une pieuse tradition du temps de l&#8217;Avent consiste en la&nbsp;<strong>c\u00e9l\u00e9bration de messes matutinales<\/strong>&nbsp;<strong>\u00e0 la lueur exclusive des cierges<\/strong>. Ces messes en&nbsp;l\u2019honneur&nbsp;du Christ, \u00ab&nbsp;<strong><em>Soleil levant qui vient nous visiter<\/em><\/strong>&nbsp;\u00bb&nbsp;sont dites &#8220;de&nbsp;rorate&#8221;&nbsp;: \u00ab&nbsp;<strong><em>Cieux, distillez d\u2019en-haut votre ros\u00e9e<\/em><\/strong>&nbsp;\u00bb&nbsp;(premiers mots de l\u2019antienne d\u2019ouverture de la messe).<\/p>\n\n\n<div class=\"wp-block-image is-style-rounded\">\n<figure class=\"aligncenter size-full is-resized\"><img loading=\"lazy\" decoding=\"async\" src=\"https:\/\/charente.catholique.fr\/ouest-charente\/wp-content\/uploads\/sites\/6\/2022\/11\/267389646_5332424496772970_6780310530446675912_n.jpg\" alt=\"\" class=\"wp-image-29365\" width=\"299\" height=\"168\"\/><\/figure>\n<\/div>\n\n\n<p class=\"has-text-align-center\"><\/p>\n\n\n\n<hr class=\"wp-block-separator has-alpha-channel-opacity\"\/>\n","protected":false},"author":80,"featured_media":29365,"template":"","meta":{"_acf_changed":false,"paroisse":["20","20","20","20","20"],"service":["0"],"footnotes":""},"categories":[1,5],"tags":[],"class_list":["post-29371","evenement","type-evenement","status-publish","has-post-thumbnail","hentry","category-actualites","category-cognac","validated"],"acf":{"start_date":"2022-12-01 07:00:00","end_date":"2022-12-22 09:00:00","location":"\u00c9glise Saint-Martin, 2-10, rue de la Fontaine 16100 Cognac","address":null},"yoast_head":"<!-- This site is optimized with the Yoast SEO plugin v27.1.1 - https:\/\/yoast.com\/product\/yoast-seo-wordpress\/ -->\n<title>Cognac - Messes Matutinales \u00e0 la lueur exclusive des Cierges - 01, 15 &amp; 22 D\u00e9cembre 2022 - Doyenn\u00e9 Ouest Charente<\/title>\n<meta name=\"robots\" content=\"index, follow, max-snippet:-1, max-image-preview:large, max-video-preview:-1\" \/>\n<link rel=\"canonical\" href=\"https:\/\/charente.catholique.fr\/ouest-charente\/agenda\/cognac-messes-matutinales-a-la-lueur-exclusive-des-cierges-01-15-22-decembre-2022\/\" \/>\n<meta property=\"og:locale\" content=\"fr_FR\" \/>\n<meta property=\"og:type\" content=\"article\" \/>\n<meta property=\"og:title\" content=\"Cognac - Messes Matutinales \u00e0 la lueur exclusive des Cierges - 01, 15 &amp; 22 D\u00e9cembre 2022 - Doyenn\u00e9 Ouest Charente\" \/>\n<meta property=\"og:description\" content=\"MESSES MATUTINALES \u00c0 LA LUEUR EXCLUSIVE DES CIERGES Messe \u00e0 St Martin (Cognac): les jeudis 01, 15 &amp; 22 D\u00e9cembre 2022; \u00e0 7h00 Une pieuse tradition du temps de l&#8217;Avent consiste en la&nbsp;c\u00e9l\u00e9bration de messes matutinales&nbsp;\u00e0 la lueur exclusive des cierges. Ces messes en&nbsp;l\u2019honneur&nbsp;du Christ, \u00ab&nbsp;Soleil levant qui vient nous visiter&nbsp;\u00bb&nbsp;sont dites &#8220;de&nbsp;rorate&#8221;&nbsp;: \u00ab&nbsp;Cieux, distillez [&hellip;]\" \/>\n<meta property=\"og:url\" content=\"https:\/\/charente.catholique.fr\/ouest-charente\/agenda\/cognac-messes-matutinales-a-la-lueur-exclusive-des-cierges-01-15-22-decembre-2022\/\" \/>\n<meta property=\"og:site_name\" content=\"Doyenn\u00e9 Ouest Charente\" \/>\n<meta property=\"article:publisher\" content=\"https:\/\/www.facebook.com\/EgliseCatholiqueCharente\" \/>\n<meta property=\"article:modified_time\" content=\"2022-12-06T13:19:31+00:00\" \/>\n<meta property=\"og:image\" content=\"https:\/\/charente.catholique.fr\/ouest-charente\/wp-content\/uploads\/sites\/6\/2022\/11\/267389646_5332424496772970_6780310530446675912_n.jpg\" \/>\n\t<meta property=\"og:image:width\" content=\"824\" \/>\n\t<meta property=\"og:image:height\" content=\"480\" \/>\n\t<meta property=\"og:image:type\" content=\"image\/jpeg\" \/>\n<meta name=\"twitter:card\" content=\"summary_large_image\" \/>\n<meta name=\"twitter:site\" content=\"@diocesecharente\" \/>\n<meta name=\"twitter:label1\" content=\"Dur\u00e9e de lecture estim\u00e9e\" \/>\n\t<meta name=\"twitter:data1\" content=\"1 minute\" \/>\n<script type=\"application\/ld+json\" class=\"yoast-schema-graph\">{\"@context\":\"https:\/\/schema.org\",\"@graph\":[{\"@type\":\"WebPage\",\"@id\":\"https:\/\/charente.catholique.fr\/ouest-charente\/agenda\/cognac-messes-matutinales-a-la-lueur-exclusive-des-cierges-01-15-22-decembre-2022\/\",\"url\":\"https:\/\/charente.catholique.fr\/ouest-charente\/agenda\/cognac-messes-matutinales-a-la-lueur-exclusive-des-cierges-01-15-22-decembre-2022\/\",\"name\":\"Cognac - Messes Matutinales \u00e0 la lueur exclusive des Cierges - 01, 15 &amp; 22 D\u00e9cembre 2022 - Doyenn\u00e9 Ouest Charente\",\"isPartOf\":{\"@id\":\"https:\/\/charente.catholique.fr\/ouest-charente\/#website\"},\"primaryImageOfPage\":{\"@id\":\"https:\/\/charente.catholique.fr\/ouest-charente\/agenda\/cognac-messes-matutinales-a-la-lueur-exclusive-des-cierges-01-15-22-decembre-2022\/#primaryimage\"},\"image\":{\"@id\":\"https:\/\/charente.catholique.fr\/ouest-charente\/agenda\/cognac-messes-matutinales-a-la-lueur-exclusive-des-cierges-01-15-22-decembre-2022\/#primaryimage\"},\"thumbnailUrl\":\"https:\/\/charente.catholique.fr\/ouest-charente\/wp-content\/uploads\/sites\/6\/2022\/11\/267389646_5332424496772970_6780310530446675912_n.jpg\",\"datePublished\":\"2022-11-25T14:45:39+00:00\",\"dateModified\":\"2022-12-06T13:19:31+00:00\",\"breadcrumb\":{\"@id\":\"https:\/\/charente.catholique.fr\/ouest-charente\/agenda\/cognac-messes-matutinales-a-la-lueur-exclusive-des-cierges-01-15-22-decembre-2022\/#breadcrumb\"},\"inLanguage\":\"fr-FR\",\"potentialAction\":[{\"@type\":\"ReadAction\",\"target\":[\"https:\/\/charente.catholique.fr\/ouest-charente\/agenda\/cognac-messes-matutinales-a-la-lueur-exclusive-des-cierges-01-15-22-decembre-2022\/\"]}]},{\"@type\":\"ImageObject\",\"inLanguage\":\"fr-FR\",\"@id\":\"https:\/\/charente.catholique.fr\/ouest-charente\/agenda\/cognac-messes-matutinales-a-la-lueur-exclusive-des-cierges-01-15-22-decembre-2022\/#primaryimage\",\"url\":\"https:\/\/charente.catholique.fr\/ouest-charente\/wp-content\/uploads\/sites\/6\/2022\/11\/267389646_5332424496772970_6780310530446675912_n.jpg\",\"contentUrl\":\"https:\/\/charente.catholique.fr\/ouest-charente\/wp-content\/uploads\/sites\/6\/2022\/11\/267389646_5332424496772970_6780310530446675912_n.jpg\",\"width\":824,\"height\":480},{\"@type\":\"BreadcrumbList\",\"@id\":\"https:\/\/charente.catholique.fr\/ouest-charente\/agenda\/cognac-messes-matutinales-a-la-lueur-exclusive-des-cierges-01-15-22-decembre-2022\/#breadcrumb\",\"itemListElement\":[{\"@type\":\"ListItem\",\"position\":1,\"name\":\"Accueil\",\"item\":\"https:\/\/charente.catholique.fr\/ouest-charente\/\"},{\"@type\":\"ListItem\",\"position\":2,\"name\":\"Cognac &#8211; Messes Matutinales \u00e0 la lueur exclusive des Cierges &#8211; 01, 15 &amp; 22 D\u00e9cembre 2022\"}]},{\"@type\":\"WebSite\",\"@id\":\"https:\/\/charente.catholique.fr\/ouest-charente\/#website\",\"url\":\"https:\/\/charente.catholique.fr\/ouest-charente\/\",\"name\":\"Doyenn\u00e9 Ouest Charente - Dioc\u00e8se d'Angoul\u00eame\",\"description\":\"Dioc\u00e8se d&#039;Angoul\u00eame\",\"publisher\":{\"@id\":\"https:\/\/charente.catholique.fr\/ouest-charente\/#organization\"},\"potentialAction\":[{\"@type\":\"SearchAction\",\"target\":{\"@type\":\"EntryPoint\",\"urlTemplate\":\"https:\/\/charente.catholique.fr\/ouest-charente\/?s={search_term_string}\"},\"query-input\":{\"@type\":\"PropertyValueSpecification\",\"valueRequired\":true,\"valueName\":\"search_term_string\"}}],\"inLanguage\":\"fr-FR\"},{\"@type\":\"Organization\",\"@id\":\"https:\/\/charente.catholique.fr\/ouest-charente\/#organization\",\"name\":\"Association dioc\u00e9saine d'Angoul\u00eame\",\"url\":\"https:\/\/charente.catholique.fr\/ouest-charente\/\",\"logo\":{\"@type\":\"ImageObject\",\"inLanguage\":\"fr-FR\",\"@id\":\"https:\/\/charente.catholique.fr\/ouest-charente\/#\/schema\/logo\/image\/\",\"url\":\"https:\/\/charente.catholique.fr\/ouest-charente\/wp-content\/uploads\/sites\/6\/2020\/10\/logos.png\",\"contentUrl\":\"https:\/\/charente.catholique.fr\/ouest-charente\/wp-content\/uploads\/sites\/6\/2020\/10\/logos.png\",\"width\":600,\"height\":257,\"caption\":\"Association dioc\u00e9saine d'Angoul\u00eame\"},\"image\":{\"@id\":\"https:\/\/charente.catholique.fr\/ouest-charente\/#\/schema\/logo\/image\/\"},\"sameAs\":[\"https:\/\/www.facebook.com\/EgliseCatholiqueCharente\",\"https:\/\/x.com\/diocesecharente\",\"https:\/\/www.instagram.com\/eglisecharente\",\"https:\/\/www.youtube.com\/channel\/UCByyFWApZbw3gDTiADoiAaQ\"]}]}<\/script>\n<!-- \/ Yoast SEO plugin. -->","yoast_head_json":{"title":"Cognac - Messes Matutinales \u00e0 la lueur exclusive des Cierges - 01, 15 &amp; 22 D\u00e9cembre 2022 - Doyenn\u00e9 Ouest Charente","robots":{"index":"index","follow":"follow","max-snippet":"max-snippet:-1","max-image-preview":"max-image-preview:large","max-video-preview":"max-video-preview:-1"},"canonical":"https:\/\/charente.catholique.fr\/ouest-charente\/agenda\/cognac-messes-matutinales-a-la-lueur-exclusive-des-cierges-01-15-22-decembre-2022\/","og_locale":"fr_FR","og_type":"article","og_title":"Cognac - Messes Matutinales \u00e0 la lueur exclusive des Cierges - 01, 15 &amp; 22 D\u00e9cembre 2022 - Doyenn\u00e9 Ouest Charente","og_description":"MESSES MATUTINALES \u00c0 LA LUEUR EXCLUSIVE DES CIERGES Messe \u00e0 St Martin (Cognac): les jeudis 01, 15 &amp; 22 D\u00e9cembre 2022; \u00e0 7h00 Une pieuse tradition du temps de l&#8217;Avent consiste en la&nbsp;c\u00e9l\u00e9bration de messes matutinales&nbsp;\u00e0 la lueur exclusive des cierges. Ces messes en&nbsp;l\u2019honneur&nbsp;du Christ, \u00ab&nbsp;Soleil levant qui vient nous visiter&nbsp;\u00bb&nbsp;sont dites &#8220;de&nbsp;rorate&#8221;&nbsp;: \u00ab&nbsp;Cieux, distillez [&hellip;]","og_url":"https:\/\/charente.catholique.fr\/ouest-charente\/agenda\/cognac-messes-matutinales-a-la-lueur-exclusive-des-cierges-01-15-22-decembre-2022\/","og_site_name":"Doyenn\u00e9 Ouest Charente","article_publisher":"https:\/\/www.facebook.com\/EgliseCatholiqueCharente","article_modified_time":"2022-12-06T13:19:31+00:00","og_image":[{"width":824,"height":480,"url":"https:\/\/charente.catholique.fr\/ouest-charente\/wp-content\/uploads\/sites\/6\/2022\/11\/267389646_5332424496772970_6780310530446675912_n.jpg","type":"image\/jpeg"}],"twitter_card":"summary_large_image","twitter_site":"@diocesecharente","twitter_misc":{"Dur\u00e9e de lecture estim\u00e9e":"1 minute"},"schema":{"@context":"https:\/\/schema.org","@graph":[{"@type":"WebPage","@id":"https:\/\/charente.catholique.fr\/ouest-charente\/agenda\/cognac-messes-matutinales-a-la-lueur-exclusive-des-cierges-01-15-22-decembre-2022\/","url":"https:\/\/charente.catholique.fr\/ouest-charente\/agenda\/cognac-messes-matutinales-a-la-lueur-exclusive-des-cierges-01-15-22-decembre-2022\/","name":"Cognac - Messes Matutinales \u00e0 la lueur exclusive des Cierges - 01, 15 &amp; 22 D\u00e9cembre 2022 - Doyenn\u00e9 Ouest Charente","isPartOf":{"@id":"https:\/\/charente.catholique.fr\/ouest-charente\/#website"},"primaryImageOfPage":{"@id":"https:\/\/charente.catholique.fr\/ouest-charente\/agenda\/cognac-messes-matutinales-a-la-lueur-exclusive-des-cierges-01-15-22-decembre-2022\/#primaryimage"},"image":{"@id":"https:\/\/charente.catholique.fr\/ouest-charente\/agenda\/cognac-messes-matutinales-a-la-lueur-exclusive-des-cierges-01-15-22-decembre-2022\/#primaryimage"},"thumbnailUrl":"https:\/\/charente.catholique.fr\/ouest-charente\/wp-content\/uploads\/sites\/6\/2022\/11\/267389646_5332424496772970_6780310530446675912_n.jpg","datePublished":"2022-11-25T14:45:39+00:00","dateModified":"2022-12-06T13:19:31+00:00","breadcrumb":{"@id":"https:\/\/charente.catholique.fr\/ouest-charente\/agenda\/cognac-messes-matutinales-a-la-lueur-exclusive-des-cierges-01-15-22-decembre-2022\/#breadcrumb"},"inLanguage":"fr-FR","potentialAction":[{"@type":"ReadAction","target":["https:\/\/charente.catholique.fr\/ouest-charente\/agenda\/cognac-messes-matutinales-a-la-lueur-exclusive-des-cierges-01-15-22-decembre-2022\/"]}]},{"@type":"ImageObject","inLanguage":"fr-FR","@id":"https:\/\/charente.catholique.fr\/ouest-charente\/agenda\/cognac-messes-matutinales-a-la-lueur-exclusive-des-cierges-01-15-22-decembre-2022\/#primaryimage","url":"https:\/\/charente.catholique.fr\/ouest-charente\/wp-content\/uploads\/sites\/6\/2022\/11\/267389646_5332424496772970_6780310530446675912_n.jpg","contentUrl":"https:\/\/charente.catholique.fr\/ouest-charente\/wp-content\/uploads\/sites\/6\/2022\/11\/267389646_5332424496772970_6780310530446675912_n.jpg","width":824,"height":480},{"@type":"BreadcrumbList","@id":"https:\/\/charente.catholique.fr\/ouest-charente\/agenda\/cognac-messes-matutinales-a-la-lueur-exclusive-des-cierges-01-15-22-decembre-2022\/#breadcrumb","itemListElement":[{"@type":"ListItem","position":1,"name":"Accueil","item":"https:\/\/charente.catholique.fr\/ouest-charente\/"},{"@type":"ListItem","position":2,"name":"Cognac &#8211; Messes Matutinales \u00e0 la lueur exclusive des Cierges &#8211; 01, 15 &amp; 22 D\u00e9cembre 2022"}]},{"@type":"WebSite","@id":"https:\/\/charente.catholique.fr\/ouest-charente\/#website","url":"https:\/\/charente.catholique.fr\/ouest-charente\/","name":"Doyenn\u00e9 Ouest Charente - Dioc\u00e8se d'Angoul\u00eame","description":"Dioc\u00e8se d&#039;Angoul\u00eame","publisher":{"@id":"https:\/\/charente.catholique.fr\/ouest-charente\/#organization"},"potentialAction":[{"@type":"SearchAction","target":{"@type":"EntryPoint","urlTemplate":"https:\/\/charente.catholique.fr\/ouest-charente\/?s={search_term_string}"},"query-input":{"@type":"PropertyValueSpecification","valueRequired":true,"valueName":"search_term_string"}}],"inLanguage":"fr-FR"},{"@type":"Organization","@id":"https:\/\/charente.catholique.fr\/ouest-charente\/#organization","name":"Association dioc\u00e9saine d'Angoul\u00eame","url":"https:\/\/charente.catholique.fr\/ouest-charente\/","logo":{"@type":"ImageObject","inLanguage":"fr-FR","@id":"https:\/\/charente.catholique.fr\/ouest-charente\/#\/schema\/logo\/image\/","url":"https:\/\/charente.catholique.fr\/ouest-charente\/wp-content\/uploads\/sites\/6\/2020\/10\/logos.png","contentUrl":"https:\/\/charente.catholique.fr\/ouest-charente\/wp-content\/uploads\/sites\/6\/2020\/10\/logos.png","width":600,"height":257,"caption":"Association dioc\u00e9saine d'Angoul\u00eame"},"image":{"@id":"https:\/\/charente.catholique.fr\/ouest-charente\/#\/schema\/logo\/image\/"},"sameAs":["https:\/\/www.facebook.com\/EgliseCatholiqueCharente","https:\/\/x.com\/diocesecharente","https:\/\/www.instagram.com\/eglisecharente","https:\/\/www.youtube.com\/channel\/UCByyFWApZbw3gDTiADoiAaQ"]}]}},"_links":{"self":[{"href":"https:\/\/charente.catholique.fr\/ouest-charente\/wp-json\/wp\/v2\/evenement\/29371","targetHints":{"allow":["GET"]}}],"collection":[{"href":"https:\/\/charente.catholique.fr\/ouest-charente\/wp-json\/wp\/v2\/evenement"}],"about":[{"href":"https:\/\/charente.catholique.fr\/ouest-charente\/wp-json\/wp\/v2\/types\/evenement"}],"author":[{"embeddable":true,"href":"https:\/\/charente.catholique.fr\/ouest-charente\/wp-json\/wp\/v2\/users\/80"}],"version-history":[{"count":3,"href":"https:\/\/charente.catholique.fr\/ouest-charente\/wp-json\/wp\/v2\/evenement\/29371\/revisions"}],"predecessor-version":[{"id":29440,"href":"https:\/\/charente.catholique.fr\/ouest-charente\/wp-json\/wp\/v2\/evenement\/29371\/revisions\/29440"}],"wp:featuredmedia":[{"embeddable":true,"href":"https:\/\/charente.catholique.fr\/ouest-charente\/wp-json\/wp\/v2\/media\/29365"}],"wp:attachment":[{"href":"https:\/\/charente.catholique.fr\/ouest-charente\/wp-json\/wp\/v2\/media?parent=29371"}],"wp:term":[{"taxonomy":"category","embeddable":true,"href":"https:\/\/charente.catholique.fr\/ouest-charente\/wp-json\/wp\/v2\/categories?post=29371"},{"taxonomy":"post_tag","embeddable":true,"href":"https:\/\/charente.catholique.fr\/ouest-charente\/wp-json\/wp\/v2\/tags?post=29371"}],"curies":[{"name":"wp","href":"https:\/\/api.w.org\/{rel}","templated":true}]}}