{"id":2659,"date":"2021-03-11T07:20:26","date_gmt":"2021-03-11T06:20:26","guid":{"rendered":"https:\/\/charente.catholique.fr\/ouest-charente\/?post_type=evenement&#038;p=2659"},"modified":"2021-03-14T15:16:34","modified_gmt":"2021-03-14T14:16:34","slug":"pelerinage-du-chapitre-des-pretres-martyrs-de-lile-madame-en-charente","status":"publish","type":"evenement","link":"https:\/\/charente.catholique.fr\/ouest-charente\/agenda\/pelerinage-du-chapitre-des-pretres-martyrs-de-lile-madame-en-charente\/","title":{"rendered":"P\u00e8lerinage du chapitre des pr\u00eatres martyrs de l&#8217;\u00eele Madame en Charente"},"content":{"rendered":"\n<p><strong>Sur les pas de St-Pierre Auma\u00eetre<\/strong>, pr\u00eatre missionnaire originaire d&#8217;AIZECQ, il sera parmi les derniers martyrs de la mission de Cor\u00e9e en 1866.<\/p>\n\n\n\n<p>Renseignements\u00a0: J\u00e9r\u00f4me ou Domitille CHARPENTIER 06 15 60 81 63 ou\u00a0\u00a0\u00a005 16 45 10 30<\/p>\n\n\n\n<div class=\"wp-block-image\"><figure class=\"aligncenter size-large\"><img loading=\"lazy\" decoding=\"async\" width=\"480\" height=\"640\" src=\"https:\/\/charente.catholique.fr\/ouest-charente\/wp-content\/uploads\/sites\/6\/2021\/03\/ilemadame.jpg\" alt=\"\" class=\"wp-image-2660\" srcset=\"https:\/\/charente.catholique.fr\/ouest-charente\/wp-content\/uploads\/sites\/6\/2021\/03\/ilemadame.jpg 480w, https:\/\/charente.catholique.fr\/ouest-charente\/wp-content\/uploads\/sites\/6\/2021\/03\/ilemadame-225x300.jpg 225w\" sizes=\"auto, (max-width: 480px) 100vw, 480px\" \/><\/figure><\/div>\n\n\n\n<p><strong>9H30 :<\/strong><br>La messe est c\u00e9l\u00e9br\u00e9e par l&#8217;aum\u00f4nier du chapitre, l&#8217;Abb\u00e9 Jean-Baptiste TEXIER dans la forme extraordinaire du rite romain (en latin)<br>Les voitures restent \u00e0 VERTEUIL pour ceux qui marchent.<br><br><strong>10H45 :<\/strong><br>D\u00e9part \u00e0 pied vers AIZECQ par le tr\u00e8s beau chemin de Saint Jacques de Compostelle !&nbsp;<br>Pri\u00e8re du chapelet, m\u00e9ditations en confessions.<br><br><strong>12H30&nbsp;<\/strong>:&nbsp;<br>Arriv\u00e9e AIZECQ<br>Pri\u00e8re dans l&#8217;Eglise (dans laquelle Saint Pierre Auma\u00eetre assistait \u00e0 la messe lorsque il \u00e9tait petit et dans laquelle il a \u00e9t\u00e9 confirm\u00e9 \u00e0 7 ans&nbsp;le 21 mai 1844)<br><br><strong>12H45<\/strong>&nbsp;<br>D\u00e9jeuner tir\u00e9 du sac (pr\u00e9voir votre pique nique) \u00e0 c\u00f4t\u00e9 de l&#8217;Eglise dans l&#8217;herbe.<br><br><br><strong>13H45<\/strong><br><br><strong>Adoration du Saint Sacrement&nbsp;<br><u>Prise du scapulaire du Mont Carmel<\/u>&nbsp;pour ceux qui le souhaitent (il y aura des scapulaires qui seront offerts pour l&#8217;occasion)<\/strong><br><br><br><strong>14H45<\/strong><br>D\u00e9part vers la Maison de Saint&nbsp;Pierre Auma\u00eetre pour&nbsp;une visite et un temps de pri\u00e8re (situ\u00e9e \u00e0 400 m de l&#8217;Eglise)<br>\u200bSi nous avons le temps nous passerons aussi par le cimeti\u00e8re pour prier&nbsp;sur la tombe des parents du saint.<br><br><strong>15H<\/strong>&nbsp;<br>Retour vers VERTEUIL par un autre chemin.<br>Pri\u00e8re du chapelet, m\u00e9ditations en confessions.<br><br><br><strong>17H00&nbsp;<\/strong><br>Arriv\u00e9e \u00e0 VERTEUIL et remont\u00e9e \u00e0 l&#8217;Eglise Saint MEDARD par le &#8220;chemin des Dames&#8221;&#8230;..et le grand calvaire (magnifique)<br><br>Fin du&nbsp;p\u00e8lerinage<br><br><br>Le parcours (aller- retour) fait 16 KM. Il y a peu de d\u00e9nivel\u00e9 (pas comme \u00e0 Juignac&#8230;) Un enfant de 6 ans bien chauss\u00e9&nbsp;peut faire la marche sans trop de difficult\u00e9.&nbsp;En tout \u00e9tat de cause il y aura deux voitures balais sur le parcours pour r\u00e9cup\u00e9rer les p\u00e8lerins&nbsp;en difficult\u00e9.<br><br>Le chemin est praticable&nbsp;pour des poussettes (un peu tout terrain quand m\u00eame). Je joins \u00e0 ce message 2&nbsp;belles photos que j&#8217;ai prises&nbsp;lors de la reconnaissance de l&#8217;itin\u00e9raire en v\u00e9lo. La campagne dans cette r\u00e9gion du Nord Charente est tr\u00e8s belle&#8230;.<br><br>Venez nombreux et n&#8217;oubliez pas de proposer ce p\u00e8lerinage&nbsp;aux personnes de votre entourage qui n&#8217;ont pas la foi ou qui cherchent la v\u00e9rit\u00e9, ou qui souhaitent tout simplement passer un excellent moment de convivialit\u00e9 et de joie.<br><br>N&#8217;oubliez pas, en plus de votre chapelet et de votre pique nique, un v\u00eatement de pluie (si m\u00e9t\u00e9o d\u00e9favorable)&nbsp; et des chaussures de marche (\u00e9ventuellement des&nbsp;pansements en cas d&#8217;ampoules)<\/p>\n\n\n\n<div class=\"wp-block-image\"><figure class=\"aligncenter size-large\"><img loading=\"lazy\" decoding=\"async\" width=\"640\" height=\"480\" src=\"https:\/\/charente.catholique.fr\/ouest-charente\/wp-content\/uploads\/sites\/6\/2021\/03\/IleMAdame2.jpg\" alt=\"\" class=\"wp-image-2661\" srcset=\"https:\/\/charente.catholique.fr\/ouest-charente\/wp-content\/uploads\/sites\/6\/2021\/03\/IleMAdame2.jpg 640w, https:\/\/charente.catholique.fr\/ouest-charente\/wp-content\/uploads\/sites\/6\/2021\/03\/IleMAdame2-300x225.jpg 300w\" sizes=\"auto, (max-width: 640px) 100vw, 640px\" \/><\/figure><\/div>\n\n\n\n<p>NDLR : les martyrs de l&#8217;\u00eele Madame sont  ces 800 pr\u00eatres de tout le Grand Ouest, r\u00e9fractaires au serment constitutionnel exig\u00e9 par la Convention et enferm\u00e9s l\u00e0, en 1794, sur ces bateaux amarr\u00e9s \u00e0 l&#8217;embouchure du fleuve Charente, oubli\u00e9s dans des cales o\u00f9 s\u00e9vissaient le typhus, le scorbut Des centaines sont morts au fond de ces bateaux-prisons, d&#8217;autres sur l&#8217;\u00eele Madame o\u00f9 ils finirent par \u00eatre d\u00e9barqu\u00e9s. Seuls 228 ont surv\u00e9cu et furent enterr\u00e9s dans l&#8217;\u00eele. Soixante-quatre ont \u00e9t\u00e9 b\u00e9atifi\u00e9s en 1995.<\/p>\n","protected":false},"author":11,"featured_media":2660,"template":"","meta":{"_acf_changed":false,"paroisse":["0"],"service":["0"],"footnotes":""},"categories":[],"tags":[],"class_list":["post-2659","evenement","type-evenement","status-publish","has-post-thumbnail","hentry"],"acf":{"start_date":"2021-03-20 09:15:00","end_date":"","location":"Eglise Saint MEDARD de VERTEUIL","address":{"address":"Eglise Saint-M\u00e9dard, Ruelle du Prieur\u00e9, Verteuil-sur-Charente, France","lat":45.9793672,"lng":0.2317072,"zoom":14,"place_id":"ChIJIR58mKIX_kcRJ1jiL6tHwyw","name":"Eglise Saint-M\u00e9dard","street_number":3,"street_name":"Ruelle du Prieur\u00e9","city":"Verteuil-sur-Charente","state":"Nouvelle-Aquitaine","post_code":16510,"country":"France","country_short":"FR"}},"yoast_head":"<!-- This site is optimized with the Yoast SEO plugin v27.1.1 - https:\/\/yoast.com\/product\/yoast-seo-wordpress\/ -->\n<title>P\u00e8lerinage du chapitre des pr\u00eatres martyrs de l&#039;\u00eele Madame en Charente - Doyenn\u00e9 Ouest Charente<\/title>\n<meta name=\"robots\" content=\"index, follow, max-snippet:-1, max-image-preview:large, max-video-preview:-1\" \/>\n<link rel=\"canonical\" href=\"https:\/\/charente.catholique.fr\/ouest-charente\/agenda\/pelerinage-du-chapitre-des-pretres-martyrs-de-lile-madame-en-charente\/\" \/>\n<meta property=\"og:locale\" content=\"fr_FR\" \/>\n<meta property=\"og:type\" content=\"article\" \/>\n<meta property=\"og:title\" content=\"P\u00e8lerinage du chapitre des pr\u00eatres martyrs de l&#039;\u00eele Madame en Charente - Doyenn\u00e9 Ouest Charente\" \/>\n<meta property=\"og:description\" content=\"Sur les pas de St-Pierre Auma\u00eetre, pr\u00eatre missionnaire originaire d&#8217;AIZECQ, il sera parmi les derniers martyrs de la mission de Cor\u00e9e en 1866. Renseignements\u00a0: J\u00e9r\u00f4me ou Domitille CHARPENTIER 06 15 60 81 63 ou\u00a0\u00a0\u00a005 16 45 10 30 9H30 :La messe est c\u00e9l\u00e9br\u00e9e par l&#8217;aum\u00f4nier du chapitre, l&#8217;Abb\u00e9 Jean-Baptiste TEXIER dans la forme extraordinaire du [&hellip;]\" \/>\n<meta property=\"og:url\" content=\"https:\/\/charente.catholique.fr\/ouest-charente\/agenda\/pelerinage-du-chapitre-des-pretres-martyrs-de-lile-madame-en-charente\/\" \/>\n<meta property=\"og:site_name\" content=\"Doyenn\u00e9 Ouest Charente\" \/>\n<meta property=\"article:publisher\" content=\"https:\/\/www.facebook.com\/EgliseCatholiqueCharente\" \/>\n<meta property=\"article:modified_time\" content=\"2021-03-14T14:16:34+00:00\" \/>\n<meta property=\"og:image\" content=\"https:\/\/charente.catholique.fr\/ouest-charente\/wp-content\/uploads\/sites\/6\/2021\/03\/ilemadame.jpg\" \/>\n\t<meta property=\"og:image:width\" content=\"480\" \/>\n\t<meta property=\"og:image:height\" content=\"640\" \/>\n\t<meta property=\"og:image:type\" content=\"image\/jpeg\" \/>\n<meta name=\"twitter:card\" content=\"summary_large_image\" \/>\n<meta name=\"twitter:site\" content=\"@diocesecharente\" \/>\n<meta name=\"twitter:label1\" content=\"Dur\u00e9e de lecture estim\u00e9e\" \/>\n\t<meta name=\"twitter:data1\" content=\"3 minutes\" \/>\n<script type=\"application\/ld+json\" class=\"yoast-schema-graph\">{\"@context\":\"https:\/\/schema.org\",\"@graph\":[{\"@type\":\"WebPage\",\"@id\":\"https:\/\/charente.catholique.fr\/ouest-charente\/agenda\/pelerinage-du-chapitre-des-pretres-martyrs-de-lile-madame-en-charente\/\",\"url\":\"https:\/\/charente.catholique.fr\/ouest-charente\/agenda\/pelerinage-du-chapitre-des-pretres-martyrs-de-lile-madame-en-charente\/\",\"name\":\"P\u00e8lerinage du chapitre des pr\u00eatres martyrs de l'\u00eele Madame en Charente - Doyenn\u00e9 Ouest Charente\",\"isPartOf\":{\"@id\":\"https:\/\/charente.catholique.fr\/ouest-charente\/#website\"},\"primaryImageOfPage\":{\"@id\":\"https:\/\/charente.catholique.fr\/ouest-charente\/agenda\/pelerinage-du-chapitre-des-pretres-martyrs-de-lile-madame-en-charente\/#primaryimage\"},\"image\":{\"@id\":\"https:\/\/charente.catholique.fr\/ouest-charente\/agenda\/pelerinage-du-chapitre-des-pretres-martyrs-de-lile-madame-en-charente\/#primaryimage\"},\"thumbnailUrl\":\"https:\/\/charente.catholique.fr\/ouest-charente\/wp-content\/uploads\/sites\/6\/2021\/03\/ilemadame.jpg\",\"datePublished\":\"2021-03-11T06:20:26+00:00\",\"dateModified\":\"2021-03-14T14:16:34+00:00\",\"breadcrumb\":{\"@id\":\"https:\/\/charente.catholique.fr\/ouest-charente\/agenda\/pelerinage-du-chapitre-des-pretres-martyrs-de-lile-madame-en-charente\/#breadcrumb\"},\"inLanguage\":\"fr-FR\",\"potentialAction\":[{\"@type\":\"ReadAction\",\"target\":[\"https:\/\/charente.catholique.fr\/ouest-charente\/agenda\/pelerinage-du-chapitre-des-pretres-martyrs-de-lile-madame-en-charente\/\"]}]},{\"@type\":\"ImageObject\",\"inLanguage\":\"fr-FR\",\"@id\":\"https:\/\/charente.catholique.fr\/ouest-charente\/agenda\/pelerinage-du-chapitre-des-pretres-martyrs-de-lile-madame-en-charente\/#primaryimage\",\"url\":\"https:\/\/charente.catholique.fr\/ouest-charente\/wp-content\/uploads\/sites\/6\/2021\/03\/ilemadame.jpg\",\"contentUrl\":\"https:\/\/charente.catholique.fr\/ouest-charente\/wp-content\/uploads\/sites\/6\/2021\/03\/ilemadame.jpg\",\"width\":480,\"height\":640},{\"@type\":\"BreadcrumbList\",\"@id\":\"https:\/\/charente.catholique.fr\/ouest-charente\/agenda\/pelerinage-du-chapitre-des-pretres-martyrs-de-lile-madame-en-charente\/#breadcrumb\",\"itemListElement\":[{\"@type\":\"ListItem\",\"position\":1,\"name\":\"Accueil\",\"item\":\"https:\/\/charente.catholique.fr\/ouest-charente\/\"},{\"@type\":\"ListItem\",\"position\":2,\"name\":\"P\u00e8lerinage du chapitre des pr\u00eatres martyrs de l&#8217;\u00eele Madame en Charente\"}]},{\"@type\":\"WebSite\",\"@id\":\"https:\/\/charente.catholique.fr\/ouest-charente\/#website\",\"url\":\"https:\/\/charente.catholique.fr\/ouest-charente\/\",\"name\":\"Doyenn\u00e9 Ouest Charente - Dioc\u00e8se d'Angoul\u00eame\",\"description\":\"Dioc\u00e8se d&#039;Angoul\u00eame\",\"publisher\":{\"@id\":\"https:\/\/charente.catholique.fr\/ouest-charente\/#organization\"},\"potentialAction\":[{\"@type\":\"SearchAction\",\"target\":{\"@type\":\"EntryPoint\",\"urlTemplate\":\"https:\/\/charente.catholique.fr\/ouest-charente\/?s={search_term_string}\"},\"query-input\":{\"@type\":\"PropertyValueSpecification\",\"valueRequired\":true,\"valueName\":\"search_term_string\"}}],\"inLanguage\":\"fr-FR\"},{\"@type\":\"Organization\",\"@id\":\"https:\/\/charente.catholique.fr\/ouest-charente\/#organization\",\"name\":\"Association dioc\u00e9saine d'Angoul\u00eame\",\"url\":\"https:\/\/charente.catholique.fr\/ouest-charente\/\",\"logo\":{\"@type\":\"ImageObject\",\"inLanguage\":\"fr-FR\",\"@id\":\"https:\/\/charente.catholique.fr\/ouest-charente\/#\/schema\/logo\/image\/\",\"url\":\"https:\/\/charente.catholique.fr\/ouest-charente\/wp-content\/uploads\/sites\/6\/2020\/10\/logos.png\",\"contentUrl\":\"https:\/\/charente.catholique.fr\/ouest-charente\/wp-content\/uploads\/sites\/6\/2020\/10\/logos.png\",\"width\":600,\"height\":257,\"caption\":\"Association dioc\u00e9saine d'Angoul\u00eame\"},\"image\":{\"@id\":\"https:\/\/charente.catholique.fr\/ouest-charente\/#\/schema\/logo\/image\/\"},\"sameAs\":[\"https:\/\/www.facebook.com\/EgliseCatholiqueCharente\",\"https:\/\/x.com\/diocesecharente\",\"https:\/\/www.instagram.com\/eglisecharente\",\"https:\/\/www.youtube.com\/channel\/UCByyFWApZbw3gDTiADoiAaQ\"]}]}<\/script>\n<!-- \/ Yoast SEO plugin. -->","yoast_head_json":{"title":"P\u00e8lerinage du chapitre des pr\u00eatres martyrs de l'\u00eele Madame en Charente - Doyenn\u00e9 Ouest Charente","robots":{"index":"index","follow":"follow","max-snippet":"max-snippet:-1","max-image-preview":"max-image-preview:large","max-video-preview":"max-video-preview:-1"},"canonical":"https:\/\/charente.catholique.fr\/ouest-charente\/agenda\/pelerinage-du-chapitre-des-pretres-martyrs-de-lile-madame-en-charente\/","og_locale":"fr_FR","og_type":"article","og_title":"P\u00e8lerinage du chapitre des pr\u00eatres martyrs de l'\u00eele Madame en Charente - Doyenn\u00e9 Ouest Charente","og_description":"Sur les pas de St-Pierre Auma\u00eetre, pr\u00eatre missionnaire originaire d&#8217;AIZECQ, il sera parmi les derniers martyrs de la mission de Cor\u00e9e en 1866. Renseignements\u00a0: J\u00e9r\u00f4me ou Domitille CHARPENTIER 06 15 60 81 63 ou\u00a0\u00a0\u00a005 16 45 10 30 9H30 :La messe est c\u00e9l\u00e9br\u00e9e par l&#8217;aum\u00f4nier du chapitre, l&#8217;Abb\u00e9 Jean-Baptiste TEXIER dans la forme extraordinaire du [&hellip;]","og_url":"https:\/\/charente.catholique.fr\/ouest-charente\/agenda\/pelerinage-du-chapitre-des-pretres-martyrs-de-lile-madame-en-charente\/","og_site_name":"Doyenn\u00e9 Ouest Charente","article_publisher":"https:\/\/www.facebook.com\/EgliseCatholiqueCharente","article_modified_time":"2021-03-14T14:16:34+00:00","og_image":[{"width":480,"height":640,"url":"https:\/\/charente.catholique.fr\/ouest-charente\/wp-content\/uploads\/sites\/6\/2021\/03\/ilemadame.jpg","type":"image\/jpeg"}],"twitter_card":"summary_large_image","twitter_site":"@diocesecharente","twitter_misc":{"Dur\u00e9e de lecture estim\u00e9e":"3 minutes"},"schema":{"@context":"https:\/\/schema.org","@graph":[{"@type":"WebPage","@id":"https:\/\/charente.catholique.fr\/ouest-charente\/agenda\/pelerinage-du-chapitre-des-pretres-martyrs-de-lile-madame-en-charente\/","url":"https:\/\/charente.catholique.fr\/ouest-charente\/agenda\/pelerinage-du-chapitre-des-pretres-martyrs-de-lile-madame-en-charente\/","name":"P\u00e8lerinage du chapitre des pr\u00eatres martyrs de l'\u00eele Madame en Charente - Doyenn\u00e9 Ouest Charente","isPartOf":{"@id":"https:\/\/charente.catholique.fr\/ouest-charente\/#website"},"primaryImageOfPage":{"@id":"https:\/\/charente.catholique.fr\/ouest-charente\/agenda\/pelerinage-du-chapitre-des-pretres-martyrs-de-lile-madame-en-charente\/#primaryimage"},"image":{"@id":"https:\/\/charente.catholique.fr\/ouest-charente\/agenda\/pelerinage-du-chapitre-des-pretres-martyrs-de-lile-madame-en-charente\/#primaryimage"},"thumbnailUrl":"https:\/\/charente.catholique.fr\/ouest-charente\/wp-content\/uploads\/sites\/6\/2021\/03\/ilemadame.jpg","datePublished":"2021-03-11T06:20:26+00:00","dateModified":"2021-03-14T14:16:34+00:00","breadcrumb":{"@id":"https:\/\/charente.catholique.fr\/ouest-charente\/agenda\/pelerinage-du-chapitre-des-pretres-martyrs-de-lile-madame-en-charente\/#breadcrumb"},"inLanguage":"fr-FR","potentialAction":[{"@type":"ReadAction","target":["https:\/\/charente.catholique.fr\/ouest-charente\/agenda\/pelerinage-du-chapitre-des-pretres-martyrs-de-lile-madame-en-charente\/"]}]},{"@type":"ImageObject","inLanguage":"fr-FR","@id":"https:\/\/charente.catholique.fr\/ouest-charente\/agenda\/pelerinage-du-chapitre-des-pretres-martyrs-de-lile-madame-en-charente\/#primaryimage","url":"https:\/\/charente.catholique.fr\/ouest-charente\/wp-content\/uploads\/sites\/6\/2021\/03\/ilemadame.jpg","contentUrl":"https:\/\/charente.catholique.fr\/ouest-charente\/wp-content\/uploads\/sites\/6\/2021\/03\/ilemadame.jpg","width":480,"height":640},{"@type":"BreadcrumbList","@id":"https:\/\/charente.catholique.fr\/ouest-charente\/agenda\/pelerinage-du-chapitre-des-pretres-martyrs-de-lile-madame-en-charente\/#breadcrumb","itemListElement":[{"@type":"ListItem","position":1,"name":"Accueil","item":"https:\/\/charente.catholique.fr\/ouest-charente\/"},{"@type":"ListItem","position":2,"name":"P\u00e8lerinage du chapitre des pr\u00eatres martyrs de l&#8217;\u00eele Madame en Charente"}]},{"@type":"WebSite","@id":"https:\/\/charente.catholique.fr\/ouest-charente\/#website","url":"https:\/\/charente.catholique.fr\/ouest-charente\/","name":"Doyenn\u00e9 Ouest Charente - Dioc\u00e8se d'Angoul\u00eame","description":"Dioc\u00e8se d&#039;Angoul\u00eame","publisher":{"@id":"https:\/\/charente.catholique.fr\/ouest-charente\/#organization"},"potentialAction":[{"@type":"SearchAction","target":{"@type":"EntryPoint","urlTemplate":"https:\/\/charente.catholique.fr\/ouest-charente\/?s={search_term_string}"},"query-input":{"@type":"PropertyValueSpecification","valueRequired":true,"valueName":"search_term_string"}}],"inLanguage":"fr-FR"},{"@type":"Organization","@id":"https:\/\/charente.catholique.fr\/ouest-charente\/#organization","name":"Association dioc\u00e9saine d'Angoul\u00eame","url":"https:\/\/charente.catholique.fr\/ouest-charente\/","logo":{"@type":"ImageObject","inLanguage":"fr-FR","@id":"https:\/\/charente.catholique.fr\/ouest-charente\/#\/schema\/logo\/image\/","url":"https:\/\/charente.catholique.fr\/ouest-charente\/wp-content\/uploads\/sites\/6\/2020\/10\/logos.png","contentUrl":"https:\/\/charente.catholique.fr\/ouest-charente\/wp-content\/uploads\/sites\/6\/2020\/10\/logos.png","width":600,"height":257,"caption":"Association dioc\u00e9saine d'Angoul\u00eame"},"image":{"@id":"https:\/\/charente.catholique.fr\/ouest-charente\/#\/schema\/logo\/image\/"},"sameAs":["https:\/\/www.facebook.com\/EgliseCatholiqueCharente","https:\/\/x.com\/diocesecharente","https:\/\/www.instagram.com\/eglisecharente","https:\/\/www.youtube.com\/channel\/UCByyFWApZbw3gDTiADoiAaQ"]}]}},"_links":{"self":[{"href":"https:\/\/charente.catholique.fr\/ouest-charente\/wp-json\/wp\/v2\/evenement\/2659","targetHints":{"allow":["GET"]}}],"collection":[{"href":"https:\/\/charente.catholique.fr\/ouest-charente\/wp-json\/wp\/v2\/evenement"}],"about":[{"href":"https:\/\/charente.catholique.fr\/ouest-charente\/wp-json\/wp\/v2\/types\/evenement"}],"author":[{"embeddable":true,"href":"https:\/\/charente.catholique.fr\/ouest-charente\/wp-json\/wp\/v2\/users\/11"}],"version-history":[{"count":0,"href":"https:\/\/charente.catholique.fr\/ouest-charente\/wp-json\/wp\/v2\/evenement\/2659\/revisions"}],"wp:featuredmedia":[{"embeddable":true,"href":"https:\/\/charente.catholique.fr\/ouest-charente\/wp-json\/wp\/v2\/media\/2660"}],"wp:attachment":[{"href":"https:\/\/charente.catholique.fr\/ouest-charente\/wp-json\/wp\/v2\/media?parent=2659"}],"wp:term":[{"taxonomy":"category","embeddable":true,"href":"https:\/\/charente.catholique.fr\/ouest-charente\/wp-json\/wp\/v2\/categories?post=2659"},{"taxonomy":"post_tag","embeddable":true,"href":"https:\/\/charente.catholique.fr\/ouest-charente\/wp-json\/wp\/v2\/tags?post=2659"}],"curies":[{"name":"wp","href":"https:\/\/api.w.org\/{rel}","templated":true}]}}