{"version":"1.0","provider_name":"Doyenn\u00e9 Ouest Charente","provider_url":"https:\/\/charente.catholique.fr\/ouest-charente","author_name":"marinechastanet","author_url":"https:\/\/charente.catholique.fr\/ouest-charente\/author\/marinechastanet\/","title":"Le P'tit St L\u00e9ger - Doyenn\u00e9 Ouest Charente","type":"rich","width":600,"height":338,"html":"<blockquote class=\"wp-embedded-content\" data-secret=\"9hWsNMDaVn\"><a href=\"https:\/\/charente.catholique.fr\/ouest-charente\/paroisses\/cognac\/le-ptit-st-leger\/\">Le P&#8217;tit St L\u00e9ger<\/a><\/blockquote><iframe sandbox=\"allow-scripts\" security=\"restricted\" src=\"https:\/\/charente.catholique.fr\/ouest-charente\/paroisses\/cognac\/le-ptit-st-leger\/embed\/#?secret=9hWsNMDaVn\" width=\"600\" height=\"338\" title=\"\u00ab\u00a0Le P&#8217;tit St L\u00e9ger\u00a0\u00bb &#8212; Doyenn\u00e9 Ouest Charente\" data-secret=\"9hWsNMDaVn\" frameborder=\"0\" marginwidth=\"0\" marginheight=\"0\" scrolling=\"no\" class=\"wp-embedded-content\"><\/iframe><script type=\"text\/javascript\">\n\/* <![CDATA[ *\/\n\/*! This file is auto-generated *\/\n!function(d,l){\"use strict\";l.querySelector&&d.addEventListener&&\"undefined\"!=typeof URL&&(d.wp=d.wp||{},d.wp.receiveEmbedMessage||(d.wp.receiveEmbedMessage=function(e){var t=e.data;if((t||t.secret||t.message||t.value)&&!\/[^a-zA-Z0-9]\/.test(t.secret)){for(var s,r,n,a=l.querySelectorAll('iframe[data-secret=\"'+t.secret+'\"]'),o=l.querySelectorAll('blockquote[data-secret=\"'+t.secret+'\"]'),c=new RegExp(\"^https?:$\",\"i\"),i=0;i<o.length;i++)o[i].style.display=\"none\";for(i=0;i<a.length;i++)s=a[i],e.source===s.contentWindow&&(s.removeAttribute(\"style\"),\"height\"===t.message?(1e3<(r=parseInt(t.value,10))?r=1e3:~~r<200&&(r=200),s.height=r):\"link\"===t.message&&(r=new URL(s.getAttribute(\"src\")),n=new URL(t.value),c.test(n.protocol))&&n.host===r.host&&l.activeElement===s&&(d.top.location.href=t.value))}},d.addEventListener(\"message\",d.wp.receiveEmbedMessage,!1),l.addEventListener(\"DOMContentLoaded\",function(){for(var e,t,s=l.querySelectorAll(\"iframe.wp-embedded-content\"),r=0;r<s.length;r++)(t=(e=s[r]).getAttribute(\"data-secret\"))||(t=Math.random().toString(36).substring(2,12),e.src+=\"#?secret=\"+t,e.setAttribute(\"data-secret\",t)),e.contentWindow.postMessage({message:\"ready\",secret:t},\"*\")},!1)))}(window,document);\n\/\/# sourceURL=https:\/\/charente.catholique.fr\/ouest-charente\/wp-includes\/js\/wp-embed.min.js\n\/* ]]> *\/\n<\/script>\n","thumbnail_url":"https:\/\/charente.catholique.fr\/ouest-charente\/wp-content\/uploads\/sites\/6\/2022\/07\/Logo-Le-Ptit-St-Le\u0301ger.png","thumbnail_width":531,"thumbnail_height":453,"description":"Le P\u2019tit St L\u00e9ger est une association \u00e0 but non lucratif. Elle est organis\u00e9e autour d\u2019un bar associatif situ\u00e9 juste \u00e0 c\u00f4t\u00e9 de l'\u00e9glise St L\u00e9ger, au 51 rue Aristide Briand, \u00e0 Cognac."}