{"version":"1.0","provider_name":"Doyenn\u00e9 Ouest Charente","provider_url":"https:\/\/charente.catholique.fr\/ouest-charente","author_name":"marcdumon","author_url":"https:\/\/charente.catholique.fr\/ouest-charente\/author\/marcdumon\/","title":"Weekend Hommes \"Entrer dans sa terre promise !\" - Doyenn\u00e9 Ouest Charente","type":"rich","width":600,"height":338,"html":"<blockquote class=\"wp-embedded-content\" data-secret=\"y6QFrSsjzZ\"><a href=\"https:\/\/charente.catholique.fr\/ouest-charente\/agenda\/weekend-hommes-entrer-dans-sa-terre-promise\/\">Weekend Hommes &#8220;Entrer dans sa terre promise !&#8221;<\/a><\/blockquote><iframe sandbox=\"allow-scripts\" security=\"restricted\" src=\"https:\/\/charente.catholique.fr\/ouest-charente\/agenda\/weekend-hommes-entrer-dans-sa-terre-promise\/embed\/#?secret=y6QFrSsjzZ\" width=\"600\" height=\"338\" title=\"\u00ab\u00a0Weekend Hommes &#8220;Entrer dans sa terre promise !&#8221;\u00a0\u00bb &#8212; Doyenn\u00e9 Ouest Charente\" data-secret=\"y6QFrSsjzZ\" frameborder=\"0\" marginwidth=\"0\" marginheight=\"0\" scrolling=\"no\" class=\"wp-embedded-content\"><\/iframe><script type=\"text\/javascript\">\n\/* <![CDATA[ *\/\n\/*! This file is auto-generated *\/\n!function(d,l){\"use strict\";l.querySelector&&d.addEventListener&&\"undefined\"!=typeof URL&&(d.wp=d.wp||{},d.wp.receiveEmbedMessage||(d.wp.receiveEmbedMessage=function(e){var t=e.data;if((t||t.secret||t.message||t.value)&&!\/[^a-zA-Z0-9]\/.test(t.secret)){for(var s,r,n,a=l.querySelectorAll('iframe[data-secret=\"'+t.secret+'\"]'),o=l.querySelectorAll('blockquote[data-secret=\"'+t.secret+'\"]'),c=new RegExp(\"^https?:$\",\"i\"),i=0;i<o.length;i++)o[i].style.display=\"none\";for(i=0;i<a.length;i++)s=a[i],e.source===s.contentWindow&&(s.removeAttribute(\"style\"),\"height\"===t.message?(1e3<(r=parseInt(t.value,10))?r=1e3:~~r<200&&(r=200),s.height=r):\"link\"===t.message&&(r=new URL(s.getAttribute(\"src\")),n=new URL(t.value),c.test(n.protocol))&&n.host===r.host&&l.activeElement===s&&(d.top.location.href=t.value))}},d.addEventListener(\"message\",d.wp.receiveEmbedMessage,!1),l.addEventListener(\"DOMContentLoaded\",function(){for(var e,t,s=l.querySelectorAll(\"iframe.wp-embedded-content\"),r=0;r<s.length;r++)(t=(e=s[r]).getAttribute(\"data-secret\"))||(t=Math.random().toString(36).substring(2,12),e.src+=\"#?secret=\"+t,e.setAttribute(\"data-secret\",t)),e.contentWindow.postMessage({message:\"ready\",secret:t},\"*\")},!1)))}(window,document);\n\/\/# sourceURL=https:\/\/charente.catholique.fr\/ouest-charente\/wp-includes\/js\/wp-embed.min.js\n\/* ]]> *\/\n<\/script>\n","thumbnail_url":"https:\/\/charente.catholique.fr\/ouest-charente\/wp-content\/uploads\/sites\/6\/2024\/06\/Copie-de-WEEKEND-11-13-OCT-V1-1.png","thumbnail_width":1414,"thumbnail_height":2000,"description":"Un Weekend Hommes pour &#8220;Entrer dans sa terre promise&#8221; anim\u00e9 par Jean-Philippe Rouillier (Auteur Conf\u00e9rencier Catholique), propos\u00e9 par les Serviteurs de la Mis\u00e9ricorde. Avec Philippe Albert \u00e0 la louange et le P\u00e8re Massi pour nous accompagner. Deux jours entre Hommes pour se rapprocher de Dieu, sortir de sa zone de confort, se retrouver soi-m\u00eame ! [&hellip;]"}