{"version":"1.0","provider_name":"Doyenn\u00e9 Ouest Charente","provider_url":"https:\/\/charente.catholique.fr\/ouest-charente","author_name":"Paroisse Notre-Dame des Borderies","author_url":"https:\/\/charente.catholique.fr\/ouest-charente\/author\/anniemallet\/","title":"Soir\u00e9e Louanges Mardi 10 mars 2026 - Doyenn\u00e9 Ouest Charente","type":"rich","width":600,"height":338,"html":"<blockquote class=\"wp-embedded-content\" data-secret=\"891oqdZy9l\"><a href=\"https:\/\/charente.catholique.fr\/ouest-charente\/agenda\/soiree-louanges-pour-la-saint-vivien\/\">Soir\u00e9e Louanges Mardi 10 mars 2026<\/a><\/blockquote><iframe sandbox=\"allow-scripts\" security=\"restricted\" src=\"https:\/\/charente.catholique.fr\/ouest-charente\/agenda\/soiree-louanges-pour-la-saint-vivien\/embed\/#?secret=891oqdZy9l\" width=\"600\" height=\"338\" title=\"\u00ab\u00a0Soir\u00e9e Louanges Mardi 10 mars 2026\u00a0\u00bb &#8212; Doyenn\u00e9 Ouest Charente\" data-secret=\"891oqdZy9l\" frameborder=\"0\" marginwidth=\"0\" marginheight=\"0\" scrolling=\"no\" class=\"wp-embedded-content\"><\/iframe><script type=\"text\/javascript\">\n\/* <![CDATA[ *\/\n\/*! This file is auto-generated *\/\n!function(d,l){\"use strict\";l.querySelector&&d.addEventListener&&\"undefined\"!=typeof URL&&(d.wp=d.wp||{},d.wp.receiveEmbedMessage||(d.wp.receiveEmbedMessage=function(e){var t=e.data;if((t||t.secret||t.message||t.value)&&!\/[^a-zA-Z0-9]\/.test(t.secret)){for(var s,r,n,a=l.querySelectorAll('iframe[data-secret=\"'+t.secret+'\"]'),o=l.querySelectorAll('blockquote[data-secret=\"'+t.secret+'\"]'),c=new RegExp(\"^https?:$\",\"i\"),i=0;i<o.length;i++)o[i].style.display=\"none\";for(i=0;i<a.length;i++)s=a[i],e.source===s.contentWindow&&(s.removeAttribute(\"style\"),\"height\"===t.message?(1e3<(r=parseInt(t.value,10))?r=1e3:~~r<200&&(r=200),s.height=r):\"link\"===t.message&&(r=new URL(s.getAttribute(\"src\")),n=new URL(t.value),c.test(n.protocol))&&n.host===r.host&&l.activeElement===s&&(d.top.location.href=t.value))}},d.addEventListener(\"message\",d.wp.receiveEmbedMessage,!1),l.addEventListener(\"DOMContentLoaded\",function(){for(var e,t,s=l.querySelectorAll(\"iframe.wp-embedded-content\"),r=0;r<s.length;r++)(t=(e=s[r]).getAttribute(\"data-secret\"))||(t=Math.random().toString(36).substring(2,12),e.src+=\"#?secret=\"+t,e.setAttribute(\"data-secret\",t)),e.contentWindow.postMessage({message:\"ready\",secret:t},\"*\")},!1)))}(window,document);\n\/\/# sourceURL=https:\/\/charente.catholique.fr\/ouest-charente\/wp-includes\/js\/wp-embed.min.js\n\/* ]]> *\/\n<\/script>\n","thumbnail_url":"https:\/\/charente.catholique.fr\/ouest-charente\/wp-content\/uploads\/sites\/6\/2023\/05\/esprit-saint.jpg","thumbnail_width":528,"thumbnail_height":475,"description":"Car ta bont\u00e9 vaut mieux que la vie. Mes l\u00e8vres c\u00e9l\u00e8brent tes louanges. Ainsi je te b\u00e9nirai toute ma vie, je l\u00e8verai mes mains en faisant appel \u00e0 toi. Psaume 63:4-5 Les soir\u00e9es Louanges reprennent dans la paroisse&nbsp;sous la direction du P\u00e8re Pierre-Marie Robert. Pri\u00e8res &amp; chants dans la joie en faisant appel \u00e0 l\u2019Esprit [&hellip;]"}