{"version":"1.0","provider_name":"Doyenn\u00e9 Ouest Charente","provider_url":"https:\/\/charente.catholique.fr\/ouest-charente","author_name":"clarapredesly","author_url":"https:\/\/charente.catholique.fr\/ouest-charente\/author\/clarapredesly\/","title":"Conf\u00e9rence \u0153cum\u00e9nique : \u00ab Le Liban, d\u00e9crypter sa complexit\u00e9 sociale, politique, \u00e9conomique et religieuse \u00bb - Doyenn\u00e9 Ouest Charente","type":"rich","width":600,"height":338,"html":"<blockquote class=\"wp-embedded-content\" data-secret=\"kIElN2u3ql\"><a href=\"https:\/\/charente.catholique.fr\/ouest-charente\/agenda\/conference-sur-le-liban\/\">Conf\u00e9rence \u0153cum\u00e9nique : \u00ab Le Liban, d\u00e9crypter sa complexit\u00e9 sociale, politique, \u00e9conomique et religieuse \u00bb<\/a><\/blockquote><iframe sandbox=\"allow-scripts\" security=\"restricted\" src=\"https:\/\/charente.catholique.fr\/ouest-charente\/agenda\/conference-sur-le-liban\/embed\/#?secret=kIElN2u3ql\" width=\"600\" height=\"338\" title=\"\u00ab\u00a0Conf\u00e9rence \u0153cum\u00e9nique : \u00ab Le Liban, d\u00e9crypter sa complexit\u00e9 sociale, politique, \u00e9conomique et religieuse \u00bb\u00a0\u00bb &#8212; Doyenn\u00e9 Ouest Charente\" data-secret=\"kIElN2u3ql\" frameborder=\"0\" marginwidth=\"0\" marginheight=\"0\" scrolling=\"no\" class=\"wp-embedded-content\"><\/iframe><script type=\"text\/javascript\">\n\/* <![CDATA[ *\/\n\/*! This file is auto-generated *\/\n!function(d,l){\"use strict\";l.querySelector&&d.addEventListener&&\"undefined\"!=typeof URL&&(d.wp=d.wp||{},d.wp.receiveEmbedMessage||(d.wp.receiveEmbedMessage=function(e){var t=e.data;if((t||t.secret||t.message||t.value)&&!\/[^a-zA-Z0-9]\/.test(t.secret)){for(var s,r,n,a=l.querySelectorAll('iframe[data-secret=\"'+t.secret+'\"]'),o=l.querySelectorAll('blockquote[data-secret=\"'+t.secret+'\"]'),c=new RegExp(\"^https?:$\",\"i\"),i=0;i<o.length;i++)o[i].style.display=\"none\";for(i=0;i<a.length;i++)s=a[i],e.source===s.contentWindow&&(s.removeAttribute(\"style\"),\"height\"===t.message?(1e3<(r=parseInt(t.value,10))?r=1e3:~~r<200&&(r=200),s.height=r):\"link\"===t.message&&(r=new URL(s.getAttribute(\"src\")),n=new URL(t.value),c.test(n.protocol))&&n.host===r.host&&l.activeElement===s&&(d.top.location.href=t.value))}},d.addEventListener(\"message\",d.wp.receiveEmbedMessage,!1),l.addEventListener(\"DOMContentLoaded\",function(){for(var e,t,s=l.querySelectorAll(\"iframe.wp-embedded-content\"),r=0;r<s.length;r++)(t=(e=s[r]).getAttribute(\"data-secret\"))||(t=Math.random().toString(36).substring(2,12),e.src+=\"#?secret=\"+t,e.setAttribute(\"data-secret\",t)),e.contentWindow.postMessage({message:\"ready\",secret:t},\"*\")},!1)))}(window,document);\n\/\/# sourceURL=https:\/\/charente.catholique.fr\/ouest-charente\/wp-includes\/js\/wp-embed.min.js\n\/* ]]> *\/\n<\/script>\n","thumbnail_url":"https:\/\/charente.catholique.fr\/ouest-charente\/wp-content\/uploads\/sites\/6\/2024\/10\/international-2693259_1280.jpg","thumbnail_width":1280,"thumbnail_height":960,"description":"Le mercredi 13 novembre prochain, une conf\u00e9rence exceptionnelle se tiendra au Temple de l&#8217;\u00c9glise Protestante Unie de France \u00e0 Jarnac, r\u00e9unissant les paroisses du Cogna\u00e7ais et de la Charente dans un esprit \u0153cum\u00e9nique. Cet \u00e9v\u00e9nement est organis\u00e9 par l\u2019A.C.O. (Action Chr\u00e9tienne en Orient) et aura pour th\u00e8me : \u00ab Le Liban : d\u00e9crypter sa complexit\u00e9 [&hellip;]"}