{"version":"1.0","provider_name":"Doyenn\u00e9 Ouest Charente","provider_url":"https:\/\/charente.catholique.fr\/ouest-charente","author_name":"clarapredesly","author_url":"https:\/\/charente.catholique.fr\/ouest-charente\/author\/clarapredesly\/","title":"Hom\u00e9lie - Doyenn\u00e9 Ouest Charente","type":"rich","width":600,"height":338,"html":"<blockquote class=\"wp-embedded-content\" data-secret=\"VqYne6FjOW\"><a href=\"https:\/\/charente.catholique.fr\/ouest-charente\/actualites\/homelie\/\">Hom\u00e9lie<\/a><\/blockquote><iframe sandbox=\"allow-scripts\" security=\"restricted\" src=\"https:\/\/charente.catholique.fr\/ouest-charente\/actualites\/homelie\/embed\/#?secret=VqYne6FjOW\" width=\"600\" height=\"338\" title=\"\u00ab\u00a0Hom\u00e9lie\u00a0\u00bb &#8212; Doyenn\u00e9 Ouest Charente\" data-secret=\"VqYne6FjOW\" frameborder=\"0\" marginwidth=\"0\" marginheight=\"0\" scrolling=\"no\" class=\"wp-embedded-content\"><\/iframe><script type=\"text\/javascript\">\n\/* <![CDATA[ *\/\n\/*! This file is auto-generated *\/\n!function(d,l){\"use strict\";l.querySelector&&d.addEventListener&&\"undefined\"!=typeof URL&&(d.wp=d.wp||{},d.wp.receiveEmbedMessage||(d.wp.receiveEmbedMessage=function(e){var t=e.data;if((t||t.secret||t.message||t.value)&&!\/[^a-zA-Z0-9]\/.test(t.secret)){for(var s,r,n,a=l.querySelectorAll('iframe[data-secret=\"'+t.secret+'\"]'),o=l.querySelectorAll('blockquote[data-secret=\"'+t.secret+'\"]'),c=new RegExp(\"^https?:$\",\"i\"),i=0;i<o.length;i++)o[i].style.display=\"none\";for(i=0;i<a.length;i++)s=a[i],e.source===s.contentWindow&&(s.removeAttribute(\"style\"),\"height\"===t.message?(1e3<(r=parseInt(t.value,10))?r=1e3:~~r<200&&(r=200),s.height=r):\"link\"===t.message&&(r=new URL(s.getAttribute(\"src\")),n=new URL(t.value),c.test(n.protocol))&&n.host===r.host&&l.activeElement===s&&(d.top.location.href=t.value))}},d.addEventListener(\"message\",d.wp.receiveEmbedMessage,!1),l.addEventListener(\"DOMContentLoaded\",function(){for(var e,t,s=l.querySelectorAll(\"iframe.wp-embedded-content\"),r=0;r<s.length;r++)(t=(e=s[r]).getAttribute(\"data-secret\"))||(t=Math.random().toString(36).substring(2,12),e.src+=\"#?secret=\"+t,e.setAttribute(\"data-secret\",t)),e.contentWindow.postMessage({message:\"ready\",secret:t},\"*\")},!1)))}(window,document);\n\/\/# sourceURL=https:\/\/charente.catholique.fr\/ouest-charente\/wp-includes\/js\/wp-embed.min.js\n\/* ]]> *\/\n<\/script>\n","thumbnail_url":"https:\/\/charente.catholique.fr\/ouest-charente\/wp-content\/uploads\/sites\/6\/2024\/12\/joseph-et-marie-adorant-jesus.jpg","thumbnail_width":266,"thumbnail_height":189,"description":"29 d\u00e9cembre 2024 \u2013 F\u00eate de la Sainte Famille \u2013 ann\u00e9e C La Sainte Famille nous aide \u00e0 mettre Dieu dans nos relations familiales Cette f\u00eate nous relie \u00e0 nos familles humaines auxquelles nous sommes li\u00e9s par des relations d\u2019\u00e9ducation, d\u2019affection, de fraternit\u00e9. Elles constituent des r\u00e9f\u00e9rences incontournables car c\u2019est d\u2019elles que nous venons, elles [&hellip;]"}