{"id":7873,"date":"2025-01-15T10:30:32","date_gmt":"2025-01-15T09:30:32","guid":{"rendered":"https:\/\/charente.catholique.fr\/nord-charente\/?post_type=evenement&#038;p=7873"},"modified":"2025-01-28T16:26:41","modified_gmt":"2025-01-28T15:26:41","slug":"retraite-en-silence-la-divine-volonte-dans-les-saintes-ecritures","status":"publish","type":"evenement","link":"https:\/\/charente.catholique.fr\/nord-charente\/agenda\/retraite-en-silence-la-divine-volonte-dans-les-saintes-ecritures\/","title":{"rendered":"Retraite en silence : La Divine Volont\u00e9 dans les Saintes \u00c9critures"},"content":{"rendered":"\n<p>D\u00e9couvrez la richesse de la Divine Volont\u00e9 dans les Saintes \u00c9critures lors d\u2019une retraite en silence \u00e0 Ruffec, en Charente. Pr\u00each\u00e9e par le P\u00e8re Gabriel Marie Tchonang, cette retraite, du 3 au 7 mars 2025, vous invite \u00e0 m\u00e9diter et approfondir votre foi dans un cadre propice au recueillement.<\/p>\n\n\n\n<p>\ud83d\udcc5 <strong>Du lundi 3 mars 2025 \u00e0 9 h 30<\/strong><br>\ud83d\udd52 <strong>Au vendredi 7 mars 2025 \u00e0 14 h<\/strong><\/p>\n\n\n\n<p><em>&#8220;Ta parole est une lampe qui \u00e9claire mes pas, une lumi\u00e8re sur ma route.&#8221;<\/em><br><em>(Ps 119, 105)<\/em><\/p>\n\n\n\n<p><strong>Pr\u00e9dication :<\/strong> P\u00e8re Gabriel Marie Tchonang<br>\ud83d\udccd <strong>Lieu :<\/strong> Lyc\u00e9e Priv\u00e9 Polyvalent Roc Fleuri<br>6, boulevard des Grands Rocs &#8211; 16700 Ruffec<\/p>\n\n\n\n<p>\ud83d\udccc <strong>3 c\u00e9nacles en Charente :<\/strong><\/p>\n\n\n\n<ul class=\"wp-block-list\">\n<li>Villefagnan : 06 56 69 31 68<\/li>\n\n\n\n<li>Angoul\u00eame : 06 82 85 75 48<\/li>\n\n\n\n<li>Barbezieux : 06 84 23 06 54<\/li>\n<\/ul>\n\n\n\n<p><strong>Contact principal :<\/strong><br>Charles HUBER \u2013 06 71 62 63 22<\/p>\n\n\n\n<p>\ud83d\udc49 Pour plus d&#8217;informations :<br><a href=\"https:\/\/luisapiccarreta.fr\/evenements\/\">https:\/\/luisapiccarreta.fr\/evenements\/<\/a><br><a href=\"https:\/\/www.luisapiccarretaofficial.org\/\">https:\/\/www.luisapiccarretaofficial.org\/<\/a><\/p>\n\n\n\n<div class=\"wp-block-file aligncenter\"><a id=\"wp-block-file--media-4826dc19-67af-4e43-bd0e-8aaa1b14960c\" href=\"https:\/\/charente.catholique.fr\/nord-charente\/wp-content\/uploads\/sites\/4\/2025\/01\/Affiche-Rev1-CharlesHubert.pdf\">Affiche Retraite en sil\u00e9nce &#8211; mars 2025<\/a><a href=\"https:\/\/charente.catholique.fr\/nord-charente\/wp-content\/uploads\/sites\/4\/2025\/01\/Affiche-Rev1-CharlesHubert.pdf\" class=\"wp-block-file__button wp-element-button\" download aria-describedby=\"wp-block-file--media-4826dc19-67af-4e43-bd0e-8aaa1b14960c\">T\u00e9l\u00e9charger<\/a><\/div>\n\n\n\n<figure class=\"wp-block-pullquote\"><blockquote><p>Devant l\u2019importance du message de J\u00e9sus et l\u2019urgence de le faire conna\u00eetre \u00e0 l\u2019humanit\u00e9 en commen\u00e7ant par les chr\u00e9tiens, au vu de l\u2019appui de l\u2019autorit\u00e9 de l\u2019\u00c9glise et du \u00ab Nihil obstat \u00bb de la Congr\u00e9gation pour la Doctrine de la Foi donn\u00e9 aux \u00e9crits de Luisa Piccarreta, en consid\u00e9rant que diverses associations priv\u00e9es de fid\u00e8les ont \u00e9t\u00e9 cr\u00e9\u00e9es en d\u2019autres lieux pour faire conna\u00eetre la spiritualit\u00e9 de la Divine Volont\u00e9, devant les risques nombreux de d\u00e9formation des messages et des enseignements de J\u00e9sus \u00e0 Luisa Piccarreta, le Seigneur a permis en France la cr\u00e9ation d\u2019une association priv\u00e9e de fid\u00e8les enti\u00e8rement soumise aux autorit\u00e9s de la Sainte \u00c9glise, afin de faire conna\u00eetre et promouvoir la spiritualit\u00e9 de la Divine Volont\u00e9 d\u2019apr\u00e8s les enseignements donn\u00e9s par J\u00e9sus \u00e0 la servante de Dieu Luisa Piccarreta.<br>L\u2019association ob\u00e9it aux dispositions des canons 298 \u00e0 329 du Code de Droit Canonique, et plus sp\u00e9cifiquement aux dispositions des canons 321 \u00e0 329 traitants des associations priv\u00e9es de fid\u00e8les. Elle est sans but non lucratif et travaille en \u00e9troite collaboration avec les associations franco-canadienne et italienne qui poursuivent le\u00a0m\u00eame\u00a0objectif.<\/p><\/blockquote><\/figure>\n\n\n\n<figure class=\"wp-block-embed is-type-video is-provider-youtube wp-block-embed-youtube wp-embed-aspect-16-9 wp-has-aspect-ratio\"><div class=\"wp-block-embed__wrapper\">\n<iframe loading=\"lazy\" title=\"Qui \u00e9tait VRAIMENT Luisa Piccarreta? La Servante de Dieu pr\u00e9sent\u00e9e aux membres du Clerg\u00e9.\" width=\"500\" height=\"281\" src=\"https:\/\/www.youtube.com\/embed\/esCK_yDxtRU?feature=oembed\" frameborder=\"0\" allow=\"accelerometer; autoplay; clipboard-write; encrypted-media; gyroscope; picture-in-picture; web-share\" referrerpolicy=\"strict-origin-when-cross-origin\" allowfullscreen><\/iframe>\n<\/div><\/figure>\n","protected":false},"author":3,"featured_media":7875,"template":"","meta":{"_acf_changed":false,"paroisse":["12"],"service":["0"],"footnotes":""},"categories":[1],"tags":[],"class_list":["post-7873","evenement","type-evenement","status-publish","has-post-thumbnail","hentry","category-actualites","validated"],"acf":{"start_date":"2025-03-03 00:00:00","end_date":"2025-03-07 14:00:00","location":"Lyc\u00e9e Priv\u00e9 Polyvalent Roc Fleuri 6, boulevard des Grands Rocs - 16700 Ruffec","address":null},"yoast_head":"<!-- This site is optimized with the Yoast SEO plugin v27.1.1 - https:\/\/yoast.com\/product\/yoast-seo-wordpress\/ -->\n<title>Retraite en silence : La Divine Volont\u00e9 dans les Saintes \u00c9critures - Doyenn\u00e9 Nord Charente<\/title>\n<meta name=\"robots\" content=\"index, follow, max-snippet:-1, max-image-preview:large, max-video-preview:-1\" \/>\n<link rel=\"canonical\" href=\"https:\/\/charente.catholique.fr\/nord-charente\/agenda\/retraite-en-silence-la-divine-volonte-dans-les-saintes-ecritures\/\" \/>\n<meta property=\"og:locale\" content=\"fr_FR\" \/>\n<meta property=\"og:type\" content=\"article\" \/>\n<meta property=\"og:title\" content=\"Retraite en silence : La Divine Volont\u00e9 dans les Saintes \u00c9critures - Doyenn\u00e9 Nord Charente\" \/>\n<meta property=\"og:description\" content=\"D\u00e9couvrez la richesse de la Divine Volont\u00e9 dans les Saintes \u00c9critures lors d\u2019une retraite en silence \u00e0 Ruffec, en Charente. Pr\u00each\u00e9e par le P\u00e8re Gabriel Marie Tchonang, cette retraite, du 3 au 7 mars 2025, vous invite \u00e0 m\u00e9diter et approfondir votre foi dans un cadre propice au recueillement. \ud83d\udcc5 Du lundi 3 mars 2025 [&hellip;]\" \/>\n<meta property=\"og:url\" content=\"https:\/\/charente.catholique.fr\/nord-charente\/agenda\/retraite-en-silence-la-divine-volonte-dans-les-saintes-ecritures\/\" \/>\n<meta property=\"og:site_name\" content=\"Doyenn\u00e9 Nord Charente\" \/>\n<meta property=\"article:publisher\" content=\"https:\/\/www.facebook.com\/EgliseCatholiqueCharente\" \/>\n<meta property=\"article:modified_time\" content=\"2025-01-28T15:26:41+00:00\" \/>\n<meta property=\"og:image\" content=\"https:\/\/charente.catholique.fr\/nord-charente\/wp-content\/uploads\/sites\/4\/2025\/01\/holy-spirit-and-luisa-v17-5_4_1925-e1736933374765.png\" \/>\n\t<meta property=\"og:image:width\" content=\"553\" \/>\n\t<meta property=\"og:image:height\" content=\"271\" \/>\n\t<meta property=\"og:image:type\" content=\"image\/png\" \/>\n<meta name=\"twitter:card\" content=\"summary_large_image\" \/>\n<meta name=\"twitter:site\" content=\"@diocesecharente\" \/>\n<meta name=\"twitter:label1\" content=\"Dur\u00e9e de lecture estim\u00e9e\" \/>\n\t<meta name=\"twitter:data1\" content=\"1 minute\" \/>\n<script type=\"application\/ld+json\" class=\"yoast-schema-graph\">{\"@context\":\"https:\/\/schema.org\",\"@graph\":[{\"@type\":\"WebPage\",\"@id\":\"https:\/\/charente.catholique.fr\/nord-charente\/agenda\/retraite-en-silence-la-divine-volonte-dans-les-saintes-ecritures\/\",\"url\":\"https:\/\/charente.catholique.fr\/nord-charente\/agenda\/retraite-en-silence-la-divine-volonte-dans-les-saintes-ecritures\/\",\"name\":\"Retraite en silence : La Divine Volont\u00e9 dans les Saintes \u00c9critures - Doyenn\u00e9 Nord Charente\",\"isPartOf\":{\"@id\":\"https:\/\/charente.catholique.fr\/nord-charente\/#website\"},\"primaryImageOfPage\":{\"@id\":\"https:\/\/charente.catholique.fr\/nord-charente\/agenda\/retraite-en-silence-la-divine-volonte-dans-les-saintes-ecritures\/#primaryimage\"},\"image\":{\"@id\":\"https:\/\/charente.catholique.fr\/nord-charente\/agenda\/retraite-en-silence-la-divine-volonte-dans-les-saintes-ecritures\/#primaryimage\"},\"thumbnailUrl\":\"https:\/\/charente.catholique.fr\/nord-charente\/wp-content\/uploads\/sites\/4\/2025\/01\/holy-spirit-and-luisa-v17-5_4_1925-e1736933374765.png\",\"datePublished\":\"2025-01-15T09:30:32+00:00\",\"dateModified\":\"2025-01-28T15:26:41+00:00\",\"breadcrumb\":{\"@id\":\"https:\/\/charente.catholique.fr\/nord-charente\/agenda\/retraite-en-silence-la-divine-volonte-dans-les-saintes-ecritures\/#breadcrumb\"},\"inLanguage\":\"fr-FR\",\"potentialAction\":[{\"@type\":\"ReadAction\",\"target\":[\"https:\/\/charente.catholique.fr\/nord-charente\/agenda\/retraite-en-silence-la-divine-volonte-dans-les-saintes-ecritures\/\"]}]},{\"@type\":\"ImageObject\",\"inLanguage\":\"fr-FR\",\"@id\":\"https:\/\/charente.catholique.fr\/nord-charente\/agenda\/retraite-en-silence-la-divine-volonte-dans-les-saintes-ecritures\/#primaryimage\",\"url\":\"https:\/\/charente.catholique.fr\/nord-charente\/wp-content\/uploads\/sites\/4\/2025\/01\/holy-spirit-and-luisa-v17-5_4_1925-e1736933374765.png\",\"contentUrl\":\"https:\/\/charente.catholique.fr\/nord-charente\/wp-content\/uploads\/sites\/4\/2025\/01\/holy-spirit-and-luisa-v17-5_4_1925-e1736933374765.png\",\"width\":553,\"height\":271},{\"@type\":\"BreadcrumbList\",\"@id\":\"https:\/\/charente.catholique.fr\/nord-charente\/agenda\/retraite-en-silence-la-divine-volonte-dans-les-saintes-ecritures\/#breadcrumb\",\"itemListElement\":[{\"@type\":\"ListItem\",\"position\":1,\"name\":\"Accueil\",\"item\":\"https:\/\/charente.catholique.fr\/nord-charente\/\"},{\"@type\":\"ListItem\",\"position\":2,\"name\":\"Retraite en silence : La Divine Volont\u00e9 dans les Saintes \u00c9critures\"}]},{\"@type\":\"WebSite\",\"@id\":\"https:\/\/charente.catholique.fr\/nord-charente\/#website\",\"url\":\"https:\/\/charente.catholique.fr\/nord-charente\/\",\"name\":\"Doyenn\u00e9 Nord Charente - Dioc\u00e8se d'Angoul\u00eame\",\"description\":\"Dioc\u00e8se d&#039;Angoul\u00eame\",\"publisher\":{\"@id\":\"https:\/\/charente.catholique.fr\/nord-charente\/#organization\"},\"potentialAction\":[{\"@type\":\"SearchAction\",\"target\":{\"@type\":\"EntryPoint\",\"urlTemplate\":\"https:\/\/charente.catholique.fr\/nord-charente\/?s={search_term_string}\"},\"query-input\":{\"@type\":\"PropertyValueSpecification\",\"valueRequired\":true,\"valueName\":\"search_term_string\"}}],\"inLanguage\":\"fr-FR\"},{\"@type\":\"Organization\",\"@id\":\"https:\/\/charente.catholique.fr\/nord-charente\/#organization\",\"name\":\"Association dioc\u00e9saine d'Angoul\u00eame\",\"url\":\"https:\/\/charente.catholique.fr\/nord-charente\/\",\"logo\":{\"@type\":\"ImageObject\",\"inLanguage\":\"fr-FR\",\"@id\":\"https:\/\/charente.catholique.fr\/nord-charente\/#\/schema\/logo\/image\/\",\"url\":\"https:\/\/charente.catholique.fr\/nord-charente\/wp-content\/uploads\/sites\/4\/2020\/10\/logos.png\",\"contentUrl\":\"https:\/\/charente.catholique.fr\/nord-charente\/wp-content\/uploads\/sites\/4\/2020\/10\/logos.png\",\"width\":600,\"height\":257,\"caption\":\"Association dioc\u00e9saine d'Angoul\u00eame\"},\"image\":{\"@id\":\"https:\/\/charente.catholique.fr\/nord-charente\/#\/schema\/logo\/image\/\"},\"sameAs\":[\"https:\/\/www.facebook.com\/EgliseCatholiqueCharente\",\"https:\/\/x.com\/diocesecharente\",\"https:\/\/www.instagram.com\/eglisecharente\",\"https:\/\/www.youtube.com\/channel\/UCByyFWApZbw3gDTiADoiAaQ\"]}]}<\/script>\n<!-- \/ Yoast SEO plugin. -->","yoast_head_json":{"title":"Retraite en silence : La Divine Volont\u00e9 dans les Saintes \u00c9critures - Doyenn\u00e9 Nord Charente","robots":{"index":"index","follow":"follow","max-snippet":"max-snippet:-1","max-image-preview":"max-image-preview:large","max-video-preview":"max-video-preview:-1"},"canonical":"https:\/\/charente.catholique.fr\/nord-charente\/agenda\/retraite-en-silence-la-divine-volonte-dans-les-saintes-ecritures\/","og_locale":"fr_FR","og_type":"article","og_title":"Retraite en silence : La Divine Volont\u00e9 dans les Saintes \u00c9critures - Doyenn\u00e9 Nord Charente","og_description":"D\u00e9couvrez la richesse de la Divine Volont\u00e9 dans les Saintes \u00c9critures lors d\u2019une retraite en silence \u00e0 Ruffec, en Charente. Pr\u00each\u00e9e par le P\u00e8re Gabriel Marie Tchonang, cette retraite, du 3 au 7 mars 2025, vous invite \u00e0 m\u00e9diter et approfondir votre foi dans un cadre propice au recueillement. \ud83d\udcc5 Du lundi 3 mars 2025 [&hellip;]","og_url":"https:\/\/charente.catholique.fr\/nord-charente\/agenda\/retraite-en-silence-la-divine-volonte-dans-les-saintes-ecritures\/","og_site_name":"Doyenn\u00e9 Nord Charente","article_publisher":"https:\/\/www.facebook.com\/EgliseCatholiqueCharente","article_modified_time":"2025-01-28T15:26:41+00:00","og_image":[{"width":553,"height":271,"url":"https:\/\/charente.catholique.fr\/nord-charente\/wp-content\/uploads\/sites\/4\/2025\/01\/holy-spirit-and-luisa-v17-5_4_1925-e1736933374765.png","type":"image\/png"}],"twitter_card":"summary_large_image","twitter_site":"@diocesecharente","twitter_misc":{"Dur\u00e9e de lecture estim\u00e9e":"1 minute"},"schema":{"@context":"https:\/\/schema.org","@graph":[{"@type":"WebPage","@id":"https:\/\/charente.catholique.fr\/nord-charente\/agenda\/retraite-en-silence-la-divine-volonte-dans-les-saintes-ecritures\/","url":"https:\/\/charente.catholique.fr\/nord-charente\/agenda\/retraite-en-silence-la-divine-volonte-dans-les-saintes-ecritures\/","name":"Retraite en silence : La Divine Volont\u00e9 dans les Saintes \u00c9critures - Doyenn\u00e9 Nord Charente","isPartOf":{"@id":"https:\/\/charente.catholique.fr\/nord-charente\/#website"},"primaryImageOfPage":{"@id":"https:\/\/charente.catholique.fr\/nord-charente\/agenda\/retraite-en-silence-la-divine-volonte-dans-les-saintes-ecritures\/#primaryimage"},"image":{"@id":"https:\/\/charente.catholique.fr\/nord-charente\/agenda\/retraite-en-silence-la-divine-volonte-dans-les-saintes-ecritures\/#primaryimage"},"thumbnailUrl":"https:\/\/charente.catholique.fr\/nord-charente\/wp-content\/uploads\/sites\/4\/2025\/01\/holy-spirit-and-luisa-v17-5_4_1925-e1736933374765.png","datePublished":"2025-01-15T09:30:32+00:00","dateModified":"2025-01-28T15:26:41+00:00","breadcrumb":{"@id":"https:\/\/charente.catholique.fr\/nord-charente\/agenda\/retraite-en-silence-la-divine-volonte-dans-les-saintes-ecritures\/#breadcrumb"},"inLanguage":"fr-FR","potentialAction":[{"@type":"ReadAction","target":["https:\/\/charente.catholique.fr\/nord-charente\/agenda\/retraite-en-silence-la-divine-volonte-dans-les-saintes-ecritures\/"]}]},{"@type":"ImageObject","inLanguage":"fr-FR","@id":"https:\/\/charente.catholique.fr\/nord-charente\/agenda\/retraite-en-silence-la-divine-volonte-dans-les-saintes-ecritures\/#primaryimage","url":"https:\/\/charente.catholique.fr\/nord-charente\/wp-content\/uploads\/sites\/4\/2025\/01\/holy-spirit-and-luisa-v17-5_4_1925-e1736933374765.png","contentUrl":"https:\/\/charente.catholique.fr\/nord-charente\/wp-content\/uploads\/sites\/4\/2025\/01\/holy-spirit-and-luisa-v17-5_4_1925-e1736933374765.png","width":553,"height":271},{"@type":"BreadcrumbList","@id":"https:\/\/charente.catholique.fr\/nord-charente\/agenda\/retraite-en-silence-la-divine-volonte-dans-les-saintes-ecritures\/#breadcrumb","itemListElement":[{"@type":"ListItem","position":1,"name":"Accueil","item":"https:\/\/charente.catholique.fr\/nord-charente\/"},{"@type":"ListItem","position":2,"name":"Retraite en silence : La Divine Volont\u00e9 dans les Saintes \u00c9critures"}]},{"@type":"WebSite","@id":"https:\/\/charente.catholique.fr\/nord-charente\/#website","url":"https:\/\/charente.catholique.fr\/nord-charente\/","name":"Doyenn\u00e9 Nord Charente - Dioc\u00e8se d'Angoul\u00eame","description":"Dioc\u00e8se d&#039;Angoul\u00eame","publisher":{"@id":"https:\/\/charente.catholique.fr\/nord-charente\/#organization"},"potentialAction":[{"@type":"SearchAction","target":{"@type":"EntryPoint","urlTemplate":"https:\/\/charente.catholique.fr\/nord-charente\/?s={search_term_string}"},"query-input":{"@type":"PropertyValueSpecification","valueRequired":true,"valueName":"search_term_string"}}],"inLanguage":"fr-FR"},{"@type":"Organization","@id":"https:\/\/charente.catholique.fr\/nord-charente\/#organization","name":"Association dioc\u00e9saine d'Angoul\u00eame","url":"https:\/\/charente.catholique.fr\/nord-charente\/","logo":{"@type":"ImageObject","inLanguage":"fr-FR","@id":"https:\/\/charente.catholique.fr\/nord-charente\/#\/schema\/logo\/image\/","url":"https:\/\/charente.catholique.fr\/nord-charente\/wp-content\/uploads\/sites\/4\/2020\/10\/logos.png","contentUrl":"https:\/\/charente.catholique.fr\/nord-charente\/wp-content\/uploads\/sites\/4\/2020\/10\/logos.png","width":600,"height":257,"caption":"Association dioc\u00e9saine d'Angoul\u00eame"},"image":{"@id":"https:\/\/charente.catholique.fr\/nord-charente\/#\/schema\/logo\/image\/"},"sameAs":["https:\/\/www.facebook.com\/EgliseCatholiqueCharente","https:\/\/x.com\/diocesecharente","https:\/\/www.instagram.com\/eglisecharente","https:\/\/www.youtube.com\/channel\/UCByyFWApZbw3gDTiADoiAaQ"]}]}},"_links":{"self":[{"href":"https:\/\/charente.catholique.fr\/nord-charente\/wp-json\/wp\/v2\/evenement\/7873","targetHints":{"allow":["GET"]}}],"collection":[{"href":"https:\/\/charente.catholique.fr\/nord-charente\/wp-json\/wp\/v2\/evenement"}],"about":[{"href":"https:\/\/charente.catholique.fr\/nord-charente\/wp-json\/wp\/v2\/types\/evenement"}],"author":[{"embeddable":true,"href":"https:\/\/charente.catholique.fr\/nord-charente\/wp-json\/wp\/v2\/users\/3"}],"version-history":[{"count":1,"href":"https:\/\/charente.catholique.fr\/nord-charente\/wp-json\/wp\/v2\/evenement\/7873\/revisions"}],"predecessor-version":[{"id":7876,"href":"https:\/\/charente.catholique.fr\/nord-charente\/wp-json\/wp\/v2\/evenement\/7873\/revisions\/7876"}],"wp:featuredmedia":[{"embeddable":true,"href":"https:\/\/charente.catholique.fr\/nord-charente\/wp-json\/wp\/v2\/media\/7875"}],"wp:attachment":[{"href":"https:\/\/charente.catholique.fr\/nord-charente\/wp-json\/wp\/v2\/media?parent=7873"}],"wp:term":[{"taxonomy":"category","embeddable":true,"href":"https:\/\/charente.catholique.fr\/nord-charente\/wp-json\/wp\/v2\/categories?post=7873"},{"taxonomy":"post_tag","embeddable":true,"href":"https:\/\/charente.catholique.fr\/nord-charente\/wp-json\/wp\/v2\/tags?post=7873"}],"curies":[{"name":"wp","href":"https:\/\/api.w.org\/{rel}","templated":true}]}}