{"id":6307,"date":"2024-04-02T12:26:41","date_gmt":"2024-04-02T10:26:41","guid":{"rendered":"https:\/\/charente.catholique.fr\/nord-charente\/?post_type=evenement&#038;p=6307"},"modified":"2024-04-20T16:30:21","modified_gmt":"2024-04-20T14:30:21","slug":"fete-de-st-pierre-aumaitre-a-aizecq","status":"publish","type":"evenement","link":"https:\/\/charente.catholique.fr\/nord-charente\/agenda\/fete-de-st-pierre-aumaitre-a-aizecq\/","title":{"rendered":"F\u00eate de St Pierre Auma\u00eetre \u00e0 Aizecq"},"content":{"rendered":"\n<p>Cette ann\u00e9e nous f\u00eatons le 40\u00e8me anniversaire de la canonisation de St Pierre Auma\u00eetre \u00e0 Aizecq en pr\u00e9sence de Monseigneur Gosselin.\u00a0<\/p>\n\n\n<div class=\"wp-block-image\">\n<figure class=\"aligncenter size-large\"><img loading=\"lazy\" decoding=\"async\" width=\"772\" height=\"1080\" src=\"https:\/\/charente.catholique.fr\/nord-charente\/wp-content\/uploads\/sites\/4\/2024\/04\/image-6-772x1080.png\" alt=\"\" class=\"wp-image-6388\" srcset=\"https:\/\/charente.catholique.fr\/nord-charente\/wp-content\/uploads\/sites\/4\/2024\/04\/image-6-772x1080.png 772w, https:\/\/charente.catholique.fr\/nord-charente\/wp-content\/uploads\/sites\/4\/2024\/04\/image-6-214x300.png 214w, https:\/\/charente.catholique.fr\/nord-charente\/wp-content\/uploads\/sites\/4\/2024\/04\/image-6-768x1075.png 768w, https:\/\/charente.catholique.fr\/nord-charente\/wp-content\/uploads\/sites\/4\/2024\/04\/image-6-1097x1536.png 1097w, https:\/\/charente.catholique.fr\/nord-charente\/wp-content\/uploads\/sites\/4\/2024\/04\/image-6-1463x2048.png 1463w, https:\/\/charente.catholique.fr\/nord-charente\/wp-content\/uploads\/sites\/4\/2024\/04\/image-6-1320x1848.png 1320w, https:\/\/charente.catholique.fr\/nord-charente\/wp-content\/uploads\/sites\/4\/2024\/04\/image-6.png 1646w\" sizes=\"auto, (max-width: 772px) 100vw, 772px\" \/><\/figure>\n<\/div>\n\n\n<div class=\"wp-block-file\"><a id=\"wp-block-file--media-1f943e31-bf04-4c7b-b48c-fb846077df36\" href=\"https:\/\/charente.catholique.fr\/nord-charente\/wp-content\/uploads\/sites\/4\/2024\/04\/1er-mai-Aizecq.pdf\">T\u00e9l\u00e9chargez l&#8217;affiche<\/a><a href=\"https:\/\/charente.catholique.fr\/nord-charente\/wp-content\/uploads\/sites\/4\/2024\/04\/1er-mai-Aizecq.pdf\" class=\"wp-block-file__button wp-element-button\" download aria-describedby=\"wp-block-file--media-1f943e31-bf04-4c7b-b48c-fb846077df36\">T\u00e9l\u00e9charger<\/a><\/div>\n\n\n\n<p><a href=\"https:\/\/charente.catholique.fr\/nord-charente\/actualites\/40-ans-de-la-canonisation-de-saint-pierre-aumaitre\/\">-> En savoir plus sur Saint Pierre Auma\u00eetre<\/a><\/p>\n","protected":false},"author":5,"featured_media":1514,"template":"","meta":{"_acf_changed":false,"paroisse":["12"],"service":["0"],"footnotes":""},"categories":[],"tags":[],"class_list":["post-6307","evenement","type-evenement","status-publish","has-post-thumbnail","hentry","validated"],"acf":{"start_date":"2024-05-01 10:00:00","end_date":"","location":"Aizecq","address":{"address":"Aizecq, Nanteuil-en-Vall\u00e9e, France","lat":45.99178,"lng":0.28043,"zoom":14,"place_id":"ChIJccsZ2nET_kcRoDPO65TTBQo","name":"Aizecq","city":"Nanteuil-en-Vall\u00e9e","state":"Nouvelle-Aquitaine","post_code":16700,"country":"France","country_short":"FR"}},"yoast_head":"<!-- This site is optimized with the Yoast SEO plugin v27.1.1 - https:\/\/yoast.com\/product\/yoast-seo-wordpress\/ -->\n<title>F\u00eate de St Pierre Auma\u00eetre \u00e0 Aizecq - Doyenn\u00e9 Nord Charente<\/title>\n<meta name=\"robots\" content=\"index, follow, max-snippet:-1, max-image-preview:large, max-video-preview:-1\" \/>\n<link rel=\"canonical\" href=\"https:\/\/charente.catholique.fr\/nord-charente\/agenda\/fete-de-st-pierre-aumaitre-a-aizecq\/\" \/>\n<meta property=\"og:locale\" content=\"fr_FR\" \/>\n<meta property=\"og:type\" content=\"article\" \/>\n<meta property=\"og:title\" content=\"F\u00eate de St Pierre Auma\u00eetre \u00e0 Aizecq - Doyenn\u00e9 Nord Charente\" \/>\n<meta property=\"og:description\" content=\"Cette ann\u00e9e nous f\u00eatons le 40\u00e8me anniversaire de la canonisation de St Pierre Auma\u00eetre \u00e0 Aizecq en pr\u00e9sence de Monseigneur Gosselin.\u00a0 -&gt; En savoir plus sur Saint Pierre Auma\u00eetre\" \/>\n<meta property=\"og:url\" content=\"https:\/\/charente.catholique.fr\/nord-charente\/agenda\/fete-de-st-pierre-aumaitre-a-aizecq\/\" \/>\n<meta property=\"og:site_name\" content=\"Doyenn\u00e9 Nord Charente\" \/>\n<meta property=\"article:publisher\" content=\"https:\/\/www.facebook.com\/EgliseCatholiqueCharente\" \/>\n<meta property=\"article:modified_time\" content=\"2024-04-20T14:30:21+00:00\" \/>\n<meta property=\"og:image\" content=\"https:\/\/charente.catholique.fr\/nord-charente\/wp-content\/uploads\/sites\/4\/2021\/04\/Aizecq_aumaitre-1.jpg\" \/>\n\t<meta property=\"og:image:width\" content=\"1200\" \/>\n\t<meta property=\"og:image:height\" content=\"1600\" \/>\n\t<meta property=\"og:image:type\" content=\"image\/jpeg\" \/>\n<meta name=\"twitter:card\" content=\"summary_large_image\" \/>\n<meta name=\"twitter:site\" content=\"@diocesecharente\" \/>\n<meta name=\"twitter:label1\" content=\"Dur\u00e9e de lecture estim\u00e9e\" \/>\n\t<meta name=\"twitter:data1\" content=\"1 minute\" \/>\n<script type=\"application\/ld+json\" class=\"yoast-schema-graph\">{\"@context\":\"https:\/\/schema.org\",\"@graph\":[{\"@type\":\"WebPage\",\"@id\":\"https:\/\/charente.catholique.fr\/nord-charente\/agenda\/fete-de-st-pierre-aumaitre-a-aizecq\/\",\"url\":\"https:\/\/charente.catholique.fr\/nord-charente\/agenda\/fete-de-st-pierre-aumaitre-a-aizecq\/\",\"name\":\"F\u00eate de St Pierre Auma\u00eetre \u00e0 Aizecq - Doyenn\u00e9 Nord Charente\",\"isPartOf\":{\"@id\":\"https:\/\/charente.catholique.fr\/nord-charente\/#website\"},\"primaryImageOfPage\":{\"@id\":\"https:\/\/charente.catholique.fr\/nord-charente\/agenda\/fete-de-st-pierre-aumaitre-a-aizecq\/#primaryimage\"},\"image\":{\"@id\":\"https:\/\/charente.catholique.fr\/nord-charente\/agenda\/fete-de-st-pierre-aumaitre-a-aizecq\/#primaryimage\"},\"thumbnailUrl\":\"https:\/\/charente.catholique.fr\/nord-charente\/wp-content\/uploads\/sites\/4\/2021\/04\/Aizecq_aumaitre-1.jpg\",\"datePublished\":\"2024-04-02T10:26:41+00:00\",\"dateModified\":\"2024-04-20T14:30:21+00:00\",\"breadcrumb\":{\"@id\":\"https:\/\/charente.catholique.fr\/nord-charente\/agenda\/fete-de-st-pierre-aumaitre-a-aizecq\/#breadcrumb\"},\"inLanguage\":\"fr-FR\",\"potentialAction\":[{\"@type\":\"ReadAction\",\"target\":[\"https:\/\/charente.catholique.fr\/nord-charente\/agenda\/fete-de-st-pierre-aumaitre-a-aizecq\/\"]}]},{\"@type\":\"ImageObject\",\"inLanguage\":\"fr-FR\",\"@id\":\"https:\/\/charente.catholique.fr\/nord-charente\/agenda\/fete-de-st-pierre-aumaitre-a-aizecq\/#primaryimage\",\"url\":\"https:\/\/charente.catholique.fr\/nord-charente\/wp-content\/uploads\/sites\/4\/2021\/04\/Aizecq_aumaitre-1.jpg\",\"contentUrl\":\"https:\/\/charente.catholique.fr\/nord-charente\/wp-content\/uploads\/sites\/4\/2021\/04\/Aizecq_aumaitre-1.jpg\",\"width\":1200,\"height\":1600,\"caption\":\"Pierre Auma\u00eetre\"},{\"@type\":\"BreadcrumbList\",\"@id\":\"https:\/\/charente.catholique.fr\/nord-charente\/agenda\/fete-de-st-pierre-aumaitre-a-aizecq\/#breadcrumb\",\"itemListElement\":[{\"@type\":\"ListItem\",\"position\":1,\"name\":\"Accueil\",\"item\":\"https:\/\/charente.catholique.fr\/nord-charente\/\"},{\"@type\":\"ListItem\",\"position\":2,\"name\":\"F\u00eate de St Pierre Auma\u00eetre \u00e0 Aizecq\"}]},{\"@type\":\"WebSite\",\"@id\":\"https:\/\/charente.catholique.fr\/nord-charente\/#website\",\"url\":\"https:\/\/charente.catholique.fr\/nord-charente\/\",\"name\":\"Doyenn\u00e9 Nord Charente - Dioc\u00e8se d'Angoul\u00eame\",\"description\":\"Dioc\u00e8se d&#039;Angoul\u00eame\",\"publisher\":{\"@id\":\"https:\/\/charente.catholique.fr\/nord-charente\/#organization\"},\"potentialAction\":[{\"@type\":\"SearchAction\",\"target\":{\"@type\":\"EntryPoint\",\"urlTemplate\":\"https:\/\/charente.catholique.fr\/nord-charente\/?s={search_term_string}\"},\"query-input\":{\"@type\":\"PropertyValueSpecification\",\"valueRequired\":true,\"valueName\":\"search_term_string\"}}],\"inLanguage\":\"fr-FR\"},{\"@type\":\"Organization\",\"@id\":\"https:\/\/charente.catholique.fr\/nord-charente\/#organization\",\"name\":\"Association dioc\u00e9saine d'Angoul\u00eame\",\"url\":\"https:\/\/charente.catholique.fr\/nord-charente\/\",\"logo\":{\"@type\":\"ImageObject\",\"inLanguage\":\"fr-FR\",\"@id\":\"https:\/\/charente.catholique.fr\/nord-charente\/#\/schema\/logo\/image\/\",\"url\":\"https:\/\/charente.catholique.fr\/nord-charente\/wp-content\/uploads\/sites\/4\/2020\/10\/logos.png\",\"contentUrl\":\"https:\/\/charente.catholique.fr\/nord-charente\/wp-content\/uploads\/sites\/4\/2020\/10\/logos.png\",\"width\":600,\"height\":257,\"caption\":\"Association dioc\u00e9saine d'Angoul\u00eame\"},\"image\":{\"@id\":\"https:\/\/charente.catholique.fr\/nord-charente\/#\/schema\/logo\/image\/\"},\"sameAs\":[\"https:\/\/www.facebook.com\/EgliseCatholiqueCharente\",\"https:\/\/x.com\/diocesecharente\",\"https:\/\/www.instagram.com\/eglisecharente\",\"https:\/\/www.youtube.com\/channel\/UCByyFWApZbw3gDTiADoiAaQ\"]}]}<\/script>\n<!-- \/ Yoast SEO plugin. -->","yoast_head_json":{"title":"F\u00eate de St Pierre Auma\u00eetre \u00e0 Aizecq - Doyenn\u00e9 Nord Charente","robots":{"index":"index","follow":"follow","max-snippet":"max-snippet:-1","max-image-preview":"max-image-preview:large","max-video-preview":"max-video-preview:-1"},"canonical":"https:\/\/charente.catholique.fr\/nord-charente\/agenda\/fete-de-st-pierre-aumaitre-a-aizecq\/","og_locale":"fr_FR","og_type":"article","og_title":"F\u00eate de St Pierre Auma\u00eetre \u00e0 Aizecq - Doyenn\u00e9 Nord Charente","og_description":"Cette ann\u00e9e nous f\u00eatons le 40\u00e8me anniversaire de la canonisation de St Pierre Auma\u00eetre \u00e0 Aizecq en pr\u00e9sence de Monseigneur Gosselin.\u00a0 -> En savoir plus sur Saint Pierre Auma\u00eetre","og_url":"https:\/\/charente.catholique.fr\/nord-charente\/agenda\/fete-de-st-pierre-aumaitre-a-aizecq\/","og_site_name":"Doyenn\u00e9 Nord Charente","article_publisher":"https:\/\/www.facebook.com\/EgliseCatholiqueCharente","article_modified_time":"2024-04-20T14:30:21+00:00","og_image":[{"width":1200,"height":1600,"url":"https:\/\/charente.catholique.fr\/nord-charente\/wp-content\/uploads\/sites\/4\/2021\/04\/Aizecq_aumaitre-1.jpg","type":"image\/jpeg"}],"twitter_card":"summary_large_image","twitter_site":"@diocesecharente","twitter_misc":{"Dur\u00e9e de lecture estim\u00e9e":"1 minute"},"schema":{"@context":"https:\/\/schema.org","@graph":[{"@type":"WebPage","@id":"https:\/\/charente.catholique.fr\/nord-charente\/agenda\/fete-de-st-pierre-aumaitre-a-aizecq\/","url":"https:\/\/charente.catholique.fr\/nord-charente\/agenda\/fete-de-st-pierre-aumaitre-a-aizecq\/","name":"F\u00eate de St Pierre Auma\u00eetre \u00e0 Aizecq - Doyenn\u00e9 Nord Charente","isPartOf":{"@id":"https:\/\/charente.catholique.fr\/nord-charente\/#website"},"primaryImageOfPage":{"@id":"https:\/\/charente.catholique.fr\/nord-charente\/agenda\/fete-de-st-pierre-aumaitre-a-aizecq\/#primaryimage"},"image":{"@id":"https:\/\/charente.catholique.fr\/nord-charente\/agenda\/fete-de-st-pierre-aumaitre-a-aizecq\/#primaryimage"},"thumbnailUrl":"https:\/\/charente.catholique.fr\/nord-charente\/wp-content\/uploads\/sites\/4\/2021\/04\/Aizecq_aumaitre-1.jpg","datePublished":"2024-04-02T10:26:41+00:00","dateModified":"2024-04-20T14:30:21+00:00","breadcrumb":{"@id":"https:\/\/charente.catholique.fr\/nord-charente\/agenda\/fete-de-st-pierre-aumaitre-a-aizecq\/#breadcrumb"},"inLanguage":"fr-FR","potentialAction":[{"@type":"ReadAction","target":["https:\/\/charente.catholique.fr\/nord-charente\/agenda\/fete-de-st-pierre-aumaitre-a-aizecq\/"]}]},{"@type":"ImageObject","inLanguage":"fr-FR","@id":"https:\/\/charente.catholique.fr\/nord-charente\/agenda\/fete-de-st-pierre-aumaitre-a-aizecq\/#primaryimage","url":"https:\/\/charente.catholique.fr\/nord-charente\/wp-content\/uploads\/sites\/4\/2021\/04\/Aizecq_aumaitre-1.jpg","contentUrl":"https:\/\/charente.catholique.fr\/nord-charente\/wp-content\/uploads\/sites\/4\/2021\/04\/Aizecq_aumaitre-1.jpg","width":1200,"height":1600,"caption":"Pierre Auma\u00eetre"},{"@type":"BreadcrumbList","@id":"https:\/\/charente.catholique.fr\/nord-charente\/agenda\/fete-de-st-pierre-aumaitre-a-aizecq\/#breadcrumb","itemListElement":[{"@type":"ListItem","position":1,"name":"Accueil","item":"https:\/\/charente.catholique.fr\/nord-charente\/"},{"@type":"ListItem","position":2,"name":"F\u00eate de St Pierre Auma\u00eetre \u00e0 Aizecq"}]},{"@type":"WebSite","@id":"https:\/\/charente.catholique.fr\/nord-charente\/#website","url":"https:\/\/charente.catholique.fr\/nord-charente\/","name":"Doyenn\u00e9 Nord Charente - Dioc\u00e8se d'Angoul\u00eame","description":"Dioc\u00e8se d&#039;Angoul\u00eame","publisher":{"@id":"https:\/\/charente.catholique.fr\/nord-charente\/#organization"},"potentialAction":[{"@type":"SearchAction","target":{"@type":"EntryPoint","urlTemplate":"https:\/\/charente.catholique.fr\/nord-charente\/?s={search_term_string}"},"query-input":{"@type":"PropertyValueSpecification","valueRequired":true,"valueName":"search_term_string"}}],"inLanguage":"fr-FR"},{"@type":"Organization","@id":"https:\/\/charente.catholique.fr\/nord-charente\/#organization","name":"Association dioc\u00e9saine d'Angoul\u00eame","url":"https:\/\/charente.catholique.fr\/nord-charente\/","logo":{"@type":"ImageObject","inLanguage":"fr-FR","@id":"https:\/\/charente.catholique.fr\/nord-charente\/#\/schema\/logo\/image\/","url":"https:\/\/charente.catholique.fr\/nord-charente\/wp-content\/uploads\/sites\/4\/2020\/10\/logos.png","contentUrl":"https:\/\/charente.catholique.fr\/nord-charente\/wp-content\/uploads\/sites\/4\/2020\/10\/logos.png","width":600,"height":257,"caption":"Association dioc\u00e9saine d'Angoul\u00eame"},"image":{"@id":"https:\/\/charente.catholique.fr\/nord-charente\/#\/schema\/logo\/image\/"},"sameAs":["https:\/\/www.facebook.com\/EgliseCatholiqueCharente","https:\/\/x.com\/diocesecharente","https:\/\/www.instagram.com\/eglisecharente","https:\/\/www.youtube.com\/channel\/UCByyFWApZbw3gDTiADoiAaQ"]}]}},"_links":{"self":[{"href":"https:\/\/charente.catholique.fr\/nord-charente\/wp-json\/wp\/v2\/evenement\/6307","targetHints":{"allow":["GET"]}}],"collection":[{"href":"https:\/\/charente.catholique.fr\/nord-charente\/wp-json\/wp\/v2\/evenement"}],"about":[{"href":"https:\/\/charente.catholique.fr\/nord-charente\/wp-json\/wp\/v2\/types\/evenement"}],"author":[{"embeddable":true,"href":"https:\/\/charente.catholique.fr\/nord-charente\/wp-json\/wp\/v2\/users\/5"}],"version-history":[{"count":8,"href":"https:\/\/charente.catholique.fr\/nord-charente\/wp-json\/wp\/v2\/evenement\/6307\/revisions"}],"predecessor-version":[{"id":6393,"href":"https:\/\/charente.catholique.fr\/nord-charente\/wp-json\/wp\/v2\/evenement\/6307\/revisions\/6393"}],"wp:featuredmedia":[{"embeddable":true,"href":"https:\/\/charente.catholique.fr\/nord-charente\/wp-json\/wp\/v2\/media\/1514"}],"wp:attachment":[{"href":"https:\/\/charente.catholique.fr\/nord-charente\/wp-json\/wp\/v2\/media?parent=6307"}],"wp:term":[{"taxonomy":"category","embeddable":true,"href":"https:\/\/charente.catholique.fr\/nord-charente\/wp-json\/wp\/v2\/categories?post=6307"},{"taxonomy":"post_tag","embeddable":true,"href":"https:\/\/charente.catholique.fr\/nord-charente\/wp-json\/wp\/v2\/tags?post=6307"}],"curies":[{"name":"wp","href":"https:\/\/api.w.org\/{rel}","templated":true}]}}