{"id":3771,"date":"2022-07-27T10:08:09","date_gmt":"2022-07-27T08:08:09","guid":{"rendered":"https:\/\/charente.catholique.fr\/nord-charente\/agenda\/journee-mondiale-du-migrant-et-du-refugie\/"},"modified":"2022-07-27T10:08:09","modified_gmt":"2022-07-27T08:08:09","slug":"journee-mondiale-du-migrant-et-du-refugie","status":"publish","type":"evenement","link":"https:\/\/charente.catholique.fr\/nord-charente\/agenda\/journee-mondiale-du-migrant-et-du-refugie\/","title":{"rendered":"Journ\u00e9e Mondiale du Migrant et du R\u00e9fugi\u00e9"},"content":{"rendered":"<p style=\"color: #323130; -webkit-font-smoothing: antialiased; line-height: 1.4em; margin: 0px 0px 1.4em; overflow-wrap: break-word; font-size: 18px; font-family: 'Segoe UI', 'Segoe UI Web (West European)', 'Segoe UI', -apple-system, BlinkMacSystemFont, Roboto, 'Helvetica Neue', sans-serif;\"><strong><span style=\"color: #323130; font-family: Segoe UI, Segoe UI Web (West European), Segoe UI, -apple-system, BlinkMacSystemFont, Roboto, Helvetica Neue, sans-serif;\"><span style=\"font-size: 18px;\">Construire l&rsquo;avenir avec les migrants et les r&eacute;fugi&eacute;s<\/span><\/span><\/strong><\/p>\n<p style=\"color: #323130; -webkit-font-smoothing: antialiased; line-height: 1.4em; margin: 0px 0px 1.4em; overflow-wrap: break-word; font-size: 18px; font-family: 'Segoe UI', 'Segoe UI Web (West European)', 'Segoe UI', -apple-system, BlinkMacSystemFont, Roboto, 'Helvetica Neue', sans-serif;\"><img decoding=\"async\" src=\"https:\/\/charente.catholique.fr\/intranet\/admin\/event\/edit\/id\/14\" alt=\"\" \/>La prochaine Journ&eacute;e Mondiale du Migrant et du R&eacute;fugi&eacute; sera c&eacute;l&eacute;br&eacute;e le&nbsp;<strong>dimanche&nbsp;<\/strong>25 septembre 2022. Cette 108&egrave;me JMMR aura pour th&egrave;me :&nbsp;<strong>&laquo; Construire l&rsquo;avenir avec les migrants et les r&eacute;fugi&eacute;s &raquo;.<\/strong><\/p>\n<p style=\"color: #323130; -webkit-font-smoothing: antialiased; line-height: 1.4em; margin: 0px; overflow-wrap: break-word; font-size: 18px; font-family: 'Segoe UI', 'Segoe UI Web (West European)', 'Segoe UI', -apple-system, BlinkMacSystemFont, Roboto, 'Helvetica Neue', sans-serif;\">Pour pr&eacute;parer cette journ&eacute;e, un&nbsp;dossier d&rsquo;animation a &eacute;t&eacute; cr&eacute;&eacute;, ses fiches seront progressivement mises en ligne&nbsp;<a style=\"color: #69797e;\" title=\"https:\/\/missionetmigrations.catholique.fr\/animer\/journee-mondiale-du-migrant-et-du-refugie\/307801-journee-mondiale-du-migrant-et-du-refugie-2022\/\" href=\"https:\/\/missionetmigrations.catholique.fr\/animer\/journee-mondiale-du-migrant-et-du-refugie\/307801-journee-mondiale-du-migrant-et-du-refugie-2022\/\" data-cke-saved-href=\"https:\/\/missionetmigrations.catholique.fr\/animer\/journee-mondiale-du-migrant-et-du-refugie\/307801-journee-mondiale-du-migrant-et-du-refugie-2022\/\" data-interception=\"on\">sur le site du Service National Mission et Migrations (SNMM).<\/a><\/p>\n<p style=\"color: #323130; -webkit-font-smoothing: antialiased; line-height: 1.4em; margin: 0px; overflow-wrap: break-word; font-size: 18px; font-family: 'Segoe UI', 'Segoe UI Web (West European)', 'Segoe UI', -apple-system, BlinkMacSystemFont, Roboto, 'Helvetica Neue', sans-serif;\">&nbsp;<\/p>\n<p style=\"color: #323130; -webkit-font-smoothing: antialiased; line-height: 1.4em; margin: 0px; overflow-wrap: break-word; font-size: 18px; font-family: 'Segoe UI', 'Segoe UI Web (West European)', 'Segoe UI', -apple-system, BlinkMacSystemFont, Roboto, 'Helvetica Neue', sans-serif;\"><img decoding=\"async\" src=\"https:\/\/charente.catholique.fr\/intranet\/admin\/event\/edit\/id\/14\" alt=\"\" \/><img decoding=\"async\" src=\"https:\/\/charente.catholique.fr\/intranet\/media\/img\/event\/2000x2000\/14_angou.jpg?90e4be5\" alt=\"\" \/><img decoding=\"async\" src=\"https:\/\/charente.catholique.fr\/intranet\/admin\/event\/edit\/id\/14\" alt=\"\" \/><img decoding=\"async\" src=\"https:\/\/charente.catholique.fr\/intranet\/admin\/event\/edit\/id\/14\" alt=\"\" \/><\/p>\n","protected":false},"author":48,"featured_media":0,"template":"","meta":{"_acf_changed":false,"paroisse":[],"service":["0"],"footnotes":""},"categories":[],"tags":[],"class_list":["post-3771","evenement","type-evenement","status-publish","hentry"],"acf":{"start_date":"2022-09-25 00:00:00","end_date":" 00:00:00","location":"","address":null},"yoast_head":"<!-- This site is optimized with the Yoast SEO plugin v27.1.1 - https:\/\/yoast.com\/product\/yoast-seo-wordpress\/ -->\n<title>Journ\u00e9e Mondiale du Migrant et du R\u00e9fugi\u00e9 - Doyenn\u00e9 Nord Charente<\/title>\n<meta name=\"robots\" content=\"index, follow, max-snippet:-1, max-image-preview:large, max-video-preview:-1\" \/>\n<link rel=\"canonical\" href=\"https:\/\/charente.catholique.fr\/nord-charente\/agenda\/journee-mondiale-du-migrant-et-du-refugie\/\" \/>\n<meta property=\"og:locale\" content=\"fr_FR\" \/>\n<meta property=\"og:type\" content=\"article\" \/>\n<meta property=\"og:title\" content=\"Journ\u00e9e Mondiale du Migrant et du R\u00e9fugi\u00e9 - Doyenn\u00e9 Nord Charente\" \/>\n<meta property=\"og:description\" content=\"Construire l&rsquo;avenir avec les migrants et les r&eacute;fugi&eacute;s La prochaine Journ&eacute;e Mondiale du Migrant et du R&eacute;fugi&eacute; sera c&eacute;l&eacute;br&eacute;e le&nbsp;dimanche&nbsp;25 septembre 2022. Cette 108&egrave;me JMMR aura pour th&egrave;me :&nbsp;&laquo; Construire l&rsquo;avenir avec les migrants et les r&eacute;fugi&eacute;s &raquo;. Pour pr&eacute;parer cette journ&eacute;e, un&nbsp;dossier d&rsquo;animation a &eacute;t&eacute; cr&eacute;&eacute;, ses fiches seront progressivement mises en ligne&nbsp;sur le [&hellip;]\" \/>\n<meta property=\"og:url\" content=\"https:\/\/charente.catholique.fr\/nord-charente\/agenda\/journee-mondiale-du-migrant-et-du-refugie\/\" \/>\n<meta property=\"og:site_name\" content=\"Doyenn\u00e9 Nord Charente\" \/>\n<meta property=\"article:publisher\" content=\"https:\/\/www.facebook.com\/EgliseCatholiqueCharente\" \/>\n<meta property=\"og:image\" content=\"https:\/\/charente.catholique.fr\/intranet\/admin\/event\/edit\/id\/14\" \/>\n<meta name=\"twitter:card\" content=\"summary_large_image\" \/>\n<meta name=\"twitter:site\" content=\"@diocesecharente\" \/>\n<meta name=\"twitter:label1\" content=\"Dur\u00e9e de lecture estim\u00e9e\" \/>\n\t<meta name=\"twitter:data1\" content=\"1 minute\" \/>\n<script type=\"application\/ld+json\" class=\"yoast-schema-graph\">{\"@context\":\"https:\/\/schema.org\",\"@graph\":[{\"@type\":\"WebPage\",\"@id\":\"https:\/\/charente.catholique.fr\/nord-charente\/agenda\/journee-mondiale-du-migrant-et-du-refugie\/\",\"url\":\"https:\/\/charente.catholique.fr\/nord-charente\/agenda\/journee-mondiale-du-migrant-et-du-refugie\/\",\"name\":\"Journ\u00e9e Mondiale du Migrant et du R\u00e9fugi\u00e9 - Doyenn\u00e9 Nord Charente\",\"isPartOf\":{\"@id\":\"https:\/\/charente.catholique.fr\/nord-charente\/#website\"},\"primaryImageOfPage\":{\"@id\":\"https:\/\/charente.catholique.fr\/nord-charente\/agenda\/journee-mondiale-du-migrant-et-du-refugie\/#primaryimage\"},\"image\":{\"@id\":\"https:\/\/charente.catholique.fr\/nord-charente\/agenda\/journee-mondiale-du-migrant-et-du-refugie\/#primaryimage\"},\"thumbnailUrl\":\"https:\/\/charente.catholique.fr\/intranet\/admin\/event\/edit\/id\/14\",\"datePublished\":\"2022-07-27T08:08:09+00:00\",\"breadcrumb\":{\"@id\":\"https:\/\/charente.catholique.fr\/nord-charente\/agenda\/journee-mondiale-du-migrant-et-du-refugie\/#breadcrumb\"},\"inLanguage\":\"fr-FR\",\"potentialAction\":[{\"@type\":\"ReadAction\",\"target\":[\"https:\/\/charente.catholique.fr\/nord-charente\/agenda\/journee-mondiale-du-migrant-et-du-refugie\/\"]}]},{\"@type\":\"ImageObject\",\"inLanguage\":\"fr-FR\",\"@id\":\"https:\/\/charente.catholique.fr\/nord-charente\/agenda\/journee-mondiale-du-migrant-et-du-refugie\/#primaryimage\",\"url\":\"https:\/\/charente.catholique.fr\/intranet\/admin\/event\/edit\/id\/14\",\"contentUrl\":\"https:\/\/charente.catholique.fr\/intranet\/admin\/event\/edit\/id\/14\"},{\"@type\":\"BreadcrumbList\",\"@id\":\"https:\/\/charente.catholique.fr\/nord-charente\/agenda\/journee-mondiale-du-migrant-et-du-refugie\/#breadcrumb\",\"itemListElement\":[{\"@type\":\"ListItem\",\"position\":1,\"name\":\"Accueil\",\"item\":\"https:\/\/charente.catholique.fr\/nord-charente\/\"},{\"@type\":\"ListItem\",\"position\":2,\"name\":\"Journ\u00e9e Mondiale du Migrant et du R\u00e9fugi\u00e9\"}]},{\"@type\":\"WebSite\",\"@id\":\"https:\/\/charente.catholique.fr\/nord-charente\/#website\",\"url\":\"https:\/\/charente.catholique.fr\/nord-charente\/\",\"name\":\"Doyenn\u00e9 Nord Charente - Dioc\u00e8se d'Angoul\u00eame\",\"description\":\"Dioc\u00e8se d&#039;Angoul\u00eame\",\"publisher\":{\"@id\":\"https:\/\/charente.catholique.fr\/nord-charente\/#organization\"},\"potentialAction\":[{\"@type\":\"SearchAction\",\"target\":{\"@type\":\"EntryPoint\",\"urlTemplate\":\"https:\/\/charente.catholique.fr\/nord-charente\/?s={search_term_string}\"},\"query-input\":{\"@type\":\"PropertyValueSpecification\",\"valueRequired\":true,\"valueName\":\"search_term_string\"}}],\"inLanguage\":\"fr-FR\"},{\"@type\":\"Organization\",\"@id\":\"https:\/\/charente.catholique.fr\/nord-charente\/#organization\",\"name\":\"Association dioc\u00e9saine d'Angoul\u00eame\",\"url\":\"https:\/\/charente.catholique.fr\/nord-charente\/\",\"logo\":{\"@type\":\"ImageObject\",\"inLanguage\":\"fr-FR\",\"@id\":\"https:\/\/charente.catholique.fr\/nord-charente\/#\/schema\/logo\/image\/\",\"url\":\"https:\/\/charente.catholique.fr\/nord-charente\/wp-content\/uploads\/sites\/4\/2020\/10\/logos.png\",\"contentUrl\":\"https:\/\/charente.catholique.fr\/nord-charente\/wp-content\/uploads\/sites\/4\/2020\/10\/logos.png\",\"width\":600,\"height\":257,\"caption\":\"Association dioc\u00e9saine d'Angoul\u00eame\"},\"image\":{\"@id\":\"https:\/\/charente.catholique.fr\/nord-charente\/#\/schema\/logo\/image\/\"},\"sameAs\":[\"https:\/\/www.facebook.com\/EgliseCatholiqueCharente\",\"https:\/\/x.com\/diocesecharente\",\"https:\/\/www.instagram.com\/eglisecharente\",\"https:\/\/www.youtube.com\/channel\/UCByyFWApZbw3gDTiADoiAaQ\"]}]}<\/script>\n<!-- \/ Yoast SEO plugin. -->","yoast_head_json":{"title":"Journ\u00e9e Mondiale du Migrant et du R\u00e9fugi\u00e9 - Doyenn\u00e9 Nord Charente","robots":{"index":"index","follow":"follow","max-snippet":"max-snippet:-1","max-image-preview":"max-image-preview:large","max-video-preview":"max-video-preview:-1"},"canonical":"https:\/\/charente.catholique.fr\/nord-charente\/agenda\/journee-mondiale-du-migrant-et-du-refugie\/","og_locale":"fr_FR","og_type":"article","og_title":"Journ\u00e9e Mondiale du Migrant et du R\u00e9fugi\u00e9 - Doyenn\u00e9 Nord Charente","og_description":"Construire l&rsquo;avenir avec les migrants et les r&eacute;fugi&eacute;s La prochaine Journ&eacute;e Mondiale du Migrant et du R&eacute;fugi&eacute; sera c&eacute;l&eacute;br&eacute;e le&nbsp;dimanche&nbsp;25 septembre 2022. Cette 108&egrave;me JMMR aura pour th&egrave;me :&nbsp;&laquo; Construire l&rsquo;avenir avec les migrants et les r&eacute;fugi&eacute;s &raquo;. Pour pr&eacute;parer cette journ&eacute;e, un&nbsp;dossier d&rsquo;animation a &eacute;t&eacute; cr&eacute;&eacute;, ses fiches seront progressivement mises en ligne&nbsp;sur le [&hellip;]","og_url":"https:\/\/charente.catholique.fr\/nord-charente\/agenda\/journee-mondiale-du-migrant-et-du-refugie\/","og_site_name":"Doyenn\u00e9 Nord Charente","article_publisher":"https:\/\/www.facebook.com\/EgliseCatholiqueCharente","og_image":[{"url":"https:\/\/charente.catholique.fr\/intranet\/admin\/event\/edit\/id\/14","type":"","width":"","height":""}],"twitter_card":"summary_large_image","twitter_site":"@diocesecharente","twitter_misc":{"Dur\u00e9e de lecture estim\u00e9e":"1 minute"},"schema":{"@context":"https:\/\/schema.org","@graph":[{"@type":"WebPage","@id":"https:\/\/charente.catholique.fr\/nord-charente\/agenda\/journee-mondiale-du-migrant-et-du-refugie\/","url":"https:\/\/charente.catholique.fr\/nord-charente\/agenda\/journee-mondiale-du-migrant-et-du-refugie\/","name":"Journ\u00e9e Mondiale du Migrant et du R\u00e9fugi\u00e9 - Doyenn\u00e9 Nord Charente","isPartOf":{"@id":"https:\/\/charente.catholique.fr\/nord-charente\/#website"},"primaryImageOfPage":{"@id":"https:\/\/charente.catholique.fr\/nord-charente\/agenda\/journee-mondiale-du-migrant-et-du-refugie\/#primaryimage"},"image":{"@id":"https:\/\/charente.catholique.fr\/nord-charente\/agenda\/journee-mondiale-du-migrant-et-du-refugie\/#primaryimage"},"thumbnailUrl":"https:\/\/charente.catholique.fr\/intranet\/admin\/event\/edit\/id\/14","datePublished":"2022-07-27T08:08:09+00:00","breadcrumb":{"@id":"https:\/\/charente.catholique.fr\/nord-charente\/agenda\/journee-mondiale-du-migrant-et-du-refugie\/#breadcrumb"},"inLanguage":"fr-FR","potentialAction":[{"@type":"ReadAction","target":["https:\/\/charente.catholique.fr\/nord-charente\/agenda\/journee-mondiale-du-migrant-et-du-refugie\/"]}]},{"@type":"ImageObject","inLanguage":"fr-FR","@id":"https:\/\/charente.catholique.fr\/nord-charente\/agenda\/journee-mondiale-du-migrant-et-du-refugie\/#primaryimage","url":"https:\/\/charente.catholique.fr\/intranet\/admin\/event\/edit\/id\/14","contentUrl":"https:\/\/charente.catholique.fr\/intranet\/admin\/event\/edit\/id\/14"},{"@type":"BreadcrumbList","@id":"https:\/\/charente.catholique.fr\/nord-charente\/agenda\/journee-mondiale-du-migrant-et-du-refugie\/#breadcrumb","itemListElement":[{"@type":"ListItem","position":1,"name":"Accueil","item":"https:\/\/charente.catholique.fr\/nord-charente\/"},{"@type":"ListItem","position":2,"name":"Journ\u00e9e Mondiale du Migrant et du R\u00e9fugi\u00e9"}]},{"@type":"WebSite","@id":"https:\/\/charente.catholique.fr\/nord-charente\/#website","url":"https:\/\/charente.catholique.fr\/nord-charente\/","name":"Doyenn\u00e9 Nord Charente - Dioc\u00e8se d'Angoul\u00eame","description":"Dioc\u00e8se d&#039;Angoul\u00eame","publisher":{"@id":"https:\/\/charente.catholique.fr\/nord-charente\/#organization"},"potentialAction":[{"@type":"SearchAction","target":{"@type":"EntryPoint","urlTemplate":"https:\/\/charente.catholique.fr\/nord-charente\/?s={search_term_string}"},"query-input":{"@type":"PropertyValueSpecification","valueRequired":true,"valueName":"search_term_string"}}],"inLanguage":"fr-FR"},{"@type":"Organization","@id":"https:\/\/charente.catholique.fr\/nord-charente\/#organization","name":"Association dioc\u00e9saine d'Angoul\u00eame","url":"https:\/\/charente.catholique.fr\/nord-charente\/","logo":{"@type":"ImageObject","inLanguage":"fr-FR","@id":"https:\/\/charente.catholique.fr\/nord-charente\/#\/schema\/logo\/image\/","url":"https:\/\/charente.catholique.fr\/nord-charente\/wp-content\/uploads\/sites\/4\/2020\/10\/logos.png","contentUrl":"https:\/\/charente.catholique.fr\/nord-charente\/wp-content\/uploads\/sites\/4\/2020\/10\/logos.png","width":600,"height":257,"caption":"Association dioc\u00e9saine d'Angoul\u00eame"},"image":{"@id":"https:\/\/charente.catholique.fr\/nord-charente\/#\/schema\/logo\/image\/"},"sameAs":["https:\/\/www.facebook.com\/EgliseCatholiqueCharente","https:\/\/x.com\/diocesecharente","https:\/\/www.instagram.com\/eglisecharente","https:\/\/www.youtube.com\/channel\/UCByyFWApZbw3gDTiADoiAaQ"]}]}},"_links":{"self":[{"href":"https:\/\/charente.catholique.fr\/nord-charente\/wp-json\/wp\/v2\/evenement\/3771","targetHints":{"allow":["GET"]}}],"collection":[{"href":"https:\/\/charente.catholique.fr\/nord-charente\/wp-json\/wp\/v2\/evenement"}],"about":[{"href":"https:\/\/charente.catholique.fr\/nord-charente\/wp-json\/wp\/v2\/types\/evenement"}],"author":[{"embeddable":true,"href":"https:\/\/charente.catholique.fr\/nord-charente\/wp-json\/wp\/v2\/users\/48"}],"version-history":[{"count":0,"href":"https:\/\/charente.catholique.fr\/nord-charente\/wp-json\/wp\/v2\/evenement\/3771\/revisions"}],"wp:attachment":[{"href":"https:\/\/charente.catholique.fr\/nord-charente\/wp-json\/wp\/v2\/media?parent=3771"}],"wp:term":[{"taxonomy":"category","embeddable":true,"href":"https:\/\/charente.catholique.fr\/nord-charente\/wp-json\/wp\/v2\/categories?post=3771"},{"taxonomy":"post_tag","embeddable":true,"href":"https:\/\/charente.catholique.fr\/nord-charente\/wp-json\/wp\/v2\/tags?post=3771"}],"curies":[{"name":"wp","href":"https:\/\/api.w.org\/{rel}","templated":true}]}}