{"version":"1.0","provider_name":"Doyenn\u00e9 Nord Charente","provider_url":"https:\/\/charente.catholique.fr\/nord-charente","author_name":"Marie ZANDVLIET","author_url":"https:\/\/charente.catholique.fr\/nord-charente\/author\/aigre\/","title":"LOU\u00c9 SOIT LE SEIGNEUR - Doyenn\u00e9 Nord Charente","type":"rich","width":600,"height":338,"html":"<blockquote class=\"wp-embedded-content\" data-secret=\"PB5XkZvHlD\"><a href=\"https:\/\/charente.catholique.fr\/nord-charente\/actualites\/loue-soit-le-seigneur-2\/\">LOU\u00c9 SOIT LE SEIGNEUR<\/a><\/blockquote><iframe sandbox=\"allow-scripts\" security=\"restricted\" src=\"https:\/\/charente.catholique.fr\/nord-charente\/actualites\/loue-soit-le-seigneur-2\/embed\/#?secret=PB5XkZvHlD\" width=\"600\" height=\"338\" title=\"\u00ab\u00a0LOU\u00c9 SOIT LE SEIGNEUR\u00a0\u00bb &#8212; Doyenn\u00e9 Nord Charente\" data-secret=\"PB5XkZvHlD\" frameborder=\"0\" marginwidth=\"0\" marginheight=\"0\" scrolling=\"no\" class=\"wp-embedded-content\"><\/iframe><script type=\"text\/javascript\">\n\/* <![CDATA[ *\/\n\/*! This file is auto-generated *\/\n!function(d,l){\"use strict\";l.querySelector&&d.addEventListener&&\"undefined\"!=typeof URL&&(d.wp=d.wp||{},d.wp.receiveEmbedMessage||(d.wp.receiveEmbedMessage=function(e){var t=e.data;if((t||t.secret||t.message||t.value)&&!\/[^a-zA-Z0-9]\/.test(t.secret)){for(var s,r,n,a=l.querySelectorAll('iframe[data-secret=\"'+t.secret+'\"]'),o=l.querySelectorAll('blockquote[data-secret=\"'+t.secret+'\"]'),c=new RegExp(\"^https?:$\",\"i\"),i=0;i<o.length;i++)o[i].style.display=\"none\";for(i=0;i<a.length;i++)s=a[i],e.source===s.contentWindow&&(s.removeAttribute(\"style\"),\"height\"===t.message?(1e3<(r=parseInt(t.value,10))?r=1e3:~~r<200&&(r=200),s.height=r):\"link\"===t.message&&(r=new URL(s.getAttribute(\"src\")),n=new URL(t.value),c.test(n.protocol))&&n.host===r.host&&l.activeElement===s&&(d.top.location.href=t.value))}},d.addEventListener(\"message\",d.wp.receiveEmbedMessage,!1),l.addEventListener(\"DOMContentLoaded\",function(){for(var e,t,s=l.querySelectorAll(\"iframe.wp-embedded-content\"),r=0;r<s.length;r++)(t=(e=s[r]).getAttribute(\"data-secret\"))||(t=Math.random().toString(36).substring(2,12),e.src+=\"#?secret=\"+t,e.setAttribute(\"data-secret\",t)),e.contentWindow.postMessage({message:\"ready\",secret:t},\"*\")},!1)))}(window,document);\n\/\/# sourceURL=https:\/\/charente.catholique.fr\/nord-charente\/wp-includes\/js\/wp-embed.min.js\n\/* ]]> *\/\n<\/script>\n","thumbnail_url":"https:\/\/charente.catholique.fr\/nord-charente\/wp-content\/uploads\/sites\/4\/2025\/09\/capture-decran-2025-09-19-a-18.13.06-e1758298486845.jpg","thumbnail_width":1116,"thumbnail_height":262,"description":"LOU\u00c9 SOIT LE SEIGNEUR QUI \u2018\u2018VEUT QUE TOUS LES HOMMES PARVIENNENT\u00c0 LA CONNAISSANCE DE LA V\u00c9RIT\u00c9\u2019\u2019 Qu\u2019il est bon de rendre gr\u00e2ce au Seigneur, notre P\u00e8re, \u00e0 chaque instant de notre vie !Qu\u2019il est bon de louer son Nom tr\u00e8s Saint, \u00e0 l\u2019instar du psalmiste.Car il abaisse son regard d\u2019amour vers chacun de nous :\u00ab [&hellip;]"}