{"version":"1.0","provider_name":"Doyenn\u00e9 Nord Charente","provider_url":"https:\/\/charente.catholique.fr\/nord-charente","author_name":"Marie ZANDVLIET","author_url":"https:\/\/charente.catholique.fr\/nord-charente\/author\/aigre\/","title":"La joie d'\u00eatre sauv\u00e9s - Doyenn\u00e9 Nord Charente","type":"rich","width":600,"height":338,"html":"<blockquote class=\"wp-embedded-content\" data-secret=\"8X3zoXYT66\"><a href=\"https:\/\/charente.catholique.fr\/nord-charente\/actualites\/la-joie-detre-sauves\/\">La joie d&#8217;\u00eatre sauv\u00e9s<\/a><\/blockquote><iframe sandbox=\"allow-scripts\" security=\"restricted\" src=\"https:\/\/charente.catholique.fr\/nord-charente\/actualites\/la-joie-detre-sauves\/embed\/#?secret=8X3zoXYT66\" width=\"600\" height=\"338\" title=\"\u00ab\u00a0La joie d&#8217;\u00eatre sauv\u00e9s\u00a0\u00bb &#8212; Doyenn\u00e9 Nord Charente\" data-secret=\"8X3zoXYT66\" frameborder=\"0\" marginwidth=\"0\" marginheight=\"0\" scrolling=\"no\" class=\"wp-embedded-content\"><\/iframe><script type=\"text\/javascript\">\n\/* <![CDATA[ *\/\n\/*! This file is auto-generated *\/\n!function(d,l){\"use strict\";l.querySelector&&d.addEventListener&&\"undefined\"!=typeof URL&&(d.wp=d.wp||{},d.wp.receiveEmbedMessage||(d.wp.receiveEmbedMessage=function(e){var t=e.data;if((t||t.secret||t.message||t.value)&&!\/[^a-zA-Z0-9]\/.test(t.secret)){for(var s,r,n,a=l.querySelectorAll('iframe[data-secret=\"'+t.secret+'\"]'),o=l.querySelectorAll('blockquote[data-secret=\"'+t.secret+'\"]'),c=new RegExp(\"^https?:$\",\"i\"),i=0;i<o.length;i++)o[i].style.display=\"none\";for(i=0;i<a.length;i++)s=a[i],e.source===s.contentWindow&&(s.removeAttribute(\"style\"),\"height\"===t.message?(1e3<(r=parseInt(t.value,10))?r=1e3:~~r<200&&(r=200),s.height=r):\"link\"===t.message&&(r=new URL(s.getAttribute(\"src\")),n=new URL(t.value),c.test(n.protocol))&&n.host===r.host&&l.activeElement===s&&(d.top.location.href=t.value))}},d.addEventListener(\"message\",d.wp.receiveEmbedMessage,!1),l.addEventListener(\"DOMContentLoaded\",function(){for(var e,t,s=l.querySelectorAll(\"iframe.wp-embedded-content\"),r=0;r<s.length;r++)(t=(e=s[r]).getAttribute(\"data-secret\"))||(t=Math.random().toString(36).substring(2,12),e.src+=\"#?secret=\"+t,e.setAttribute(\"data-secret\",t)),e.contentWindow.postMessage({message:\"ready\",secret:t},\"*\")},!1)))}(window,document);\n\/\/# sourceURL=https:\/\/charente.catholique.fr\/nord-charente\/wp-includes\/js\/wp-embed.min.js\n\/* ]]> *\/\n<\/script>\n","thumbnail_url":"https:\/\/charente.catholique.fr\/nord-charente\/wp-content\/uploads\/sites\/4\/2024\/03\/woman-2667455_1280.jpg","thumbnail_width":1280,"thumbnail_height":827,"description":"\u00ab R\u00e9jouissez-vous ! \u00bb, ou La joie d&#8217;\u00eatre sauv\u00e9s 10 mars 2024, 4\u00e8me dimanche du Car\u00eame Le quatri\u00e8me dimanche de Car\u00eame est appel\u00e9 dimanche du&nbsp;L\u04d5tare&nbsp;: \u00ab&nbsp;R\u00e9jouissez-vous&nbsp;\u00bb.D\u00e8s l\u2019antienne d\u2019ouverture de la messe de ce jour, nous&nbsp;sommes, en effet, invit\u00e9s \u00e0 nous r\u00e9jouir : \u00ab&nbsp;R\u00e9jouis-toi, J\u00e9rusalem ;vous tous qui l\u2019aimez, rassemblez-vous.Jubilez de sa joie, vous qui \u00e9tiez [&hellip;]"}