{"version":"1.0","provider_name":"Doyenn\u00e9 Nord Charente","provider_url":"https:\/\/charente.catholique.fr\/nord-charente","author_name":"Marie ZANDVLIET","author_url":"https:\/\/charente.catholique.fr\/nord-charente\/author\/aigre\/","title":"LA GRANDE ESP\u00c9RANCE DES CHR\u00c9TIENS\u00a0: \u00caTRE UN JOUR TRANSFIGUR\u00c9S DANS LE CHRIST - Doyenn\u00e9 Nord Charente","type":"rich","width":600,"height":338,"html":"<blockquote class=\"wp-embedded-content\" data-secret=\"XL9cry5tho\"><a href=\"https:\/\/charente.catholique.fr\/nord-charente\/actualites\/la-grande-esperance-des-chretiens-2\/\">LA GRANDE ESP\u00c9RANCE DES CHR\u00c9TIENS\u00a0: \u00caTRE UN JOUR TRANSFIGUR\u00c9S DANS LE CHRIST<\/a><\/blockquote><iframe sandbox=\"allow-scripts\" security=\"restricted\" src=\"https:\/\/charente.catholique.fr\/nord-charente\/actualites\/la-grande-esperance-des-chretiens-2\/embed\/#?secret=XL9cry5tho\" width=\"600\" height=\"338\" title=\"\u00ab\u00a0LA GRANDE ESP\u00c9RANCE DES CHR\u00c9TIENS\u00a0: \u00caTRE UN JOUR TRANSFIGUR\u00c9S DANS LE CHRIST\u00a0\u00bb &#8212; Doyenn\u00e9 Nord Charente\" data-secret=\"XL9cry5tho\" frameborder=\"0\" marginwidth=\"0\" marginheight=\"0\" scrolling=\"no\" class=\"wp-embedded-content\"><\/iframe><script type=\"text\/javascript\">\n\/* <![CDATA[ *\/\n\/*! This file is auto-generated *\/\n!function(d,l){\"use strict\";l.querySelector&&d.addEventListener&&\"undefined\"!=typeof URL&&(d.wp=d.wp||{},d.wp.receiveEmbedMessage||(d.wp.receiveEmbedMessage=function(e){var t=e.data;if((t||t.secret||t.message||t.value)&&!\/[^a-zA-Z0-9]\/.test(t.secret)){for(var s,r,n,a=l.querySelectorAll('iframe[data-secret=\"'+t.secret+'\"]'),o=l.querySelectorAll('blockquote[data-secret=\"'+t.secret+'\"]'),c=new RegExp(\"^https?:$\",\"i\"),i=0;i<o.length;i++)o[i].style.display=\"none\";for(i=0;i<a.length;i++)s=a[i],e.source===s.contentWindow&&(s.removeAttribute(\"style\"),\"height\"===t.message?(1e3<(r=parseInt(t.value,10))?r=1e3:~~r<200&&(r=200),s.height=r):\"link\"===t.message&&(r=new URL(s.getAttribute(\"src\")),n=new URL(t.value),c.test(n.protocol))&&n.host===r.host&&l.activeElement===s&&(d.top.location.href=t.value))}},d.addEventListener(\"message\",d.wp.receiveEmbedMessage,!1),l.addEventListener(\"DOMContentLoaded\",function(){for(var e,t,s=l.querySelectorAll(\"iframe.wp-embedded-content\"),r=0;r<s.length;r++)(t=(e=s[r]).getAttribute(\"data-secret\"))||(t=Math.random().toString(36).substring(2,12),e.src+=\"#?secret=\"+t,e.setAttribute(\"data-secret\",t)),e.contentWindow.postMessage({message:\"ready\",secret:t},\"*\")},!1)))}(window,document);\n\/\/# sourceURL=https:\/\/charente.catholique.fr\/nord-charente\/wp-includes\/js\/wp-embed.min.js\n\/* ]]> *\/\n<\/script>\n","thumbnail_url":"https:\/\/charente.catholique.fr\/nord-charente\/wp-content\/uploads\/sites\/4\/2022\/03\/transfiguration-3.jpg","thumbnail_width":276,"thumbnail_height":180,"description":"On parle parfois de quelqu\u2019un qui est \u00ab\u00a0d\u00e9figur\u00e9\u00a0\u00bb\u00a0:son visage est ab\u00eem\u00e9 par la maladie, par suite d\u2019un accident,ou simplement par la vieillesse.\u00a0 Il est aussi d\u00e9figur\u00e9, celui qui est syst\u00e9matiquement accus\u00e9 \u00e0 tortpar les m\u00e9dias ou son environnement. Mais on conna\u00eet aussi des \u00eatres transfigur\u00e9s,rayonnants de joie de vivre, de don de soi, d\u2019une parole [&hellip;]"}