{"version":"1.0","provider_name":"Doyenn\u00e9 Nord Charente","provider_url":"https:\/\/charente.catholique.fr\/nord-charente","author_name":"Laurent Levasseur","author_url":"https:\/\/charente.catholique.fr\/nord-charente\/author\/laurentleva\/","title":"Hom\u00e9lie du dimanche 13 septembre - Doyenn\u00e9 Nord Charente","type":"rich","width":600,"height":338,"html":"<blockquote class=\"wp-embedded-content\" data-secret=\"pu96doy4s7\"><a href=\"https:\/\/charente.catholique.fr\/nord-charente\/actualites\/homelie-du-dimanche-13-septembre\/\">Hom\u00e9lie du dimanche 13 septembre<\/a><\/blockquote><iframe sandbox=\"allow-scripts\" security=\"restricted\" src=\"https:\/\/charente.catholique.fr\/nord-charente\/actualites\/homelie-du-dimanche-13-septembre\/embed\/#?secret=pu96doy4s7\" width=\"600\" height=\"338\" title=\"\u00ab\u00a0Hom\u00e9lie du dimanche 13 septembre\u00a0\u00bb &#8212; Doyenn\u00e9 Nord Charente\" data-secret=\"pu96doy4s7\" frameborder=\"0\" marginwidth=\"0\" marginheight=\"0\" scrolling=\"no\" class=\"wp-embedded-content\"><\/iframe><script type=\"text\/javascript\">\n\/* <![CDATA[ *\/\n\/*! This file is auto-generated *\/\n!function(d,l){\"use strict\";l.querySelector&&d.addEventListener&&\"undefined\"!=typeof URL&&(d.wp=d.wp||{},d.wp.receiveEmbedMessage||(d.wp.receiveEmbedMessage=function(e){var t=e.data;if((t||t.secret||t.message||t.value)&&!\/[^a-zA-Z0-9]\/.test(t.secret)){for(var s,r,n,a=l.querySelectorAll('iframe[data-secret=\"'+t.secret+'\"]'),o=l.querySelectorAll('blockquote[data-secret=\"'+t.secret+'\"]'),c=new RegExp(\"^https?:$\",\"i\"),i=0;i<o.length;i++)o[i].style.display=\"none\";for(i=0;i<a.length;i++)s=a[i],e.source===s.contentWindow&&(s.removeAttribute(\"style\"),\"height\"===t.message?(1e3<(r=parseInt(t.value,10))?r=1e3:~~r<200&&(r=200),s.height=r):\"link\"===t.message&&(r=new URL(s.getAttribute(\"src\")),n=new URL(t.value),c.test(n.protocol))&&n.host===r.host&&l.activeElement===s&&(d.top.location.href=t.value))}},d.addEventListener(\"message\",d.wp.receiveEmbedMessage,!1),l.addEventListener(\"DOMContentLoaded\",function(){for(var e,t,s=l.querySelectorAll(\"iframe.wp-embedded-content\"),r=0;r<s.length;r++)(t=(e=s[r]).getAttribute(\"data-secret\"))||(t=Math.random().toString(36).substring(2,12),e.src+=\"#?secret=\"+t,e.setAttribute(\"data-secret\",t)),e.contentWindow.postMessage({message:\"ready\",secret:t},\"*\")},!1)))}(window,document);\n\/\/# sourceURL=https:\/\/charente.catholique.fr\/nord-charente\/wp-includes\/js\/wp-embed.min.js\n\/* ]]> *\/\n<\/script>\n","description":"P\u00e8re Marc Prunier\u00a0: VIVRE ET AIMER SELON DIEU 24\u00b0 Dim. Ord A. &#8211; Matthieu 18\/21-35Pardonner 70 fois 7 fois VIVRE ET AIMER SELON DIEU La parabole du serviteur impitoyablefait directement \u00e9cho aux B\u00e9atitudes&nbsp;:&#8220;Heureux les mis\u00e9ricordieux, ils obtiendront mis\u00e9ricorde&nbsp;!&#8221;Autrement dit&nbsp;: quel bonheur de se savoir humblement pardonn\u00e9,quel bonheur de se laisser habiter par le pardon,et, par [&hellip;]","thumbnail_url":"https:\/\/charente.catholique.fr\/nord-charente\/wp-content\/uploads\/sites\/4\/2020\/09\/arton12269-0c159.jpg"}