{"version":"1.0","provider_name":"Doyenn\u00e9 Nord Charente","provider_url":"https:\/\/charente.catholique.fr\/nord-charente","author_name":"joelleayrault","author_url":"https:\/\/charente.catholique.fr\/nord-charente\/author\/joelleayrault\/","title":"Dimanche 8 d\u00e9cembre 2024,procession mariale - Doyenn\u00e9 Nord Charente","type":"rich","width":600,"height":338,"html":"<blockquote class=\"wp-embedded-content\" data-secret=\"jBeA3sw50Y\"><a href=\"https:\/\/charente.catholique.fr\/nord-charente\/actualites\/dimanche-8-decembre-2024procession-mariale\/\">Dimanche 8 d\u00e9cembre 2024,procession mariale<\/a><\/blockquote><iframe sandbox=\"allow-scripts\" security=\"restricted\" src=\"https:\/\/charente.catholique.fr\/nord-charente\/actualites\/dimanche-8-decembre-2024procession-mariale\/embed\/#?secret=jBeA3sw50Y\" width=\"600\" height=\"338\" title=\"\u00ab\u00a0Dimanche 8 d\u00e9cembre 2024,procession mariale\u00a0\u00bb &#8212; Doyenn\u00e9 Nord Charente\" data-secret=\"jBeA3sw50Y\" frameborder=\"0\" marginwidth=\"0\" marginheight=\"0\" scrolling=\"no\" class=\"wp-embedded-content\"><\/iframe><script type=\"text\/javascript\">\n\/* <![CDATA[ *\/\n\/*! This file is auto-generated *\/\n!function(d,l){\"use strict\";l.querySelector&&d.addEventListener&&\"undefined\"!=typeof URL&&(d.wp=d.wp||{},d.wp.receiveEmbedMessage||(d.wp.receiveEmbedMessage=function(e){var t=e.data;if((t||t.secret||t.message||t.value)&&!\/[^a-zA-Z0-9]\/.test(t.secret)){for(var s,r,n,a=l.querySelectorAll('iframe[data-secret=\"'+t.secret+'\"]'),o=l.querySelectorAll('blockquote[data-secret=\"'+t.secret+'\"]'),c=new RegExp(\"^https?:$\",\"i\"),i=0;i<o.length;i++)o[i].style.display=\"none\";for(i=0;i<a.length;i++)s=a[i],e.source===s.contentWindow&&(s.removeAttribute(\"style\"),\"height\"===t.message?(1e3<(r=parseInt(t.value,10))?r=1e3:~~r<200&&(r=200),s.height=r):\"link\"===t.message&&(r=new URL(s.getAttribute(\"src\")),n=new URL(t.value),c.test(n.protocol))&&n.host===r.host&&l.activeElement===s&&(d.top.location.href=t.value))}},d.addEventListener(\"message\",d.wp.receiveEmbedMessage,!1),l.addEventListener(\"DOMContentLoaded\",function(){for(var e,t,s=l.querySelectorAll(\"iframe.wp-embedded-content\"),r=0;r<s.length;r++)(t=(e=s[r]).getAttribute(\"data-secret\"))||(t=Math.random().toString(36).substring(2,12),e.src+=\"#?secret=\"+t,e.setAttribute(\"data-secret\",t)),e.contentWindow.postMessage({message:\"ready\",secret:t},\"*\")},!1)))}(window,document);\n\/\/# sourceURL=https:\/\/charente.catholique.fr\/nord-charente\/wp-includes\/js\/wp-embed.min.js\n\/* ]]> *\/\n<\/script>\n","thumbnail_url":"https:\/\/charente.catholique.fr\/nord-charente\/wp-content\/uploads\/sites\/4\/2024\/12\/img_1767.jpg","thumbnail_width":480,"thumbnail_height":640,"description":"Dimanche 8 d\u00e9cembre, en union avec la messe du jour , nous avons v\u00e9cu une procession de recueillement et de partage conduite par P\u00e8re Christian Nganga \u00e0 travers les rues de Villefagnan en l\u2019honneur de notre Sainte M\u00e8re Marie, l\u2019Immacul\u00e9e Conception. Ce moment de gr\u00e2ce, d\u2019unit\u00e9 et de pri\u00e8re interg\u00e9n\u00e9rationnelle fut une source de b\u00e9n\u00e9diction [&hellip;]"}