{"version":"1.0","provider_name":"Doyenn\u00e9 Nord Charente","provider_url":"https:\/\/charente.catholique.fr\/nord-charente","author_name":"marysegirard","author_url":"https:\/\/charente.catholique.fr\/nord-charente\/author\/marysegirard\/","title":"B\u00e9n\u00e9diction de l'\u00e9glise Saint Andr\u00e9 - Doyenn\u00e9 Nord Charente","type":"rich","width":600,"height":338,"html":"<blockquote class=\"wp-embedded-content\" data-secret=\"oa9LSor2sb\"><a href=\"https:\/\/charente.catholique.fr\/nord-charente\/actualites\/benediction-de-leglise-saint-andre\/\">B\u00e9n\u00e9diction de l&#8217;\u00e9glise Saint Andr\u00e9<\/a><\/blockquote><iframe sandbox=\"allow-scripts\" security=\"restricted\" src=\"https:\/\/charente.catholique.fr\/nord-charente\/actualites\/benediction-de-leglise-saint-andre\/embed\/#?secret=oa9LSor2sb\" width=\"600\" height=\"338\" title=\"\u00ab\u00a0B\u00e9n\u00e9diction de l&#8217;\u00e9glise Saint Andr\u00e9\u00a0\u00bb &#8212; Doyenn\u00e9 Nord Charente\" data-secret=\"oa9LSor2sb\" frameborder=\"0\" marginwidth=\"0\" marginheight=\"0\" scrolling=\"no\" class=\"wp-embedded-content\"><\/iframe><script type=\"text\/javascript\">\n\/* <![CDATA[ *\/\n\/*! This file is auto-generated *\/\n!function(d,l){\"use strict\";l.querySelector&&d.addEventListener&&\"undefined\"!=typeof URL&&(d.wp=d.wp||{},d.wp.receiveEmbedMessage||(d.wp.receiveEmbedMessage=function(e){var t=e.data;if((t||t.secret||t.message||t.value)&&!\/[^a-zA-Z0-9]\/.test(t.secret)){for(var s,r,n,a=l.querySelectorAll('iframe[data-secret=\"'+t.secret+'\"]'),o=l.querySelectorAll('blockquote[data-secret=\"'+t.secret+'\"]'),c=new RegExp(\"^https?:$\",\"i\"),i=0;i<o.length;i++)o[i].style.display=\"none\";for(i=0;i<a.length;i++)s=a[i],e.source===s.contentWindow&&(s.removeAttribute(\"style\"),\"height\"===t.message?(1e3<(r=parseInt(t.value,10))?r=1e3:~~r<200&&(r=200),s.height=r):\"link\"===t.message&&(r=new URL(s.getAttribute(\"src\")),n=new URL(t.value),c.test(n.protocol))&&n.host===r.host&&l.activeElement===s&&(d.top.location.href=t.value))}},d.addEventListener(\"message\",d.wp.receiveEmbedMessage,!1),l.addEventListener(\"DOMContentLoaded\",function(){for(var e,t,s=l.querySelectorAll(\"iframe.wp-embedded-content\"),r=0;r<s.length;r++)(t=(e=s[r]).getAttribute(\"data-secret\"))||(t=Math.random().toString(36).substring(2,12),e.src+=\"#?secret=\"+t,e.setAttribute(\"data-secret\",t)),e.contentWindow.postMessage({message:\"ready\",secret:t},\"*\")},!1)))}(window,document);\n\/\/# sourceURL=https:\/\/charente.catholique.fr\/nord-charente\/wp-includes\/js\/wp-embed.min.js\n\/* ]]> *\/\n<\/script>\n","thumbnail_url":"https:\/\/charente.catholique.fr\/nord-charente\/wp-content\/uploads\/sites\/4\/2022\/06\/eglise-renovee-2-scaled.jpg","thumbnail_width":2560,"thumbnail_height":1920,"description":"DIMANCHE 26 JUIN 2022 Le P\u00e8re Marc b\u00e9nira l\u2019\u00e9glise saint Andr\u00e9 de Ruffec Rendez-vous \u00e0 11 h sur le parvis de l\u2019\u00e9glise La restauration de notre \u00e9glise saint Andr\u00e9 est termin\u00e9e. Elle est la demeure de Dieu parmi les hommes En pr\u00e9sence des membres de notre Communaut\u00e9, Le P\u00e8re Marc prononcera Une&nbsp;pri\u00e8re de b\u00e9n\u00e9diction&nbsp; pour [&hellip;]"}