{"version":"1.0","provider_name":"Maison Dioc\u00e9saine","provider_url":"https:\/\/charente.catholique.fr\/maison-diocesaine","author_name":"Sylvaine","author_url":"https:\/\/charente.catholique.fr\/maison-diocesaine\/author\/sylvainelacrouts\/","title":"Se recueillir - Maison Dioc\u00e9saine","type":"rich","width":600,"height":338,"html":"<blockquote class=\"wp-embedded-content\" data-secret=\"R5aTAVudDF\"><a href=\"https:\/\/charente.catholique.fr\/maison-diocesaine\/se-recueillir\/\">Se recueillir<\/a><\/blockquote><iframe sandbox=\"allow-scripts\" security=\"restricted\" src=\"https:\/\/charente.catholique.fr\/maison-diocesaine\/se-recueillir\/embed\/#?secret=R5aTAVudDF\" width=\"600\" height=\"338\" title=\"\u00ab\u00a0Se recueillir\u00a0\u00bb &#8212; Maison Dioc\u00e9saine\" data-secret=\"R5aTAVudDF\" frameborder=\"0\" marginwidth=\"0\" marginheight=\"0\" scrolling=\"no\" class=\"wp-embedded-content\"><\/iframe><script type=\"text\/javascript\">\n\/* <![CDATA[ *\/\n\/*! This file is auto-generated *\/\n!function(d,l){\"use strict\";l.querySelector&&d.addEventListener&&\"undefined\"!=typeof URL&&(d.wp=d.wp||{},d.wp.receiveEmbedMessage||(d.wp.receiveEmbedMessage=function(e){var t=e.data;if((t||t.secret||t.message||t.value)&&!\/[^a-zA-Z0-9]\/.test(t.secret)){for(var s,r,n,a=l.querySelectorAll('iframe[data-secret=\"'+t.secret+'\"]'),o=l.querySelectorAll('blockquote[data-secret=\"'+t.secret+'\"]'),c=new RegExp(\"^https?:$\",\"i\"),i=0;i<o.length;i++)o[i].style.display=\"none\";for(i=0;i<a.length;i++)s=a[i],e.source===s.contentWindow&&(s.removeAttribute(\"style\"),\"height\"===t.message?(1e3<(r=parseInt(t.value,10))?r=1e3:~~r<200&&(r=200),s.height=r):\"link\"===t.message&&(r=new URL(s.getAttribute(\"src\")),n=new URL(t.value),c.test(n.protocol))&&n.host===r.host&&l.activeElement===s&&(d.top.location.href=t.value))}},d.addEventListener(\"message\",d.wp.receiveEmbedMessage,!1),l.addEventListener(\"DOMContentLoaded\",function(){for(var e,t,s=l.querySelectorAll(\"iframe.wp-embedded-content\"),r=0;r<s.length;r++)(t=(e=s[r]).getAttribute(\"data-secret\"))||(t=Math.random().toString(36).substring(2,12),e.src+=\"#?secret=\"+t,e.setAttribute(\"data-secret\",t)),e.contentWindow.postMessage({message:\"ready\",secret:t},\"*\")},!1)))}(window,document);\n\/\/# sourceURL=https:\/\/charente.catholique.fr\/maison-diocesaine\/wp-includes\/js\/wp-embed.min.js\n\/* ]]> *\/\n<\/script>\n","thumbnail_url":"https:\/\/charente.catholique.fr\/maison-diocesaine\/wp-content\/uploads\/sites\/8\/2024\/06\/cloitre-4.jpg","thumbnail_width":2016,"thumbnail_height":1512,"description":"Un havre de paix au c\u0153ur de la ville, avec des espaces verts, une chapelle et un oratoire pour venir se recueillir, prier, go\u00fbter au silence. La messe est c\u00e9l\u00e9br\u00e9e \u00e0 12h00 , \u00e0 la chapelle, du lundi au samedi."}