{"id":748,"date":"2020-09-25T12:38:36","date_gmt":"2020-09-25T10:38:36","guid":{"rendered":"https:\/\/charente.catholique.fr\/grand-angouleme\/?post_type=paroisse&#038;p=748"},"modified":"2024-08-09T18:40:49","modified_gmt":"2024-08-09T16:40:49","slug":"notre-dame-de-la-route","status":"publish","type":"paroisse","link":"https:\/\/charente.catholique.fr\/grand-angouleme\/paroisses\/saint-cybard-sur-charente-et-nouere\/les-septs-clochers\/notre-dame-de-la-route\/","title":{"rendered":"Notre Dame de La Route"},"content":{"rendered":"\n<div class=\"wp-block-image\"><figure class=\"aligncenter size-large\"><img loading=\"lazy\" decoding=\"async\" width=\"180\" height=\"122\" src=\"https:\/\/charente.catholique.fr\/grand-angouleme\/wp-content\/uploads\/sites\/2\/2020\/09\/arton2905-35249.jpg\" alt=\"\" class=\"wp-image-749\" \/><\/figure><\/div>\n\n\n\n<p><strong>L\u2019\u00e9glise Notre Dame de La Route est situ\u00e9e rue des Ecoles \u00e0 Saint Yrieix sur Charente, aux Planes&#8230;<\/strong><\/p>\n\n\n\n<p>C\u2019est l\u2019abb\u00e9 Vignaud, qui se lance avec les habitants et l\u2019aide de l\u2019architecte Pierre Laliard, dans la construction en 1949 de cette \u00e9glise. La rue des \u00e9coles est alors situ\u00e9e dans une zone mara\u00eech\u00e8re, mais la ville se d\u00e9veloppe rapidement. Une salle paroissiale est attenante et permet diff\u00e9rentes activit\u00e9s (cat\u00e9chisme, th\u00e9\u00e2tre&#8230;).<\/p>\n\n\n\n<div class=\"wp-block-image\"><figure class=\"alignleft size-large\"><img loading=\"lazy\" decoding=\"async\" width=\"250\" height=\"333\" src=\"https:\/\/charente.catholique.fr\/grand-angouleme\/wp-content\/uploads\/sites\/2\/2020\/09\/6e3ff0d03a065656-84f03.jpg\" alt=\"\" class=\"wp-image-750\" srcset=\"https:\/\/charente.catholique.fr\/grand-angouleme\/wp-content\/uploads\/sites\/2\/2020\/09\/6e3ff0d03a065656-84f03.jpg 250w, https:\/\/charente.catholique.fr\/grand-angouleme\/wp-content\/uploads\/sites\/2\/2020\/09\/6e3ff0d03a065656-84f03-225x300.jpg 225w\" sizes=\"auto, (max-width: 250px) 100vw, 250px\" \/><\/figure><\/div>\n\n\n\n<p>Depuis, l\u2019\u00e9glise a \u00e9t\u00e9 r\u00e9nov\u00e9e \u00e0 plusieurs reprises, la salle paroissiale reconstruite.<br>Le dernier embellissement date de 2015, avec un nouveau mobilier liturgique, con\u00e7u et r\u00e9alis\u00e9 par Charl\u00e9lie Chevalier, sculpteur-cr\u00e9ateur.<\/p>\n\n\n\n<p>&#8230;et depuis No\u00ebl 2015, les paroissiens ont pu d\u00e9couvrir la nouvelle croix et l\u2019autel auquel a \u00e9t\u00e9 rajout\u00e9e une plaque en m\u00e9tal avec l\u2019inscription &#8220;magnificat&#8221; en motif ajour\u00e9 (cr\u00e9\u00e9s par le m\u00eame artiste)<\/p>\n\n\n\n<h2 class=\"wp-block-heading\">En savoir plus<\/h2>\n\n\n\n<p>&gt;&gt;&nbsp;<a href=\"http:\/\/nominis.cef.fr\/contenus\/saint\/1739\/Saint-Yrieix.html\">Saint Yrieix<\/a>&nbsp;sur le site Nominis<\/p>\n\n\n\n<div class=\"wp-block-image\"><figure class=\"aligncenter size-large\"><img loading=\"lazy\" decoding=\"async\" width=\"500\" height=\"375\" src=\"https:\/\/charente.catholique.fr\/grand-angouleme\/wp-content\/uploads\/sites\/2\/2020\/09\/290b3ca16aec96bf-d7fc3.jpg\" alt=\"\" class=\"wp-image-751\" srcset=\"https:\/\/charente.catholique.fr\/grand-angouleme\/wp-content\/uploads\/sites\/2\/2020\/09\/290b3ca16aec96bf-d7fc3.jpg 500w, https:\/\/charente.catholique.fr\/grand-angouleme\/wp-content\/uploads\/sites\/2\/2020\/09\/290b3ca16aec96bf-d7fc3-300x225.jpg 300w\" sizes=\"auto, (max-width: 500px) 100vw, 500px\" \/><\/figure><\/div>\n\n\n\n<div class=\"wp-block-image\"><figure class=\"aligncenter size-large\"><img loading=\"lazy\" decoding=\"async\" width=\"500\" height=\"375\" src=\"https:\/\/charente.catholique.fr\/grand-angouleme\/wp-content\/uploads\/sites\/2\/2020\/09\/06c8e6dcfd1b65aa-a675d.jpg\" alt=\"\" class=\"wp-image-752\" srcset=\"https:\/\/charente.catholique.fr\/grand-angouleme\/wp-content\/uploads\/sites\/2\/2020\/09\/06c8e6dcfd1b65aa-a675d.jpg 500w, https:\/\/charente.catholique.fr\/grand-angouleme\/wp-content\/uploads\/sites\/2\/2020\/09\/06c8e6dcfd1b65aa-a675d-300x225.jpg 300w\" sizes=\"auto, (max-width: 500px) 100vw, 500px\" \/><figcaption>La croix et l\u2019autel<\/figcaption><\/figure><\/div>\n","protected":false},"author":14,"featured_media":749,"parent":732,"menu_order":118,"template":"","meta":{"_acf_changed":false,"paroisse":["5"],"service":[],"footnotes":""},"class_list":["post-748","paroisse","type-paroisse","status-publish","has-post-thumbnail","hentry"],"acf":[],"yoast_head":"<!-- This site is optimized with the Yoast SEO plugin v27.1.1 - https:\/\/yoast.com\/product\/yoast-seo-wordpress\/ -->\n<title>Notre Dame de La Route - Doyenn\u00e9 Grand Angoul\u00eame<\/title>\n<meta name=\"robots\" content=\"index, follow, max-snippet:-1, max-image-preview:large, max-video-preview:-1\" \/>\n<link rel=\"canonical\" href=\"https:\/\/charente.catholique.fr\/grand-angouleme\/paroisses\/saint-cybard-sur-charente-et-nouere\/les-septs-clochers\/notre-dame-de-la-route\/\" \/>\n<meta property=\"og:locale\" content=\"fr_FR\" \/>\n<meta property=\"og:type\" content=\"article\" \/>\n<meta property=\"og:title\" content=\"Notre Dame de La Route - Doyenn\u00e9 Grand Angoul\u00eame\" \/>\n<meta property=\"og:description\" content=\"L\u2019\u00e9glise Notre Dame de La Route est situ\u00e9e rue des Ecoles \u00e0 Saint Yrieix sur Charente, aux Planes&#8230; C\u2019est l\u2019abb\u00e9 Vignaud, qui se lance avec les habitants et l\u2019aide de l\u2019architecte Pierre Laliard, dans la construction en 1949 de cette \u00e9glise. La rue des \u00e9coles est alors situ\u00e9e dans une zone mara\u00eech\u00e8re, mais la ville [&hellip;]\" \/>\n<meta property=\"og:url\" content=\"https:\/\/charente.catholique.fr\/grand-angouleme\/paroisses\/saint-cybard-sur-charente-et-nouere\/les-septs-clochers\/notre-dame-de-la-route\/\" \/>\n<meta property=\"og:site_name\" content=\"Doyenn\u00e9 Grand Angoul\u00eame\" \/>\n<meta property=\"article:publisher\" content=\"https:\/\/www.facebook.com\/EgliseCatholiqueCharente\" \/>\n<meta property=\"article:modified_time\" content=\"2024-08-09T16:40:49+00:00\" \/>\n<meta property=\"og:image\" content=\"https:\/\/charente.catholique.fr\/grand-angouleme\/wp-content\/uploads\/sites\/2\/2020\/09\/arton2905-35249.jpg\" \/>\n\t<meta property=\"og:image:width\" content=\"180\" \/>\n\t<meta property=\"og:image:height\" content=\"122\" \/>\n\t<meta property=\"og:image:type\" content=\"image\/jpeg\" \/>\n<meta name=\"twitter:card\" content=\"summary_large_image\" \/>\n<meta name=\"twitter:site\" content=\"@diocesecharente\" \/>\n<meta name=\"twitter:label1\" content=\"Dur\u00e9e de lecture estim\u00e9e\" \/>\n\t<meta name=\"twitter:data1\" content=\"2 minutes\" \/>\n<script type=\"application\/ld+json\" class=\"yoast-schema-graph\">{\"@context\":\"https:\/\/schema.org\",\"@graph\":[{\"@type\":\"WebPage\",\"@id\":\"https:\/\/charente.catholique.fr\/grand-angouleme\/paroisses\/saint-cybard-sur-charente-et-nouere\/les-septs-clochers\/notre-dame-de-la-route\/\",\"url\":\"https:\/\/charente.catholique.fr\/grand-angouleme\/paroisses\/saint-cybard-sur-charente-et-nouere\/les-septs-clochers\/notre-dame-de-la-route\/\",\"name\":\"Notre Dame de La Route - Doyenn\u00e9 Grand Angoul\u00eame\",\"isPartOf\":{\"@id\":\"https:\/\/charente.catholique.fr\/grand-angouleme\/#website\"},\"primaryImageOfPage\":{\"@id\":\"https:\/\/charente.catholique.fr\/grand-angouleme\/paroisses\/saint-cybard-sur-charente-et-nouere\/les-septs-clochers\/notre-dame-de-la-route\/#primaryimage\"},\"image\":{\"@id\":\"https:\/\/charente.catholique.fr\/grand-angouleme\/paroisses\/saint-cybard-sur-charente-et-nouere\/les-septs-clochers\/notre-dame-de-la-route\/#primaryimage\"},\"thumbnailUrl\":\"https:\/\/charente.catholique.fr\/grand-angouleme\/wp-content\/uploads\/sites\/2\/2020\/09\/arton2905-35249.jpg\",\"datePublished\":\"2020-09-25T10:38:36+00:00\",\"dateModified\":\"2024-08-09T16:40:49+00:00\",\"breadcrumb\":{\"@id\":\"https:\/\/charente.catholique.fr\/grand-angouleme\/paroisses\/saint-cybard-sur-charente-et-nouere\/les-septs-clochers\/notre-dame-de-la-route\/#breadcrumb\"},\"inLanguage\":\"fr-FR\",\"potentialAction\":[{\"@type\":\"ReadAction\",\"target\":[\"https:\/\/charente.catholique.fr\/grand-angouleme\/paroisses\/saint-cybard-sur-charente-et-nouere\/les-septs-clochers\/notre-dame-de-la-route\/\"]}]},{\"@type\":\"ImageObject\",\"inLanguage\":\"fr-FR\",\"@id\":\"https:\/\/charente.catholique.fr\/grand-angouleme\/paroisses\/saint-cybard-sur-charente-et-nouere\/les-septs-clochers\/notre-dame-de-la-route\/#primaryimage\",\"url\":\"https:\/\/charente.catholique.fr\/grand-angouleme\/wp-content\/uploads\/sites\/2\/2020\/09\/arton2905-35249.jpg\",\"contentUrl\":\"https:\/\/charente.catholique.fr\/grand-angouleme\/wp-content\/uploads\/sites\/2\/2020\/09\/arton2905-35249.jpg\",\"width\":180,\"height\":122},{\"@type\":\"BreadcrumbList\",\"@id\":\"https:\/\/charente.catholique.fr\/grand-angouleme\/paroisses\/saint-cybard-sur-charente-et-nouere\/les-septs-clochers\/notre-dame-de-la-route\/#breadcrumb\",\"itemListElement\":[{\"@type\":\"ListItem\",\"position\":1,\"name\":\"Accueil\",\"item\":\"https:\/\/charente.catholique.fr\/grand-angouleme\/\"},{\"@type\":\"ListItem\",\"position\":2,\"name\":\"Saint Cybard sur Charente et Nou\u00e8re\",\"item\":\"https:\/\/charente.catholique.fr\/grand-angouleme\/paroisses\/saint-cybard-sur-charente-et-nouere\/\"},{\"@type\":\"ListItem\",\"position\":3,\"name\":\"Les dix clochers\",\"item\":\"https:\/\/charente.catholique.fr\/grand-angouleme\/paroisses\/saint-cybard-sur-charente-et-nouere\/les-septs-clochers\/\"},{\"@type\":\"ListItem\",\"position\":4,\"name\":\"Notre Dame de La Route\"}]},{\"@type\":\"WebSite\",\"@id\":\"https:\/\/charente.catholique.fr\/grand-angouleme\/#website\",\"url\":\"https:\/\/charente.catholique.fr\/grand-angouleme\/\",\"name\":\"Doyenn\u00e9 Grand Angoul\u00eame - Dioc\u00e8se d'Angoul\u00eame\",\"description\":\"Dioc\u00e8se d&#039;Angoul\u00eame\",\"publisher\":{\"@id\":\"https:\/\/charente.catholique.fr\/grand-angouleme\/#organization\"},\"potentialAction\":[{\"@type\":\"SearchAction\",\"target\":{\"@type\":\"EntryPoint\",\"urlTemplate\":\"https:\/\/charente.catholique.fr\/grand-angouleme\/?s={search_term_string}\"},\"query-input\":{\"@type\":\"PropertyValueSpecification\",\"valueRequired\":true,\"valueName\":\"search_term_string\"}}],\"inLanguage\":\"fr-FR\"},{\"@type\":\"Organization\",\"@id\":\"https:\/\/charente.catholique.fr\/grand-angouleme\/#organization\",\"name\":\"Association Dioc\u00e9saine d'Angoul\u00eame\",\"url\":\"https:\/\/charente.catholique.fr\/grand-angouleme\/\",\"logo\":{\"@type\":\"ImageObject\",\"inLanguage\":\"fr-FR\",\"@id\":\"https:\/\/charente.catholique.fr\/grand-angouleme\/#\/schema\/logo\/image\/\",\"url\":\"https:\/\/charente.catholique.fr\/grand-angouleme\/wp-content\/uploads\/sites\/2\/2020\/10\/logos.png\",\"contentUrl\":\"https:\/\/charente.catholique.fr\/grand-angouleme\/wp-content\/uploads\/sites\/2\/2020\/10\/logos.png\",\"width\":600,\"height\":257,\"caption\":\"Association Dioc\u00e9saine d'Angoul\u00eame\"},\"image\":{\"@id\":\"https:\/\/charente.catholique.fr\/grand-angouleme\/#\/schema\/logo\/image\/\"},\"sameAs\":[\"https:\/\/www.facebook.com\/EgliseCatholiqueCharente\",\"https:\/\/x.com\/diocesecharente\",\"https:\/\/www.instagram.com\/eglisecharente\",\"https:\/\/www.youtube.com\/channel\/UCByyFWApZbw3gDTiADoiAaQ\"]}]}<\/script>\n<!-- \/ Yoast SEO plugin. -->","yoast_head_json":{"title":"Notre Dame de La Route - Doyenn\u00e9 Grand Angoul\u00eame","robots":{"index":"index","follow":"follow","max-snippet":"max-snippet:-1","max-image-preview":"max-image-preview:large","max-video-preview":"max-video-preview:-1"},"canonical":"https:\/\/charente.catholique.fr\/grand-angouleme\/paroisses\/saint-cybard-sur-charente-et-nouere\/les-septs-clochers\/notre-dame-de-la-route\/","og_locale":"fr_FR","og_type":"article","og_title":"Notre Dame de La Route - Doyenn\u00e9 Grand Angoul\u00eame","og_description":"L\u2019\u00e9glise Notre Dame de La Route est situ\u00e9e rue des Ecoles \u00e0 Saint Yrieix sur Charente, aux Planes&#8230; C\u2019est l\u2019abb\u00e9 Vignaud, qui se lance avec les habitants et l\u2019aide de l\u2019architecte Pierre Laliard, dans la construction en 1949 de cette \u00e9glise. La rue des \u00e9coles est alors situ\u00e9e dans une zone mara\u00eech\u00e8re, mais la ville [&hellip;]","og_url":"https:\/\/charente.catholique.fr\/grand-angouleme\/paroisses\/saint-cybard-sur-charente-et-nouere\/les-septs-clochers\/notre-dame-de-la-route\/","og_site_name":"Doyenn\u00e9 Grand Angoul\u00eame","article_publisher":"https:\/\/www.facebook.com\/EgliseCatholiqueCharente","article_modified_time":"2024-08-09T16:40:49+00:00","og_image":[{"width":180,"height":122,"url":"https:\/\/charente.catholique.fr\/grand-angouleme\/wp-content\/uploads\/sites\/2\/2020\/09\/arton2905-35249.jpg","type":"image\/jpeg"}],"twitter_card":"summary_large_image","twitter_site":"@diocesecharente","twitter_misc":{"Dur\u00e9e de lecture estim\u00e9e":"2 minutes"},"schema":{"@context":"https:\/\/schema.org","@graph":[{"@type":"WebPage","@id":"https:\/\/charente.catholique.fr\/grand-angouleme\/paroisses\/saint-cybard-sur-charente-et-nouere\/les-septs-clochers\/notre-dame-de-la-route\/","url":"https:\/\/charente.catholique.fr\/grand-angouleme\/paroisses\/saint-cybard-sur-charente-et-nouere\/les-septs-clochers\/notre-dame-de-la-route\/","name":"Notre Dame de La Route - Doyenn\u00e9 Grand Angoul\u00eame","isPartOf":{"@id":"https:\/\/charente.catholique.fr\/grand-angouleme\/#website"},"primaryImageOfPage":{"@id":"https:\/\/charente.catholique.fr\/grand-angouleme\/paroisses\/saint-cybard-sur-charente-et-nouere\/les-septs-clochers\/notre-dame-de-la-route\/#primaryimage"},"image":{"@id":"https:\/\/charente.catholique.fr\/grand-angouleme\/paroisses\/saint-cybard-sur-charente-et-nouere\/les-septs-clochers\/notre-dame-de-la-route\/#primaryimage"},"thumbnailUrl":"https:\/\/charente.catholique.fr\/grand-angouleme\/wp-content\/uploads\/sites\/2\/2020\/09\/arton2905-35249.jpg","datePublished":"2020-09-25T10:38:36+00:00","dateModified":"2024-08-09T16:40:49+00:00","breadcrumb":{"@id":"https:\/\/charente.catholique.fr\/grand-angouleme\/paroisses\/saint-cybard-sur-charente-et-nouere\/les-septs-clochers\/notre-dame-de-la-route\/#breadcrumb"},"inLanguage":"fr-FR","potentialAction":[{"@type":"ReadAction","target":["https:\/\/charente.catholique.fr\/grand-angouleme\/paroisses\/saint-cybard-sur-charente-et-nouere\/les-septs-clochers\/notre-dame-de-la-route\/"]}]},{"@type":"ImageObject","inLanguage":"fr-FR","@id":"https:\/\/charente.catholique.fr\/grand-angouleme\/paroisses\/saint-cybard-sur-charente-et-nouere\/les-septs-clochers\/notre-dame-de-la-route\/#primaryimage","url":"https:\/\/charente.catholique.fr\/grand-angouleme\/wp-content\/uploads\/sites\/2\/2020\/09\/arton2905-35249.jpg","contentUrl":"https:\/\/charente.catholique.fr\/grand-angouleme\/wp-content\/uploads\/sites\/2\/2020\/09\/arton2905-35249.jpg","width":180,"height":122},{"@type":"BreadcrumbList","@id":"https:\/\/charente.catholique.fr\/grand-angouleme\/paroisses\/saint-cybard-sur-charente-et-nouere\/les-septs-clochers\/notre-dame-de-la-route\/#breadcrumb","itemListElement":[{"@type":"ListItem","position":1,"name":"Accueil","item":"https:\/\/charente.catholique.fr\/grand-angouleme\/"},{"@type":"ListItem","position":2,"name":"Saint Cybard sur Charente et Nou\u00e8re","item":"https:\/\/charente.catholique.fr\/grand-angouleme\/paroisses\/saint-cybard-sur-charente-et-nouere\/"},{"@type":"ListItem","position":3,"name":"Les dix clochers","item":"https:\/\/charente.catholique.fr\/grand-angouleme\/paroisses\/saint-cybard-sur-charente-et-nouere\/les-septs-clochers\/"},{"@type":"ListItem","position":4,"name":"Notre Dame de La Route"}]},{"@type":"WebSite","@id":"https:\/\/charente.catholique.fr\/grand-angouleme\/#website","url":"https:\/\/charente.catholique.fr\/grand-angouleme\/","name":"Doyenn\u00e9 Grand Angoul\u00eame - Dioc\u00e8se d'Angoul\u00eame","description":"Dioc\u00e8se d&#039;Angoul\u00eame","publisher":{"@id":"https:\/\/charente.catholique.fr\/grand-angouleme\/#organization"},"potentialAction":[{"@type":"SearchAction","target":{"@type":"EntryPoint","urlTemplate":"https:\/\/charente.catholique.fr\/grand-angouleme\/?s={search_term_string}"},"query-input":{"@type":"PropertyValueSpecification","valueRequired":true,"valueName":"search_term_string"}}],"inLanguage":"fr-FR"},{"@type":"Organization","@id":"https:\/\/charente.catholique.fr\/grand-angouleme\/#organization","name":"Association Dioc\u00e9saine d'Angoul\u00eame","url":"https:\/\/charente.catholique.fr\/grand-angouleme\/","logo":{"@type":"ImageObject","inLanguage":"fr-FR","@id":"https:\/\/charente.catholique.fr\/grand-angouleme\/#\/schema\/logo\/image\/","url":"https:\/\/charente.catholique.fr\/grand-angouleme\/wp-content\/uploads\/sites\/2\/2020\/10\/logos.png","contentUrl":"https:\/\/charente.catholique.fr\/grand-angouleme\/wp-content\/uploads\/sites\/2\/2020\/10\/logos.png","width":600,"height":257,"caption":"Association Dioc\u00e9saine d'Angoul\u00eame"},"image":{"@id":"https:\/\/charente.catholique.fr\/grand-angouleme\/#\/schema\/logo\/image\/"},"sameAs":["https:\/\/www.facebook.com\/EgliseCatholiqueCharente","https:\/\/x.com\/diocesecharente","https:\/\/www.instagram.com\/eglisecharente","https:\/\/www.youtube.com\/channel\/UCByyFWApZbw3gDTiADoiAaQ"]}]}},"_links":{"self":[{"href":"https:\/\/charente.catholique.fr\/grand-angouleme\/wp-json\/wp\/v2\/paroisse\/748","targetHints":{"allow":["GET"]}}],"collection":[{"href":"https:\/\/charente.catholique.fr\/grand-angouleme\/wp-json\/wp\/v2\/paroisse"}],"about":[{"href":"https:\/\/charente.catholique.fr\/grand-angouleme\/wp-json\/wp\/v2\/types\/paroisse"}],"author":[{"embeddable":true,"href":"https:\/\/charente.catholique.fr\/grand-angouleme\/wp-json\/wp\/v2\/users\/14"}],"version-history":[{"count":4,"href":"https:\/\/charente.catholique.fr\/grand-angouleme\/wp-json\/wp\/v2\/paroisse\/748\/revisions"}],"predecessor-version":[{"id":24917,"href":"https:\/\/charente.catholique.fr\/grand-angouleme\/wp-json\/wp\/v2\/paroisse\/748\/revisions\/24917"}],"up":[{"embeddable":true,"href":"https:\/\/charente.catholique.fr\/grand-angouleme\/wp-json\/wp\/v2\/paroisse\/732"}],"wp:featuredmedia":[{"embeddable":true,"href":"https:\/\/charente.catholique.fr\/grand-angouleme\/wp-json\/wp\/v2\/media\/749"}],"wp:attachment":[{"href":"https:\/\/charente.catholique.fr\/grand-angouleme\/wp-json\/wp\/v2\/media?parent=748"}],"curies":[{"name":"wp","href":"https:\/\/api.w.org\/{rel}","templated":true}]}}