{"id":739,"date":"2020-09-25T12:31:54","date_gmt":"2020-09-25T10:31:54","guid":{"rendered":"https:\/\/charente.catholique.fr\/grand-angouleme\/?post_type=paroisse&#038;p=739"},"modified":"2020-10-01T16:24:40","modified_gmt":"2020-10-01T14:24:40","slug":"eglise-de-linars","status":"publish","type":"paroisse","link":"https:\/\/charente.catholique.fr\/grand-angouleme\/paroisses\/saint-cybard-sur-charente-et-nouere\/les-septs-clochers\/eglise-de-linars\/","title":{"rendered":"Eglise de Linars"},"content":{"rendered":"\n<div class=\"wp-block-image\"><figure class=\"aligncenter size-large\"><img loading=\"lazy\" decoding=\"async\" width=\"188\" height=\"250\" src=\"https:\/\/charente.catholique.fr\/grand-angouleme\/wp-content\/uploads\/sites\/2\/2020\/09\/arton2486-f1368.png\" alt=\"\" class=\"wp-image-740\"\/><\/figure><\/div>\n\n\n\n<p>L\u2019\u00e9glise Saint Pierre de Linars fut \u00e9difi\u00e9e au XIII\u00e8me si\u00e8cle puis en partie reb\u00e2tie vers la fin du XVI\u00e8me si\u00e8cle, apr\u00e8s les guerres de religion. Cette \u00e9glise romane est class\u00e9e monument historique depuis le 13 juin 1913, notamment pour sa fa\u00e7ade \u00e0 arcatures orn\u00e9e d\u2019animaux en buste et de modillons sculpt\u00e9s.<\/p>\n\n\n\n<p>Le clocher, de forme originale, \u00e9voque une tour de guet permettant de surveiller les alentours.<\/p>\n\n\n\n<p>L\u2019\u00e9glise est d\u00e9di\u00e9e \u00e0 Saint Pierre l\u2019ap\u00f4tre que l\u2019on dit le prince des ap\u00f4tres.<br>Il est le premier des 12 disciples, chef et missionnaire de l\u2019Eglise primitive et, selon la tradition, premier \u00e9v\u00eaque de Rome et premier pape.<\/p>\n\n\n\n<p>Pierre est originaire de Bethsa\u00efda, ville que l\u2019on situe pr\u00e8s de l\u2019embouchure du Jourdain. Son vrai nom, Simon, est d\u2019origine grecque. Pierre \u00e9tait certainement bilingue aram\u00e9en et grec comme la plupart des gens de la r\u00e9gion.<br>Apr\u00e8s son mariage, il s\u2019installe \u00e0 Capharna\u00fcm o\u00f9 il exerce le m\u00e9tier de p\u00eacheur. Sa maison servira de base pour la mission itin\u00e9rante de J\u00e9sus. Un lieu d\u2019accueil et d\u2019enseignement. Il est possible que sa position pr\u00e9\u00e9minente au sein des douze lui vienne en partie du fait qu\u2019il fut l\u2019h\u00f4te du Ma\u00eetre.<\/p>\n\n\n\n<p>Son surnom de Pierre (Kephas en aram\u00e9en et Petros en grec) signifie roc. Ce n\u2019\u00e9tait alors qu\u2019un surnom qui, apr\u00e8s lui, deviendra un nom.<\/p>\n\n\n\n<p>Pierre joua un r\u00f4le important dans la premi\u00e8re communaut\u00e9 de J\u00e9rusalem. Toutefois, il fut tr\u00e8s vite rel\u00e9gu\u00e9 \u00e0 un r\u00f4le de missionnaire itin\u00e9rant. Ses innovations n\u2019\u00e9taient pas du go\u00fbt de la majorit\u00e9 des juifs-chr\u00e9tiens de J\u00e9rusalem, ni des juifs en g\u00e9n\u00e9ral. Il est inqui\u00e9t\u00e9, poursuivi par ses ennemis et meurt martyr en 64 de la pers\u00e9cution de N\u00e9ron. Il demanda \u00e0 ses bourreaux d\u2019\u00eatre crucifi\u00e9 la t\u00eate en bas afin d\u2019honorer le Seigneur en inclinant la t\u00eate sous ses pieds.<\/p>\n\n\n\n<p>Au sein de nos communaut\u00e9s, \u00e0 la suite de Pierre, soyons des missionnaires pour poursuivre l\u2019\u0153uvre de J\u00e9sus.<\/p>\n\n\n\n<p>Selon la tradition, Saint Pierre poss\u00e8de deux cl\u00e9s&nbsp;: l\u2019une en or, c\u00e9leste, l\u2019autre en argent, terrestre. Il a ainsi la capacit\u00e9 d\u2019ouvrir et de fermer le Paradis. On le repr\u00e9sente toujours tenant \u00e0 la main ces deux cl\u00e9s.<\/p>\n","protected":false},"author":14,"featured_media":740,"parent":732,"menu_order":114,"template":"","meta":{"_acf_changed":false,"paroisse":["5"],"service":[],"footnotes":""},"class_list":["post-739","paroisse","type-paroisse","status-publish","has-post-thumbnail","hentry"],"acf":[],"yoast_head":"<!-- This site is optimized with the Yoast SEO plugin v27.1.1 - https:\/\/yoast.com\/product\/yoast-seo-wordpress\/ -->\n<title>Eglise de Linars - Doyenn\u00e9 Grand Angoul\u00eame<\/title>\n<meta name=\"robots\" content=\"index, follow, max-snippet:-1, max-image-preview:large, max-video-preview:-1\" \/>\n<link rel=\"canonical\" href=\"https:\/\/charente.catholique.fr\/grand-angouleme\/paroisses\/saint-cybard-sur-charente-et-nouere\/les-septs-clochers\/eglise-de-linars\/\" \/>\n<meta property=\"og:locale\" content=\"fr_FR\" \/>\n<meta property=\"og:type\" content=\"article\" \/>\n<meta property=\"og:title\" content=\"Eglise de Linars - Doyenn\u00e9 Grand Angoul\u00eame\" \/>\n<meta property=\"og:description\" content=\"L\u2019\u00e9glise Saint Pierre de Linars fut \u00e9difi\u00e9e au XIII\u00e8me si\u00e8cle puis en partie reb\u00e2tie vers la fin du XVI\u00e8me si\u00e8cle, apr\u00e8s les guerres de religion. Cette \u00e9glise romane est class\u00e9e monument historique depuis le 13 juin 1913, notamment pour sa fa\u00e7ade \u00e0 arcatures orn\u00e9e d\u2019animaux en buste et de modillons sculpt\u00e9s. Le clocher, de forme [&hellip;]\" \/>\n<meta property=\"og:url\" content=\"https:\/\/charente.catholique.fr\/grand-angouleme\/paroisses\/saint-cybard-sur-charente-et-nouere\/les-septs-clochers\/eglise-de-linars\/\" \/>\n<meta property=\"og:site_name\" content=\"Doyenn\u00e9 Grand Angoul\u00eame\" \/>\n<meta property=\"article:publisher\" content=\"https:\/\/www.facebook.com\/EgliseCatholiqueCharente\" \/>\n<meta property=\"article:modified_time\" content=\"2020-10-01T14:24:40+00:00\" \/>\n<meta property=\"og:image\" content=\"https:\/\/charente.catholique.fr\/grand-angouleme\/wp-content\/uploads\/sites\/2\/2020\/09\/arton2486-f1368.png\" \/>\n\t<meta property=\"og:image:width\" content=\"188\" \/>\n\t<meta property=\"og:image:height\" content=\"250\" \/>\n\t<meta property=\"og:image:type\" content=\"image\/png\" \/>\n<meta name=\"twitter:card\" content=\"summary_large_image\" \/>\n<meta name=\"twitter:site\" content=\"@diocesecharente\" \/>\n<meta name=\"twitter:label1\" content=\"Dur\u00e9e de lecture estim\u00e9e\" \/>\n\t<meta name=\"twitter:data1\" content=\"2 minutes\" \/>\n<script type=\"application\/ld+json\" class=\"yoast-schema-graph\">{\"@context\":\"https:\/\/schema.org\",\"@graph\":[{\"@type\":\"WebPage\",\"@id\":\"https:\/\/charente.catholique.fr\/grand-angouleme\/paroisses\/saint-cybard-sur-charente-et-nouere\/les-septs-clochers\/eglise-de-linars\/\",\"url\":\"https:\/\/charente.catholique.fr\/grand-angouleme\/paroisses\/saint-cybard-sur-charente-et-nouere\/les-septs-clochers\/eglise-de-linars\/\",\"name\":\"Eglise de Linars - Doyenn\u00e9 Grand Angoul\u00eame\",\"isPartOf\":{\"@id\":\"https:\/\/charente.catholique.fr\/grand-angouleme\/#website\"},\"primaryImageOfPage\":{\"@id\":\"https:\/\/charente.catholique.fr\/grand-angouleme\/paroisses\/saint-cybard-sur-charente-et-nouere\/les-septs-clochers\/eglise-de-linars\/#primaryimage\"},\"image\":{\"@id\":\"https:\/\/charente.catholique.fr\/grand-angouleme\/paroisses\/saint-cybard-sur-charente-et-nouere\/les-septs-clochers\/eglise-de-linars\/#primaryimage\"},\"thumbnailUrl\":\"https:\/\/charente.catholique.fr\/grand-angouleme\/wp-content\/uploads\/sites\/2\/2020\/09\/arton2486-f1368.png\",\"datePublished\":\"2020-09-25T10:31:54+00:00\",\"dateModified\":\"2020-10-01T14:24:40+00:00\",\"breadcrumb\":{\"@id\":\"https:\/\/charente.catholique.fr\/grand-angouleme\/paroisses\/saint-cybard-sur-charente-et-nouere\/les-septs-clochers\/eglise-de-linars\/#breadcrumb\"},\"inLanguage\":\"fr-FR\",\"potentialAction\":[{\"@type\":\"ReadAction\",\"target\":[\"https:\/\/charente.catholique.fr\/grand-angouleme\/paroisses\/saint-cybard-sur-charente-et-nouere\/les-septs-clochers\/eglise-de-linars\/\"]}]},{\"@type\":\"ImageObject\",\"inLanguage\":\"fr-FR\",\"@id\":\"https:\/\/charente.catholique.fr\/grand-angouleme\/paroisses\/saint-cybard-sur-charente-et-nouere\/les-septs-clochers\/eglise-de-linars\/#primaryimage\",\"url\":\"https:\/\/charente.catholique.fr\/grand-angouleme\/wp-content\/uploads\/sites\/2\/2020\/09\/arton2486-f1368.png\",\"contentUrl\":\"https:\/\/charente.catholique.fr\/grand-angouleme\/wp-content\/uploads\/sites\/2\/2020\/09\/arton2486-f1368.png\",\"width\":188,\"height\":250},{\"@type\":\"BreadcrumbList\",\"@id\":\"https:\/\/charente.catholique.fr\/grand-angouleme\/paroisses\/saint-cybard-sur-charente-et-nouere\/les-septs-clochers\/eglise-de-linars\/#breadcrumb\",\"itemListElement\":[{\"@type\":\"ListItem\",\"position\":1,\"name\":\"Accueil\",\"item\":\"https:\/\/charente.catholique.fr\/grand-angouleme\/\"},{\"@type\":\"ListItem\",\"position\":2,\"name\":\"Saint Cybard sur Charente et Nou\u00e8re\",\"item\":\"https:\/\/charente.catholique.fr\/grand-angouleme\/paroisses\/saint-cybard-sur-charente-et-nouere\/\"},{\"@type\":\"ListItem\",\"position\":3,\"name\":\"Les dix clochers\",\"item\":\"https:\/\/charente.catholique.fr\/grand-angouleme\/paroisses\/saint-cybard-sur-charente-et-nouere\/les-septs-clochers\/\"},{\"@type\":\"ListItem\",\"position\":4,\"name\":\"Eglise de Linars\"}]},{\"@type\":\"WebSite\",\"@id\":\"https:\/\/charente.catholique.fr\/grand-angouleme\/#website\",\"url\":\"https:\/\/charente.catholique.fr\/grand-angouleme\/\",\"name\":\"Doyenn\u00e9 Grand Angoul\u00eame - Dioc\u00e8se d'Angoul\u00eame\",\"description\":\"Dioc\u00e8se d&#039;Angoul\u00eame\",\"publisher\":{\"@id\":\"https:\/\/charente.catholique.fr\/grand-angouleme\/#organization\"},\"potentialAction\":[{\"@type\":\"SearchAction\",\"target\":{\"@type\":\"EntryPoint\",\"urlTemplate\":\"https:\/\/charente.catholique.fr\/grand-angouleme\/?s={search_term_string}\"},\"query-input\":{\"@type\":\"PropertyValueSpecification\",\"valueRequired\":true,\"valueName\":\"search_term_string\"}}],\"inLanguage\":\"fr-FR\"},{\"@type\":\"Organization\",\"@id\":\"https:\/\/charente.catholique.fr\/grand-angouleme\/#organization\",\"name\":\"Association Dioc\u00e9saine d'Angoul\u00eame\",\"url\":\"https:\/\/charente.catholique.fr\/grand-angouleme\/\",\"logo\":{\"@type\":\"ImageObject\",\"inLanguage\":\"fr-FR\",\"@id\":\"https:\/\/charente.catholique.fr\/grand-angouleme\/#\/schema\/logo\/image\/\",\"url\":\"https:\/\/charente.catholique.fr\/grand-angouleme\/wp-content\/uploads\/sites\/2\/2020\/10\/logos.png\",\"contentUrl\":\"https:\/\/charente.catholique.fr\/grand-angouleme\/wp-content\/uploads\/sites\/2\/2020\/10\/logos.png\",\"width\":600,\"height\":257,\"caption\":\"Association Dioc\u00e9saine d'Angoul\u00eame\"},\"image\":{\"@id\":\"https:\/\/charente.catholique.fr\/grand-angouleme\/#\/schema\/logo\/image\/\"},\"sameAs\":[\"https:\/\/www.facebook.com\/EgliseCatholiqueCharente\",\"https:\/\/x.com\/diocesecharente\",\"https:\/\/www.instagram.com\/eglisecharente\",\"https:\/\/www.youtube.com\/channel\/UCByyFWApZbw3gDTiADoiAaQ\"]}]}<\/script>\n<!-- \/ Yoast SEO plugin. -->","yoast_head_json":{"title":"Eglise de Linars - Doyenn\u00e9 Grand Angoul\u00eame","robots":{"index":"index","follow":"follow","max-snippet":"max-snippet:-1","max-image-preview":"max-image-preview:large","max-video-preview":"max-video-preview:-1"},"canonical":"https:\/\/charente.catholique.fr\/grand-angouleme\/paroisses\/saint-cybard-sur-charente-et-nouere\/les-septs-clochers\/eglise-de-linars\/","og_locale":"fr_FR","og_type":"article","og_title":"Eglise de Linars - Doyenn\u00e9 Grand Angoul\u00eame","og_description":"L\u2019\u00e9glise Saint Pierre de Linars fut \u00e9difi\u00e9e au XIII\u00e8me si\u00e8cle puis en partie reb\u00e2tie vers la fin du XVI\u00e8me si\u00e8cle, apr\u00e8s les guerres de religion. Cette \u00e9glise romane est class\u00e9e monument historique depuis le 13 juin 1913, notamment pour sa fa\u00e7ade \u00e0 arcatures orn\u00e9e d\u2019animaux en buste et de modillons sculpt\u00e9s. Le clocher, de forme [&hellip;]","og_url":"https:\/\/charente.catholique.fr\/grand-angouleme\/paroisses\/saint-cybard-sur-charente-et-nouere\/les-septs-clochers\/eglise-de-linars\/","og_site_name":"Doyenn\u00e9 Grand Angoul\u00eame","article_publisher":"https:\/\/www.facebook.com\/EgliseCatholiqueCharente","article_modified_time":"2020-10-01T14:24:40+00:00","og_image":[{"width":188,"height":250,"url":"https:\/\/charente.catholique.fr\/grand-angouleme\/wp-content\/uploads\/sites\/2\/2020\/09\/arton2486-f1368.png","type":"image\/png"}],"twitter_card":"summary_large_image","twitter_site":"@diocesecharente","twitter_misc":{"Dur\u00e9e de lecture estim\u00e9e":"2 minutes"},"schema":{"@context":"https:\/\/schema.org","@graph":[{"@type":"WebPage","@id":"https:\/\/charente.catholique.fr\/grand-angouleme\/paroisses\/saint-cybard-sur-charente-et-nouere\/les-septs-clochers\/eglise-de-linars\/","url":"https:\/\/charente.catholique.fr\/grand-angouleme\/paroisses\/saint-cybard-sur-charente-et-nouere\/les-septs-clochers\/eglise-de-linars\/","name":"Eglise de Linars - Doyenn\u00e9 Grand Angoul\u00eame","isPartOf":{"@id":"https:\/\/charente.catholique.fr\/grand-angouleme\/#website"},"primaryImageOfPage":{"@id":"https:\/\/charente.catholique.fr\/grand-angouleme\/paroisses\/saint-cybard-sur-charente-et-nouere\/les-septs-clochers\/eglise-de-linars\/#primaryimage"},"image":{"@id":"https:\/\/charente.catholique.fr\/grand-angouleme\/paroisses\/saint-cybard-sur-charente-et-nouere\/les-septs-clochers\/eglise-de-linars\/#primaryimage"},"thumbnailUrl":"https:\/\/charente.catholique.fr\/grand-angouleme\/wp-content\/uploads\/sites\/2\/2020\/09\/arton2486-f1368.png","datePublished":"2020-09-25T10:31:54+00:00","dateModified":"2020-10-01T14:24:40+00:00","breadcrumb":{"@id":"https:\/\/charente.catholique.fr\/grand-angouleme\/paroisses\/saint-cybard-sur-charente-et-nouere\/les-septs-clochers\/eglise-de-linars\/#breadcrumb"},"inLanguage":"fr-FR","potentialAction":[{"@type":"ReadAction","target":["https:\/\/charente.catholique.fr\/grand-angouleme\/paroisses\/saint-cybard-sur-charente-et-nouere\/les-septs-clochers\/eglise-de-linars\/"]}]},{"@type":"ImageObject","inLanguage":"fr-FR","@id":"https:\/\/charente.catholique.fr\/grand-angouleme\/paroisses\/saint-cybard-sur-charente-et-nouere\/les-septs-clochers\/eglise-de-linars\/#primaryimage","url":"https:\/\/charente.catholique.fr\/grand-angouleme\/wp-content\/uploads\/sites\/2\/2020\/09\/arton2486-f1368.png","contentUrl":"https:\/\/charente.catholique.fr\/grand-angouleme\/wp-content\/uploads\/sites\/2\/2020\/09\/arton2486-f1368.png","width":188,"height":250},{"@type":"BreadcrumbList","@id":"https:\/\/charente.catholique.fr\/grand-angouleme\/paroisses\/saint-cybard-sur-charente-et-nouere\/les-septs-clochers\/eglise-de-linars\/#breadcrumb","itemListElement":[{"@type":"ListItem","position":1,"name":"Accueil","item":"https:\/\/charente.catholique.fr\/grand-angouleme\/"},{"@type":"ListItem","position":2,"name":"Saint Cybard sur Charente et Nou\u00e8re","item":"https:\/\/charente.catholique.fr\/grand-angouleme\/paroisses\/saint-cybard-sur-charente-et-nouere\/"},{"@type":"ListItem","position":3,"name":"Les dix clochers","item":"https:\/\/charente.catholique.fr\/grand-angouleme\/paroisses\/saint-cybard-sur-charente-et-nouere\/les-septs-clochers\/"},{"@type":"ListItem","position":4,"name":"Eglise de Linars"}]},{"@type":"WebSite","@id":"https:\/\/charente.catholique.fr\/grand-angouleme\/#website","url":"https:\/\/charente.catholique.fr\/grand-angouleme\/","name":"Doyenn\u00e9 Grand Angoul\u00eame - Dioc\u00e8se d'Angoul\u00eame","description":"Dioc\u00e8se d&#039;Angoul\u00eame","publisher":{"@id":"https:\/\/charente.catholique.fr\/grand-angouleme\/#organization"},"potentialAction":[{"@type":"SearchAction","target":{"@type":"EntryPoint","urlTemplate":"https:\/\/charente.catholique.fr\/grand-angouleme\/?s={search_term_string}"},"query-input":{"@type":"PropertyValueSpecification","valueRequired":true,"valueName":"search_term_string"}}],"inLanguage":"fr-FR"},{"@type":"Organization","@id":"https:\/\/charente.catholique.fr\/grand-angouleme\/#organization","name":"Association Dioc\u00e9saine d'Angoul\u00eame","url":"https:\/\/charente.catholique.fr\/grand-angouleme\/","logo":{"@type":"ImageObject","inLanguage":"fr-FR","@id":"https:\/\/charente.catholique.fr\/grand-angouleme\/#\/schema\/logo\/image\/","url":"https:\/\/charente.catholique.fr\/grand-angouleme\/wp-content\/uploads\/sites\/2\/2020\/10\/logos.png","contentUrl":"https:\/\/charente.catholique.fr\/grand-angouleme\/wp-content\/uploads\/sites\/2\/2020\/10\/logos.png","width":600,"height":257,"caption":"Association Dioc\u00e9saine d'Angoul\u00eame"},"image":{"@id":"https:\/\/charente.catholique.fr\/grand-angouleme\/#\/schema\/logo\/image\/"},"sameAs":["https:\/\/www.facebook.com\/EgliseCatholiqueCharente","https:\/\/x.com\/diocesecharente","https:\/\/www.instagram.com\/eglisecharente","https:\/\/www.youtube.com\/channel\/UCByyFWApZbw3gDTiADoiAaQ"]}]}},"_links":{"self":[{"href":"https:\/\/charente.catholique.fr\/grand-angouleme\/wp-json\/wp\/v2\/paroisse\/739","targetHints":{"allow":["GET"]}}],"collection":[{"href":"https:\/\/charente.catholique.fr\/grand-angouleme\/wp-json\/wp\/v2\/paroisse"}],"about":[{"href":"https:\/\/charente.catholique.fr\/grand-angouleme\/wp-json\/wp\/v2\/types\/paroisse"}],"author":[{"embeddable":true,"href":"https:\/\/charente.catholique.fr\/grand-angouleme\/wp-json\/wp\/v2\/users\/14"}],"version-history":[{"count":0,"href":"https:\/\/charente.catholique.fr\/grand-angouleme\/wp-json\/wp\/v2\/paroisse\/739\/revisions"}],"up":[{"embeddable":true,"href":"https:\/\/charente.catholique.fr\/grand-angouleme\/wp-json\/wp\/v2\/paroisse\/732"}],"wp:featuredmedia":[{"embeddable":true,"href":"https:\/\/charente.catholique.fr\/grand-angouleme\/wp-json\/wp\/v2\/media\/740"}],"wp:attachment":[{"href":"https:\/\/charente.catholique.fr\/grand-angouleme\/wp-json\/wp\/v2\/media?parent=739"}],"curies":[{"name":"wp","href":"https:\/\/api.w.org\/{rel}","templated":true}]}}