{"id":737,"date":"2020-09-25T12:30:35","date_gmt":"2020-09-25T10:30:35","guid":{"rendered":"https:\/\/charente.catholique.fr\/grand-angouleme\/?post_type=paroisse&#038;p=737"},"modified":"2025-04-11T08:52:19","modified_gmt":"2025-04-11T06:52:19","slug":"eglise-de-hiersac","status":"publish","type":"paroisse","link":"https:\/\/charente.catholique.fr\/grand-angouleme\/paroisses\/saint-cybard-sur-charente-et-nouere\/les-septs-clochers\/eglise-de-hiersac\/","title":{"rendered":"Eglise de Hiersac"},"content":{"rendered":"\n<figure class=\"wp-block-image size-large\"><img loading=\"lazy\" decoding=\"async\" width=\"188\" height=\"250\" src=\"https:\/\/charente.catholique.fr\/grand-angouleme\/wp-content\/uploads\/sites\/2\/2020\/09\/arton2542-343c2.png\" alt=\"\" class=\"wp-image-738\"\/><\/figure>\n\n\n\n<p>Eglise de Hiersac<\/p>\n\n\n\n<p>L\u2019\u00e9glise de Hiersac construite au XII\u00e8me si\u00e8cle, en pleine \u00e9poque romane, fut d\u00e9vast\u00e9e durant la guerre de cent ans puis, au XVI\u00e8me si\u00e8cle au cours des guerres de religion.<br>L\u2019autel est orn\u00e9 d\u2019un retable de style baroque en bois dor\u00e9, du XVII\u00e8me si\u00e8cle, malheureusement assez d\u00e9t\u00e9rior\u00e9. Provenant de la chapelle du ch\u00e2teau de La Rochefoucauld, il a \u00e9t\u00e9 donn\u00e9 \u00e0 la paroisse par la famille Machenaud.<br>L\u2019\u00e9glise est plac\u00e9e sous le patronage de Saint Thomas, le fameux incr\u00e9dule de l\u2019\u00c9vangile (Jean 20 24). De ce que nous savons de lui, nous pouvons tirer trois enseignements\u00a0:<\/p>\n\n\n\n<p>1 \u2013 Il est fid\u00e8le au Christ au m\u00e9pris du danger. Lorsque J\u00e9sus, ayant appris la mort de Lazare, part pour B\u00e9thanie au risque d\u2019\u00eatre lapid\u00e9, Thomas dit \u00e0 ses compagnons&nbsp;: \u00ab&nbsp;Allons-y, nous aussi, pour mourir avec lui.&nbsp;\u00bb<br>2 \u2013 Il peut \u00eatre notre boussole spirituelle. Lors du dernier repas, quand J\u00e9sus lui annonce son d\u00e9part, Thomas l\u2019interroge&nbsp;: \u00ab&nbsp;Nous ne savons pas o\u00f9 tu vas. Comment pourrions-nous conna\u00eetre le chemin&nbsp;?&nbsp;\u00bb Et J\u00e9sus lui r\u00e9pond&nbsp;: \u00ab&nbsp;Moi, je suis le chemin, la v\u00e9rit\u00e9 et la vie .&nbsp;\u00bb<br>Et voil\u00e0 pour la boussole&nbsp;!<br>3 \u2013 Il est l\u2019incr\u00e9dule qui nous aide \u00e0 croire. Apr\u00e8s la passion, lorsque les disciples lui disent&nbsp;: \u00ab&nbsp;Nous avons vu le Seigneur&nbsp;!&nbsp;\u00bb, lui qui \u00e9tait absent au moment de cette apparition, r\u00e9plique&nbsp;: \u00ab&nbsp;Si je ne vois pas dans ses mains les marques des clous et si je ne mets pas ma main dans son c\u00f4t\u00e9, non, je ne croirai pas&nbsp;!&nbsp;\u00bb<br>Mais lorsque J\u00e9sus appara\u00eet de nouveau \u00e0 ses disciples et que, cette fois, Thomas le voit, il est le seul \u00e0 s\u2019exclamer&nbsp;: \u00ab&nbsp;Mon Seigneur et mon Dieu&nbsp;!&nbsp;\u00bb<br>Alors, J\u00e9sus lui dit&nbsp;: \u00ab&nbsp;Tu crois, Thomas, parce que tu as vu.&nbsp;\u00bb et puis comme si, \u00e0 travers les si\u00e8cles, il s\u2019adressait \u00e0 nous, aujourd\u2019hui, il ajoute&nbsp;: \u00ab&nbsp;Heureux ceux qui croient sans avoir vu&nbsp;!&nbsp;\u00bb<br>Merci, Thomas&nbsp;!<\/p>\n","protected":false},"author":14,"featured_media":738,"parent":732,"menu_order":115,"template":"","meta":{"_acf_changed":false,"paroisse":["5"],"service":[],"footnotes":""},"class_list":["post-737","paroisse","type-paroisse","status-publish","has-post-thumbnail","hentry"],"acf":[],"yoast_head":"<!-- This site is optimized with the Yoast SEO plugin v27.1.1 - https:\/\/yoast.com\/product\/yoast-seo-wordpress\/ -->\n<title>Eglise de Hiersac - Doyenn\u00e9 Grand Angoul\u00eame<\/title>\n<meta name=\"robots\" content=\"index, follow, max-snippet:-1, max-image-preview:large, max-video-preview:-1\" \/>\n<link rel=\"canonical\" href=\"https:\/\/charente.catholique.fr\/grand-angouleme\/paroisses\/saint-cybard-sur-charente-et-nouere\/les-septs-clochers\/eglise-de-hiersac\/\" \/>\n<meta property=\"og:locale\" content=\"fr_FR\" \/>\n<meta property=\"og:type\" content=\"article\" \/>\n<meta property=\"og:title\" content=\"Eglise de Hiersac - Doyenn\u00e9 Grand Angoul\u00eame\" \/>\n<meta property=\"og:description\" content=\"Eglise de Hiersac L\u2019\u00e9glise de Hiersac construite au XII\u00e8me si\u00e8cle, en pleine \u00e9poque romane, fut d\u00e9vast\u00e9e durant la guerre de cent ans puis, au XVI\u00e8me si\u00e8cle au cours des guerres de religion.L\u2019autel est orn\u00e9 d\u2019un retable de style baroque en bois dor\u00e9, du XVII\u00e8me si\u00e8cle, malheureusement assez d\u00e9t\u00e9rior\u00e9. Provenant de la chapelle du ch\u00e2teau de [&hellip;]\" \/>\n<meta property=\"og:url\" content=\"https:\/\/charente.catholique.fr\/grand-angouleme\/paroisses\/saint-cybard-sur-charente-et-nouere\/les-septs-clochers\/eglise-de-hiersac\/\" \/>\n<meta property=\"og:site_name\" content=\"Doyenn\u00e9 Grand Angoul\u00eame\" \/>\n<meta property=\"article:publisher\" content=\"https:\/\/www.facebook.com\/EgliseCatholiqueCharente\" \/>\n<meta property=\"article:modified_time\" content=\"2025-04-11T06:52:19+00:00\" \/>\n<meta property=\"og:image\" content=\"https:\/\/charente.catholique.fr\/grand-angouleme\/wp-content\/uploads\/sites\/2\/2020\/09\/arton2542-343c2.png\" \/>\n\t<meta property=\"og:image:width\" content=\"188\" \/>\n\t<meta property=\"og:image:height\" content=\"250\" \/>\n\t<meta property=\"og:image:type\" content=\"image\/png\" \/>\n<meta name=\"twitter:card\" content=\"summary_large_image\" \/>\n<meta name=\"twitter:site\" content=\"@diocesecharente\" \/>\n<meta name=\"twitter:label1\" content=\"Dur\u00e9e de lecture estim\u00e9e\" \/>\n\t<meta name=\"twitter:data1\" content=\"2 minutes\" \/>\n<script type=\"application\/ld+json\" class=\"yoast-schema-graph\">{\"@context\":\"https:\/\/schema.org\",\"@graph\":[{\"@type\":\"WebPage\",\"@id\":\"https:\/\/charente.catholique.fr\/grand-angouleme\/paroisses\/saint-cybard-sur-charente-et-nouere\/les-septs-clochers\/eglise-de-hiersac\/\",\"url\":\"https:\/\/charente.catholique.fr\/grand-angouleme\/paroisses\/saint-cybard-sur-charente-et-nouere\/les-septs-clochers\/eglise-de-hiersac\/\",\"name\":\"Eglise de Hiersac - Doyenn\u00e9 Grand Angoul\u00eame\",\"isPartOf\":{\"@id\":\"https:\/\/charente.catholique.fr\/grand-angouleme\/#website\"},\"primaryImageOfPage\":{\"@id\":\"https:\/\/charente.catholique.fr\/grand-angouleme\/paroisses\/saint-cybard-sur-charente-et-nouere\/les-septs-clochers\/eglise-de-hiersac\/#primaryimage\"},\"image\":{\"@id\":\"https:\/\/charente.catholique.fr\/grand-angouleme\/paroisses\/saint-cybard-sur-charente-et-nouere\/les-septs-clochers\/eglise-de-hiersac\/#primaryimage\"},\"thumbnailUrl\":\"https:\/\/charente.catholique.fr\/grand-angouleme\/wp-content\/uploads\/sites\/2\/2020\/09\/arton2542-343c2.png\",\"datePublished\":\"2020-09-25T10:30:35+00:00\",\"dateModified\":\"2025-04-11T06:52:19+00:00\",\"breadcrumb\":{\"@id\":\"https:\/\/charente.catholique.fr\/grand-angouleme\/paroisses\/saint-cybard-sur-charente-et-nouere\/les-septs-clochers\/eglise-de-hiersac\/#breadcrumb\"},\"inLanguage\":\"fr-FR\",\"potentialAction\":[{\"@type\":\"ReadAction\",\"target\":[\"https:\/\/charente.catholique.fr\/grand-angouleme\/paroisses\/saint-cybard-sur-charente-et-nouere\/les-septs-clochers\/eglise-de-hiersac\/\"]}]},{\"@type\":\"ImageObject\",\"inLanguage\":\"fr-FR\",\"@id\":\"https:\/\/charente.catholique.fr\/grand-angouleme\/paroisses\/saint-cybard-sur-charente-et-nouere\/les-septs-clochers\/eglise-de-hiersac\/#primaryimage\",\"url\":\"https:\/\/charente.catholique.fr\/grand-angouleme\/wp-content\/uploads\/sites\/2\/2020\/09\/arton2542-343c2.png\",\"contentUrl\":\"https:\/\/charente.catholique.fr\/grand-angouleme\/wp-content\/uploads\/sites\/2\/2020\/09\/arton2542-343c2.png\",\"width\":188,\"height\":250},{\"@type\":\"BreadcrumbList\",\"@id\":\"https:\/\/charente.catholique.fr\/grand-angouleme\/paroisses\/saint-cybard-sur-charente-et-nouere\/les-septs-clochers\/eglise-de-hiersac\/#breadcrumb\",\"itemListElement\":[{\"@type\":\"ListItem\",\"position\":1,\"name\":\"Accueil\",\"item\":\"https:\/\/charente.catholique.fr\/grand-angouleme\/\"},{\"@type\":\"ListItem\",\"position\":2,\"name\":\"Saint Cybard sur Charente et Nou\u00e8re\",\"item\":\"https:\/\/charente.catholique.fr\/grand-angouleme\/paroisses\/saint-cybard-sur-charente-et-nouere\/\"},{\"@type\":\"ListItem\",\"position\":3,\"name\":\"Les dix clochers\",\"item\":\"https:\/\/charente.catholique.fr\/grand-angouleme\/paroisses\/saint-cybard-sur-charente-et-nouere\/les-septs-clochers\/\"},{\"@type\":\"ListItem\",\"position\":4,\"name\":\"Eglise de Hiersac\"}]},{\"@type\":\"WebSite\",\"@id\":\"https:\/\/charente.catholique.fr\/grand-angouleme\/#website\",\"url\":\"https:\/\/charente.catholique.fr\/grand-angouleme\/\",\"name\":\"Doyenn\u00e9 Grand Angoul\u00eame - Dioc\u00e8se d'Angoul\u00eame\",\"description\":\"Dioc\u00e8se d&#039;Angoul\u00eame\",\"publisher\":{\"@id\":\"https:\/\/charente.catholique.fr\/grand-angouleme\/#organization\"},\"potentialAction\":[{\"@type\":\"SearchAction\",\"target\":{\"@type\":\"EntryPoint\",\"urlTemplate\":\"https:\/\/charente.catholique.fr\/grand-angouleme\/?s={search_term_string}\"},\"query-input\":{\"@type\":\"PropertyValueSpecification\",\"valueRequired\":true,\"valueName\":\"search_term_string\"}}],\"inLanguage\":\"fr-FR\"},{\"@type\":\"Organization\",\"@id\":\"https:\/\/charente.catholique.fr\/grand-angouleme\/#organization\",\"name\":\"Association Dioc\u00e9saine d'Angoul\u00eame\",\"url\":\"https:\/\/charente.catholique.fr\/grand-angouleme\/\",\"logo\":{\"@type\":\"ImageObject\",\"inLanguage\":\"fr-FR\",\"@id\":\"https:\/\/charente.catholique.fr\/grand-angouleme\/#\/schema\/logo\/image\/\",\"url\":\"https:\/\/charente.catholique.fr\/grand-angouleme\/wp-content\/uploads\/sites\/2\/2020\/10\/logos.png\",\"contentUrl\":\"https:\/\/charente.catholique.fr\/grand-angouleme\/wp-content\/uploads\/sites\/2\/2020\/10\/logos.png\",\"width\":600,\"height\":257,\"caption\":\"Association Dioc\u00e9saine d'Angoul\u00eame\"},\"image\":{\"@id\":\"https:\/\/charente.catholique.fr\/grand-angouleme\/#\/schema\/logo\/image\/\"},\"sameAs\":[\"https:\/\/www.facebook.com\/EgliseCatholiqueCharente\",\"https:\/\/x.com\/diocesecharente\",\"https:\/\/www.instagram.com\/eglisecharente\",\"https:\/\/www.youtube.com\/channel\/UCByyFWApZbw3gDTiADoiAaQ\"]}]}<\/script>\n<!-- \/ Yoast SEO plugin. -->","yoast_head_json":{"title":"Eglise de Hiersac - Doyenn\u00e9 Grand Angoul\u00eame","robots":{"index":"index","follow":"follow","max-snippet":"max-snippet:-1","max-image-preview":"max-image-preview:large","max-video-preview":"max-video-preview:-1"},"canonical":"https:\/\/charente.catholique.fr\/grand-angouleme\/paroisses\/saint-cybard-sur-charente-et-nouere\/les-septs-clochers\/eglise-de-hiersac\/","og_locale":"fr_FR","og_type":"article","og_title":"Eglise de Hiersac - Doyenn\u00e9 Grand Angoul\u00eame","og_description":"Eglise de Hiersac L\u2019\u00e9glise de Hiersac construite au XII\u00e8me si\u00e8cle, en pleine \u00e9poque romane, fut d\u00e9vast\u00e9e durant la guerre de cent ans puis, au XVI\u00e8me si\u00e8cle au cours des guerres de religion.L\u2019autel est orn\u00e9 d\u2019un retable de style baroque en bois dor\u00e9, du XVII\u00e8me si\u00e8cle, malheureusement assez d\u00e9t\u00e9rior\u00e9. Provenant de la chapelle du ch\u00e2teau de [&hellip;]","og_url":"https:\/\/charente.catholique.fr\/grand-angouleme\/paroisses\/saint-cybard-sur-charente-et-nouere\/les-septs-clochers\/eglise-de-hiersac\/","og_site_name":"Doyenn\u00e9 Grand Angoul\u00eame","article_publisher":"https:\/\/www.facebook.com\/EgliseCatholiqueCharente","article_modified_time":"2025-04-11T06:52:19+00:00","og_image":[{"width":188,"height":250,"url":"https:\/\/charente.catholique.fr\/grand-angouleme\/wp-content\/uploads\/sites\/2\/2020\/09\/arton2542-343c2.png","type":"image\/png"}],"twitter_card":"summary_large_image","twitter_site":"@diocesecharente","twitter_misc":{"Dur\u00e9e de lecture estim\u00e9e":"2 minutes"},"schema":{"@context":"https:\/\/schema.org","@graph":[{"@type":"WebPage","@id":"https:\/\/charente.catholique.fr\/grand-angouleme\/paroisses\/saint-cybard-sur-charente-et-nouere\/les-septs-clochers\/eglise-de-hiersac\/","url":"https:\/\/charente.catholique.fr\/grand-angouleme\/paroisses\/saint-cybard-sur-charente-et-nouere\/les-septs-clochers\/eglise-de-hiersac\/","name":"Eglise de Hiersac - Doyenn\u00e9 Grand Angoul\u00eame","isPartOf":{"@id":"https:\/\/charente.catholique.fr\/grand-angouleme\/#website"},"primaryImageOfPage":{"@id":"https:\/\/charente.catholique.fr\/grand-angouleme\/paroisses\/saint-cybard-sur-charente-et-nouere\/les-septs-clochers\/eglise-de-hiersac\/#primaryimage"},"image":{"@id":"https:\/\/charente.catholique.fr\/grand-angouleme\/paroisses\/saint-cybard-sur-charente-et-nouere\/les-septs-clochers\/eglise-de-hiersac\/#primaryimage"},"thumbnailUrl":"https:\/\/charente.catholique.fr\/grand-angouleme\/wp-content\/uploads\/sites\/2\/2020\/09\/arton2542-343c2.png","datePublished":"2020-09-25T10:30:35+00:00","dateModified":"2025-04-11T06:52:19+00:00","breadcrumb":{"@id":"https:\/\/charente.catholique.fr\/grand-angouleme\/paroisses\/saint-cybard-sur-charente-et-nouere\/les-septs-clochers\/eglise-de-hiersac\/#breadcrumb"},"inLanguage":"fr-FR","potentialAction":[{"@type":"ReadAction","target":["https:\/\/charente.catholique.fr\/grand-angouleme\/paroisses\/saint-cybard-sur-charente-et-nouere\/les-septs-clochers\/eglise-de-hiersac\/"]}]},{"@type":"ImageObject","inLanguage":"fr-FR","@id":"https:\/\/charente.catholique.fr\/grand-angouleme\/paroisses\/saint-cybard-sur-charente-et-nouere\/les-septs-clochers\/eglise-de-hiersac\/#primaryimage","url":"https:\/\/charente.catholique.fr\/grand-angouleme\/wp-content\/uploads\/sites\/2\/2020\/09\/arton2542-343c2.png","contentUrl":"https:\/\/charente.catholique.fr\/grand-angouleme\/wp-content\/uploads\/sites\/2\/2020\/09\/arton2542-343c2.png","width":188,"height":250},{"@type":"BreadcrumbList","@id":"https:\/\/charente.catholique.fr\/grand-angouleme\/paroisses\/saint-cybard-sur-charente-et-nouere\/les-septs-clochers\/eglise-de-hiersac\/#breadcrumb","itemListElement":[{"@type":"ListItem","position":1,"name":"Accueil","item":"https:\/\/charente.catholique.fr\/grand-angouleme\/"},{"@type":"ListItem","position":2,"name":"Saint Cybard sur Charente et Nou\u00e8re","item":"https:\/\/charente.catholique.fr\/grand-angouleme\/paroisses\/saint-cybard-sur-charente-et-nouere\/"},{"@type":"ListItem","position":3,"name":"Les dix clochers","item":"https:\/\/charente.catholique.fr\/grand-angouleme\/paroisses\/saint-cybard-sur-charente-et-nouere\/les-septs-clochers\/"},{"@type":"ListItem","position":4,"name":"Eglise de Hiersac"}]},{"@type":"WebSite","@id":"https:\/\/charente.catholique.fr\/grand-angouleme\/#website","url":"https:\/\/charente.catholique.fr\/grand-angouleme\/","name":"Doyenn\u00e9 Grand Angoul\u00eame - Dioc\u00e8se d'Angoul\u00eame","description":"Dioc\u00e8se d&#039;Angoul\u00eame","publisher":{"@id":"https:\/\/charente.catholique.fr\/grand-angouleme\/#organization"},"potentialAction":[{"@type":"SearchAction","target":{"@type":"EntryPoint","urlTemplate":"https:\/\/charente.catholique.fr\/grand-angouleme\/?s={search_term_string}"},"query-input":{"@type":"PropertyValueSpecification","valueRequired":true,"valueName":"search_term_string"}}],"inLanguage":"fr-FR"},{"@type":"Organization","@id":"https:\/\/charente.catholique.fr\/grand-angouleme\/#organization","name":"Association Dioc\u00e9saine d'Angoul\u00eame","url":"https:\/\/charente.catholique.fr\/grand-angouleme\/","logo":{"@type":"ImageObject","inLanguage":"fr-FR","@id":"https:\/\/charente.catholique.fr\/grand-angouleme\/#\/schema\/logo\/image\/","url":"https:\/\/charente.catholique.fr\/grand-angouleme\/wp-content\/uploads\/sites\/2\/2020\/10\/logos.png","contentUrl":"https:\/\/charente.catholique.fr\/grand-angouleme\/wp-content\/uploads\/sites\/2\/2020\/10\/logos.png","width":600,"height":257,"caption":"Association Dioc\u00e9saine d'Angoul\u00eame"},"image":{"@id":"https:\/\/charente.catholique.fr\/grand-angouleme\/#\/schema\/logo\/image\/"},"sameAs":["https:\/\/www.facebook.com\/EgliseCatholiqueCharente","https:\/\/x.com\/diocesecharente","https:\/\/www.instagram.com\/eglisecharente","https:\/\/www.youtube.com\/channel\/UCByyFWApZbw3gDTiADoiAaQ"]}]}},"_links":{"self":[{"href":"https:\/\/charente.catholique.fr\/grand-angouleme\/wp-json\/wp\/v2\/paroisse\/737","targetHints":{"allow":["GET"]}}],"collection":[{"href":"https:\/\/charente.catholique.fr\/grand-angouleme\/wp-json\/wp\/v2\/paroisse"}],"about":[{"href":"https:\/\/charente.catholique.fr\/grand-angouleme\/wp-json\/wp\/v2\/types\/paroisse"}],"author":[{"embeddable":true,"href":"https:\/\/charente.catholique.fr\/grand-angouleme\/wp-json\/wp\/v2\/users\/14"}],"version-history":[{"count":1,"href":"https:\/\/charente.catholique.fr\/grand-angouleme\/wp-json\/wp\/v2\/paroisse\/737\/revisions"}],"predecessor-version":[{"id":27312,"href":"https:\/\/charente.catholique.fr\/grand-angouleme\/wp-json\/wp\/v2\/paroisse\/737\/revisions\/27312"}],"up":[{"embeddable":true,"href":"https:\/\/charente.catholique.fr\/grand-angouleme\/wp-json\/wp\/v2\/paroisse\/732"}],"wp:featuredmedia":[{"embeddable":true,"href":"https:\/\/charente.catholique.fr\/grand-angouleme\/wp-json\/wp\/v2\/media\/738"}],"wp:attachment":[{"href":"https:\/\/charente.catholique.fr\/grand-angouleme\/wp-json\/wp\/v2\/media?parent=737"}],"curies":[{"name":"wp","href":"https:\/\/api.w.org\/{rel}","templated":true}]}}