{"id":7194,"date":"2021-11-05T11:25:00","date_gmt":"2021-11-05T10:25:00","guid":{"rendered":"https:\/\/charente.catholique.fr\/grand-angouleme\/?post_type=paroisse&#038;p=7194"},"modified":"2023-11-15T11:51:26","modified_gmt":"2023-11-15T10:51:26","slug":"oser-une-parole-2","status":"publish","type":"paroisse","link":"https:\/\/charente.catholique.fr\/grand-angouleme\/paroisses\/sainte-josephine-bakhita\/echanger\/oser-une-parole-2\/","title":{"rendered":"&#8220;Oser une parole&#8221;"},"content":{"rendered":"\n<p>Pourquoi le groupe \u00ab Oser une parole \u00bb, parce qu&#8217;aujourd&#8217;hui dans l&#8217;\u00c9glise nous avons besoin de poser une parole, d&#8217;\u00e9changer dans un climat d&#8217;ouverture, de libert\u00e9 et d&#8217;\u00e9coutes respectueuses. Nous avons besoin d&#8217;\u00eatre au plus pr\u00e8s du monde dans lequel nous vivons pour d\u00e9couvrir et chercher le Dieu de J\u00e9sus Christ non pas entre nous mais bien avec toutes celles et ceux qui le cherchent aussi.<\/p>\n","protected":false},"author":22,"featured_media":7623,"parent":200,"menu_order":49,"template":"","meta":{"_acf_changed":false,"paroisse":["8","8"],"service":[],"footnotes":""},"class_list":["post-7194","paroisse","type-paroisse","status-publish","has-post-thumbnail","hentry"],"acf":[],"yoast_head":"<!-- This site is optimized with the Yoast SEO plugin v27.1.1 - https:\/\/yoast.com\/product\/yoast-seo-wordpress\/ -->\n<title>&quot;Oser une parole&quot; - Doyenn\u00e9 Grand Angoul\u00eame<\/title>\n<meta name=\"robots\" content=\"index, follow, max-snippet:-1, max-image-preview:large, max-video-preview:-1\" \/>\n<link rel=\"canonical\" href=\"https:\/\/charente.catholique.fr\/grand-angouleme\/paroisses\/sainte-josephine-bakhita\/echanger\/oser-une-parole-2\/\" \/>\n<meta property=\"og:locale\" content=\"fr_FR\" \/>\n<meta property=\"og:type\" content=\"article\" \/>\n<meta property=\"og:title\" content=\"&quot;Oser une parole&quot; - Doyenn\u00e9 Grand Angoul\u00eame\" \/>\n<meta property=\"og:description\" content=\"Pourquoi le groupe \u00ab Oser une parole \u00bb, parce qu&#8217;aujourd&#8217;hui dans l&#8217;\u00c9glise nous avons besoin de poser une parole, d&#8217;\u00e9changer dans un climat d&#8217;ouverture, de libert\u00e9 et d&#8217;\u00e9coutes respectueuses. Nous avons besoin d&#8217;\u00eatre au plus pr\u00e8s du monde dans lequel nous vivons pour d\u00e9couvrir et chercher le Dieu de J\u00e9sus Christ non pas entre nous [&hellip;]\" \/>\n<meta property=\"og:url\" content=\"https:\/\/charente.catholique.fr\/grand-angouleme\/paroisses\/sainte-josephine-bakhita\/echanger\/oser-une-parole-2\/\" \/>\n<meta property=\"og:site_name\" content=\"Doyenn\u00e9 Grand Angoul\u00eame\" \/>\n<meta property=\"article:publisher\" content=\"https:\/\/www.facebook.com\/EgliseCatholiqueCharente\" \/>\n<meta property=\"article:modified_time\" content=\"2023-11-15T10:51:26+00:00\" \/>\n<meta property=\"og:image\" content=\"https:\/\/charente.catholique.fr\/grand-angouleme\/wp-content\/uploads\/sites\/2\/2021\/11\/oser-une-parole.jpg\" \/>\n\t<meta property=\"og:image:width\" content=\"1754\" \/>\n\t<meta property=\"og:image:height\" content=\"664\" \/>\n\t<meta property=\"og:image:type\" content=\"image\/jpeg\" \/>\n<meta name=\"twitter:card\" content=\"summary_large_image\" \/>\n<meta name=\"twitter:site\" content=\"@diocesecharente\" \/>\n<meta name=\"twitter:label1\" content=\"Dur\u00e9e de lecture estim\u00e9e\" \/>\n\t<meta name=\"twitter:data1\" content=\"1 minute\" \/>\n<script type=\"application\/ld+json\" class=\"yoast-schema-graph\">{\"@context\":\"https:\/\/schema.org\",\"@graph\":[{\"@type\":\"WebPage\",\"@id\":\"https:\/\/charente.catholique.fr\/grand-angouleme\/paroisses\/sainte-josephine-bakhita\/echanger\/oser-une-parole-2\/\",\"url\":\"https:\/\/charente.catholique.fr\/grand-angouleme\/paroisses\/sainte-josephine-bakhita\/echanger\/oser-une-parole-2\/\",\"name\":\"\\\"Oser une parole\\\" - Doyenn\u00e9 Grand Angoul\u00eame\",\"isPartOf\":{\"@id\":\"https:\/\/charente.catholique.fr\/grand-angouleme\/#website\"},\"primaryImageOfPage\":{\"@id\":\"https:\/\/charente.catholique.fr\/grand-angouleme\/paroisses\/sainte-josephine-bakhita\/echanger\/oser-une-parole-2\/#primaryimage\"},\"image\":{\"@id\":\"https:\/\/charente.catholique.fr\/grand-angouleme\/paroisses\/sainte-josephine-bakhita\/echanger\/oser-une-parole-2\/#primaryimage\"},\"thumbnailUrl\":\"https:\/\/charente.catholique.fr\/grand-angouleme\/wp-content\/uploads\/sites\/2\/2021\/11\/oser-une-parole.jpg\",\"datePublished\":\"2021-11-05T10:25:00+00:00\",\"dateModified\":\"2023-11-15T10:51:26+00:00\",\"breadcrumb\":{\"@id\":\"https:\/\/charente.catholique.fr\/grand-angouleme\/paroisses\/sainte-josephine-bakhita\/echanger\/oser-une-parole-2\/#breadcrumb\"},\"inLanguage\":\"fr-FR\",\"potentialAction\":[{\"@type\":\"ReadAction\",\"target\":[\"https:\/\/charente.catholique.fr\/grand-angouleme\/paroisses\/sainte-josephine-bakhita\/echanger\/oser-une-parole-2\/\"]}]},{\"@type\":\"ImageObject\",\"inLanguage\":\"fr-FR\",\"@id\":\"https:\/\/charente.catholique.fr\/grand-angouleme\/paroisses\/sainte-josephine-bakhita\/echanger\/oser-une-parole-2\/#primaryimage\",\"url\":\"https:\/\/charente.catholique.fr\/grand-angouleme\/wp-content\/uploads\/sites\/2\/2021\/11\/oser-une-parole.jpg\",\"contentUrl\":\"https:\/\/charente.catholique.fr\/grand-angouleme\/wp-content\/uploads\/sites\/2\/2021\/11\/oser-une-parole.jpg\",\"width\":1754,\"height\":664},{\"@type\":\"BreadcrumbList\",\"@id\":\"https:\/\/charente.catholique.fr\/grand-angouleme\/paroisses\/sainte-josephine-bakhita\/echanger\/oser-une-parole-2\/#breadcrumb\",\"itemListElement\":[{\"@type\":\"ListItem\",\"position\":1,\"name\":\"Accueil\",\"item\":\"https:\/\/charente.catholique.fr\/grand-angouleme\/\"},{\"@type\":\"ListItem\",\"position\":2,\"name\":\"Sainte Jos\u00e9phine Bakhita\",\"item\":\"https:\/\/charente.catholique.fr\/grand-angouleme\/paroisses\/sainte-josephine-bakhita\/\"},{\"@type\":\"ListItem\",\"position\":3,\"name\":\"\u00c9changer\",\"item\":\"https:\/\/charente.catholique.fr\/grand-angouleme\/paroisses\/sainte-josephine-bakhita\/echanger\/\"},{\"@type\":\"ListItem\",\"position\":4,\"name\":\"&#8220;Oser une parole&#8221;\"}]},{\"@type\":\"WebSite\",\"@id\":\"https:\/\/charente.catholique.fr\/grand-angouleme\/#website\",\"url\":\"https:\/\/charente.catholique.fr\/grand-angouleme\/\",\"name\":\"Doyenn\u00e9 Grand Angoul\u00eame - Dioc\u00e8se d'Angoul\u00eame\",\"description\":\"Dioc\u00e8se d&#039;Angoul\u00eame\",\"publisher\":{\"@id\":\"https:\/\/charente.catholique.fr\/grand-angouleme\/#organization\"},\"potentialAction\":[{\"@type\":\"SearchAction\",\"target\":{\"@type\":\"EntryPoint\",\"urlTemplate\":\"https:\/\/charente.catholique.fr\/grand-angouleme\/?s={search_term_string}\"},\"query-input\":{\"@type\":\"PropertyValueSpecification\",\"valueRequired\":true,\"valueName\":\"search_term_string\"}}],\"inLanguage\":\"fr-FR\"},{\"@type\":\"Organization\",\"@id\":\"https:\/\/charente.catholique.fr\/grand-angouleme\/#organization\",\"name\":\"Association Dioc\u00e9saine d'Angoul\u00eame\",\"url\":\"https:\/\/charente.catholique.fr\/grand-angouleme\/\",\"logo\":{\"@type\":\"ImageObject\",\"inLanguage\":\"fr-FR\",\"@id\":\"https:\/\/charente.catholique.fr\/grand-angouleme\/#\/schema\/logo\/image\/\",\"url\":\"https:\/\/charente.catholique.fr\/grand-angouleme\/wp-content\/uploads\/sites\/2\/2020\/10\/logos.png\",\"contentUrl\":\"https:\/\/charente.catholique.fr\/grand-angouleme\/wp-content\/uploads\/sites\/2\/2020\/10\/logos.png\",\"width\":600,\"height\":257,\"caption\":\"Association Dioc\u00e9saine d'Angoul\u00eame\"},\"image\":{\"@id\":\"https:\/\/charente.catholique.fr\/grand-angouleme\/#\/schema\/logo\/image\/\"},\"sameAs\":[\"https:\/\/www.facebook.com\/EgliseCatholiqueCharente\",\"https:\/\/x.com\/diocesecharente\",\"https:\/\/www.instagram.com\/eglisecharente\",\"https:\/\/www.youtube.com\/channel\/UCByyFWApZbw3gDTiADoiAaQ\"]}]}<\/script>\n<!-- \/ Yoast SEO plugin. -->","yoast_head_json":{"title":"\"Oser une parole\" - Doyenn\u00e9 Grand Angoul\u00eame","robots":{"index":"index","follow":"follow","max-snippet":"max-snippet:-1","max-image-preview":"max-image-preview:large","max-video-preview":"max-video-preview:-1"},"canonical":"https:\/\/charente.catholique.fr\/grand-angouleme\/paroisses\/sainte-josephine-bakhita\/echanger\/oser-une-parole-2\/","og_locale":"fr_FR","og_type":"article","og_title":"\"Oser une parole\" - Doyenn\u00e9 Grand Angoul\u00eame","og_description":"Pourquoi le groupe \u00ab Oser une parole \u00bb, parce qu&#8217;aujourd&#8217;hui dans l&#8217;\u00c9glise nous avons besoin de poser une parole, d&#8217;\u00e9changer dans un climat d&#8217;ouverture, de libert\u00e9 et d&#8217;\u00e9coutes respectueuses. Nous avons besoin d&#8217;\u00eatre au plus pr\u00e8s du monde dans lequel nous vivons pour d\u00e9couvrir et chercher le Dieu de J\u00e9sus Christ non pas entre nous [&hellip;]","og_url":"https:\/\/charente.catholique.fr\/grand-angouleme\/paroisses\/sainte-josephine-bakhita\/echanger\/oser-une-parole-2\/","og_site_name":"Doyenn\u00e9 Grand Angoul\u00eame","article_publisher":"https:\/\/www.facebook.com\/EgliseCatholiqueCharente","article_modified_time":"2023-11-15T10:51:26+00:00","og_image":[{"width":1754,"height":664,"url":"https:\/\/charente.catholique.fr\/grand-angouleme\/wp-content\/uploads\/sites\/2\/2021\/11\/oser-une-parole.jpg","type":"image\/jpeg"}],"twitter_card":"summary_large_image","twitter_site":"@diocesecharente","twitter_misc":{"Dur\u00e9e de lecture estim\u00e9e":"1 minute"},"schema":{"@context":"https:\/\/schema.org","@graph":[{"@type":"WebPage","@id":"https:\/\/charente.catholique.fr\/grand-angouleme\/paroisses\/sainte-josephine-bakhita\/echanger\/oser-une-parole-2\/","url":"https:\/\/charente.catholique.fr\/grand-angouleme\/paroisses\/sainte-josephine-bakhita\/echanger\/oser-une-parole-2\/","name":"\"Oser une parole\" - Doyenn\u00e9 Grand Angoul\u00eame","isPartOf":{"@id":"https:\/\/charente.catholique.fr\/grand-angouleme\/#website"},"primaryImageOfPage":{"@id":"https:\/\/charente.catholique.fr\/grand-angouleme\/paroisses\/sainte-josephine-bakhita\/echanger\/oser-une-parole-2\/#primaryimage"},"image":{"@id":"https:\/\/charente.catholique.fr\/grand-angouleme\/paroisses\/sainte-josephine-bakhita\/echanger\/oser-une-parole-2\/#primaryimage"},"thumbnailUrl":"https:\/\/charente.catholique.fr\/grand-angouleme\/wp-content\/uploads\/sites\/2\/2021\/11\/oser-une-parole.jpg","datePublished":"2021-11-05T10:25:00+00:00","dateModified":"2023-11-15T10:51:26+00:00","breadcrumb":{"@id":"https:\/\/charente.catholique.fr\/grand-angouleme\/paroisses\/sainte-josephine-bakhita\/echanger\/oser-une-parole-2\/#breadcrumb"},"inLanguage":"fr-FR","potentialAction":[{"@type":"ReadAction","target":["https:\/\/charente.catholique.fr\/grand-angouleme\/paroisses\/sainte-josephine-bakhita\/echanger\/oser-une-parole-2\/"]}]},{"@type":"ImageObject","inLanguage":"fr-FR","@id":"https:\/\/charente.catholique.fr\/grand-angouleme\/paroisses\/sainte-josephine-bakhita\/echanger\/oser-une-parole-2\/#primaryimage","url":"https:\/\/charente.catholique.fr\/grand-angouleme\/wp-content\/uploads\/sites\/2\/2021\/11\/oser-une-parole.jpg","contentUrl":"https:\/\/charente.catholique.fr\/grand-angouleme\/wp-content\/uploads\/sites\/2\/2021\/11\/oser-une-parole.jpg","width":1754,"height":664},{"@type":"BreadcrumbList","@id":"https:\/\/charente.catholique.fr\/grand-angouleme\/paroisses\/sainte-josephine-bakhita\/echanger\/oser-une-parole-2\/#breadcrumb","itemListElement":[{"@type":"ListItem","position":1,"name":"Accueil","item":"https:\/\/charente.catholique.fr\/grand-angouleme\/"},{"@type":"ListItem","position":2,"name":"Sainte Jos\u00e9phine Bakhita","item":"https:\/\/charente.catholique.fr\/grand-angouleme\/paroisses\/sainte-josephine-bakhita\/"},{"@type":"ListItem","position":3,"name":"\u00c9changer","item":"https:\/\/charente.catholique.fr\/grand-angouleme\/paroisses\/sainte-josephine-bakhita\/echanger\/"},{"@type":"ListItem","position":4,"name":"&#8220;Oser une parole&#8221;"}]},{"@type":"WebSite","@id":"https:\/\/charente.catholique.fr\/grand-angouleme\/#website","url":"https:\/\/charente.catholique.fr\/grand-angouleme\/","name":"Doyenn\u00e9 Grand Angoul\u00eame - Dioc\u00e8se d'Angoul\u00eame","description":"Dioc\u00e8se d&#039;Angoul\u00eame","publisher":{"@id":"https:\/\/charente.catholique.fr\/grand-angouleme\/#organization"},"potentialAction":[{"@type":"SearchAction","target":{"@type":"EntryPoint","urlTemplate":"https:\/\/charente.catholique.fr\/grand-angouleme\/?s={search_term_string}"},"query-input":{"@type":"PropertyValueSpecification","valueRequired":true,"valueName":"search_term_string"}}],"inLanguage":"fr-FR"},{"@type":"Organization","@id":"https:\/\/charente.catholique.fr\/grand-angouleme\/#organization","name":"Association Dioc\u00e9saine d'Angoul\u00eame","url":"https:\/\/charente.catholique.fr\/grand-angouleme\/","logo":{"@type":"ImageObject","inLanguage":"fr-FR","@id":"https:\/\/charente.catholique.fr\/grand-angouleme\/#\/schema\/logo\/image\/","url":"https:\/\/charente.catholique.fr\/grand-angouleme\/wp-content\/uploads\/sites\/2\/2020\/10\/logos.png","contentUrl":"https:\/\/charente.catholique.fr\/grand-angouleme\/wp-content\/uploads\/sites\/2\/2020\/10\/logos.png","width":600,"height":257,"caption":"Association Dioc\u00e9saine d'Angoul\u00eame"},"image":{"@id":"https:\/\/charente.catholique.fr\/grand-angouleme\/#\/schema\/logo\/image\/"},"sameAs":["https:\/\/www.facebook.com\/EgliseCatholiqueCharente","https:\/\/x.com\/diocesecharente","https:\/\/www.instagram.com\/eglisecharente","https:\/\/www.youtube.com\/channel\/UCByyFWApZbw3gDTiADoiAaQ"]}]}},"_links":{"self":[{"href":"https:\/\/charente.catholique.fr\/grand-angouleme\/wp-json\/wp\/v2\/paroisse\/7194","targetHints":{"allow":["GET"]}}],"collection":[{"href":"https:\/\/charente.catholique.fr\/grand-angouleme\/wp-json\/wp\/v2\/paroisse"}],"about":[{"href":"https:\/\/charente.catholique.fr\/grand-angouleme\/wp-json\/wp\/v2\/types\/paroisse"}],"author":[{"embeddable":true,"href":"https:\/\/charente.catholique.fr\/grand-angouleme\/wp-json\/wp\/v2\/users\/22"}],"version-history":[{"count":10,"href":"https:\/\/charente.catholique.fr\/grand-angouleme\/wp-json\/wp\/v2\/paroisse\/7194\/revisions"}],"predecessor-version":[{"id":22526,"href":"https:\/\/charente.catholique.fr\/grand-angouleme\/wp-json\/wp\/v2\/paroisse\/7194\/revisions\/22526"}],"up":[{"embeddable":true,"href":"https:\/\/charente.catholique.fr\/grand-angouleme\/wp-json\/wp\/v2\/paroisse\/200"}],"wp:featuredmedia":[{"embeddable":true,"href":"https:\/\/charente.catholique.fr\/grand-angouleme\/wp-json\/wp\/v2\/media\/7623"}],"wp:attachment":[{"href":"https:\/\/charente.catholique.fr\/grand-angouleme\/wp-json\/wp\/v2\/media?parent=7194"}],"curies":[{"name":"wp","href":"https:\/\/api.w.org\/{rel}","templated":true}]}}