{"id":299,"date":"2020-09-14T13:29:37","date_gmt":"2020-09-14T11:29:37","guid":{"rendered":"https:\/\/charente.catholique.fr\/grand-angouleme\/?post_type=paroisse&#038;p=299"},"modified":"2021-02-10T12:16:42","modified_gmt":"2021-02-10T11:16:42","slug":"le-sacrement-des-malades","status":"publish","type":"paroisse","link":"https:\/\/charente.catholique.fr\/grand-angouleme\/paroisses\/sainte-josephine-bakhita\/prier-et-celebrer\/le-sacrement-des-malades\/","title":{"rendered":"Le sacrement des malades"},"content":{"rendered":"\n<p>Quand on est tr\u00e8s malade ou tr\u00e8s \u00e2g\u00e9, les chr\u00e9tiens reprennent le geste de J\u00e9sus qui imposait les mains pour b\u00e9nir ou gu\u00e9rir. Ce geste est devenu un sacrement, c\u2019est \u00e0 dire un signe de la tendresse de Dieu. Le sacrement des malades donne la force et le courage de supporter l\u2019\u00e9preuve.<\/p>\n\n\n\n<p><strong>L\u2019onction des malades<\/strong><\/p>\n\n\n\n<p>Appel\u00e9 autrefois l\u00b4extr\u00eame-onction, comprise ou sacrement des mourants, l\u2019onction des malades est, depuis Vatican II, comprise comme \u00e9tant un sacrement de vie.<br>C\u00b4est le sacrement de la pr\u00e9sence du Seigneur \u00e0 nos c\u00f4t\u00e9s dans les moments d\u00b4\u00e9preuve que sont la maladie ou la vieillesse. La c\u00e9l\u00e9bration de ce sacrement consiste en l\u2019onction d\u2019huile b\u00e9nite sur le front et en l\u2019imposition des mains. Consacr\u00e9e par l\u2019\u00e9v\u00eaque lors de la messe chrismale annuelle, l\u2019huile dite des malades apporte force et douceur. Elle p\u00e9n\u00e8tre la peau, r\u00e9pand sa bonne odeur, fortifie le corps. Voici les mots qui accompagnent l\u2019onction avec l\u2019huile sainte sur le front et dans les mains des malades&nbsp;:<\/p>\n\n\n\n<blockquote class=\"wp-block-quote is-style-default is-layout-flow wp-block-quote-is-layout-flow\"><p>\u00ab&nbsp;Par cette onction sainte, que le Seigneur en sa grande bont\u00e9<\/p><p>vous r\u00e9conforte par la gr\u00e2ce de l\u2019Esprit Saint. Ainsi, vous ayant lib\u00e9r\u00e9 de tous p\u00e9ch\u00e9s, qu\u2019il vous sauve et vous rel\u00e8ve.&nbsp;\u00bb<\/p><p>Rituel Sacrements pour les malades N\u00b0&nbsp;129<\/p><\/blockquote>\n\n\n\n<p>Avec l\u2019imposition des mains, l\u2019onction rappelle l\u2019attention et la tendresse de J\u00e9sus Christ envers les personnes malades.<\/p>\n\n\n\n<blockquote class=\"wp-block-quote is-layout-flow wp-block-quote-is-layout-flow\"><p>\u00ab&nbsp;Si l\u2019un de vous est malade, qu\u2019il fasse appeler les anciens de la communaut\u00e9 qui prieront pour lui en pratiquant une onction d\u2019huile au nom du Seigneur. Leurs pri\u00e8res, inspir\u00e9es par la foi, sauveront le malade, le Seigneur le rel\u00e8vera, et s\u2019il a commis des p\u00e9ch\u00e9s, ils lui seront pardonn\u00e9s.&nbsp;\u00bb Saint Jacques 5, 14-15<\/p><\/blockquote>\n\n\n\n<p>Alors que la maladie apporte souffrance, inqui\u00e9tude et peut m\u00eame entamer le go\u00fbt de vivre, le sacrement rappelle la dignit\u00e9 de chacun, raffermit la confiance, donne la force de supporter son \u00e9preuve et l\u2019assurance qu\u2019il la vit en proximit\u00e9 avec le Christ. Signe de la tendresse de Dieu pour les malades, le sacrement rejaillit sur les proches qui souffrent aussi de l\u2019\u00e9loignement provoqu\u00e9 par les hospitalisations, les bouleversements familiaux dus \u00e0 la maladie\u2026 Il pacifie et r\u00e9concilie le malade avec lui-m\u00eame, avec les autres et avec Dieu.<\/p>\n\n\n\n<h2 class=\"wp-block-heading\">En savoir plus<\/h2>\n\n\n\n<p>Pour ceux qui d\u00e9sirent recevoir ce sacrement, avertir le cur\u00e9 ou la paroisse.<\/p>\n","protected":false},"author":1,"featured_media":1923,"parent":190,"menu_order":168,"template":"","meta":{"_acf_changed":false,"paroisse":["8"],"service":[],"footnotes":""},"class_list":["post-299","paroisse","type-paroisse","status-publish","has-post-thumbnail","hentry"],"acf":[],"yoast_head":"<!-- This site is optimized with the Yoast SEO plugin v27.1.1 - https:\/\/yoast.com\/product\/yoast-seo-wordpress\/ -->\n<title>Le sacrement des malades - Doyenn\u00e9 Grand Angoul\u00eame<\/title>\n<meta name=\"robots\" content=\"index, follow, max-snippet:-1, max-image-preview:large, max-video-preview:-1\" \/>\n<link rel=\"canonical\" href=\"https:\/\/charente.catholique.fr\/grand-angouleme\/paroisses\/sainte-josephine-bakhita\/prier-et-celebrer\/le-sacrement-des-malades\/\" \/>\n<meta property=\"og:locale\" content=\"fr_FR\" \/>\n<meta property=\"og:type\" content=\"article\" \/>\n<meta property=\"og:title\" content=\"Le sacrement des malades - Doyenn\u00e9 Grand Angoul\u00eame\" \/>\n<meta property=\"og:description\" content=\"Quand on est tr\u00e8s malade ou tr\u00e8s \u00e2g\u00e9, les chr\u00e9tiens reprennent le geste de J\u00e9sus qui imposait les mains pour b\u00e9nir ou gu\u00e9rir. Ce geste est devenu un sacrement, c\u2019est \u00e0 dire un signe de la tendresse de Dieu. Le sacrement des malades donne la force et le courage de supporter l\u2019\u00e9preuve. L\u2019onction des malades [&hellip;]\" \/>\n<meta property=\"og:url\" content=\"https:\/\/charente.catholique.fr\/grand-angouleme\/paroisses\/sainte-josephine-bakhita\/prier-et-celebrer\/le-sacrement-des-malades\/\" \/>\n<meta property=\"og:site_name\" content=\"Doyenn\u00e9 Grand Angoul\u00eame\" \/>\n<meta property=\"article:publisher\" content=\"https:\/\/www.facebook.com\/EgliseCatholiqueCharente\" \/>\n<meta property=\"article:modified_time\" content=\"2021-02-10T11:16:42+00:00\" \/>\n<meta property=\"og:image\" content=\"https:\/\/charente.catholique.fr\/grand-angouleme\/wp-content\/uploads\/sites\/2\/2020\/09\/sacrement-des-malades-1.jpg\" \/>\n\t<meta property=\"og:image:width\" content=\"1200\" \/>\n\t<meta property=\"og:image:height\" content=\"300\" \/>\n\t<meta property=\"og:image:type\" content=\"image\/jpeg\" \/>\n<meta name=\"twitter:card\" content=\"summary_large_image\" \/>\n<meta name=\"twitter:site\" content=\"@diocesecharente\" \/>\n<meta name=\"twitter:label1\" content=\"Dur\u00e9e de lecture estim\u00e9e\" \/>\n\t<meta name=\"twitter:data1\" content=\"2 minutes\" \/>\n<script type=\"application\/ld+json\" class=\"yoast-schema-graph\">{\"@context\":\"https:\/\/schema.org\",\"@graph\":[{\"@type\":\"WebPage\",\"@id\":\"https:\/\/charente.catholique.fr\/grand-angouleme\/paroisses\/sainte-josephine-bakhita\/prier-et-celebrer\/le-sacrement-des-malades\/\",\"url\":\"https:\/\/charente.catholique.fr\/grand-angouleme\/paroisses\/sainte-josephine-bakhita\/prier-et-celebrer\/le-sacrement-des-malades\/\",\"name\":\"Le sacrement des malades - Doyenn\u00e9 Grand Angoul\u00eame\",\"isPartOf\":{\"@id\":\"https:\/\/charente.catholique.fr\/grand-angouleme\/#website\"},\"primaryImageOfPage\":{\"@id\":\"https:\/\/charente.catholique.fr\/grand-angouleme\/paroisses\/sainte-josephine-bakhita\/prier-et-celebrer\/le-sacrement-des-malades\/#primaryimage\"},\"image\":{\"@id\":\"https:\/\/charente.catholique.fr\/grand-angouleme\/paroisses\/sainte-josephine-bakhita\/prier-et-celebrer\/le-sacrement-des-malades\/#primaryimage\"},\"thumbnailUrl\":\"https:\/\/charente.catholique.fr\/grand-angouleme\/wp-content\/uploads\/sites\/2\/2020\/09\/sacrement-des-malades-1.jpg\",\"datePublished\":\"2020-09-14T11:29:37+00:00\",\"dateModified\":\"2021-02-10T11:16:42+00:00\",\"breadcrumb\":{\"@id\":\"https:\/\/charente.catholique.fr\/grand-angouleme\/paroisses\/sainte-josephine-bakhita\/prier-et-celebrer\/le-sacrement-des-malades\/#breadcrumb\"},\"inLanguage\":\"fr-FR\",\"potentialAction\":[{\"@type\":\"ReadAction\",\"target\":[\"https:\/\/charente.catholique.fr\/grand-angouleme\/paroisses\/sainte-josephine-bakhita\/prier-et-celebrer\/le-sacrement-des-malades\/\"]}]},{\"@type\":\"ImageObject\",\"inLanguage\":\"fr-FR\",\"@id\":\"https:\/\/charente.catholique.fr\/grand-angouleme\/paroisses\/sainte-josephine-bakhita\/prier-et-celebrer\/le-sacrement-des-malades\/#primaryimage\",\"url\":\"https:\/\/charente.catholique.fr\/grand-angouleme\/wp-content\/uploads\/sites\/2\/2020\/09\/sacrement-des-malades-1.jpg\",\"contentUrl\":\"https:\/\/charente.catholique.fr\/grand-angouleme\/wp-content\/uploads\/sites\/2\/2020\/09\/sacrement-des-malades-1.jpg\",\"width\":1200,\"height\":300},{\"@type\":\"BreadcrumbList\",\"@id\":\"https:\/\/charente.catholique.fr\/grand-angouleme\/paroisses\/sainte-josephine-bakhita\/prier-et-celebrer\/le-sacrement-des-malades\/#breadcrumb\",\"itemListElement\":[{\"@type\":\"ListItem\",\"position\":1,\"name\":\"Accueil\",\"item\":\"https:\/\/charente.catholique.fr\/grand-angouleme\/\"},{\"@type\":\"ListItem\",\"position\":2,\"name\":\"Sainte Jos\u00e9phine Bakhita\",\"item\":\"https:\/\/charente.catholique.fr\/grand-angouleme\/paroisses\/sainte-josephine-bakhita\/\"},{\"@type\":\"ListItem\",\"position\":3,\"name\":\"Prier et c\u00e9l\u00e9brer\",\"item\":\"https:\/\/charente.catholique.fr\/grand-angouleme\/paroisses\/sainte-josephine-bakhita\/prier-et-celebrer\/\"},{\"@type\":\"ListItem\",\"position\":4,\"name\":\"Le sacrement des malades\"}]},{\"@type\":\"WebSite\",\"@id\":\"https:\/\/charente.catholique.fr\/grand-angouleme\/#website\",\"url\":\"https:\/\/charente.catholique.fr\/grand-angouleme\/\",\"name\":\"Doyenn\u00e9 Grand Angoul\u00eame - Dioc\u00e8se d'Angoul\u00eame\",\"description\":\"Dioc\u00e8se d&#039;Angoul\u00eame\",\"publisher\":{\"@id\":\"https:\/\/charente.catholique.fr\/grand-angouleme\/#organization\"},\"potentialAction\":[{\"@type\":\"SearchAction\",\"target\":{\"@type\":\"EntryPoint\",\"urlTemplate\":\"https:\/\/charente.catholique.fr\/grand-angouleme\/?s={search_term_string}\"},\"query-input\":{\"@type\":\"PropertyValueSpecification\",\"valueRequired\":true,\"valueName\":\"search_term_string\"}}],\"inLanguage\":\"fr-FR\"},{\"@type\":\"Organization\",\"@id\":\"https:\/\/charente.catholique.fr\/grand-angouleme\/#organization\",\"name\":\"Association Dioc\u00e9saine d'Angoul\u00eame\",\"url\":\"https:\/\/charente.catholique.fr\/grand-angouleme\/\",\"logo\":{\"@type\":\"ImageObject\",\"inLanguage\":\"fr-FR\",\"@id\":\"https:\/\/charente.catholique.fr\/grand-angouleme\/#\/schema\/logo\/image\/\",\"url\":\"https:\/\/charente.catholique.fr\/grand-angouleme\/wp-content\/uploads\/sites\/2\/2020\/10\/logos.png\",\"contentUrl\":\"https:\/\/charente.catholique.fr\/grand-angouleme\/wp-content\/uploads\/sites\/2\/2020\/10\/logos.png\",\"width\":600,\"height\":257,\"caption\":\"Association Dioc\u00e9saine d'Angoul\u00eame\"},\"image\":{\"@id\":\"https:\/\/charente.catholique.fr\/grand-angouleme\/#\/schema\/logo\/image\/\"},\"sameAs\":[\"https:\/\/www.facebook.com\/EgliseCatholiqueCharente\",\"https:\/\/x.com\/diocesecharente\",\"https:\/\/www.instagram.com\/eglisecharente\",\"https:\/\/www.youtube.com\/channel\/UCByyFWApZbw3gDTiADoiAaQ\"]}]}<\/script>\n<!-- \/ Yoast SEO plugin. -->","yoast_head_json":{"title":"Le sacrement des malades - Doyenn\u00e9 Grand Angoul\u00eame","robots":{"index":"index","follow":"follow","max-snippet":"max-snippet:-1","max-image-preview":"max-image-preview:large","max-video-preview":"max-video-preview:-1"},"canonical":"https:\/\/charente.catholique.fr\/grand-angouleme\/paroisses\/sainte-josephine-bakhita\/prier-et-celebrer\/le-sacrement-des-malades\/","og_locale":"fr_FR","og_type":"article","og_title":"Le sacrement des malades - Doyenn\u00e9 Grand Angoul\u00eame","og_description":"Quand on est tr\u00e8s malade ou tr\u00e8s \u00e2g\u00e9, les chr\u00e9tiens reprennent le geste de J\u00e9sus qui imposait les mains pour b\u00e9nir ou gu\u00e9rir. Ce geste est devenu un sacrement, c\u2019est \u00e0 dire un signe de la tendresse de Dieu. Le sacrement des malades donne la force et le courage de supporter l\u2019\u00e9preuve. L\u2019onction des malades [&hellip;]","og_url":"https:\/\/charente.catholique.fr\/grand-angouleme\/paroisses\/sainte-josephine-bakhita\/prier-et-celebrer\/le-sacrement-des-malades\/","og_site_name":"Doyenn\u00e9 Grand Angoul\u00eame","article_publisher":"https:\/\/www.facebook.com\/EgliseCatholiqueCharente","article_modified_time":"2021-02-10T11:16:42+00:00","og_image":[{"width":1200,"height":300,"url":"https:\/\/charente.catholique.fr\/grand-angouleme\/wp-content\/uploads\/sites\/2\/2020\/09\/sacrement-des-malades-1.jpg","type":"image\/jpeg"}],"twitter_card":"summary_large_image","twitter_site":"@diocesecharente","twitter_misc":{"Dur\u00e9e de lecture estim\u00e9e":"2 minutes"},"schema":{"@context":"https:\/\/schema.org","@graph":[{"@type":"WebPage","@id":"https:\/\/charente.catholique.fr\/grand-angouleme\/paroisses\/sainte-josephine-bakhita\/prier-et-celebrer\/le-sacrement-des-malades\/","url":"https:\/\/charente.catholique.fr\/grand-angouleme\/paroisses\/sainte-josephine-bakhita\/prier-et-celebrer\/le-sacrement-des-malades\/","name":"Le sacrement des malades - Doyenn\u00e9 Grand Angoul\u00eame","isPartOf":{"@id":"https:\/\/charente.catholique.fr\/grand-angouleme\/#website"},"primaryImageOfPage":{"@id":"https:\/\/charente.catholique.fr\/grand-angouleme\/paroisses\/sainte-josephine-bakhita\/prier-et-celebrer\/le-sacrement-des-malades\/#primaryimage"},"image":{"@id":"https:\/\/charente.catholique.fr\/grand-angouleme\/paroisses\/sainte-josephine-bakhita\/prier-et-celebrer\/le-sacrement-des-malades\/#primaryimage"},"thumbnailUrl":"https:\/\/charente.catholique.fr\/grand-angouleme\/wp-content\/uploads\/sites\/2\/2020\/09\/sacrement-des-malades-1.jpg","datePublished":"2020-09-14T11:29:37+00:00","dateModified":"2021-02-10T11:16:42+00:00","breadcrumb":{"@id":"https:\/\/charente.catholique.fr\/grand-angouleme\/paroisses\/sainte-josephine-bakhita\/prier-et-celebrer\/le-sacrement-des-malades\/#breadcrumb"},"inLanguage":"fr-FR","potentialAction":[{"@type":"ReadAction","target":["https:\/\/charente.catholique.fr\/grand-angouleme\/paroisses\/sainte-josephine-bakhita\/prier-et-celebrer\/le-sacrement-des-malades\/"]}]},{"@type":"ImageObject","inLanguage":"fr-FR","@id":"https:\/\/charente.catholique.fr\/grand-angouleme\/paroisses\/sainte-josephine-bakhita\/prier-et-celebrer\/le-sacrement-des-malades\/#primaryimage","url":"https:\/\/charente.catholique.fr\/grand-angouleme\/wp-content\/uploads\/sites\/2\/2020\/09\/sacrement-des-malades-1.jpg","contentUrl":"https:\/\/charente.catholique.fr\/grand-angouleme\/wp-content\/uploads\/sites\/2\/2020\/09\/sacrement-des-malades-1.jpg","width":1200,"height":300},{"@type":"BreadcrumbList","@id":"https:\/\/charente.catholique.fr\/grand-angouleme\/paroisses\/sainte-josephine-bakhita\/prier-et-celebrer\/le-sacrement-des-malades\/#breadcrumb","itemListElement":[{"@type":"ListItem","position":1,"name":"Accueil","item":"https:\/\/charente.catholique.fr\/grand-angouleme\/"},{"@type":"ListItem","position":2,"name":"Sainte Jos\u00e9phine Bakhita","item":"https:\/\/charente.catholique.fr\/grand-angouleme\/paroisses\/sainte-josephine-bakhita\/"},{"@type":"ListItem","position":3,"name":"Prier et c\u00e9l\u00e9brer","item":"https:\/\/charente.catholique.fr\/grand-angouleme\/paroisses\/sainte-josephine-bakhita\/prier-et-celebrer\/"},{"@type":"ListItem","position":4,"name":"Le sacrement des malades"}]},{"@type":"WebSite","@id":"https:\/\/charente.catholique.fr\/grand-angouleme\/#website","url":"https:\/\/charente.catholique.fr\/grand-angouleme\/","name":"Doyenn\u00e9 Grand Angoul\u00eame - Dioc\u00e8se d'Angoul\u00eame","description":"Dioc\u00e8se d&#039;Angoul\u00eame","publisher":{"@id":"https:\/\/charente.catholique.fr\/grand-angouleme\/#organization"},"potentialAction":[{"@type":"SearchAction","target":{"@type":"EntryPoint","urlTemplate":"https:\/\/charente.catholique.fr\/grand-angouleme\/?s={search_term_string}"},"query-input":{"@type":"PropertyValueSpecification","valueRequired":true,"valueName":"search_term_string"}}],"inLanguage":"fr-FR"},{"@type":"Organization","@id":"https:\/\/charente.catholique.fr\/grand-angouleme\/#organization","name":"Association Dioc\u00e9saine d'Angoul\u00eame","url":"https:\/\/charente.catholique.fr\/grand-angouleme\/","logo":{"@type":"ImageObject","inLanguage":"fr-FR","@id":"https:\/\/charente.catholique.fr\/grand-angouleme\/#\/schema\/logo\/image\/","url":"https:\/\/charente.catholique.fr\/grand-angouleme\/wp-content\/uploads\/sites\/2\/2020\/10\/logos.png","contentUrl":"https:\/\/charente.catholique.fr\/grand-angouleme\/wp-content\/uploads\/sites\/2\/2020\/10\/logos.png","width":600,"height":257,"caption":"Association Dioc\u00e9saine d'Angoul\u00eame"},"image":{"@id":"https:\/\/charente.catholique.fr\/grand-angouleme\/#\/schema\/logo\/image\/"},"sameAs":["https:\/\/www.facebook.com\/EgliseCatholiqueCharente","https:\/\/x.com\/diocesecharente","https:\/\/www.instagram.com\/eglisecharente","https:\/\/www.youtube.com\/channel\/UCByyFWApZbw3gDTiADoiAaQ"]}]}},"_links":{"self":[{"href":"https:\/\/charente.catholique.fr\/grand-angouleme\/wp-json\/wp\/v2\/paroisse\/299","targetHints":{"allow":["GET"]}}],"collection":[{"href":"https:\/\/charente.catholique.fr\/grand-angouleme\/wp-json\/wp\/v2\/paroisse"}],"about":[{"href":"https:\/\/charente.catholique.fr\/grand-angouleme\/wp-json\/wp\/v2\/types\/paroisse"}],"author":[{"embeddable":true,"href":"https:\/\/charente.catholique.fr\/grand-angouleme\/wp-json\/wp\/v2\/users\/1"}],"version-history":[{"count":0,"href":"https:\/\/charente.catholique.fr\/grand-angouleme\/wp-json\/wp\/v2\/paroisse\/299\/revisions"}],"up":[{"embeddable":true,"href":"https:\/\/charente.catholique.fr\/grand-angouleme\/wp-json\/wp\/v2\/paroisse\/190"}],"wp:featuredmedia":[{"embeddable":true,"href":"https:\/\/charente.catholique.fr\/grand-angouleme\/wp-json\/wp\/v2\/media\/1923"}],"wp:attachment":[{"href":"https:\/\/charente.catholique.fr\/grand-angouleme\/wp-json\/wp\/v2\/media?parent=299"}],"curies":[{"name":"wp","href":"https:\/\/api.w.org\/{rel}","templated":true}]}}