{"id":27724,"date":"2025-05-27T13:31:12","date_gmt":"2025-05-27T11:31:12","guid":{"rendered":"https:\/\/charente.catholique.fr\/grand-angouleme\/?post_type=paroisse&#038;p=27724"},"modified":"2026-03-25T16:49:06","modified_gmt":"2026-03-25T15:49:06","slug":"bapteme-des-enfants","status":"publish","type":"paroisse","link":"https:\/\/charente.catholique.fr\/grand-angouleme\/paroisses\/visitation-sur-boeme\/preparer-et-celebrer-un-sacrement\/bapteme-des-enfants\/","title":{"rendered":"Bapt\u00eame des petits enfants"},"content":{"rendered":"\n<p class=\"has-medium-font-size\"><strong>jusqu\u2019au 3 ans de leurs enfants,<\/strong> les parents sont invit\u00e9s \u00e0 rencontrer le Pr\u00eatre ou l&#8217;\u00e9quipe de pr\u00e9paration au bapt\u00eame pour un premier contact.<br>Dans un deuxi\u00e8me temps, ils vivront  une d\u00e9marche baptismale, un samedi matin avec le Pr\u00eatre, l&#8217;\u00e9quipe de pr\u00e9paration et d&#8217;autres familles. <br><\/p>\n\n\n\n<ul class=\"wp-block-list\">\n<li><strong>Pour les enfants de 3 \u00e0 7 ans<\/strong>, il existe des temps d\u2019\u00e9veil \u00e0 la foi. Au cours de ces rencontres, les enfants d\u00e9couvriront qui est J\u00e9sus, l\u2019Eglise, ce que c\u2019est qu\u2019\u00eatre chr\u00e9tien, et ils pourront d\u00e9couvrir ce que sera leur bapt\u00eame en en c\u00e9l\u00e9brant quelques \u00e9tapes avec la communaut\u00e9 paroissiale.<br><\/li>\n\n\n\n<li><strong>Pour les enfants \u00e0 partir de 8 ans <\/strong>et en \u00e2ge d\u2019aller au cat\u00e9chisme, c\u2019est au cours de ces rencontres qu\u2019ils se pr\u00e9pareront \u00e0 vivre le bapt\u00eame.<\/li>\n<\/ul>\n\n\n\n<h5 class=\"wp-block-heading has-very-light-gray-to-cyan-bluish-gray-gradient-background has-background\" style=\"font-size:18px\"><strong>Personnes \u00e0 contacter<\/strong><\/h5>\n\n\n\n<p><strong>P\u00e8re Claude Mouk\u00e9t\u00e9 <\/strong><br>T\u00e9l. 07.83.36.94.92 Mail.&nbsp;<a href=\"mailto:eitelclaude2005@yahoo.fr\" target=\"_blank\" rel=\"noreferrer noopener\">eitelclaude2005@yahoo.fr<\/a><\/p>\n\n\n\n<p style=\"font-size:18px\"><strong>Equipe de pr\u00e9paration au bapt\u00eame<\/strong><\/p>\n\n\n\n<p style=\"font-size:18px\">Martine Vinsonnaud<br>Tel. 06.82.23.89.94 Mail <a href=\"mailto:vinsonnaud.martine@outlook.fr\">vinsonnaud.martine@outlook.fr<\/a><\/p>\n\n\n\n<p style=\"font-size:18px\">V\u00e9ronique Fleury<br>Tel. 06.84.41.57.48 Mail. <a href=\"mailto:veronos@live.fr\">veronos@live.f<\/a>r<\/p>\n\n\n<a href=\"https:\/\/charente.catholique.fr\/grand-angouleme\/wp-content\/uploads\/sites\/2\/2025\/05\/livret_bapteme_web.pdf\" class=\"pdfemb-viewer\" style=\"\" data-width=\"max\" data-height=\"max\" data-toolbar=\"bottom\" data-toolbar-fixed=\"off\">livret_bapteme_web<\/a>\n\n\n<div class=\"wp-block-file\"><a id=\"wp-block-file--media-f0485b57-523b-442f-9ce5-dab49451bf89\" href=\"https:\/\/charente.catholique.fr\/grand-angouleme\/wp-content\/uploads\/sites\/2\/2025\/05\/livret_bapteme_web.pdf\">livret_bapteme_web<\/a><a href=\"https:\/\/charente.catholique.fr\/grand-angouleme\/wp-content\/uploads\/sites\/2\/2025\/05\/livret_bapteme_web.pdf\" class=\"wp-block-file__button wp-element-button\" download aria-describedby=\"wp-block-file--media-f0485b57-523b-442f-9ce5-dab49451bf89\">T\u00e9l\u00e9charger<\/a><\/div>\n","protected":false},"author":103,"featured_media":1744,"parent":956,"menu_order":142,"template":"","meta":{"_acf_changed":false,"paroisse":["4","4"],"service":[],"footnotes":""},"class_list":["post-27724","paroisse","type-paroisse","status-publish","has-post-thumbnail","hentry"],"acf":[],"yoast_head":"<!-- This site is optimized with the Yoast SEO plugin v27.1.1 - https:\/\/yoast.com\/product\/yoast-seo-wordpress\/ -->\n<title>Bapt\u00eame des petits enfants - Doyenn\u00e9 Grand Angoul\u00eame<\/title>\n<meta name=\"robots\" content=\"index, follow, max-snippet:-1, max-image-preview:large, max-video-preview:-1\" \/>\n<link rel=\"canonical\" href=\"https:\/\/charente.catholique.fr\/grand-angouleme\/paroisses\/visitation-sur-boeme\/preparer-et-celebrer-un-sacrement\/bapteme-des-enfants\/\" \/>\n<meta property=\"og:locale\" content=\"fr_FR\" \/>\n<meta property=\"og:type\" content=\"article\" \/>\n<meta property=\"og:title\" content=\"Bapt\u00eame des petits enfants - Doyenn\u00e9 Grand Angoul\u00eame\" \/>\n<meta property=\"og:description\" content=\"jusqu\u2019au 3 ans de leurs enfants, les parents sont invit\u00e9s \u00e0 rencontrer le Pr\u00eatre ou l&#8217;\u00e9quipe de pr\u00e9paration au bapt\u00eame pour un premier contact.Dans un deuxi\u00e8me temps, ils vivront une d\u00e9marche baptismale, un samedi matin avec le Pr\u00eatre, l&#8217;\u00e9quipe de pr\u00e9paration et d&#8217;autres familles. Personnes \u00e0 contacter P\u00e8re Claude Mouk\u00e9t\u00e9 T\u00e9l. 07.83.36.94.92 Mail.&nbsp;eitelclaude2005@yahoo.fr Equipe de [&hellip;]\" \/>\n<meta property=\"og:url\" content=\"https:\/\/charente.catholique.fr\/grand-angouleme\/paroisses\/visitation-sur-boeme\/preparer-et-celebrer-un-sacrement\/bapteme-des-enfants\/\" \/>\n<meta property=\"og:site_name\" content=\"Doyenn\u00e9 Grand Angoul\u00eame\" \/>\n<meta property=\"article:publisher\" content=\"https:\/\/www.facebook.com\/EgliseCatholiqueCharente\" \/>\n<meta property=\"article:modified_time\" content=\"2026-03-25T15:49:06+00:00\" \/>\n<meta property=\"og:image\" content=\"https:\/\/charente.catholique.fr\/grand-angouleme\/wp-content\/uploads\/sites\/2\/2020\/09\/bapteme-3.jpg\" \/>\n\t<meta property=\"og:image:width\" content=\"1197\" \/>\n\t<meta property=\"og:image:height\" content=\"383\" \/>\n\t<meta property=\"og:image:type\" content=\"image\/jpeg\" \/>\n<meta name=\"twitter:card\" content=\"summary_large_image\" \/>\n<meta name=\"twitter:site\" content=\"@diocesecharente\" \/>\n<meta name=\"twitter:label1\" content=\"Dur\u00e9e de lecture estim\u00e9e\" \/>\n\t<meta name=\"twitter:data1\" content=\"1 minute\" \/>\n<script type=\"application\/ld+json\" class=\"yoast-schema-graph\">{\"@context\":\"https:\/\/schema.org\",\"@graph\":[{\"@type\":\"WebPage\",\"@id\":\"https:\/\/charente.catholique.fr\/grand-angouleme\/paroisses\/visitation-sur-boeme\/preparer-et-celebrer-un-sacrement\/bapteme-des-enfants\/\",\"url\":\"https:\/\/charente.catholique.fr\/grand-angouleme\/paroisses\/visitation-sur-boeme\/preparer-et-celebrer-un-sacrement\/bapteme-des-enfants\/\",\"name\":\"Bapt\u00eame des petits enfants - Doyenn\u00e9 Grand Angoul\u00eame\",\"isPartOf\":{\"@id\":\"https:\/\/charente.catholique.fr\/grand-angouleme\/#website\"},\"primaryImageOfPage\":{\"@id\":\"https:\/\/charente.catholique.fr\/grand-angouleme\/paroisses\/visitation-sur-boeme\/preparer-et-celebrer-un-sacrement\/bapteme-des-enfants\/#primaryimage\"},\"image\":{\"@id\":\"https:\/\/charente.catholique.fr\/grand-angouleme\/paroisses\/visitation-sur-boeme\/preparer-et-celebrer-un-sacrement\/bapteme-des-enfants\/#primaryimage\"},\"thumbnailUrl\":\"https:\/\/charente.catholique.fr\/grand-angouleme\/wp-content\/uploads\/sites\/2\/2020\/09\/bapteme-3.jpg\",\"datePublished\":\"2025-05-27T11:31:12+00:00\",\"dateModified\":\"2026-03-25T15:49:06+00:00\",\"breadcrumb\":{\"@id\":\"https:\/\/charente.catholique.fr\/grand-angouleme\/paroisses\/visitation-sur-boeme\/preparer-et-celebrer-un-sacrement\/bapteme-des-enfants\/#breadcrumb\"},\"inLanguage\":\"fr-FR\",\"potentialAction\":[{\"@type\":\"ReadAction\",\"target\":[\"https:\/\/charente.catholique.fr\/grand-angouleme\/paroisses\/visitation-sur-boeme\/preparer-et-celebrer-un-sacrement\/bapteme-des-enfants\/\"]}]},{\"@type\":\"ImageObject\",\"inLanguage\":\"fr-FR\",\"@id\":\"https:\/\/charente.catholique.fr\/grand-angouleme\/paroisses\/visitation-sur-boeme\/preparer-et-celebrer-un-sacrement\/bapteme-des-enfants\/#primaryimage\",\"url\":\"https:\/\/charente.catholique.fr\/grand-angouleme\/wp-content\/uploads\/sites\/2\/2020\/09\/bapteme-3.jpg\",\"contentUrl\":\"https:\/\/charente.catholique.fr\/grand-angouleme\/wp-content\/uploads\/sites\/2\/2020\/09\/bapteme-3.jpg\",\"width\":1197,\"height\":383},{\"@type\":\"BreadcrumbList\",\"@id\":\"https:\/\/charente.catholique.fr\/grand-angouleme\/paroisses\/visitation-sur-boeme\/preparer-et-celebrer-un-sacrement\/bapteme-des-enfants\/#breadcrumb\",\"itemListElement\":[{\"@type\":\"ListItem\",\"position\":1,\"name\":\"Accueil\",\"item\":\"https:\/\/charente.catholique.fr\/grand-angouleme\/\"},{\"@type\":\"ListItem\",\"position\":2,\"name\":\"La Visitation sur Bo\u00ebme\",\"item\":\"https:\/\/charente.catholique.fr\/grand-angouleme\/paroisses\/visitation-sur-boeme\/\"},{\"@type\":\"ListItem\",\"position\":3,\"name\":\"Pr\u00e9parer et c\u00e9l\u00e9brer un sacrement\",\"item\":\"https:\/\/charente.catholique.fr\/grand-angouleme\/paroisses\/visitation-sur-boeme\/preparer-et-celebrer-un-sacrement\/\"},{\"@type\":\"ListItem\",\"position\":4,\"name\":\"Bapt\u00eame des petits enfants\"}]},{\"@type\":\"WebSite\",\"@id\":\"https:\/\/charente.catholique.fr\/grand-angouleme\/#website\",\"url\":\"https:\/\/charente.catholique.fr\/grand-angouleme\/\",\"name\":\"Doyenn\u00e9 Grand Angoul\u00eame - Dioc\u00e8se d'Angoul\u00eame\",\"description\":\"Dioc\u00e8se d&#039;Angoul\u00eame\",\"publisher\":{\"@id\":\"https:\/\/charente.catholique.fr\/grand-angouleme\/#organization\"},\"potentialAction\":[{\"@type\":\"SearchAction\",\"target\":{\"@type\":\"EntryPoint\",\"urlTemplate\":\"https:\/\/charente.catholique.fr\/grand-angouleme\/?s={search_term_string}\"},\"query-input\":{\"@type\":\"PropertyValueSpecification\",\"valueRequired\":true,\"valueName\":\"search_term_string\"}}],\"inLanguage\":\"fr-FR\"},{\"@type\":\"Organization\",\"@id\":\"https:\/\/charente.catholique.fr\/grand-angouleme\/#organization\",\"name\":\"Association Dioc\u00e9saine d'Angoul\u00eame\",\"url\":\"https:\/\/charente.catholique.fr\/grand-angouleme\/\",\"logo\":{\"@type\":\"ImageObject\",\"inLanguage\":\"fr-FR\",\"@id\":\"https:\/\/charente.catholique.fr\/grand-angouleme\/#\/schema\/logo\/image\/\",\"url\":\"https:\/\/charente.catholique.fr\/grand-angouleme\/wp-content\/uploads\/sites\/2\/2020\/10\/logos.png\",\"contentUrl\":\"https:\/\/charente.catholique.fr\/grand-angouleme\/wp-content\/uploads\/sites\/2\/2020\/10\/logos.png\",\"width\":600,\"height\":257,\"caption\":\"Association Dioc\u00e9saine d'Angoul\u00eame\"},\"image\":{\"@id\":\"https:\/\/charente.catholique.fr\/grand-angouleme\/#\/schema\/logo\/image\/\"},\"sameAs\":[\"https:\/\/www.facebook.com\/EgliseCatholiqueCharente\",\"https:\/\/x.com\/diocesecharente\",\"https:\/\/www.instagram.com\/eglisecharente\",\"https:\/\/www.youtube.com\/channel\/UCByyFWApZbw3gDTiADoiAaQ\"]}]}<\/script>\n<!-- \/ Yoast SEO plugin. -->","yoast_head_json":{"title":"Bapt\u00eame des petits enfants - Doyenn\u00e9 Grand Angoul\u00eame","robots":{"index":"index","follow":"follow","max-snippet":"max-snippet:-1","max-image-preview":"max-image-preview:large","max-video-preview":"max-video-preview:-1"},"canonical":"https:\/\/charente.catholique.fr\/grand-angouleme\/paroisses\/visitation-sur-boeme\/preparer-et-celebrer-un-sacrement\/bapteme-des-enfants\/","og_locale":"fr_FR","og_type":"article","og_title":"Bapt\u00eame des petits enfants - Doyenn\u00e9 Grand Angoul\u00eame","og_description":"jusqu\u2019au 3 ans de leurs enfants, les parents sont invit\u00e9s \u00e0 rencontrer le Pr\u00eatre ou l&#8217;\u00e9quipe de pr\u00e9paration au bapt\u00eame pour un premier contact.Dans un deuxi\u00e8me temps, ils vivront une d\u00e9marche baptismale, un samedi matin avec le Pr\u00eatre, l&#8217;\u00e9quipe de pr\u00e9paration et d&#8217;autres familles. Personnes \u00e0 contacter P\u00e8re Claude Mouk\u00e9t\u00e9 T\u00e9l. 07.83.36.94.92 Mail.&nbsp;eitelclaude2005@yahoo.fr Equipe de [&hellip;]","og_url":"https:\/\/charente.catholique.fr\/grand-angouleme\/paroisses\/visitation-sur-boeme\/preparer-et-celebrer-un-sacrement\/bapteme-des-enfants\/","og_site_name":"Doyenn\u00e9 Grand Angoul\u00eame","article_publisher":"https:\/\/www.facebook.com\/EgliseCatholiqueCharente","article_modified_time":"2026-03-25T15:49:06+00:00","og_image":[{"width":1197,"height":383,"url":"https:\/\/charente.catholique.fr\/grand-angouleme\/wp-content\/uploads\/sites\/2\/2020\/09\/bapteme-3.jpg","type":"image\/jpeg"}],"twitter_card":"summary_large_image","twitter_site":"@diocesecharente","twitter_misc":{"Dur\u00e9e de lecture estim\u00e9e":"1 minute"},"schema":{"@context":"https:\/\/schema.org","@graph":[{"@type":"WebPage","@id":"https:\/\/charente.catholique.fr\/grand-angouleme\/paroisses\/visitation-sur-boeme\/preparer-et-celebrer-un-sacrement\/bapteme-des-enfants\/","url":"https:\/\/charente.catholique.fr\/grand-angouleme\/paroisses\/visitation-sur-boeme\/preparer-et-celebrer-un-sacrement\/bapteme-des-enfants\/","name":"Bapt\u00eame des petits enfants - Doyenn\u00e9 Grand Angoul\u00eame","isPartOf":{"@id":"https:\/\/charente.catholique.fr\/grand-angouleme\/#website"},"primaryImageOfPage":{"@id":"https:\/\/charente.catholique.fr\/grand-angouleme\/paroisses\/visitation-sur-boeme\/preparer-et-celebrer-un-sacrement\/bapteme-des-enfants\/#primaryimage"},"image":{"@id":"https:\/\/charente.catholique.fr\/grand-angouleme\/paroisses\/visitation-sur-boeme\/preparer-et-celebrer-un-sacrement\/bapteme-des-enfants\/#primaryimage"},"thumbnailUrl":"https:\/\/charente.catholique.fr\/grand-angouleme\/wp-content\/uploads\/sites\/2\/2020\/09\/bapteme-3.jpg","datePublished":"2025-05-27T11:31:12+00:00","dateModified":"2026-03-25T15:49:06+00:00","breadcrumb":{"@id":"https:\/\/charente.catholique.fr\/grand-angouleme\/paroisses\/visitation-sur-boeme\/preparer-et-celebrer-un-sacrement\/bapteme-des-enfants\/#breadcrumb"},"inLanguage":"fr-FR","potentialAction":[{"@type":"ReadAction","target":["https:\/\/charente.catholique.fr\/grand-angouleme\/paroisses\/visitation-sur-boeme\/preparer-et-celebrer-un-sacrement\/bapteme-des-enfants\/"]}]},{"@type":"ImageObject","inLanguage":"fr-FR","@id":"https:\/\/charente.catholique.fr\/grand-angouleme\/paroisses\/visitation-sur-boeme\/preparer-et-celebrer-un-sacrement\/bapteme-des-enfants\/#primaryimage","url":"https:\/\/charente.catholique.fr\/grand-angouleme\/wp-content\/uploads\/sites\/2\/2020\/09\/bapteme-3.jpg","contentUrl":"https:\/\/charente.catholique.fr\/grand-angouleme\/wp-content\/uploads\/sites\/2\/2020\/09\/bapteme-3.jpg","width":1197,"height":383},{"@type":"BreadcrumbList","@id":"https:\/\/charente.catholique.fr\/grand-angouleme\/paroisses\/visitation-sur-boeme\/preparer-et-celebrer-un-sacrement\/bapteme-des-enfants\/#breadcrumb","itemListElement":[{"@type":"ListItem","position":1,"name":"Accueil","item":"https:\/\/charente.catholique.fr\/grand-angouleme\/"},{"@type":"ListItem","position":2,"name":"La Visitation sur Bo\u00ebme","item":"https:\/\/charente.catholique.fr\/grand-angouleme\/paroisses\/visitation-sur-boeme\/"},{"@type":"ListItem","position":3,"name":"Pr\u00e9parer et c\u00e9l\u00e9brer un sacrement","item":"https:\/\/charente.catholique.fr\/grand-angouleme\/paroisses\/visitation-sur-boeme\/preparer-et-celebrer-un-sacrement\/"},{"@type":"ListItem","position":4,"name":"Bapt\u00eame des petits enfants"}]},{"@type":"WebSite","@id":"https:\/\/charente.catholique.fr\/grand-angouleme\/#website","url":"https:\/\/charente.catholique.fr\/grand-angouleme\/","name":"Doyenn\u00e9 Grand Angoul\u00eame - Dioc\u00e8se d'Angoul\u00eame","description":"Dioc\u00e8se d&#039;Angoul\u00eame","publisher":{"@id":"https:\/\/charente.catholique.fr\/grand-angouleme\/#organization"},"potentialAction":[{"@type":"SearchAction","target":{"@type":"EntryPoint","urlTemplate":"https:\/\/charente.catholique.fr\/grand-angouleme\/?s={search_term_string}"},"query-input":{"@type":"PropertyValueSpecification","valueRequired":true,"valueName":"search_term_string"}}],"inLanguage":"fr-FR"},{"@type":"Organization","@id":"https:\/\/charente.catholique.fr\/grand-angouleme\/#organization","name":"Association Dioc\u00e9saine d'Angoul\u00eame","url":"https:\/\/charente.catholique.fr\/grand-angouleme\/","logo":{"@type":"ImageObject","inLanguage":"fr-FR","@id":"https:\/\/charente.catholique.fr\/grand-angouleme\/#\/schema\/logo\/image\/","url":"https:\/\/charente.catholique.fr\/grand-angouleme\/wp-content\/uploads\/sites\/2\/2020\/10\/logos.png","contentUrl":"https:\/\/charente.catholique.fr\/grand-angouleme\/wp-content\/uploads\/sites\/2\/2020\/10\/logos.png","width":600,"height":257,"caption":"Association Dioc\u00e9saine d'Angoul\u00eame"},"image":{"@id":"https:\/\/charente.catholique.fr\/grand-angouleme\/#\/schema\/logo\/image\/"},"sameAs":["https:\/\/www.facebook.com\/EgliseCatholiqueCharente","https:\/\/x.com\/diocesecharente","https:\/\/www.instagram.com\/eglisecharente","https:\/\/www.youtube.com\/channel\/UCByyFWApZbw3gDTiADoiAaQ"]}]}},"_links":{"self":[{"href":"https:\/\/charente.catholique.fr\/grand-angouleme\/wp-json\/wp\/v2\/paroisse\/27724","targetHints":{"allow":["GET"]}}],"collection":[{"href":"https:\/\/charente.catholique.fr\/grand-angouleme\/wp-json\/wp\/v2\/paroisse"}],"about":[{"href":"https:\/\/charente.catholique.fr\/grand-angouleme\/wp-json\/wp\/v2\/types\/paroisse"}],"author":[{"embeddable":true,"href":"https:\/\/charente.catholique.fr\/grand-angouleme\/wp-json\/wp\/v2\/users\/103"}],"version-history":[{"count":10,"href":"https:\/\/charente.catholique.fr\/grand-angouleme\/wp-json\/wp\/v2\/paroisse\/27724\/revisions"}],"predecessor-version":[{"id":30575,"href":"https:\/\/charente.catholique.fr\/grand-angouleme\/wp-json\/wp\/v2\/paroisse\/27724\/revisions\/30575"}],"up":[{"embeddable":true,"href":"https:\/\/charente.catholique.fr\/grand-angouleme\/wp-json\/wp\/v2\/paroisse\/956"}],"wp:featuredmedia":[{"embeddable":true,"href":"https:\/\/charente.catholique.fr\/grand-angouleme\/wp-json\/wp\/v2\/media\/1744"}],"wp:attachment":[{"href":"https:\/\/charente.catholique.fr\/grand-angouleme\/wp-json\/wp\/v2\/media?parent=27724"}],"curies":[{"name":"wp","href":"https:\/\/api.w.org\/{rel}","templated":true}]}}