{"id":233,"date":"2020-09-14T17:44:28","date_gmt":"2020-09-14T15:44:28","guid":{"rendered":"https:\/\/charente.catholique.fr\/grand-angouleme\/?post_type=paroisse&#038;p=233"},"modified":"2020-10-24T16:53:12","modified_gmt":"2020-10-24T14:53:12","slug":"les-vitraux-du-p-kim","status":"publish","type":"paroisse","link":"https:\/\/charente.catholique.fr\/grand-angouleme\/paroisses\/sainte-josephine-bakhita\/les-paroisses\/les-eglises-des-deux-paroisses\/les-vitraux-du-p-kim\/","title":{"rendered":"Les vitraux du P. Kim"},"content":{"rendered":"\n<div class=\"wp-block-media-text alignwide is-stacked-on-mobile\" style=\"grid-template-columns:15% auto\"><figure class=\"wp-block-media-text__media\"><img loading=\"lazy\" decoding=\"async\" width=\"200\" height=\"200\" src=\"https:\/\/charente.catholique.fr\/grand-angouleme\/wp-content\/uploads\/sites\/2\/2020\/09\/arton1969-9181d.jpg\" alt=\"\" class=\"wp-image-234\" srcset=\"https:\/\/charente.catholique.fr\/grand-angouleme\/wp-content\/uploads\/sites\/2\/2020\/09\/arton1969-9181d.jpg 200w, https:\/\/charente.catholique.fr\/grand-angouleme\/wp-content\/uploads\/sites\/2\/2020\/09\/arton1969-9181d-150x150.jpg 150w\" sizes=\"auto, (max-width: 200px) 100vw, 200px\" \/><\/figure><div class=\"wp-block-media-text__content\">\n<p>Les vitraux de l\u2019\u00e9glise et de l\u2019oratoire ont \u00e9t\u00e9 r\u00e9alis\u00e9s par&nbsp;: <br>le P\u00e8re Kim En Joong<br><em>pr\u00eatre dominicain cor\u00e9en<\/em><\/p>\n<\/div><\/div>\n\n\n\n<h2 class=\"wp-block-heading\"><strong>Le P\u00e8re Kim En Joong<\/strong><\/h2>\n\n\n\n<p>Kim En Joong est n\u00e9 en Cor\u00e9e du Sud en 1940 pendant l\u2019occupation japonaise. Il a donc connu les guerres, le communisme, les privations&nbsp;; un c\u00f4t\u00e9 sombre de sa vie. Mais son p\u00e8re, qui \u00e9tait calligraphe, a cherch\u00e9 \u00e0 lui transmettre toute une richesse int\u00e9rieure venant de tr\u00e8s loin en Orient et a \u00e9lev\u00e9 ses huit enfants selon la tradition tao\u00efste.<\/p>\n\n\n\n<p>Kim En Joong est entr\u00e9 \u00e0 l\u2019\u00c9cole des Beaux Arts de S\u00e9oul. S\u2019est int\u00e9ress\u00e9 \u00e0 l\u2019art occidental, en particulier l\u2019impressionnisme, le cubisme, l\u2019art abstrait.<\/p>\n\n\n\n<p>Entr\u00e9 comme professeur dans un lyc\u00e9e priv\u00e9 de S\u00e9oul il a d\u00e9couvert le catholicisme. Il a demand\u00e9 le bapt\u00eame en 1967<\/p>\n\n\n\n<p>Puis il est all\u00e9 en Suisse o\u00f9 il a \u00e9tudi\u00e9 l\u2019histoire de l\u2019art, la th\u00e9ologie et la m\u00e9taphysique. Enfin il a fait la rencontre des Dominicains et a pris l\u2019habit le 4 Ao\u00fbt 1970. Il a \u00e9t\u00e9 ordonn\u00e9 pr\u00eatre en 1974.<\/p>\n\n\n\n<p>Il commence \u00e0 exposer \u00e0 Paris en 1973 et s\u2019attache \u00e0 concilier ses deux vocations. A partir de 1980 il expose hors de France&nbsp;: de grands formats o\u00f9 s\u2019affirme la couleur.<\/p>\n\n\n\n<p><strong>Le P\u00e8re Kim En Joong<\/strong><\/p>\n\n\n\n<div style=\"height:100px\" aria-hidden=\"true\" class=\"wp-block-spacer\"><\/div>\n\n\n\n<blockquote class=\"wp-block-quote is-layout-flow wp-block-quote-is-layout-flow\"><p>L\u2019ann\u00e9e 1988 est un tournant important pour lui car il compose ses premiers vitraux en France pour l\u2019\u00e9glise Saint Jean-Baptiste d\u2019Angoul\u00eame. Ses vitraux seront ensuite pr\u00e9sents dans beaucoup d\u2019autres \u00e9glises. Nos vitraux repr\u00e9sentent donc le d\u00e9but de son parcours.<\/p><\/blockquote>\n\n\n\n<h2 class=\"wp-block-heading\"><strong>Vitraux de l\u2019\u00e9glise saint Pierre Auma\u00eetre<\/strong><\/h2>\n\n\n\n<div class=\"wp-block-image\"><figure class=\"aligncenter size-large\"><img loading=\"lazy\" decoding=\"async\" width=\"300\" height=\"332\" src=\"https:\/\/charente.catholique.fr\/grand-angouleme\/wp-content\/uploads\/sites\/2\/2020\/09\/16bfd9d62817bfda-eaabc.jpg\" alt=\"\" class=\"wp-image-235\" srcset=\"https:\/\/charente.catholique.fr\/grand-angouleme\/wp-content\/uploads\/sites\/2\/2020\/09\/16bfd9d62817bfda-eaabc.jpg 300w, https:\/\/charente.catholique.fr\/grand-angouleme\/wp-content\/uploads\/sites\/2\/2020\/09\/16bfd9d62817bfda-eaabc-271x300.jpg 271w\" sizes=\"auto, (max-width: 300px) 100vw, 300px\" \/><\/figure><\/div>\n\n\n\n<div class=\"wp-block-image\"><figure class=\"aligncenter size-large\"><img loading=\"lazy\" decoding=\"async\" width=\"300\" height=\"328\" src=\"https:\/\/charente.catholique.fr\/grand-angouleme\/wp-content\/uploads\/sites\/2\/2020\/09\/a40fcdd1c4d0ad1d-f32b9.jpg\" alt=\"\" class=\"wp-image-236\" srcset=\"https:\/\/charente.catholique.fr\/grand-angouleme\/wp-content\/uploads\/sites\/2\/2020\/09\/a40fcdd1c4d0ad1d-f32b9.jpg 300w, https:\/\/charente.catholique.fr\/grand-angouleme\/wp-content\/uploads\/sites\/2\/2020\/09\/a40fcdd1c4d0ad1d-f32b9-274x300.jpg 274w\" sizes=\"auto, (max-width: 300px) 100vw, 300px\" \/><\/figure><\/div>\n\n\n\n<p>Le P\u00e8re Kim insiste beaucoup sur l\u2019absence de titres. Il ne faut donc pas chercher la trace d\u2019une repr\u00e9sentation pr\u00e9cise mais l\u2019apport esth\u00e9tique et spirituel de sa m\u00e9ditation. On peut \u00eatre sensible \u00e0 la gamme des couleurs destin\u00e9es \u00e0 mettre en valeur l\u2019unit\u00e9 qui enveloppe tout l\u2019univers.&nbsp;<strong>Le vert<\/strong>&nbsp;comme couleur dominante symbolise l\u2019arbre de vie.&nbsp;<strong>Le rouge<\/strong>&nbsp;\u00e9voque l\u2019\u00e9vangile de Marc et le sang du Christ. Il signifie la naissance et la Passion.&nbsp;<strong>Le bleu&nbsp;<\/strong>se rapporte \u00e0 l\u2019\u00e9vangile de Luc, \u00e0 l\u2019enfance du Christ. C\u2019est pour lui la couleur de l\u2019esp\u00e9rance.&nbsp;<strong>Le blanc et le noir<\/strong>&nbsp;soulignent les contrastes lumi\u00e8re t\u00e9n\u00e8bres chez Jean.&nbsp;<strong>Le jaune<\/strong>&nbsp;est la couleur de la joie et de la lumi\u00e8re.<\/p>\n\n\n\n<p>Des ouvrages paraissent sur son travail en particulier \u00ab&nbsp;Fragments d\u2019un monde inconnu&nbsp;\u00bb de Julien Green avec qui il a \u00e9t\u00e9 li\u00e9 par une profonde amiti\u00e9.<br>A partir de 2005 Kim s\u2019engage pour la conservation des vitraux de Chartres. En 2007 il remporte la commande des vitraux pour Brioude dans un concours o\u00f9 ont particip\u00e9 54 \u00e9quipes. Il r\u00e9alise alors 37 baies. En 2009 c\u2019est la cr\u00e9ation de l\u2019Institut Kim En Joong. Il organise des rencontres, des sessions, est pr\u00e9sent pour les journ\u00e9es de vernissage, se consacre \u00e0 l\u2019accompagnement d\u2019artistes dans l\u2019esprit de l\u2019art sacr\u00e9.<\/p>\n\n\n\n<p>Les couleurs lumineuses de Kim invitent \u00e0 entrer dans une \u00e9cole de l\u2019accomplissement spirituel de l\u2019\u00eatre. Comme un \u00ab&nbsp;Voyant&nbsp;\u00bb, il am\u00e8ne au jour une irradiation. L\u2019image lumineuse capte la vie \u00e0 sa source. Ses couleurs et ses formes n\u2019imposent rien mais sugg\u00e8rent tout. C\u2019est une lib\u00e9ration et une \u00e9l\u00e9vation pour chercher dans l\u2019art ce qu\u2019on ne voit pas dans le monde.<\/p>\n\n\n\n<p><strong>Ce que dit Kim En Joong<\/strong><\/p>\n\n\n\n<blockquote class=\"wp-block-quote is-layout-flow wp-block-quote-is-layout-flow\"><p>&#8220;Je reste marqu\u00e9 par la lumi\u00e8re de mon enfance, le soleil, les \u00e9toiles, la lune. Il raconte aussi que pendant un cours de physique \u00e0 S\u00e9oul, le professeur a projet\u00e9 sur le sol la d\u00e9composition du spectre lumineux et que ce fut pour lui un \u00e9blouissement. Il aime revenir sur son exp\u00e9rience quand il avait quatre ans&nbsp;: un rayon de soleil entre deux nuages&nbsp;: \u00ab&nbsp;peut-\u00eatre, dit-il, \u00e9tait-ce l\u00e0 un signe pr\u00e9monitoire de peintre et de pr\u00eatre pour rendre t\u00e9moignage \u00e0 la lumi\u00e8re. Cela m\u2019a amen\u00e9 au vitrail.&#8221;<\/p><p>\u00ab&nbsp;Aujourd\u2019hui, \u00e0 des milliers de km de mon pays natal, je ressens un accomplissement de ma perception de la lumi\u00e8re \u00e0 la fois naturelle et int\u00e9rieure. Devant le ciel nocturne c\u2019est alors une autre lumi\u00e8re qui vit en moi. Je me sens en pr\u00e9sence de Quelqu\u2019un.&nbsp;\u00bb<\/p><p>Kim a v\u00e9cu une autre exp\u00e9rience fondatrice \u00e0 Chartres. \u00ab&nbsp;Il me semblait percevoir comme un avant-go\u00fbt du ciel. Je n\u2019avais vu nulle part cette lumi\u00e8re diffus\u00e9e par les baies o\u00f9 dominent mes trois couleurs pr\u00e9f\u00e9r\u00e9es&nbsp;: le bleu de l\u2019esp\u00e9rance, le rouge de la naissance, le jaune signe de la joie.&nbsp;\u00bb<\/p><p>Le vitrail m\u2019a beaucoup appris. De m\u00eame qu\u2019il est con\u00e7u pour refl\u00e9ter les rayons du soleil, l\u2019homme aussi \u00e9claire le monde par la lumi\u00e8re qu\u2019il re\u00e7oit de Dieu.&nbsp;\u00bb<\/p><p>\u00ab&nbsp;Dans mon minist\u00e8re de pr\u00eatre et mon m\u00e9tier de peintre, je me tiens \u00e0 une seule exigence&nbsp;: que tout ce que je cr\u00e9e soit orient\u00e9 vers la Lumi\u00e8re. Je ne suis que l\u2019instrument de la lumi\u00e8re divine pour que tous, chr\u00e9tiens et non chr\u00e9tiens, soient frapp\u00e9s par sa beaut\u00e9.&nbsp;\u00bb<\/p><\/blockquote>\n","protected":false},"author":1,"featured_media":1943,"parent":196,"menu_order":101,"template":"","meta":{"_acf_changed":false,"paroisse":["8"],"service":[],"footnotes":""},"class_list":["post-233","paroisse","type-paroisse","status-publish","has-post-thumbnail","hentry"],"acf":[],"yoast_head":"<!-- This site is optimized with the Yoast SEO plugin v27.1.1 - https:\/\/yoast.com\/product\/yoast-seo-wordpress\/ -->\n<title>Les vitraux du P. Kim - Doyenn\u00e9 Grand Angoul\u00eame<\/title>\n<meta name=\"robots\" content=\"index, follow, max-snippet:-1, max-image-preview:large, max-video-preview:-1\" \/>\n<link rel=\"canonical\" href=\"https:\/\/charente.catholique.fr\/grand-angouleme\/paroisses\/sainte-josephine-bakhita\/les-paroisses\/les-eglises-des-deux-paroisses\/les-vitraux-du-p-kim\/\" \/>\n<meta property=\"og:locale\" content=\"fr_FR\" \/>\n<meta property=\"og:type\" content=\"article\" \/>\n<meta property=\"og:title\" content=\"Les vitraux du P. Kim - Doyenn\u00e9 Grand Angoul\u00eame\" \/>\n<meta property=\"og:description\" content=\"Les vitraux de l\u2019\u00e9glise et de l\u2019oratoire ont \u00e9t\u00e9 r\u00e9alis\u00e9s par&nbsp;: le P\u00e8re Kim En Joongpr\u00eatre dominicain cor\u00e9en Le P\u00e8re Kim En Joong Kim En Joong est n\u00e9 en Cor\u00e9e du Sud en 1940 pendant l\u2019occupation japonaise. Il a donc connu les guerres, le communisme, les privations&nbsp;; un c\u00f4t\u00e9 sombre de sa vie. Mais son [&hellip;]\" \/>\n<meta property=\"og:url\" content=\"https:\/\/charente.catholique.fr\/grand-angouleme\/paroisses\/sainte-josephine-bakhita\/les-paroisses\/les-eglises-des-deux-paroisses\/les-vitraux-du-p-kim\/\" \/>\n<meta property=\"og:site_name\" content=\"Doyenn\u00e9 Grand Angoul\u00eame\" \/>\n<meta property=\"article:publisher\" content=\"https:\/\/www.facebook.com\/EgliseCatholiqueCharente\" \/>\n<meta property=\"article:modified_time\" content=\"2020-10-24T14:53:12+00:00\" \/>\n<meta property=\"og:image\" content=\"https:\/\/charente.catholique.fr\/grand-angouleme\/wp-content\/uploads\/sites\/2\/2020\/09\/vitraux-1.jpg\" \/>\n\t<meta property=\"og:image:width\" content=\"1602\" \/>\n\t<meta property=\"og:image:height\" content=\"277\" \/>\n\t<meta property=\"og:image:type\" content=\"image\/jpeg\" \/>\n<meta name=\"twitter:card\" content=\"summary_large_image\" \/>\n<meta name=\"twitter:site\" content=\"@diocesecharente\" \/>\n<meta name=\"twitter:label1\" content=\"Dur\u00e9e de lecture estim\u00e9e\" \/>\n\t<meta name=\"twitter:data1\" content=\"5 minutes\" \/>\n<script type=\"application\/ld+json\" class=\"yoast-schema-graph\">{\"@context\":\"https:\/\/schema.org\",\"@graph\":[{\"@type\":\"WebPage\",\"@id\":\"https:\/\/charente.catholique.fr\/grand-angouleme\/paroisses\/sainte-josephine-bakhita\/les-paroisses\/les-eglises-des-deux-paroisses\/les-vitraux-du-p-kim\/\",\"url\":\"https:\/\/charente.catholique.fr\/grand-angouleme\/paroisses\/sainte-josephine-bakhita\/les-paroisses\/les-eglises-des-deux-paroisses\/les-vitraux-du-p-kim\/\",\"name\":\"Les vitraux du P. Kim - Doyenn\u00e9 Grand Angoul\u00eame\",\"isPartOf\":{\"@id\":\"https:\/\/charente.catholique.fr\/grand-angouleme\/#website\"},\"primaryImageOfPage\":{\"@id\":\"https:\/\/charente.catholique.fr\/grand-angouleme\/paroisses\/sainte-josephine-bakhita\/les-paroisses\/les-eglises-des-deux-paroisses\/les-vitraux-du-p-kim\/#primaryimage\"},\"image\":{\"@id\":\"https:\/\/charente.catholique.fr\/grand-angouleme\/paroisses\/sainte-josephine-bakhita\/les-paroisses\/les-eglises-des-deux-paroisses\/les-vitraux-du-p-kim\/#primaryimage\"},\"thumbnailUrl\":\"https:\/\/charente.catholique.fr\/grand-angouleme\/wp-content\/uploads\/sites\/2\/2020\/09\/vitraux-1.jpg\",\"datePublished\":\"2020-09-14T15:44:28+00:00\",\"dateModified\":\"2020-10-24T14:53:12+00:00\",\"breadcrumb\":{\"@id\":\"https:\/\/charente.catholique.fr\/grand-angouleme\/paroisses\/sainte-josephine-bakhita\/les-paroisses\/les-eglises-des-deux-paroisses\/les-vitraux-du-p-kim\/#breadcrumb\"},\"inLanguage\":\"fr-FR\",\"potentialAction\":[{\"@type\":\"ReadAction\",\"target\":[\"https:\/\/charente.catholique.fr\/grand-angouleme\/paroisses\/sainte-josephine-bakhita\/les-paroisses\/les-eglises-des-deux-paroisses\/les-vitraux-du-p-kim\/\"]}]},{\"@type\":\"ImageObject\",\"inLanguage\":\"fr-FR\",\"@id\":\"https:\/\/charente.catholique.fr\/grand-angouleme\/paroisses\/sainte-josephine-bakhita\/les-paroisses\/les-eglises-des-deux-paroisses\/les-vitraux-du-p-kim\/#primaryimage\",\"url\":\"https:\/\/charente.catholique.fr\/grand-angouleme\/wp-content\/uploads\/sites\/2\/2020\/09\/vitraux-1.jpg\",\"contentUrl\":\"https:\/\/charente.catholique.fr\/grand-angouleme\/wp-content\/uploads\/sites\/2\/2020\/09\/vitraux-1.jpg\",\"width\":1602,\"height\":277},{\"@type\":\"BreadcrumbList\",\"@id\":\"https:\/\/charente.catholique.fr\/grand-angouleme\/paroisses\/sainte-josephine-bakhita\/les-paroisses\/les-eglises-des-deux-paroisses\/les-vitraux-du-p-kim\/#breadcrumb\",\"itemListElement\":[{\"@type\":\"ListItem\",\"position\":1,\"name\":\"Accueil\",\"item\":\"https:\/\/charente.catholique.fr\/grand-angouleme\/\"},{\"@type\":\"ListItem\",\"position\":2,\"name\":\"Sainte Jos\u00e9phine Bakhita\",\"item\":\"https:\/\/charente.catholique.fr\/grand-angouleme\/paroisses\/sainte-josephine-bakhita\/\"},{\"@type\":\"ListItem\",\"position\":3,\"name\":\"La paroisse\",\"item\":\"https:\/\/charente.catholique.fr\/grand-angouleme\/paroisses\/sainte-josephine-bakhita\/les-paroisses\/\"},{\"@type\":\"ListItem\",\"position\":4,\"name\":\"Les \u00e9glises de la paroisse\",\"item\":\"https:\/\/charente.catholique.fr\/grand-angouleme\/paroisses\/sainte-josephine-bakhita\/les-paroisses\/les-eglises-des-deux-paroisses\/\"},{\"@type\":\"ListItem\",\"position\":5,\"name\":\"Les vitraux du P. Kim\"}]},{\"@type\":\"WebSite\",\"@id\":\"https:\/\/charente.catholique.fr\/grand-angouleme\/#website\",\"url\":\"https:\/\/charente.catholique.fr\/grand-angouleme\/\",\"name\":\"Doyenn\u00e9 Grand Angoul\u00eame - Dioc\u00e8se d'Angoul\u00eame\",\"description\":\"Dioc\u00e8se d&#039;Angoul\u00eame\",\"publisher\":{\"@id\":\"https:\/\/charente.catholique.fr\/grand-angouleme\/#organization\"},\"potentialAction\":[{\"@type\":\"SearchAction\",\"target\":{\"@type\":\"EntryPoint\",\"urlTemplate\":\"https:\/\/charente.catholique.fr\/grand-angouleme\/?s={search_term_string}\"},\"query-input\":{\"@type\":\"PropertyValueSpecification\",\"valueRequired\":true,\"valueName\":\"search_term_string\"}}],\"inLanguage\":\"fr-FR\"},{\"@type\":\"Organization\",\"@id\":\"https:\/\/charente.catholique.fr\/grand-angouleme\/#organization\",\"name\":\"Association Dioc\u00e9saine d'Angoul\u00eame\",\"url\":\"https:\/\/charente.catholique.fr\/grand-angouleme\/\",\"logo\":{\"@type\":\"ImageObject\",\"inLanguage\":\"fr-FR\",\"@id\":\"https:\/\/charente.catholique.fr\/grand-angouleme\/#\/schema\/logo\/image\/\",\"url\":\"https:\/\/charente.catholique.fr\/grand-angouleme\/wp-content\/uploads\/sites\/2\/2020\/10\/logos.png\",\"contentUrl\":\"https:\/\/charente.catholique.fr\/grand-angouleme\/wp-content\/uploads\/sites\/2\/2020\/10\/logos.png\",\"width\":600,\"height\":257,\"caption\":\"Association Dioc\u00e9saine d'Angoul\u00eame\"},\"image\":{\"@id\":\"https:\/\/charente.catholique.fr\/grand-angouleme\/#\/schema\/logo\/image\/\"},\"sameAs\":[\"https:\/\/www.facebook.com\/EgliseCatholiqueCharente\",\"https:\/\/x.com\/diocesecharente\",\"https:\/\/www.instagram.com\/eglisecharente\",\"https:\/\/www.youtube.com\/channel\/UCByyFWApZbw3gDTiADoiAaQ\"]}]}<\/script>\n<!-- \/ Yoast SEO plugin. -->","yoast_head_json":{"title":"Les vitraux du P. Kim - Doyenn\u00e9 Grand Angoul\u00eame","robots":{"index":"index","follow":"follow","max-snippet":"max-snippet:-1","max-image-preview":"max-image-preview:large","max-video-preview":"max-video-preview:-1"},"canonical":"https:\/\/charente.catholique.fr\/grand-angouleme\/paroisses\/sainte-josephine-bakhita\/les-paroisses\/les-eglises-des-deux-paroisses\/les-vitraux-du-p-kim\/","og_locale":"fr_FR","og_type":"article","og_title":"Les vitraux du P. Kim - Doyenn\u00e9 Grand Angoul\u00eame","og_description":"Les vitraux de l\u2019\u00e9glise et de l\u2019oratoire ont \u00e9t\u00e9 r\u00e9alis\u00e9s par&nbsp;: le P\u00e8re Kim En Joongpr\u00eatre dominicain cor\u00e9en Le P\u00e8re Kim En Joong Kim En Joong est n\u00e9 en Cor\u00e9e du Sud en 1940 pendant l\u2019occupation japonaise. Il a donc connu les guerres, le communisme, les privations&nbsp;; un c\u00f4t\u00e9 sombre de sa vie. Mais son [&hellip;]","og_url":"https:\/\/charente.catholique.fr\/grand-angouleme\/paroisses\/sainte-josephine-bakhita\/les-paroisses\/les-eglises-des-deux-paroisses\/les-vitraux-du-p-kim\/","og_site_name":"Doyenn\u00e9 Grand Angoul\u00eame","article_publisher":"https:\/\/www.facebook.com\/EgliseCatholiqueCharente","article_modified_time":"2020-10-24T14:53:12+00:00","og_image":[{"width":1602,"height":277,"url":"https:\/\/charente.catholique.fr\/grand-angouleme\/wp-content\/uploads\/sites\/2\/2020\/09\/vitraux-1.jpg","type":"image\/jpeg"}],"twitter_card":"summary_large_image","twitter_site":"@diocesecharente","twitter_misc":{"Dur\u00e9e de lecture estim\u00e9e":"5 minutes"},"schema":{"@context":"https:\/\/schema.org","@graph":[{"@type":"WebPage","@id":"https:\/\/charente.catholique.fr\/grand-angouleme\/paroisses\/sainte-josephine-bakhita\/les-paroisses\/les-eglises-des-deux-paroisses\/les-vitraux-du-p-kim\/","url":"https:\/\/charente.catholique.fr\/grand-angouleme\/paroisses\/sainte-josephine-bakhita\/les-paroisses\/les-eglises-des-deux-paroisses\/les-vitraux-du-p-kim\/","name":"Les vitraux du P. Kim - Doyenn\u00e9 Grand Angoul\u00eame","isPartOf":{"@id":"https:\/\/charente.catholique.fr\/grand-angouleme\/#website"},"primaryImageOfPage":{"@id":"https:\/\/charente.catholique.fr\/grand-angouleme\/paroisses\/sainte-josephine-bakhita\/les-paroisses\/les-eglises-des-deux-paroisses\/les-vitraux-du-p-kim\/#primaryimage"},"image":{"@id":"https:\/\/charente.catholique.fr\/grand-angouleme\/paroisses\/sainte-josephine-bakhita\/les-paroisses\/les-eglises-des-deux-paroisses\/les-vitraux-du-p-kim\/#primaryimage"},"thumbnailUrl":"https:\/\/charente.catholique.fr\/grand-angouleme\/wp-content\/uploads\/sites\/2\/2020\/09\/vitraux-1.jpg","datePublished":"2020-09-14T15:44:28+00:00","dateModified":"2020-10-24T14:53:12+00:00","breadcrumb":{"@id":"https:\/\/charente.catholique.fr\/grand-angouleme\/paroisses\/sainte-josephine-bakhita\/les-paroisses\/les-eglises-des-deux-paroisses\/les-vitraux-du-p-kim\/#breadcrumb"},"inLanguage":"fr-FR","potentialAction":[{"@type":"ReadAction","target":["https:\/\/charente.catholique.fr\/grand-angouleme\/paroisses\/sainte-josephine-bakhita\/les-paroisses\/les-eglises-des-deux-paroisses\/les-vitraux-du-p-kim\/"]}]},{"@type":"ImageObject","inLanguage":"fr-FR","@id":"https:\/\/charente.catholique.fr\/grand-angouleme\/paroisses\/sainte-josephine-bakhita\/les-paroisses\/les-eglises-des-deux-paroisses\/les-vitraux-du-p-kim\/#primaryimage","url":"https:\/\/charente.catholique.fr\/grand-angouleme\/wp-content\/uploads\/sites\/2\/2020\/09\/vitraux-1.jpg","contentUrl":"https:\/\/charente.catholique.fr\/grand-angouleme\/wp-content\/uploads\/sites\/2\/2020\/09\/vitraux-1.jpg","width":1602,"height":277},{"@type":"BreadcrumbList","@id":"https:\/\/charente.catholique.fr\/grand-angouleme\/paroisses\/sainte-josephine-bakhita\/les-paroisses\/les-eglises-des-deux-paroisses\/les-vitraux-du-p-kim\/#breadcrumb","itemListElement":[{"@type":"ListItem","position":1,"name":"Accueil","item":"https:\/\/charente.catholique.fr\/grand-angouleme\/"},{"@type":"ListItem","position":2,"name":"Sainte Jos\u00e9phine Bakhita","item":"https:\/\/charente.catholique.fr\/grand-angouleme\/paroisses\/sainte-josephine-bakhita\/"},{"@type":"ListItem","position":3,"name":"La paroisse","item":"https:\/\/charente.catholique.fr\/grand-angouleme\/paroisses\/sainte-josephine-bakhita\/les-paroisses\/"},{"@type":"ListItem","position":4,"name":"Les \u00e9glises de la paroisse","item":"https:\/\/charente.catholique.fr\/grand-angouleme\/paroisses\/sainte-josephine-bakhita\/les-paroisses\/les-eglises-des-deux-paroisses\/"},{"@type":"ListItem","position":5,"name":"Les vitraux du P. Kim"}]},{"@type":"WebSite","@id":"https:\/\/charente.catholique.fr\/grand-angouleme\/#website","url":"https:\/\/charente.catholique.fr\/grand-angouleme\/","name":"Doyenn\u00e9 Grand Angoul\u00eame - Dioc\u00e8se d'Angoul\u00eame","description":"Dioc\u00e8se d&#039;Angoul\u00eame","publisher":{"@id":"https:\/\/charente.catholique.fr\/grand-angouleme\/#organization"},"potentialAction":[{"@type":"SearchAction","target":{"@type":"EntryPoint","urlTemplate":"https:\/\/charente.catholique.fr\/grand-angouleme\/?s={search_term_string}"},"query-input":{"@type":"PropertyValueSpecification","valueRequired":true,"valueName":"search_term_string"}}],"inLanguage":"fr-FR"},{"@type":"Organization","@id":"https:\/\/charente.catholique.fr\/grand-angouleme\/#organization","name":"Association Dioc\u00e9saine d'Angoul\u00eame","url":"https:\/\/charente.catholique.fr\/grand-angouleme\/","logo":{"@type":"ImageObject","inLanguage":"fr-FR","@id":"https:\/\/charente.catholique.fr\/grand-angouleme\/#\/schema\/logo\/image\/","url":"https:\/\/charente.catholique.fr\/grand-angouleme\/wp-content\/uploads\/sites\/2\/2020\/10\/logos.png","contentUrl":"https:\/\/charente.catholique.fr\/grand-angouleme\/wp-content\/uploads\/sites\/2\/2020\/10\/logos.png","width":600,"height":257,"caption":"Association Dioc\u00e9saine d'Angoul\u00eame"},"image":{"@id":"https:\/\/charente.catholique.fr\/grand-angouleme\/#\/schema\/logo\/image\/"},"sameAs":["https:\/\/www.facebook.com\/EgliseCatholiqueCharente","https:\/\/x.com\/diocesecharente","https:\/\/www.instagram.com\/eglisecharente","https:\/\/www.youtube.com\/channel\/UCByyFWApZbw3gDTiADoiAaQ"]}]}},"_links":{"self":[{"href":"https:\/\/charente.catholique.fr\/grand-angouleme\/wp-json\/wp\/v2\/paroisse\/233","targetHints":{"allow":["GET"]}}],"collection":[{"href":"https:\/\/charente.catholique.fr\/grand-angouleme\/wp-json\/wp\/v2\/paroisse"}],"about":[{"href":"https:\/\/charente.catholique.fr\/grand-angouleme\/wp-json\/wp\/v2\/types\/paroisse"}],"author":[{"embeddable":true,"href":"https:\/\/charente.catholique.fr\/grand-angouleme\/wp-json\/wp\/v2\/users\/1"}],"version-history":[{"count":0,"href":"https:\/\/charente.catholique.fr\/grand-angouleme\/wp-json\/wp\/v2\/paroisse\/233\/revisions"}],"up":[{"embeddable":true,"href":"https:\/\/charente.catholique.fr\/grand-angouleme\/wp-json\/wp\/v2\/paroisse\/196"}],"wp:featuredmedia":[{"embeddable":true,"href":"https:\/\/charente.catholique.fr\/grand-angouleme\/wp-json\/wp\/v2\/media\/1943"}],"wp:attachment":[{"href":"https:\/\/charente.catholique.fr\/grand-angouleme\/wp-json\/wp\/v2\/media?parent=233"}],"curies":[{"name":"wp","href":"https:\/\/api.w.org\/{rel}","templated":true}]}}