{"id":2,"date":"2020-06-16T00:31:50","date_gmt":"2020-06-15T22:31:50","guid":{"rendered":"https:\/\/charente.catholique.fr\/estcharente\/?page_id=2"},"modified":"2026-04-29T14:47:52","modified_gmt":"2026-04-29T12:47:52","slug":"page-d-exemple","status":"publish","type":"page","link":"https:\/\/charente.catholique.fr\/grand-angouleme\/","title":{"rendered":"Bienvenue"},"content":{"rendered":"\n<p>Bonjour et bienvenue sur les pages du site du doyenn\u00e9 Grand Angoul\u00eame qui regroupe les paroisses de&nbsp;:<\/p>\n\n\n\n<ul class=\"wp-block-list\">\n<li><a href=\"https:\/\/charente.catholique.fr\/grand-angouleme\/paroisses\/saints-apotres\">Saints Ap\u00f4tres<\/a><\/li>\n\n\n\n<li><a href=\"https:\/\/charente.catholique.fr\/grand-angouleme\/paroisses\/soyaux-vallee-de-lechelle\">Soyaux \u2013 Vall\u00e9e de l\u2019\u00c9chelle<\/a><\/li>\n\n\n\n<li><a href=\"https:\/\/charente.catholique.fr\/grand-angouleme\/paroisses\/visitation-sur-boeme\">Visitation sur Bo\u00ebme<\/a><\/li>\n\n\n\n<li><a href=\"https:\/\/charente.catholique.fr\/grand-angouleme\/paroisses\/saint-cybard-sur-charente-et-nouere\">Saint Cybard sur Charente et Nou\u00e8re<\/a><\/li>\n\n\n\n<li><a href=\"https:\/\/charente.catholique.fr\/grand-angouleme\/paroisses\/notre-dame-des-sources\">Notre Dame des Sources<\/a><\/li>\n\n\n\n<li><a href=\"https:\/\/charente.catholique.fr\/grand-angouleme\/paroisses\/sainte-josephine-bakhita\/\">Sainte Jos\u00e9phine Bakhita<\/a><\/li>\n\n\n\n<li><a href=\"https:\/\/charente.catholique.fr\/grand-angouleme\/paroisses\/saint-amant-gond-champniers\">Saint Amant \u2013 Gond \u2013 Champniers<\/a><\/li>\n\n\n\n<li><a href=\"https:\/\/charente.catholique.fr\/grand-angouleme\/paroisses\/saintroch-sacrecoeur\">Saint Roch \u2013 Sacr\u00e9 C\u0153ur<\/a><\/li>\n<\/ul>\n\n\n\n<p>Avec pr\u00e8s de 150&nbsp;000 habitants, ce doyenn\u00e9 recouvre la communaut\u00e9 d\u2019agglom\u00e9ration d\u2019Angoul\u00eame et environ 40 communes.<\/p>\n\n\n\n<p>Au service de la vie de ces paroisses, des pr\u00eatres, des diacres, un grand nombre de la\u00efcs sont engag\u00e9s. Vous les croisez lors des diff\u00e9rents rassemblements chr\u00e9tiens (messes du dimanche, bapt\u00eames, obs\u00e8ques, cat\u00e9ch\u00e8se, \u00e9v\u00e9nements culturels\u2026), dans certaines associations civiles ou confessionnelles\u2026 investis dans l\u2019Eglise et dans la soci\u00e9t\u00e9 pour y manifester la pr\u00e9sence et l\u2019amour du Christ qui se fait proche de tous.<\/p>\n\n\n\n<p>La vie et la mission de nos paroisses sont guid\u00e9es par des Orientations Dioc\u00e9saines (2018) et se d\u00e9ploient selon 6 axes missionnaires&nbsp;: familles, jeunes, solidarit\u00e9, formation, culture et soci\u00e9t\u00e9, ressourcement.<\/p>\n\n\n\n<p>Chaque paroisse offre d\u00e9j\u00e0 des propositions selon tel ou tel axe.<\/p>\n\n\n\n<p>Pour l\u2019ann\u00e9e pastorale 2022\/2023, l\u2019axe commun \u00e0 tout le dioc\u00e8se sera le ressourcement.<\/p>\n\n\n\n<p>Nous essaierons donc, au cours des prochains mois, de mettre en relief, pour chacune de nos paroisses, les initiatives et propositions qui puissent permettre au plus grand nombre de trouver ce qu\u2019il leur faut pour nourrir et approfondir la foi, pour dynamiser leur engagement chr\u00e9tien dans l\u2019Eglise et dans la soci\u00e9t\u00e9, aux sources de la Parole de Dieu et de la pr\u00e9sence du Christ ressuscit\u00e9.<\/p>\n\n\n\n<div class=\"wp-block-columns is-layout-flex wp-container-core-columns-is-layout-28f84493 wp-block-columns-is-layout-flex\">\n<div class=\"wp-block-column is-layout-flow wp-block-column-is-layout-flow\" style=\"flex-basis:100%\"><div class=\"wp-block-image\">\n<figure class=\"alignright size-full is-resized\"><img loading=\"lazy\" decoding=\"async\" width=\"250\" height=\"250\" src=\"https:\/\/charente.catholique.fr\/grand-angouleme\/wp-content\/uploads\/sites\/2\/2022\/10\/Pere-Vollaud.Id_66570.jpg\" alt=\"\" class=\"wp-image-18548\" style=\"width:153px;height:153px\" srcset=\"https:\/\/charente.catholique.fr\/grand-angouleme\/wp-content\/uploads\/sites\/2\/2022\/10\/Pere-Vollaud.Id_66570.jpg 250w, https:\/\/charente.catholique.fr\/grand-angouleme\/wp-content\/uploads\/sites\/2\/2022\/10\/Pere-Vollaud.Id_66570-150x150.jpg 150w\" sizes=\"auto, (max-width: 250px) 100vw, 250px\" \/><figcaption class=\"wp-element-caption\"><em>P\u00e8re Fr\u00e9d\u00e9ric VOLLAUD, doyen du Grand Angoul\u00eame <\/em><\/figcaption><\/figure>\n<\/div><\/div>\n<\/div>\n\n\n<div class=\"wp-block-image\">\n<figure class=\"aligncenter size-full\"><img loading=\"lazy\" decoding=\"async\" width=\"202\" height=\"423\" src=\"https:\/\/charente.catholique.fr\/grand-angouleme\/wp-content\/uploads\/sites\/2\/2022\/07\/Couverture-2020-2021.jpg\" alt=\"\" class=\"wp-image-17832\" srcset=\"https:\/\/charente.catholique.fr\/grand-angouleme\/wp-content\/uploads\/sites\/2\/2022\/07\/Couverture-2020-2021.jpg 202w, https:\/\/charente.catholique.fr\/grand-angouleme\/wp-content\/uploads\/sites\/2\/2022\/07\/Couverture-2020-2021-143x300.jpg 143w\" sizes=\"auto, (max-width: 202px) 100vw, 202px\" \/><\/figure>\n<\/div>\n\n\n<p class=\"has-text-align-center\"><em><strong>Le guide du Doyenn\u00e9 Grand Angoul\u00eame sera bient\u00f4t rem<\/strong><\/em><strong><em>is \u00e0 jour.<\/em><\/strong><\/p>\n\n\n\n<div style=\"text-align:center\"><div style=\"margin:8px 0px 4px\"><a href=\"https:\/\/www.calameo.com\/books\/0040220395b213817e61d\" target=\"_blank\" rel=\"noopener\">Guide du Grand Angoul\u00eame \u00e0 visionner <\/a><\/div><div style=\"margin:4px 0px 8px\"><\/div><\/div>\n\n\n\n<hr class=\"wp-block-separator has-text-color has-grand-angouleme-color has-css-opacity has-grand-angouleme-background-color has-background is-style-wide\"\/>\n\n\n\n\n\n<div class=\"wp-block-columns is-layout-flex wp-container-core-columns-is-layout-28f84493 wp-block-columns-is-layout-flex\">\n<div class=\"wp-block-column is-layout-flow wp-block-column-is-layout-flow\" style=\"flex-basis:33.33%\"><\/div>\n<\/div>\n\n\n\n<p><\/p>\n","protected":false},"excerpt":{"rendered":"<p>Bonjour et bienvenue sur les pages du site du doyenn\u00e9 Grand Angoul\u00eame qui regroupe les paroisses de&nbsp;: Avec pr\u00e8s de 150&nbsp;000 habitants, ce doyenn\u00e9 recouvre la communaut\u00e9 d\u2019agglom\u00e9ration d\u2019Angoul\u00eame et environ 40 communes. Au service de la vie de ces paroisses, des pr\u00eatres, des diacres, un grand nombre de la\u00efcs sont engag\u00e9s. Vous les croisez [&hellip;]<\/p>\n","protected":false},"author":1,"featured_media":1170,"parent":0,"menu_order":6,"comment_status":"closed","ping_status":"open","template":"","meta":{"_acf_changed":false,"paroisse":["0"],"service":[],"footnotes":""},"class_list":["post-2","page","type-page","status-publish","has-post-thumbnail","hentry"],"acf":[],"yoast_head":"<!-- This site is optimized with the Yoast SEO plugin v27.1.1 - https:\/\/yoast.com\/product\/yoast-seo-wordpress\/ -->\n<title>Bienvenue - Doyenn\u00e9 Grand Angoul\u00eame<\/title>\n<meta name=\"robots\" content=\"index, follow, max-snippet:-1, max-image-preview:large, max-video-preview:-1\" \/>\n<link rel=\"canonical\" href=\"https:\/\/charente.catholique.fr\/grand-angouleme\/\" \/>\n<meta property=\"og:locale\" content=\"fr_FR\" \/>\n<meta property=\"og:type\" content=\"article\" \/>\n<meta property=\"og:title\" content=\"Bienvenue - Doyenn\u00e9 Grand Angoul\u00eame\" \/>\n<meta property=\"og:description\" content=\"Bonjour et bienvenue sur les pages du site du doyenn\u00e9 Grand Angoul\u00eame qui regroupe les paroisses de&nbsp;: Avec pr\u00e8s de 150&nbsp;000 habitants, ce doyenn\u00e9 recouvre la communaut\u00e9 d\u2019agglom\u00e9ration d\u2019Angoul\u00eame et environ 40 communes. Au service de la vie de ces paroisses, des pr\u00eatres, des diacres, un grand nombre de la\u00efcs sont engag\u00e9s. Vous les croisez [&hellip;]\" \/>\n<meta property=\"og:url\" content=\"https:\/\/charente.catholique.fr\/grand-angouleme\/\" \/>\n<meta property=\"og:site_name\" content=\"Doyenn\u00e9 Grand Angoul\u00eame\" \/>\n<meta property=\"article:publisher\" content=\"https:\/\/www.facebook.com\/EgliseCatholiqueCharente\" \/>\n<meta property=\"article:modified_time\" content=\"2026-04-29T12:47:52+00:00\" \/>\n<meta property=\"og:image\" content=\"https:\/\/charente.catholique.fr\/grand-angouleme\/wp-content\/uploads\/sites\/2\/2020\/09\/adobestock_169438627-scaled.jpeg\" \/>\n\t<meta property=\"og:image:width\" content=\"2560\" \/>\n\t<meta property=\"og:image:height\" content=\"1632\" \/>\n\t<meta property=\"og:image:type\" content=\"image\/jpeg\" \/>\n<meta name=\"twitter:card\" content=\"summary_large_image\" \/>\n<meta name=\"twitter:site\" content=\"@diocesecharente\" \/>\n<meta name=\"twitter:label1\" content=\"Dur\u00e9e de lecture estim\u00e9e\" \/>\n\t<meta name=\"twitter:data1\" content=\"2 minutes\" \/>\n<script type=\"application\/ld+json\" class=\"yoast-schema-graph\">{\"@context\":\"https:\/\/schema.org\",\"@graph\":[{\"@type\":\"WebPage\",\"@id\":\"https:\/\/charente.catholique.fr\/grand-angouleme\/\",\"url\":\"https:\/\/charente.catholique.fr\/grand-angouleme\/\",\"name\":\"Bienvenue - Doyenn\u00e9 Grand Angoul\u00eame\",\"isPartOf\":{\"@id\":\"https:\/\/charente.catholique.fr\/grand-angouleme\/#website\"},\"primaryImageOfPage\":{\"@id\":\"https:\/\/charente.catholique.fr\/grand-angouleme\/#primaryimage\"},\"image\":{\"@id\":\"https:\/\/charente.catholique.fr\/grand-angouleme\/#primaryimage\"},\"thumbnailUrl\":\"https:\/\/charente.catholique.fr\/grand-angouleme\/wp-content\/uploads\/sites\/2\/2020\/09\/adobestock_169438627-scaled.jpeg\",\"datePublished\":\"2020-06-15T22:31:50+00:00\",\"dateModified\":\"2026-04-29T12:47:52+00:00\",\"breadcrumb\":{\"@id\":\"https:\/\/charente.catholique.fr\/grand-angouleme\/#breadcrumb\"},\"inLanguage\":\"fr-FR\",\"potentialAction\":[{\"@type\":\"ReadAction\",\"target\":[\"https:\/\/charente.catholique.fr\/grand-angouleme\/\"]}]},{\"@type\":\"ImageObject\",\"inLanguage\":\"fr-FR\",\"@id\":\"https:\/\/charente.catholique.fr\/grand-angouleme\/#primaryimage\",\"url\":\"https:\/\/charente.catholique.fr\/grand-angouleme\/wp-content\/uploads\/sites\/2\/2020\/09\/adobestock_169438627-scaled.jpeg\",\"contentUrl\":\"https:\/\/charente.catholique.fr\/grand-angouleme\/wp-content\/uploads\/sites\/2\/2020\/09\/adobestock_169438627-scaled.jpeg\",\"width\":2560,\"height\":1632,\"caption\":\"The Charente River at Angouleme, the Charente department of France\"},{\"@type\":\"BreadcrumbList\",\"@id\":\"https:\/\/charente.catholique.fr\/grand-angouleme\/#breadcrumb\",\"itemListElement\":[{\"@type\":\"ListItem\",\"position\":1,\"name\":\"Accueil\",\"item\":\"https:\/\/charente.catholique.fr\/grand-angouleme\/\"},{\"@type\":\"ListItem\",\"position\":2,\"name\":\"Bienvenue\"}]},{\"@type\":\"WebSite\",\"@id\":\"https:\/\/charente.catholique.fr\/grand-angouleme\/#website\",\"url\":\"https:\/\/charente.catholique.fr\/grand-angouleme\/\",\"name\":\"Doyenn\u00e9 Grand Angoul\u00eame - Dioc\u00e8se d'Angoul\u00eame\",\"description\":\"Dioc\u00e8se d&#039;Angoul\u00eame\",\"publisher\":{\"@id\":\"https:\/\/charente.catholique.fr\/grand-angouleme\/#organization\"},\"potentialAction\":[{\"@type\":\"SearchAction\",\"target\":{\"@type\":\"EntryPoint\",\"urlTemplate\":\"https:\/\/charente.catholique.fr\/grand-angouleme\/?s={search_term_string}\"},\"query-input\":{\"@type\":\"PropertyValueSpecification\",\"valueRequired\":true,\"valueName\":\"search_term_string\"}}],\"inLanguage\":\"fr-FR\"},{\"@type\":\"Organization\",\"@id\":\"https:\/\/charente.catholique.fr\/grand-angouleme\/#organization\",\"name\":\"Association Dioc\u00e9saine d'Angoul\u00eame\",\"url\":\"https:\/\/charente.catholique.fr\/grand-angouleme\/\",\"logo\":{\"@type\":\"ImageObject\",\"inLanguage\":\"fr-FR\",\"@id\":\"https:\/\/charente.catholique.fr\/grand-angouleme\/#\/schema\/logo\/image\/\",\"url\":\"https:\/\/charente.catholique.fr\/grand-angouleme\/wp-content\/uploads\/sites\/2\/2020\/10\/logos.png\",\"contentUrl\":\"https:\/\/charente.catholique.fr\/grand-angouleme\/wp-content\/uploads\/sites\/2\/2020\/10\/logos.png\",\"width\":600,\"height\":257,\"caption\":\"Association Dioc\u00e9saine d'Angoul\u00eame\"},\"image\":{\"@id\":\"https:\/\/charente.catholique.fr\/grand-angouleme\/#\/schema\/logo\/image\/\"},\"sameAs\":[\"https:\/\/www.facebook.com\/EgliseCatholiqueCharente\",\"https:\/\/x.com\/diocesecharente\",\"https:\/\/www.instagram.com\/eglisecharente\",\"https:\/\/www.youtube.com\/channel\/UCByyFWApZbw3gDTiADoiAaQ\"]}]}<\/script>\n<!-- \/ Yoast SEO plugin. -->","yoast_head_json":{"title":"Bienvenue - Doyenn\u00e9 Grand Angoul\u00eame","robots":{"index":"index","follow":"follow","max-snippet":"max-snippet:-1","max-image-preview":"max-image-preview:large","max-video-preview":"max-video-preview:-1"},"canonical":"https:\/\/charente.catholique.fr\/grand-angouleme\/","og_locale":"fr_FR","og_type":"article","og_title":"Bienvenue - Doyenn\u00e9 Grand Angoul\u00eame","og_description":"Bonjour et bienvenue sur les pages du site du doyenn\u00e9 Grand Angoul\u00eame qui regroupe les paroisses de&nbsp;: Avec pr\u00e8s de 150&nbsp;000 habitants, ce doyenn\u00e9 recouvre la communaut\u00e9 d\u2019agglom\u00e9ration d\u2019Angoul\u00eame et environ 40 communes. Au service de la vie de ces paroisses, des pr\u00eatres, des diacres, un grand nombre de la\u00efcs sont engag\u00e9s. Vous les croisez [&hellip;]","og_url":"https:\/\/charente.catholique.fr\/grand-angouleme\/","og_site_name":"Doyenn\u00e9 Grand Angoul\u00eame","article_publisher":"https:\/\/www.facebook.com\/EgliseCatholiqueCharente","article_modified_time":"2026-04-29T12:47:52+00:00","og_image":[{"width":2560,"height":1632,"url":"https:\/\/charente.catholique.fr\/grand-angouleme\/wp-content\/uploads\/sites\/2\/2020\/09\/adobestock_169438627-scaled.jpeg","type":"image\/jpeg"}],"twitter_card":"summary_large_image","twitter_site":"@diocesecharente","twitter_misc":{"Dur\u00e9e de lecture estim\u00e9e":"2 minutes"},"schema":{"@context":"https:\/\/schema.org","@graph":[{"@type":"WebPage","@id":"https:\/\/charente.catholique.fr\/grand-angouleme\/","url":"https:\/\/charente.catholique.fr\/grand-angouleme\/","name":"Bienvenue - Doyenn\u00e9 Grand Angoul\u00eame","isPartOf":{"@id":"https:\/\/charente.catholique.fr\/grand-angouleme\/#website"},"primaryImageOfPage":{"@id":"https:\/\/charente.catholique.fr\/grand-angouleme\/#primaryimage"},"image":{"@id":"https:\/\/charente.catholique.fr\/grand-angouleme\/#primaryimage"},"thumbnailUrl":"https:\/\/charente.catholique.fr\/grand-angouleme\/wp-content\/uploads\/sites\/2\/2020\/09\/adobestock_169438627-scaled.jpeg","datePublished":"2020-06-15T22:31:50+00:00","dateModified":"2026-04-29T12:47:52+00:00","breadcrumb":{"@id":"https:\/\/charente.catholique.fr\/grand-angouleme\/#breadcrumb"},"inLanguage":"fr-FR","potentialAction":[{"@type":"ReadAction","target":["https:\/\/charente.catholique.fr\/grand-angouleme\/"]}]},{"@type":"ImageObject","inLanguage":"fr-FR","@id":"https:\/\/charente.catholique.fr\/grand-angouleme\/#primaryimage","url":"https:\/\/charente.catholique.fr\/grand-angouleme\/wp-content\/uploads\/sites\/2\/2020\/09\/adobestock_169438627-scaled.jpeg","contentUrl":"https:\/\/charente.catholique.fr\/grand-angouleme\/wp-content\/uploads\/sites\/2\/2020\/09\/adobestock_169438627-scaled.jpeg","width":2560,"height":1632,"caption":"The Charente River at Angouleme, the Charente department of France"},{"@type":"BreadcrumbList","@id":"https:\/\/charente.catholique.fr\/grand-angouleme\/#breadcrumb","itemListElement":[{"@type":"ListItem","position":1,"name":"Accueil","item":"https:\/\/charente.catholique.fr\/grand-angouleme\/"},{"@type":"ListItem","position":2,"name":"Bienvenue"}]},{"@type":"WebSite","@id":"https:\/\/charente.catholique.fr\/grand-angouleme\/#website","url":"https:\/\/charente.catholique.fr\/grand-angouleme\/","name":"Doyenn\u00e9 Grand Angoul\u00eame - Dioc\u00e8se d'Angoul\u00eame","description":"Dioc\u00e8se d&#039;Angoul\u00eame","publisher":{"@id":"https:\/\/charente.catholique.fr\/grand-angouleme\/#organization"},"potentialAction":[{"@type":"SearchAction","target":{"@type":"EntryPoint","urlTemplate":"https:\/\/charente.catholique.fr\/grand-angouleme\/?s={search_term_string}"},"query-input":{"@type":"PropertyValueSpecification","valueRequired":true,"valueName":"search_term_string"}}],"inLanguage":"fr-FR"},{"@type":"Organization","@id":"https:\/\/charente.catholique.fr\/grand-angouleme\/#organization","name":"Association Dioc\u00e9saine d'Angoul\u00eame","url":"https:\/\/charente.catholique.fr\/grand-angouleme\/","logo":{"@type":"ImageObject","inLanguage":"fr-FR","@id":"https:\/\/charente.catholique.fr\/grand-angouleme\/#\/schema\/logo\/image\/","url":"https:\/\/charente.catholique.fr\/grand-angouleme\/wp-content\/uploads\/sites\/2\/2020\/10\/logos.png","contentUrl":"https:\/\/charente.catholique.fr\/grand-angouleme\/wp-content\/uploads\/sites\/2\/2020\/10\/logos.png","width":600,"height":257,"caption":"Association Dioc\u00e9saine d'Angoul\u00eame"},"image":{"@id":"https:\/\/charente.catholique.fr\/grand-angouleme\/#\/schema\/logo\/image\/"},"sameAs":["https:\/\/www.facebook.com\/EgliseCatholiqueCharente","https:\/\/x.com\/diocesecharente","https:\/\/www.instagram.com\/eglisecharente","https:\/\/www.youtube.com\/channel\/UCByyFWApZbw3gDTiADoiAaQ"]}]}},"_links":{"self":[{"href":"https:\/\/charente.catholique.fr\/grand-angouleme\/wp-json\/wp\/v2\/pages\/2","targetHints":{"allow":["GET"]}}],"collection":[{"href":"https:\/\/charente.catholique.fr\/grand-angouleme\/wp-json\/wp\/v2\/pages"}],"about":[{"href":"https:\/\/charente.catholique.fr\/grand-angouleme\/wp-json\/wp\/v2\/types\/page"}],"author":[{"embeddable":true,"href":"https:\/\/charente.catholique.fr\/grand-angouleme\/wp-json\/wp\/v2\/users\/1"}],"replies":[{"embeddable":true,"href":"https:\/\/charente.catholique.fr\/grand-angouleme\/wp-json\/wp\/v2\/comments?post=2"}],"version-history":[{"count":10,"href":"https:\/\/charente.catholique.fr\/grand-angouleme\/wp-json\/wp\/v2\/pages\/2\/revisions"}],"predecessor-version":[{"id":31040,"href":"https:\/\/charente.catholique.fr\/grand-angouleme\/wp-json\/wp\/v2\/pages\/2\/revisions\/31040"}],"wp:featuredmedia":[{"embeddable":true,"href":"https:\/\/charente.catholique.fr\/grand-angouleme\/wp-json\/wp\/v2\/media\/1170"}],"wp:attachment":[{"href":"https:\/\/charente.catholique.fr\/grand-angouleme\/wp-json\/wp\/v2\/media?parent=2"}],"curies":[{"name":"wp","href":"https:\/\/api.w.org\/{rel}","templated":true}]}}