{"id":8197,"date":"2021-12-08T11:23:03","date_gmt":"2021-12-08T10:23:03","guid":{"rendered":"https:\/\/charente.catholique.fr\/grand-angouleme\/?post_type=evenement&#038;p=8197"},"modified":"2021-12-08T11:24:27","modified_gmt":"2021-12-08T10:24:27","slug":"messe-des-familles-et-assemblee-paroissiale","status":"publish","type":"evenement","link":"https:\/\/charente.catholique.fr\/grand-angouleme\/agenda\/messe-des-familles-et-assemblee-paroissiale\/","title":{"rendered":"Messe des familles et Assembl\u00e9e Paroissiale"},"content":{"rendered":"\n<h5 class=\"wp-block-heading\">C\u00e9l\u00e9bration par et pour les jeunes<\/h5>\n\n\n\n<p>Dimanche 12 d\u00e9cembre aura lieu la messe des familles \u00e0 10h30 \u00e0 Magnac. <\/p>\n\n\n\n<p>Cette c\u00e9l\u00e9bration est pr\u00e9par\u00e9e et anim\u00e9e par les enfants de l\u2019\u00c9veil \u00e0 la Foi, de l&#8217;Initiation Chr\u00e9tienne et de l&#8217;Aum\u00f4nerie.<\/p>\n\n\n\n<p>Nous proposons aux enfants de poser un geste de solidarit\u00e9 en apportant un jouet dont ils ne se servent plus. Ces jouets seront remis \u00e0 l&#8217;association Myosotis qui vient en aide aux familles de d\u00e9tenus. <\/p>\n\n\n\n<p>Pour les adultes, suite \u00e0 la demande de nombreuses personnes et face \u00e0 la plus grande mis\u00e8re sociale que la crise sanitaire a engendr\u00e9e, nous renouvelons la collecte de dons alimentaires pour le temps de l\u2019Avent. Toutes les denr\u00e9es non p\u00e9rissables, dans leur emballage et avec date de p\u00e9remption pourront \u00eatre d\u00e9pos\u00e9es au fond de l\u2019\u00e9glise.<\/p>\n\n\n\n<div class=\"wp-block-image\"><figure class=\"alignright size-large is-resized\"><img loading=\"lazy\" decoding=\"async\" src=\"https:\/\/charente.catholique.fr\/grand-angouleme\/wp-content\/uploads\/sites\/2\/2021\/12\/img_3388-1-810x1080.jpg\" alt=\"Assembl\u00e9e Paroissiale NDSources\" class=\"wp-image-8203\" width=\"190\" height=\"253\" srcset=\"https:\/\/charente.catholique.fr\/grand-angouleme\/wp-content\/uploads\/sites\/2\/2021\/12\/img_3388-1-810x1080.jpg 810w, https:\/\/charente.catholique.fr\/grand-angouleme\/wp-content\/uploads\/sites\/2\/2021\/12\/img_3388-1-225x300.jpg 225w, https:\/\/charente.catholique.fr\/grand-angouleme\/wp-content\/uploads\/sites\/2\/2021\/12\/img_3388-1-768x1024.jpg 768w, https:\/\/charente.catholique.fr\/grand-angouleme\/wp-content\/uploads\/sites\/2\/2021\/12\/img_3388-1-1152x1536.jpg 1152w, https:\/\/charente.catholique.fr\/grand-angouleme\/wp-content\/uploads\/sites\/2\/2021\/12\/img_3388-1-1536x2048.jpg 1536w, https:\/\/charente.catholique.fr\/grand-angouleme\/wp-content\/uploads\/sites\/2\/2021\/12\/img_3388-1-scaled.jpg 1920w\" sizes=\"auto, (max-width: 190px) 100vw, 190px\" \/><\/figure><\/div>\n\n\n\n<p>Merci \u00e0 toutes et \u00e0 tous pour votre g\u00e9n\u00e9rosit\u00e9.<\/p>\n\n\n\n<h5 class=\"wp-block-heading\">Assembl\u00e9e Paroissiale :<\/h5>\n\n\n\n<p>A la fin de la c\u00e9l\u00e9bration (de 11H30 \u00e0 12h15), chaque membre de notre communaut\u00e9, enfant, jeune ou adulte, est invit\u00e9 \u00e0 participer \u00e0 l&#8217;assembl\u00e9e paroissiale. Chacun est invit\u00e9 \u00e0 s&#8217;exprimer pour nous permette de mieux avancer tous ensemble. <\/p>\n\n\n\n<p>Marcher ensemble = Synodalit\u00e9<\/p>\n\n\n\n<p>La prochaine assembl\u00e9e aura lieu  :<br>&#8211; le dimanche 16 janvier \u00e0 MORNAC.<\/p>\n\n\n\n<p><\/p>\n","protected":false},"author":27,"featured_media":8199,"template":"","meta":{"_acf_changed":false,"paroisse":["7"],"service":["0"],"footnotes":""},"categories":[9],"tags":[],"class_list":["post-8197","evenement","type-evenement","status-publish","has-post-thumbnail","hentry","category-notre-dame-des-sources"],"acf":{"start_date":"2021-12-12 10:30:00","end_date":"","location":"Eglise de Magnac","address":{"address":"Eglise Saint-Cybard, Place de l'\u00c9glise, Magnac-sur-Touvre, France","lat":45.6650168,"lng":0.2391992,"zoom":14,"place_id":"ChIJPwQpI081_kcRTsZr4di7laY","name":"Eglise Saint-Cybard","street_name":"Place de l'\u00c9glise","street_name_short":"Pl. de l'\u00c9glise","city":"Magnac-sur-Touvre","state":"Nouvelle-Aquitaine","post_code":16600,"country":"France","country_short":"FR"}},"yoast_head":"<!-- This site is optimized with the Yoast SEO plugin v27.1.1 - https:\/\/yoast.com\/product\/yoast-seo-wordpress\/ -->\n<title>Messe des familles et Assembl\u00e9e Paroissiale - Doyenn\u00e9 Grand Angoul\u00eame<\/title>\n<meta name=\"robots\" content=\"index, follow, max-snippet:-1, max-image-preview:large, max-video-preview:-1\" \/>\n<link rel=\"canonical\" href=\"https:\/\/charente.catholique.fr\/grand-angouleme\/agenda\/messe-des-familles-et-assemblee-paroissiale\/\" \/>\n<meta property=\"og:locale\" content=\"fr_FR\" \/>\n<meta property=\"og:type\" content=\"article\" \/>\n<meta property=\"og:title\" content=\"Messe des familles et Assembl\u00e9e Paroissiale - Doyenn\u00e9 Grand Angoul\u00eame\" \/>\n<meta property=\"og:description\" content=\"C\u00e9l\u00e9bration par et pour les jeunes Dimanche 12 d\u00e9cembre aura lieu la messe des familles \u00e0 10h30 \u00e0 Magnac. Cette c\u00e9l\u00e9bration est pr\u00e9par\u00e9e et anim\u00e9e par les enfants de l\u2019\u00c9veil \u00e0 la Foi, de l&#8217;Initiation Chr\u00e9tienne et de l&#8217;Aum\u00f4nerie. Nous proposons aux enfants de poser un geste de solidarit\u00e9 en apportant un jouet dont ils [&hellip;]\" \/>\n<meta property=\"og:url\" content=\"https:\/\/charente.catholique.fr\/grand-angouleme\/agenda\/messe-des-familles-et-assemblee-paroissiale\/\" \/>\n<meta property=\"og:site_name\" content=\"Doyenn\u00e9 Grand Angoul\u00eame\" \/>\n<meta property=\"article:publisher\" content=\"https:\/\/www.facebook.com\/EgliseCatholiqueCharente\" \/>\n<meta property=\"article:modified_time\" content=\"2021-12-08T10:24:27+00:00\" \/>\n<meta property=\"og:image\" content=\"https:\/\/charente.catholique.fr\/grand-angouleme\/wp-content\/uploads\/sites\/2\/2021\/12\/img_4063-scaled.jpg\" \/>\n\t<meta property=\"og:image:width\" content=\"2560\" \/>\n\t<meta property=\"og:image:height\" content=\"1920\" \/>\n\t<meta property=\"og:image:type\" content=\"image\/jpeg\" \/>\n<meta name=\"twitter:card\" content=\"summary_large_image\" \/>\n<meta name=\"twitter:site\" content=\"@diocesecharente\" \/>\n<meta name=\"twitter:label1\" content=\"Dur\u00e9e de lecture estim\u00e9e\" \/>\n\t<meta name=\"twitter:data1\" content=\"2 minutes\" \/>\n<script type=\"application\/ld+json\" class=\"yoast-schema-graph\">{\"@context\":\"https:\/\/schema.org\",\"@graph\":[{\"@type\":\"WebPage\",\"@id\":\"https:\/\/charente.catholique.fr\/grand-angouleme\/agenda\/messe-des-familles-et-assemblee-paroissiale\/\",\"url\":\"https:\/\/charente.catholique.fr\/grand-angouleme\/agenda\/messe-des-familles-et-assemblee-paroissiale\/\",\"name\":\"Messe des familles et Assembl\u00e9e Paroissiale - Doyenn\u00e9 Grand Angoul\u00eame\",\"isPartOf\":{\"@id\":\"https:\/\/charente.catholique.fr\/grand-angouleme\/#website\"},\"primaryImageOfPage\":{\"@id\":\"https:\/\/charente.catholique.fr\/grand-angouleme\/agenda\/messe-des-familles-et-assemblee-paroissiale\/#primaryimage\"},\"image\":{\"@id\":\"https:\/\/charente.catholique.fr\/grand-angouleme\/agenda\/messe-des-familles-et-assemblee-paroissiale\/#primaryimage\"},\"thumbnailUrl\":\"https:\/\/charente.catholique.fr\/grand-angouleme\/wp-content\/uploads\/sites\/2\/2021\/12\/img_4063-scaled.jpg\",\"datePublished\":\"2021-12-08T10:23:03+00:00\",\"dateModified\":\"2021-12-08T10:24:27+00:00\",\"breadcrumb\":{\"@id\":\"https:\/\/charente.catholique.fr\/grand-angouleme\/agenda\/messe-des-familles-et-assemblee-paroissiale\/#breadcrumb\"},\"inLanguage\":\"fr-FR\",\"potentialAction\":[{\"@type\":\"ReadAction\",\"target\":[\"https:\/\/charente.catholique.fr\/grand-angouleme\/agenda\/messe-des-familles-et-assemblee-paroissiale\/\"]}]},{\"@type\":\"ImageObject\",\"inLanguage\":\"fr-FR\",\"@id\":\"https:\/\/charente.catholique.fr\/grand-angouleme\/agenda\/messe-des-familles-et-assemblee-paroissiale\/#primaryimage\",\"url\":\"https:\/\/charente.catholique.fr\/grand-angouleme\/wp-content\/uploads\/sites\/2\/2021\/12\/img_4063-scaled.jpg\",\"contentUrl\":\"https:\/\/charente.catholique.fr\/grand-angouleme\/wp-content\/uploads\/sites\/2\/2021\/12\/img_4063-scaled.jpg\",\"width\":2560,\"height\":1920},{\"@type\":\"BreadcrumbList\",\"@id\":\"https:\/\/charente.catholique.fr\/grand-angouleme\/agenda\/messe-des-familles-et-assemblee-paroissiale\/#breadcrumb\",\"itemListElement\":[{\"@type\":\"ListItem\",\"position\":1,\"name\":\"Accueil\",\"item\":\"https:\/\/charente.catholique.fr\/grand-angouleme\/\"},{\"@type\":\"ListItem\",\"position\":2,\"name\":\"Messe des familles et Assembl\u00e9e Paroissiale\"}]},{\"@type\":\"WebSite\",\"@id\":\"https:\/\/charente.catholique.fr\/grand-angouleme\/#website\",\"url\":\"https:\/\/charente.catholique.fr\/grand-angouleme\/\",\"name\":\"Doyenn\u00e9 Grand Angoul\u00eame - Dioc\u00e8se d'Angoul\u00eame\",\"description\":\"Dioc\u00e8se d&#039;Angoul\u00eame\",\"publisher\":{\"@id\":\"https:\/\/charente.catholique.fr\/grand-angouleme\/#organization\"},\"potentialAction\":[{\"@type\":\"SearchAction\",\"target\":{\"@type\":\"EntryPoint\",\"urlTemplate\":\"https:\/\/charente.catholique.fr\/grand-angouleme\/?s={search_term_string}\"},\"query-input\":{\"@type\":\"PropertyValueSpecification\",\"valueRequired\":true,\"valueName\":\"search_term_string\"}}],\"inLanguage\":\"fr-FR\"},{\"@type\":\"Organization\",\"@id\":\"https:\/\/charente.catholique.fr\/grand-angouleme\/#organization\",\"name\":\"Association Dioc\u00e9saine d'Angoul\u00eame\",\"url\":\"https:\/\/charente.catholique.fr\/grand-angouleme\/\",\"logo\":{\"@type\":\"ImageObject\",\"inLanguage\":\"fr-FR\",\"@id\":\"https:\/\/charente.catholique.fr\/grand-angouleme\/#\/schema\/logo\/image\/\",\"url\":\"https:\/\/charente.catholique.fr\/grand-angouleme\/wp-content\/uploads\/sites\/2\/2020\/10\/logos.png\",\"contentUrl\":\"https:\/\/charente.catholique.fr\/grand-angouleme\/wp-content\/uploads\/sites\/2\/2020\/10\/logos.png\",\"width\":600,\"height\":257,\"caption\":\"Association Dioc\u00e9saine d'Angoul\u00eame\"},\"image\":{\"@id\":\"https:\/\/charente.catholique.fr\/grand-angouleme\/#\/schema\/logo\/image\/\"},\"sameAs\":[\"https:\/\/www.facebook.com\/EgliseCatholiqueCharente\",\"https:\/\/x.com\/diocesecharente\",\"https:\/\/www.instagram.com\/eglisecharente\",\"https:\/\/www.youtube.com\/channel\/UCByyFWApZbw3gDTiADoiAaQ\"]}]}<\/script>\n<!-- \/ Yoast SEO plugin. -->","yoast_head_json":{"title":"Messe des familles et Assembl\u00e9e Paroissiale - Doyenn\u00e9 Grand Angoul\u00eame","robots":{"index":"index","follow":"follow","max-snippet":"max-snippet:-1","max-image-preview":"max-image-preview:large","max-video-preview":"max-video-preview:-1"},"canonical":"https:\/\/charente.catholique.fr\/grand-angouleme\/agenda\/messe-des-familles-et-assemblee-paroissiale\/","og_locale":"fr_FR","og_type":"article","og_title":"Messe des familles et Assembl\u00e9e Paroissiale - Doyenn\u00e9 Grand Angoul\u00eame","og_description":"C\u00e9l\u00e9bration par et pour les jeunes Dimanche 12 d\u00e9cembre aura lieu la messe des familles \u00e0 10h30 \u00e0 Magnac. Cette c\u00e9l\u00e9bration est pr\u00e9par\u00e9e et anim\u00e9e par les enfants de l\u2019\u00c9veil \u00e0 la Foi, de l&#8217;Initiation Chr\u00e9tienne et de l&#8217;Aum\u00f4nerie. Nous proposons aux enfants de poser un geste de solidarit\u00e9 en apportant un jouet dont ils [&hellip;]","og_url":"https:\/\/charente.catholique.fr\/grand-angouleme\/agenda\/messe-des-familles-et-assemblee-paroissiale\/","og_site_name":"Doyenn\u00e9 Grand Angoul\u00eame","article_publisher":"https:\/\/www.facebook.com\/EgliseCatholiqueCharente","article_modified_time":"2021-12-08T10:24:27+00:00","og_image":[{"width":2560,"height":1920,"url":"https:\/\/charente.catholique.fr\/grand-angouleme\/wp-content\/uploads\/sites\/2\/2021\/12\/img_4063-scaled.jpg","type":"image\/jpeg"}],"twitter_card":"summary_large_image","twitter_site":"@diocesecharente","twitter_misc":{"Dur\u00e9e de lecture estim\u00e9e":"2 minutes"},"schema":{"@context":"https:\/\/schema.org","@graph":[{"@type":"WebPage","@id":"https:\/\/charente.catholique.fr\/grand-angouleme\/agenda\/messe-des-familles-et-assemblee-paroissiale\/","url":"https:\/\/charente.catholique.fr\/grand-angouleme\/agenda\/messe-des-familles-et-assemblee-paroissiale\/","name":"Messe des familles et Assembl\u00e9e Paroissiale - Doyenn\u00e9 Grand Angoul\u00eame","isPartOf":{"@id":"https:\/\/charente.catholique.fr\/grand-angouleme\/#website"},"primaryImageOfPage":{"@id":"https:\/\/charente.catholique.fr\/grand-angouleme\/agenda\/messe-des-familles-et-assemblee-paroissiale\/#primaryimage"},"image":{"@id":"https:\/\/charente.catholique.fr\/grand-angouleme\/agenda\/messe-des-familles-et-assemblee-paroissiale\/#primaryimage"},"thumbnailUrl":"https:\/\/charente.catholique.fr\/grand-angouleme\/wp-content\/uploads\/sites\/2\/2021\/12\/img_4063-scaled.jpg","datePublished":"2021-12-08T10:23:03+00:00","dateModified":"2021-12-08T10:24:27+00:00","breadcrumb":{"@id":"https:\/\/charente.catholique.fr\/grand-angouleme\/agenda\/messe-des-familles-et-assemblee-paroissiale\/#breadcrumb"},"inLanguage":"fr-FR","potentialAction":[{"@type":"ReadAction","target":["https:\/\/charente.catholique.fr\/grand-angouleme\/agenda\/messe-des-familles-et-assemblee-paroissiale\/"]}]},{"@type":"ImageObject","inLanguage":"fr-FR","@id":"https:\/\/charente.catholique.fr\/grand-angouleme\/agenda\/messe-des-familles-et-assemblee-paroissiale\/#primaryimage","url":"https:\/\/charente.catholique.fr\/grand-angouleme\/wp-content\/uploads\/sites\/2\/2021\/12\/img_4063-scaled.jpg","contentUrl":"https:\/\/charente.catholique.fr\/grand-angouleme\/wp-content\/uploads\/sites\/2\/2021\/12\/img_4063-scaled.jpg","width":2560,"height":1920},{"@type":"BreadcrumbList","@id":"https:\/\/charente.catholique.fr\/grand-angouleme\/agenda\/messe-des-familles-et-assemblee-paroissiale\/#breadcrumb","itemListElement":[{"@type":"ListItem","position":1,"name":"Accueil","item":"https:\/\/charente.catholique.fr\/grand-angouleme\/"},{"@type":"ListItem","position":2,"name":"Messe des familles et Assembl\u00e9e Paroissiale"}]},{"@type":"WebSite","@id":"https:\/\/charente.catholique.fr\/grand-angouleme\/#website","url":"https:\/\/charente.catholique.fr\/grand-angouleme\/","name":"Doyenn\u00e9 Grand Angoul\u00eame - Dioc\u00e8se d'Angoul\u00eame","description":"Dioc\u00e8se d&#039;Angoul\u00eame","publisher":{"@id":"https:\/\/charente.catholique.fr\/grand-angouleme\/#organization"},"potentialAction":[{"@type":"SearchAction","target":{"@type":"EntryPoint","urlTemplate":"https:\/\/charente.catholique.fr\/grand-angouleme\/?s={search_term_string}"},"query-input":{"@type":"PropertyValueSpecification","valueRequired":true,"valueName":"search_term_string"}}],"inLanguage":"fr-FR"},{"@type":"Organization","@id":"https:\/\/charente.catholique.fr\/grand-angouleme\/#organization","name":"Association Dioc\u00e9saine d'Angoul\u00eame","url":"https:\/\/charente.catholique.fr\/grand-angouleme\/","logo":{"@type":"ImageObject","inLanguage":"fr-FR","@id":"https:\/\/charente.catholique.fr\/grand-angouleme\/#\/schema\/logo\/image\/","url":"https:\/\/charente.catholique.fr\/grand-angouleme\/wp-content\/uploads\/sites\/2\/2020\/10\/logos.png","contentUrl":"https:\/\/charente.catholique.fr\/grand-angouleme\/wp-content\/uploads\/sites\/2\/2020\/10\/logos.png","width":600,"height":257,"caption":"Association Dioc\u00e9saine d'Angoul\u00eame"},"image":{"@id":"https:\/\/charente.catholique.fr\/grand-angouleme\/#\/schema\/logo\/image\/"},"sameAs":["https:\/\/www.facebook.com\/EgliseCatholiqueCharente","https:\/\/x.com\/diocesecharente","https:\/\/www.instagram.com\/eglisecharente","https:\/\/www.youtube.com\/channel\/UCByyFWApZbw3gDTiADoiAaQ"]}]}},"_links":{"self":[{"href":"https:\/\/charente.catholique.fr\/grand-angouleme\/wp-json\/wp\/v2\/evenement\/8197","targetHints":{"allow":["GET"]}}],"collection":[{"href":"https:\/\/charente.catholique.fr\/grand-angouleme\/wp-json\/wp\/v2\/evenement"}],"about":[{"href":"https:\/\/charente.catholique.fr\/grand-angouleme\/wp-json\/wp\/v2\/types\/evenement"}],"author":[{"embeddable":true,"href":"https:\/\/charente.catholique.fr\/grand-angouleme\/wp-json\/wp\/v2\/users\/27"}],"version-history":[{"count":4,"href":"https:\/\/charente.catholique.fr\/grand-angouleme\/wp-json\/wp\/v2\/evenement\/8197\/revisions"}],"predecessor-version":[{"id":8210,"href":"https:\/\/charente.catholique.fr\/grand-angouleme\/wp-json\/wp\/v2\/evenement\/8197\/revisions\/8210"}],"wp:featuredmedia":[{"embeddable":true,"href":"https:\/\/charente.catholique.fr\/grand-angouleme\/wp-json\/wp\/v2\/media\/8199"}],"wp:attachment":[{"href":"https:\/\/charente.catholique.fr\/grand-angouleme\/wp-json\/wp\/v2\/media?parent=8197"}],"wp:term":[{"taxonomy":"category","embeddable":true,"href":"https:\/\/charente.catholique.fr\/grand-angouleme\/wp-json\/wp\/v2\/categories?post=8197"},{"taxonomy":"post_tag","embeddable":true,"href":"https:\/\/charente.catholique.fr\/grand-angouleme\/wp-json\/wp\/v2\/tags?post=8197"}],"curies":[{"name":"wp","href":"https:\/\/api.w.org\/{rel}","templated":true}]}}