{"id":8045,"date":"2021-12-03T12:48:08","date_gmt":"2021-12-03T11:48:08","guid":{"rendered":"https:\/\/charente.catholique.fr\/grand-angouleme\/?post_type=evenement&#038;p=8045"},"modified":"2021-12-03T12:52:02","modified_gmt":"2021-12-03T11:52:02","slug":"piece-de-theatre-a-leglise-saint-paul","status":"publish","type":"evenement","link":"https:\/\/charente.catholique.fr\/grand-angouleme\/agenda\/piece-de-theatre-a-leglise-saint-paul\/","title":{"rendered":"Pi\u00e8ce de th\u00e9\u00e2tre \u00e0 l&#8217;\u00e9glise Saint Paul"},"content":{"rendered":"\n<p class=\"has-medium-font-size\"> A l&#8217;occasion du week-end du T\u00e9l\u00e9thon les 4 et 5 d\u00e9cembre, le comit\u00e9 de quartier anime Ma Campagne. Pour cet \u00e9v\u00e8nement, il organise une repr\u00e9sentation \u00e0 l&#8217;\u00e9glise Saint Paul avec la pi\u00e8ce de th\u00e9\u00e2tre &#8220;Avant de s&#8217;envoler&#8221; qui sera mis en sc\u00e8ne par &#8220;La Compagnie du Vendredi&#8221; <\/p>\n\n\n\n<div style=\"height:30px\" aria-hidden=\"true\" class=\"wp-block-spacer\"><\/div>\n\n\n\n<div class=\"wp-block-media-text alignwide is-stacked-on-mobile\" style=\"grid-template-columns:27% auto\"><figure class=\"wp-block-media-text__media\"><img loading=\"lazy\" decoding=\"async\" width=\"376\" height=\"376\" src=\"https:\/\/charente.catholique.fr\/grand-angouleme\/wp-content\/uploads\/sites\/2\/2021\/12\/piece-de-theatre.jpg\" alt=\"\" class=\"wp-image-8046 size-full\" srcset=\"https:\/\/charente.catholique.fr\/grand-angouleme\/wp-content\/uploads\/sites\/2\/2021\/12\/piece-de-theatre.jpg 376w, https:\/\/charente.catholique.fr\/grand-angouleme\/wp-content\/uploads\/sites\/2\/2021\/12\/piece-de-theatre-300x300.jpg 300w, https:\/\/charente.catholique.fr\/grand-angouleme\/wp-content\/uploads\/sites\/2\/2021\/12\/piece-de-theatre-150x150.jpg 150w\" sizes=\"auto, (max-width: 376px) 100vw, 376px\" \/><\/figure><div class=\"wp-block-media-text__content\">\n<p class=\"has-normal-font-size\">&#8221; Avant de s&#8217;envoler&#8221; est une pi\u00e8ce dr\u00f4le et tendre, qui interroge sur la place qui reste \u00e0 celui dont le conjoint &#8220;s&#8217;est envol\u00e9&#8221;.<br>Que fait-on lorsqu&#8217;on se retrouve seul(e) apr\u00e8s cinquante ans de vie commune ?<br>Comment r\u00e9agissent les enfants devenus adultes ? Si l&#8217;on ne sait jamais qui, de Madeleine ou d&#8217;Andr\u00e9, est parti le premier, nous d\u00e9ambulons dans leur histoire, suivons les liens ind\u00e9fectibles qui les rattachent l&#8217;un \u00e0 l&#8217;autre. Par-del\u00e0 l&#8217;envol.<br>A moins que ce ne soit la m\u00e9moire qui s&#8217;envole ?<\/p>\n<\/div><\/div>\n\n\n\n<div style=\"height:30px\" aria-hidden=\"true\" class=\"wp-block-spacer\"><\/div>\n\n\n\n<p>Florian Zeller est un jeune auteur, romancier et dramaturge. Prim\u00e9 \u00e0 maintes reprises pour ses \u00e9crits, il a obtenu plusieurs &#8220;Moli\u00e8re&#8221; pour sa pi\u00e8ce &#8220;Le P\u00e8re&#8221; en 2014 (oscaris\u00e9e dans sa version cin\u00e9ma en 2021, avec Sir Anthony Hopkins dans le r\u00f4le d&#8217;Andr). Il a sp\u00e9cialement \u00e9crit &#8220;Avant de s&#8217;envoler&#8221; pour Robert Hirsch, dont le personnage d&#8217;Andr\u00e9 est le dernier r\u00f4le qu&#8217;il ait incarn\u00e9, avant de s&#8217;envoler \u00e0 son tour.<\/p>\n","protected":false},"author":5,"featured_media":8066,"template":"","meta":{"_acf_changed":false,"paroisse":["0"],"service":["0"],"footnotes":""},"categories":[],"tags":[],"class_list":["post-8045","evenement","type-evenement","status-publish","has-post-thumbnail","hentry","validated"],"acf":{"start_date":"2021-12-05 16:00:00","end_date":"","location":"Eglise Saint Paul \u00e0 Ma Campagne","address":{"address":"Bd Jean Moulin, Angoul\u00eame, France","lat":45.6308103,"lng":0.1498677,"zoom":14,"place_id":"EihCZCBKZWFuIE1vdWxpbiwgMTYwMDAgQW5nb3Vsw6ptZSwgRnJhbmNlIi4qLAoUChIJWfNi83wt_kcRz7cKWrZu3ooSFAoSCZnEKwOFLf5HEfDA7mCS0wUE","name":"Boulevard Jean Moulin","street_name":"Boulevard Jean Moulin","street_name_short":"Bd Jean Moulin","city":"Angoul\u00eame","state":"Nouvelle-Aquitaine","post_code":16000,"country":"France","country_short":"FR"}},"yoast_head":"<!-- This site is optimized with the Yoast SEO plugin v27.1.1 - https:\/\/yoast.com\/product\/yoast-seo-wordpress\/ -->\n<title>Pi\u00e8ce de th\u00e9\u00e2tre \u00e0 l&#039;\u00e9glise Saint Paul - Doyenn\u00e9 Grand Angoul\u00eame<\/title>\n<meta name=\"robots\" content=\"index, follow, max-snippet:-1, max-image-preview:large, max-video-preview:-1\" \/>\n<link rel=\"canonical\" href=\"https:\/\/charente.catholique.fr\/grand-angouleme\/agenda\/piece-de-theatre-a-leglise-saint-paul\/\" \/>\n<meta property=\"og:locale\" content=\"fr_FR\" \/>\n<meta property=\"og:type\" content=\"article\" \/>\n<meta property=\"og:title\" content=\"Pi\u00e8ce de th\u00e9\u00e2tre \u00e0 l&#039;\u00e9glise Saint Paul - Doyenn\u00e9 Grand Angoul\u00eame\" \/>\n<meta property=\"og:description\" content=\"A l&#8217;occasion du week-end du T\u00e9l\u00e9thon les 4 et 5 d\u00e9cembre, le comit\u00e9 de quartier anime Ma Campagne. Pour cet \u00e9v\u00e8nement, il organise une repr\u00e9sentation \u00e0 l&#8217;\u00e9glise Saint Paul avec la pi\u00e8ce de th\u00e9\u00e2tre &#8220;Avant de s&#8217;envoler&#8221; qui sera mis en sc\u00e8ne par &#8220;La Compagnie du Vendredi&#8221; &#8221; Avant de s&#8217;envoler&#8221; est une pi\u00e8ce dr\u00f4le [&hellip;]\" \/>\n<meta property=\"og:url\" content=\"https:\/\/charente.catholique.fr\/grand-angouleme\/agenda\/piece-de-theatre-a-leglise-saint-paul\/\" \/>\n<meta property=\"og:site_name\" content=\"Doyenn\u00e9 Grand Angoul\u00eame\" \/>\n<meta property=\"article:publisher\" content=\"https:\/\/www.facebook.com\/EgliseCatholiqueCharente\" \/>\n<meta property=\"article:modified_time\" content=\"2021-12-03T11:52:02+00:00\" \/>\n<meta property=\"og:image\" content=\"https:\/\/charente.catholique.fr\/grand-angouleme\/wp-content\/uploads\/sites\/2\/2021\/12\/img_20210718_111133-scaled.jpg\" \/>\n\t<meta property=\"og:image:width\" content=\"1920\" \/>\n\t<meta property=\"og:image:height\" content=\"2560\" \/>\n\t<meta property=\"og:image:type\" content=\"image\/jpeg\" \/>\n<meta name=\"twitter:card\" content=\"summary_large_image\" \/>\n<meta name=\"twitter:site\" content=\"@diocesecharente\" \/>\n<meta name=\"twitter:label1\" content=\"Dur\u00e9e de lecture estim\u00e9e\" \/>\n\t<meta name=\"twitter:data1\" content=\"2 minutes\" \/>\n<script type=\"application\/ld+json\" class=\"yoast-schema-graph\">{\"@context\":\"https:\/\/schema.org\",\"@graph\":[{\"@type\":\"WebPage\",\"@id\":\"https:\/\/charente.catholique.fr\/grand-angouleme\/agenda\/piece-de-theatre-a-leglise-saint-paul\/\",\"url\":\"https:\/\/charente.catholique.fr\/grand-angouleme\/agenda\/piece-de-theatre-a-leglise-saint-paul\/\",\"name\":\"Pi\u00e8ce de th\u00e9\u00e2tre \u00e0 l'\u00e9glise Saint Paul - Doyenn\u00e9 Grand Angoul\u00eame\",\"isPartOf\":{\"@id\":\"https:\/\/charente.catholique.fr\/grand-angouleme\/#website\"},\"primaryImageOfPage\":{\"@id\":\"https:\/\/charente.catholique.fr\/grand-angouleme\/agenda\/piece-de-theatre-a-leglise-saint-paul\/#primaryimage\"},\"image\":{\"@id\":\"https:\/\/charente.catholique.fr\/grand-angouleme\/agenda\/piece-de-theatre-a-leglise-saint-paul\/#primaryimage\"},\"thumbnailUrl\":\"https:\/\/charente.catholique.fr\/grand-angouleme\/wp-content\/uploads\/sites\/2\/2021\/12\/img_20210718_111133-scaled.jpg\",\"datePublished\":\"2021-12-03T11:48:08+00:00\",\"dateModified\":\"2021-12-03T11:52:02+00:00\",\"breadcrumb\":{\"@id\":\"https:\/\/charente.catholique.fr\/grand-angouleme\/agenda\/piece-de-theatre-a-leglise-saint-paul\/#breadcrumb\"},\"inLanguage\":\"fr-FR\",\"potentialAction\":[{\"@type\":\"ReadAction\",\"target\":[\"https:\/\/charente.catholique.fr\/grand-angouleme\/agenda\/piece-de-theatre-a-leglise-saint-paul\/\"]}]},{\"@type\":\"ImageObject\",\"inLanguage\":\"fr-FR\",\"@id\":\"https:\/\/charente.catholique.fr\/grand-angouleme\/agenda\/piece-de-theatre-a-leglise-saint-paul\/#primaryimage\",\"url\":\"https:\/\/charente.catholique.fr\/grand-angouleme\/wp-content\/uploads\/sites\/2\/2021\/12\/img_20210718_111133-scaled.jpg\",\"contentUrl\":\"https:\/\/charente.catholique.fr\/grand-angouleme\/wp-content\/uploads\/sites\/2\/2021\/12\/img_20210718_111133-scaled.jpg\",\"width\":1920,\"height\":2560},{\"@type\":\"BreadcrumbList\",\"@id\":\"https:\/\/charente.catholique.fr\/grand-angouleme\/agenda\/piece-de-theatre-a-leglise-saint-paul\/#breadcrumb\",\"itemListElement\":[{\"@type\":\"ListItem\",\"position\":1,\"name\":\"Accueil\",\"item\":\"https:\/\/charente.catholique.fr\/grand-angouleme\/\"},{\"@type\":\"ListItem\",\"position\":2,\"name\":\"Pi\u00e8ce de th\u00e9\u00e2tre \u00e0 l&#8217;\u00e9glise Saint Paul\"}]},{\"@type\":\"WebSite\",\"@id\":\"https:\/\/charente.catholique.fr\/grand-angouleme\/#website\",\"url\":\"https:\/\/charente.catholique.fr\/grand-angouleme\/\",\"name\":\"Doyenn\u00e9 Grand Angoul\u00eame - Dioc\u00e8se d'Angoul\u00eame\",\"description\":\"Dioc\u00e8se d&#039;Angoul\u00eame\",\"publisher\":{\"@id\":\"https:\/\/charente.catholique.fr\/grand-angouleme\/#organization\"},\"potentialAction\":[{\"@type\":\"SearchAction\",\"target\":{\"@type\":\"EntryPoint\",\"urlTemplate\":\"https:\/\/charente.catholique.fr\/grand-angouleme\/?s={search_term_string}\"},\"query-input\":{\"@type\":\"PropertyValueSpecification\",\"valueRequired\":true,\"valueName\":\"search_term_string\"}}],\"inLanguage\":\"fr-FR\"},{\"@type\":\"Organization\",\"@id\":\"https:\/\/charente.catholique.fr\/grand-angouleme\/#organization\",\"name\":\"Association Dioc\u00e9saine d'Angoul\u00eame\",\"url\":\"https:\/\/charente.catholique.fr\/grand-angouleme\/\",\"logo\":{\"@type\":\"ImageObject\",\"inLanguage\":\"fr-FR\",\"@id\":\"https:\/\/charente.catholique.fr\/grand-angouleme\/#\/schema\/logo\/image\/\",\"url\":\"https:\/\/charente.catholique.fr\/grand-angouleme\/wp-content\/uploads\/sites\/2\/2020\/10\/logos.png\",\"contentUrl\":\"https:\/\/charente.catholique.fr\/grand-angouleme\/wp-content\/uploads\/sites\/2\/2020\/10\/logos.png\",\"width\":600,\"height\":257,\"caption\":\"Association Dioc\u00e9saine d'Angoul\u00eame\"},\"image\":{\"@id\":\"https:\/\/charente.catholique.fr\/grand-angouleme\/#\/schema\/logo\/image\/\"},\"sameAs\":[\"https:\/\/www.facebook.com\/EgliseCatholiqueCharente\",\"https:\/\/x.com\/diocesecharente\",\"https:\/\/www.instagram.com\/eglisecharente\",\"https:\/\/www.youtube.com\/channel\/UCByyFWApZbw3gDTiADoiAaQ\"]}]}<\/script>\n<!-- \/ Yoast SEO plugin. -->","yoast_head_json":{"title":"Pi\u00e8ce de th\u00e9\u00e2tre \u00e0 l'\u00e9glise Saint Paul - Doyenn\u00e9 Grand Angoul\u00eame","robots":{"index":"index","follow":"follow","max-snippet":"max-snippet:-1","max-image-preview":"max-image-preview:large","max-video-preview":"max-video-preview:-1"},"canonical":"https:\/\/charente.catholique.fr\/grand-angouleme\/agenda\/piece-de-theatre-a-leglise-saint-paul\/","og_locale":"fr_FR","og_type":"article","og_title":"Pi\u00e8ce de th\u00e9\u00e2tre \u00e0 l'\u00e9glise Saint Paul - Doyenn\u00e9 Grand Angoul\u00eame","og_description":"A l&#8217;occasion du week-end du T\u00e9l\u00e9thon les 4 et 5 d\u00e9cembre, le comit\u00e9 de quartier anime Ma Campagne. Pour cet \u00e9v\u00e8nement, il organise une repr\u00e9sentation \u00e0 l&#8217;\u00e9glise Saint Paul avec la pi\u00e8ce de th\u00e9\u00e2tre &#8220;Avant de s&#8217;envoler&#8221; qui sera mis en sc\u00e8ne par &#8220;La Compagnie du Vendredi&#8221; &#8221; Avant de s&#8217;envoler&#8221; est une pi\u00e8ce dr\u00f4le [&hellip;]","og_url":"https:\/\/charente.catholique.fr\/grand-angouleme\/agenda\/piece-de-theatre-a-leglise-saint-paul\/","og_site_name":"Doyenn\u00e9 Grand Angoul\u00eame","article_publisher":"https:\/\/www.facebook.com\/EgliseCatholiqueCharente","article_modified_time":"2021-12-03T11:52:02+00:00","og_image":[{"width":1920,"height":2560,"url":"https:\/\/charente.catholique.fr\/grand-angouleme\/wp-content\/uploads\/sites\/2\/2021\/12\/img_20210718_111133-scaled.jpg","type":"image\/jpeg"}],"twitter_card":"summary_large_image","twitter_site":"@diocesecharente","twitter_misc":{"Dur\u00e9e de lecture estim\u00e9e":"2 minutes"},"schema":{"@context":"https:\/\/schema.org","@graph":[{"@type":"WebPage","@id":"https:\/\/charente.catholique.fr\/grand-angouleme\/agenda\/piece-de-theatre-a-leglise-saint-paul\/","url":"https:\/\/charente.catholique.fr\/grand-angouleme\/agenda\/piece-de-theatre-a-leglise-saint-paul\/","name":"Pi\u00e8ce de th\u00e9\u00e2tre \u00e0 l'\u00e9glise Saint Paul - Doyenn\u00e9 Grand Angoul\u00eame","isPartOf":{"@id":"https:\/\/charente.catholique.fr\/grand-angouleme\/#website"},"primaryImageOfPage":{"@id":"https:\/\/charente.catholique.fr\/grand-angouleme\/agenda\/piece-de-theatre-a-leglise-saint-paul\/#primaryimage"},"image":{"@id":"https:\/\/charente.catholique.fr\/grand-angouleme\/agenda\/piece-de-theatre-a-leglise-saint-paul\/#primaryimage"},"thumbnailUrl":"https:\/\/charente.catholique.fr\/grand-angouleme\/wp-content\/uploads\/sites\/2\/2021\/12\/img_20210718_111133-scaled.jpg","datePublished":"2021-12-03T11:48:08+00:00","dateModified":"2021-12-03T11:52:02+00:00","breadcrumb":{"@id":"https:\/\/charente.catholique.fr\/grand-angouleme\/agenda\/piece-de-theatre-a-leglise-saint-paul\/#breadcrumb"},"inLanguage":"fr-FR","potentialAction":[{"@type":"ReadAction","target":["https:\/\/charente.catholique.fr\/grand-angouleme\/agenda\/piece-de-theatre-a-leglise-saint-paul\/"]}]},{"@type":"ImageObject","inLanguage":"fr-FR","@id":"https:\/\/charente.catholique.fr\/grand-angouleme\/agenda\/piece-de-theatre-a-leglise-saint-paul\/#primaryimage","url":"https:\/\/charente.catholique.fr\/grand-angouleme\/wp-content\/uploads\/sites\/2\/2021\/12\/img_20210718_111133-scaled.jpg","contentUrl":"https:\/\/charente.catholique.fr\/grand-angouleme\/wp-content\/uploads\/sites\/2\/2021\/12\/img_20210718_111133-scaled.jpg","width":1920,"height":2560},{"@type":"BreadcrumbList","@id":"https:\/\/charente.catholique.fr\/grand-angouleme\/agenda\/piece-de-theatre-a-leglise-saint-paul\/#breadcrumb","itemListElement":[{"@type":"ListItem","position":1,"name":"Accueil","item":"https:\/\/charente.catholique.fr\/grand-angouleme\/"},{"@type":"ListItem","position":2,"name":"Pi\u00e8ce de th\u00e9\u00e2tre \u00e0 l&#8217;\u00e9glise Saint Paul"}]},{"@type":"WebSite","@id":"https:\/\/charente.catholique.fr\/grand-angouleme\/#website","url":"https:\/\/charente.catholique.fr\/grand-angouleme\/","name":"Doyenn\u00e9 Grand Angoul\u00eame - Dioc\u00e8se d'Angoul\u00eame","description":"Dioc\u00e8se d&#039;Angoul\u00eame","publisher":{"@id":"https:\/\/charente.catholique.fr\/grand-angouleme\/#organization"},"potentialAction":[{"@type":"SearchAction","target":{"@type":"EntryPoint","urlTemplate":"https:\/\/charente.catholique.fr\/grand-angouleme\/?s={search_term_string}"},"query-input":{"@type":"PropertyValueSpecification","valueRequired":true,"valueName":"search_term_string"}}],"inLanguage":"fr-FR"},{"@type":"Organization","@id":"https:\/\/charente.catholique.fr\/grand-angouleme\/#organization","name":"Association Dioc\u00e9saine d'Angoul\u00eame","url":"https:\/\/charente.catholique.fr\/grand-angouleme\/","logo":{"@type":"ImageObject","inLanguage":"fr-FR","@id":"https:\/\/charente.catholique.fr\/grand-angouleme\/#\/schema\/logo\/image\/","url":"https:\/\/charente.catholique.fr\/grand-angouleme\/wp-content\/uploads\/sites\/2\/2020\/10\/logos.png","contentUrl":"https:\/\/charente.catholique.fr\/grand-angouleme\/wp-content\/uploads\/sites\/2\/2020\/10\/logos.png","width":600,"height":257,"caption":"Association Dioc\u00e9saine d'Angoul\u00eame"},"image":{"@id":"https:\/\/charente.catholique.fr\/grand-angouleme\/#\/schema\/logo\/image\/"},"sameAs":["https:\/\/www.facebook.com\/EgliseCatholiqueCharente","https:\/\/x.com\/diocesecharente","https:\/\/www.instagram.com\/eglisecharente","https:\/\/www.youtube.com\/channel\/UCByyFWApZbw3gDTiADoiAaQ"]}]}},"_links":{"self":[{"href":"https:\/\/charente.catholique.fr\/grand-angouleme\/wp-json\/wp\/v2\/evenement\/8045","targetHints":{"allow":["GET"]}}],"collection":[{"href":"https:\/\/charente.catholique.fr\/grand-angouleme\/wp-json\/wp\/v2\/evenement"}],"about":[{"href":"https:\/\/charente.catholique.fr\/grand-angouleme\/wp-json\/wp\/v2\/types\/evenement"}],"author":[{"embeddable":true,"href":"https:\/\/charente.catholique.fr\/grand-angouleme\/wp-json\/wp\/v2\/users\/5"}],"version-history":[{"count":10,"href":"https:\/\/charente.catholique.fr\/grand-angouleme\/wp-json\/wp\/v2\/evenement\/8045\/revisions"}],"predecessor-version":[{"id":8073,"href":"https:\/\/charente.catholique.fr\/grand-angouleme\/wp-json\/wp\/v2\/evenement\/8045\/revisions\/8073"}],"wp:featuredmedia":[{"embeddable":true,"href":"https:\/\/charente.catholique.fr\/grand-angouleme\/wp-json\/wp\/v2\/media\/8066"}],"wp:attachment":[{"href":"https:\/\/charente.catholique.fr\/grand-angouleme\/wp-json\/wp\/v2\/media?parent=8045"}],"wp:term":[{"taxonomy":"category","embeddable":true,"href":"https:\/\/charente.catholique.fr\/grand-angouleme\/wp-json\/wp\/v2\/categories?post=8045"},{"taxonomy":"post_tag","embeddable":true,"href":"https:\/\/charente.catholique.fr\/grand-angouleme\/wp-json\/wp\/v2\/tags?post=8045"}],"curies":[{"name":"wp","href":"https:\/\/api.w.org\/{rel}","templated":true}]}}