{"id":7403,"date":"2021-10-22T15:58:22","date_gmt":"2021-10-22T13:58:22","guid":{"rendered":"https:\/\/charente.catholique.fr\/grand-angouleme\/?post_type=evenement&#038;p=7403"},"modified":"2021-10-22T15:58:23","modified_gmt":"2021-10-22T13:58:23","slug":"visite-pastorale-de-la-paroisse-de-la-visitation-sur-boeme","status":"publish","type":"evenement","link":"https:\/\/charente.catholique.fr\/grand-angouleme\/agenda\/visite-pastorale-de-la-paroisse-de-la-visitation-sur-boeme\/","title":{"rendered":"Visite pastorale de la Paroisse de la Visitation sur Bo\u00ebme"},"content":{"rendered":"\n<p>Mgr Gosselin visitera la paroisse de la Visitation sur Bo\u00ebme du 27 au 31 octobre 2021. Un programme riche de rencontres pour d\u00e9couvrir la vitalit\u00e9 de cette paroisse et pour lui donner en retour un message d&#8217;encouragement. <\/p>\n\n\n\n<h5 class=\"wp-block-heading\">Programme<\/h5>\n\n\n\n<h6 class=\"wp-block-heading\">Mercredi 27 octobre<\/h6>\n\n\n\n<p>20h00 : Pr\u00e9sentation de l&#8217;Equipe d&#8217;Animation de la Paroisse<\/p>\n\n\n\n<h6 class=\"wp-block-heading\">Jeudi 28 octobre<\/h6>\n\n\n\n<p>8h00 : Laudes \u00e0 l&#8217;\u00e9glise de Nersac<\/p>\n\n\n\n<p>9h00 : Visite de ARTS Energy \u00e0 Mouthiers <\/p>\n\n\n\n<p>10h30 : Visite d&#8217;une exploitation agricole puis repas et rencontre avec des agriculteurs<\/p>\n\n\n\n<p>15h00 : Rencontre du CCAS La Couronne<\/p>\n\n\n\n<p>17h00 : Rencontre du Conseil Economique de la paroisse<\/p>\n\n\n\n<p>18h15 : Messe \u00e0 Roullet<\/p>\n\n\n\n<p>20h30 : Concert de l&#8217;ensemble Amadeus \u00e0 La Couronne<\/p>\n\n\n\n<h6 class=\"wp-block-heading\">Vendredi 29 octobre<\/h6>\n\n\n\n<p>8h00 : Laudes puis messe \u00e0 Mouthiers<\/p>\n\n\n\n<p>10h30 : Visite et rencontre de la Communaut\u00e9 Emma\u00fcs  \u00e0 La Couronne<\/p>\n\n\n\n<p>14h30 : Rencontre \u00e0 Efervecentre \u00e0 Roullet<\/p>\n\n\n\n<p>16h30 : Rencontre des groupes de lecture de la Bile, de partage d&#8217;Evangile, d&#8217;adoration et de pri\u00e8res, \u00e0 La Couronne<\/p>\n\n\n\n<p>17h30 : Rencontre avec les \u00e9lus, \u00e0 la salle des f\u00eates de La Couronne<\/p>\n\n\n\n<p>20h30 : Rencontre des groupes d&#8217;\u00e9veil \u00e0 la foi, d&#8217;aum\u00f4nerie, de cat\u00e9chisme et des servants d&#8217;autel<\/p>\n\n\n\n<h6 class=\"wp-block-heading\">Samedi 30 octobre<\/h6>\n\n\n\n<p>8h00 : Laudes \u00e0 Saint Michel<\/p>\n\n\n\n<p>9h30 : Rencontre des groupes du Service Evang\u00e9lique des Malades, de la Fraternit\u00e9 Angoul\u00eame Koudougou, du MCR, du Caf\u00e9-causette, \u00e0 Saint Michel<\/p>\n\n\n\n<p>12h00 : D\u00e9jeuner et rencontre avec les communaut\u00e9s religieuses<\/p>\n\n\n\n<p>15h00 : Assembl\u00e9e paroissiale dans l&#8217;\u00e9glise de Saint Michel<\/p>\n\n\n\n<p>17h45 : Messe anticip\u00e9e, \u00e0 Saint Michel<\/p>\n\n\n\n<p>20h30 : Rencontre des groupes de bapt\u00eames, mariages, communion, deuils, \u00e9quipes liturgiques et animation, \u00e0 La Couronne<\/p>\n\n\n\n<h6 class=\"wp-block-heading\">Dimanche 31 octobre<\/h6>\n\n\n\n<p>10h00 : Messe \u00e0 La Couronne suivie d&#8217;un pot convivial<\/p>\n\n\n\n<p>12h00 : D\u00e9jeuner avec les jeunes \u00e0 La Couronne<\/p>\n\n\n\n<p>15h00 : Rencontre de l&#8217;Equipe d&#8217;Animation de la Paroisse<\/p>\n\n\n\n<p>16h00 : V\u00eapres \u00e0 La Couronne<\/p>\n","protected":false},"author":4,"featured_media":1373,"template":"","meta":{"_acf_changed":false,"paroisse":["4"],"service":["0"],"footnotes":""},"categories":[],"tags":[],"class_list":["post-7403","evenement","type-evenement","status-publish","has-post-thumbnail","hentry","validated"],"acf":{"start_date":"2021-10-27 00:00:00","end_date":"2021-10-31 00:00:00","location":"Paroisse de la Visitation sur Bo\u00ebme","address":null},"yoast_head":"<!-- This site is optimized with the Yoast SEO plugin v27.1.1 - https:\/\/yoast.com\/product\/yoast-seo-wordpress\/ -->\n<title>Visite pastorale de la Paroisse de la Visitation sur Bo\u00ebme - Doyenn\u00e9 Grand Angoul\u00eame<\/title>\n<meta name=\"robots\" content=\"index, follow, max-snippet:-1, max-image-preview:large, max-video-preview:-1\" \/>\n<link rel=\"canonical\" href=\"https:\/\/charente.catholique.fr\/grand-angouleme\/agenda\/visite-pastorale-de-la-paroisse-de-la-visitation-sur-boeme\/\" \/>\n<meta property=\"og:locale\" content=\"fr_FR\" \/>\n<meta property=\"og:type\" content=\"article\" \/>\n<meta property=\"og:title\" content=\"Visite pastorale de la Paroisse de la Visitation sur Bo\u00ebme - Doyenn\u00e9 Grand Angoul\u00eame\" \/>\n<meta property=\"og:description\" content=\"Mgr Gosselin visitera la paroisse de la Visitation sur Bo\u00ebme du 27 au 31 octobre 2021. Un programme riche de rencontres pour d\u00e9couvrir la vitalit\u00e9 de cette paroisse et pour lui donner en retour un message d&#8217;encouragement. Programme Mercredi 27 octobre 20h00 : Pr\u00e9sentation de l&#8217;Equipe d&#8217;Animation de la Paroisse Jeudi 28 octobre 8h00 : [&hellip;]\" \/>\n<meta property=\"og:url\" content=\"https:\/\/charente.catholique.fr\/grand-angouleme\/agenda\/visite-pastorale-de-la-paroisse-de-la-visitation-sur-boeme\/\" \/>\n<meta property=\"og:site_name\" content=\"Doyenn\u00e9 Grand Angoul\u00eame\" \/>\n<meta property=\"article:publisher\" content=\"https:\/\/www.facebook.com\/EgliseCatholiqueCharente\" \/>\n<meta property=\"article:modified_time\" content=\"2021-10-22T13:58:23+00:00\" \/>\n<meta property=\"og:image\" content=\"https:\/\/charente.catholique.fr\/grand-angouleme\/wp-content\/uploads\/sites\/2\/2020\/06\/logo_doyenne_ga-lavisitationsurboeme.png\" \/>\n\t<meta property=\"og:image:width\" content=\"4446\" \/>\n\t<meta property=\"og:image:height\" content=\"1436\" \/>\n\t<meta property=\"og:image:type\" content=\"image\/png\" \/>\n<meta name=\"twitter:card\" content=\"summary_large_image\" \/>\n<meta name=\"twitter:site\" content=\"@diocesecharente\" \/>\n<meta name=\"twitter:label1\" content=\"Dur\u00e9e de lecture estim\u00e9e\" \/>\n\t<meta name=\"twitter:data1\" content=\"2 minutes\" \/>\n<script type=\"application\/ld+json\" class=\"yoast-schema-graph\">{\"@context\":\"https:\/\/schema.org\",\"@graph\":[{\"@type\":\"WebPage\",\"@id\":\"https:\/\/charente.catholique.fr\/grand-angouleme\/agenda\/visite-pastorale-de-la-paroisse-de-la-visitation-sur-boeme\/\",\"url\":\"https:\/\/charente.catholique.fr\/grand-angouleme\/agenda\/visite-pastorale-de-la-paroisse-de-la-visitation-sur-boeme\/\",\"name\":\"Visite pastorale de la Paroisse de la Visitation sur Bo\u00ebme - Doyenn\u00e9 Grand Angoul\u00eame\",\"isPartOf\":{\"@id\":\"https:\/\/charente.catholique.fr\/grand-angouleme\/#website\"},\"primaryImageOfPage\":{\"@id\":\"https:\/\/charente.catholique.fr\/grand-angouleme\/agenda\/visite-pastorale-de-la-paroisse-de-la-visitation-sur-boeme\/#primaryimage\"},\"image\":{\"@id\":\"https:\/\/charente.catholique.fr\/grand-angouleme\/agenda\/visite-pastorale-de-la-paroisse-de-la-visitation-sur-boeme\/#primaryimage\"},\"thumbnailUrl\":\"https:\/\/charente.catholique.fr\/grand-angouleme\/wp-content\/uploads\/sites\/2\/2020\/06\/logo_doyenne_ga-lavisitationsurboeme.png\",\"datePublished\":\"2021-10-22T13:58:22+00:00\",\"dateModified\":\"2021-10-22T13:58:23+00:00\",\"breadcrumb\":{\"@id\":\"https:\/\/charente.catholique.fr\/grand-angouleme\/agenda\/visite-pastorale-de-la-paroisse-de-la-visitation-sur-boeme\/#breadcrumb\"},\"inLanguage\":\"fr-FR\",\"potentialAction\":[{\"@type\":\"ReadAction\",\"target\":[\"https:\/\/charente.catholique.fr\/grand-angouleme\/agenda\/visite-pastorale-de-la-paroisse-de-la-visitation-sur-boeme\/\"]}]},{\"@type\":\"ImageObject\",\"inLanguage\":\"fr-FR\",\"@id\":\"https:\/\/charente.catholique.fr\/grand-angouleme\/agenda\/visite-pastorale-de-la-paroisse-de-la-visitation-sur-boeme\/#primaryimage\",\"url\":\"https:\/\/charente.catholique.fr\/grand-angouleme\/wp-content\/uploads\/sites\/2\/2020\/06\/logo_doyenne_ga-lavisitationsurboeme.png\",\"contentUrl\":\"https:\/\/charente.catholique.fr\/grand-angouleme\/wp-content\/uploads\/sites\/2\/2020\/06\/logo_doyenne_ga-lavisitationsurboeme.png\",\"width\":4446,\"height\":1436},{\"@type\":\"BreadcrumbList\",\"@id\":\"https:\/\/charente.catholique.fr\/grand-angouleme\/agenda\/visite-pastorale-de-la-paroisse-de-la-visitation-sur-boeme\/#breadcrumb\",\"itemListElement\":[{\"@type\":\"ListItem\",\"position\":1,\"name\":\"Accueil\",\"item\":\"https:\/\/charente.catholique.fr\/grand-angouleme\/\"},{\"@type\":\"ListItem\",\"position\":2,\"name\":\"Visite pastorale de la Paroisse de la Visitation sur Bo\u00ebme\"}]},{\"@type\":\"WebSite\",\"@id\":\"https:\/\/charente.catholique.fr\/grand-angouleme\/#website\",\"url\":\"https:\/\/charente.catholique.fr\/grand-angouleme\/\",\"name\":\"Doyenn\u00e9 Grand Angoul\u00eame - Dioc\u00e8se d'Angoul\u00eame\",\"description\":\"Dioc\u00e8se d&#039;Angoul\u00eame\",\"publisher\":{\"@id\":\"https:\/\/charente.catholique.fr\/grand-angouleme\/#organization\"},\"potentialAction\":[{\"@type\":\"SearchAction\",\"target\":{\"@type\":\"EntryPoint\",\"urlTemplate\":\"https:\/\/charente.catholique.fr\/grand-angouleme\/?s={search_term_string}\"},\"query-input\":{\"@type\":\"PropertyValueSpecification\",\"valueRequired\":true,\"valueName\":\"search_term_string\"}}],\"inLanguage\":\"fr-FR\"},{\"@type\":\"Organization\",\"@id\":\"https:\/\/charente.catholique.fr\/grand-angouleme\/#organization\",\"name\":\"Association Dioc\u00e9saine d'Angoul\u00eame\",\"url\":\"https:\/\/charente.catholique.fr\/grand-angouleme\/\",\"logo\":{\"@type\":\"ImageObject\",\"inLanguage\":\"fr-FR\",\"@id\":\"https:\/\/charente.catholique.fr\/grand-angouleme\/#\/schema\/logo\/image\/\",\"url\":\"https:\/\/charente.catholique.fr\/grand-angouleme\/wp-content\/uploads\/sites\/2\/2020\/10\/logos.png\",\"contentUrl\":\"https:\/\/charente.catholique.fr\/grand-angouleme\/wp-content\/uploads\/sites\/2\/2020\/10\/logos.png\",\"width\":600,\"height\":257,\"caption\":\"Association Dioc\u00e9saine d'Angoul\u00eame\"},\"image\":{\"@id\":\"https:\/\/charente.catholique.fr\/grand-angouleme\/#\/schema\/logo\/image\/\"},\"sameAs\":[\"https:\/\/www.facebook.com\/EgliseCatholiqueCharente\",\"https:\/\/x.com\/diocesecharente\",\"https:\/\/www.instagram.com\/eglisecharente\",\"https:\/\/www.youtube.com\/channel\/UCByyFWApZbw3gDTiADoiAaQ\"]}]}<\/script>\n<!-- \/ Yoast SEO plugin. -->","yoast_head_json":{"title":"Visite pastorale de la Paroisse de la Visitation sur Bo\u00ebme - Doyenn\u00e9 Grand Angoul\u00eame","robots":{"index":"index","follow":"follow","max-snippet":"max-snippet:-1","max-image-preview":"max-image-preview:large","max-video-preview":"max-video-preview:-1"},"canonical":"https:\/\/charente.catholique.fr\/grand-angouleme\/agenda\/visite-pastorale-de-la-paroisse-de-la-visitation-sur-boeme\/","og_locale":"fr_FR","og_type":"article","og_title":"Visite pastorale de la Paroisse de la Visitation sur Bo\u00ebme - Doyenn\u00e9 Grand Angoul\u00eame","og_description":"Mgr Gosselin visitera la paroisse de la Visitation sur Bo\u00ebme du 27 au 31 octobre 2021. Un programme riche de rencontres pour d\u00e9couvrir la vitalit\u00e9 de cette paroisse et pour lui donner en retour un message d&#8217;encouragement. Programme Mercredi 27 octobre 20h00 : Pr\u00e9sentation de l&#8217;Equipe d&#8217;Animation de la Paroisse Jeudi 28 octobre 8h00 : [&hellip;]","og_url":"https:\/\/charente.catholique.fr\/grand-angouleme\/agenda\/visite-pastorale-de-la-paroisse-de-la-visitation-sur-boeme\/","og_site_name":"Doyenn\u00e9 Grand Angoul\u00eame","article_publisher":"https:\/\/www.facebook.com\/EgliseCatholiqueCharente","article_modified_time":"2021-10-22T13:58:23+00:00","og_image":[{"width":4446,"height":1436,"url":"https:\/\/charente.catholique.fr\/grand-angouleme\/wp-content\/uploads\/sites\/2\/2020\/06\/logo_doyenne_ga-lavisitationsurboeme.png","type":"image\/png"}],"twitter_card":"summary_large_image","twitter_site":"@diocesecharente","twitter_misc":{"Dur\u00e9e de lecture estim\u00e9e":"2 minutes"},"schema":{"@context":"https:\/\/schema.org","@graph":[{"@type":"WebPage","@id":"https:\/\/charente.catholique.fr\/grand-angouleme\/agenda\/visite-pastorale-de-la-paroisse-de-la-visitation-sur-boeme\/","url":"https:\/\/charente.catholique.fr\/grand-angouleme\/agenda\/visite-pastorale-de-la-paroisse-de-la-visitation-sur-boeme\/","name":"Visite pastorale de la Paroisse de la Visitation sur Bo\u00ebme - Doyenn\u00e9 Grand Angoul\u00eame","isPartOf":{"@id":"https:\/\/charente.catholique.fr\/grand-angouleme\/#website"},"primaryImageOfPage":{"@id":"https:\/\/charente.catholique.fr\/grand-angouleme\/agenda\/visite-pastorale-de-la-paroisse-de-la-visitation-sur-boeme\/#primaryimage"},"image":{"@id":"https:\/\/charente.catholique.fr\/grand-angouleme\/agenda\/visite-pastorale-de-la-paroisse-de-la-visitation-sur-boeme\/#primaryimage"},"thumbnailUrl":"https:\/\/charente.catholique.fr\/grand-angouleme\/wp-content\/uploads\/sites\/2\/2020\/06\/logo_doyenne_ga-lavisitationsurboeme.png","datePublished":"2021-10-22T13:58:22+00:00","dateModified":"2021-10-22T13:58:23+00:00","breadcrumb":{"@id":"https:\/\/charente.catholique.fr\/grand-angouleme\/agenda\/visite-pastorale-de-la-paroisse-de-la-visitation-sur-boeme\/#breadcrumb"},"inLanguage":"fr-FR","potentialAction":[{"@type":"ReadAction","target":["https:\/\/charente.catholique.fr\/grand-angouleme\/agenda\/visite-pastorale-de-la-paroisse-de-la-visitation-sur-boeme\/"]}]},{"@type":"ImageObject","inLanguage":"fr-FR","@id":"https:\/\/charente.catholique.fr\/grand-angouleme\/agenda\/visite-pastorale-de-la-paroisse-de-la-visitation-sur-boeme\/#primaryimage","url":"https:\/\/charente.catholique.fr\/grand-angouleme\/wp-content\/uploads\/sites\/2\/2020\/06\/logo_doyenne_ga-lavisitationsurboeme.png","contentUrl":"https:\/\/charente.catholique.fr\/grand-angouleme\/wp-content\/uploads\/sites\/2\/2020\/06\/logo_doyenne_ga-lavisitationsurboeme.png","width":4446,"height":1436},{"@type":"BreadcrumbList","@id":"https:\/\/charente.catholique.fr\/grand-angouleme\/agenda\/visite-pastorale-de-la-paroisse-de-la-visitation-sur-boeme\/#breadcrumb","itemListElement":[{"@type":"ListItem","position":1,"name":"Accueil","item":"https:\/\/charente.catholique.fr\/grand-angouleme\/"},{"@type":"ListItem","position":2,"name":"Visite pastorale de la Paroisse de la Visitation sur Bo\u00ebme"}]},{"@type":"WebSite","@id":"https:\/\/charente.catholique.fr\/grand-angouleme\/#website","url":"https:\/\/charente.catholique.fr\/grand-angouleme\/","name":"Doyenn\u00e9 Grand Angoul\u00eame - Dioc\u00e8se d'Angoul\u00eame","description":"Dioc\u00e8se d&#039;Angoul\u00eame","publisher":{"@id":"https:\/\/charente.catholique.fr\/grand-angouleme\/#organization"},"potentialAction":[{"@type":"SearchAction","target":{"@type":"EntryPoint","urlTemplate":"https:\/\/charente.catholique.fr\/grand-angouleme\/?s={search_term_string}"},"query-input":{"@type":"PropertyValueSpecification","valueRequired":true,"valueName":"search_term_string"}}],"inLanguage":"fr-FR"},{"@type":"Organization","@id":"https:\/\/charente.catholique.fr\/grand-angouleme\/#organization","name":"Association Dioc\u00e9saine d'Angoul\u00eame","url":"https:\/\/charente.catholique.fr\/grand-angouleme\/","logo":{"@type":"ImageObject","inLanguage":"fr-FR","@id":"https:\/\/charente.catholique.fr\/grand-angouleme\/#\/schema\/logo\/image\/","url":"https:\/\/charente.catholique.fr\/grand-angouleme\/wp-content\/uploads\/sites\/2\/2020\/10\/logos.png","contentUrl":"https:\/\/charente.catholique.fr\/grand-angouleme\/wp-content\/uploads\/sites\/2\/2020\/10\/logos.png","width":600,"height":257,"caption":"Association Dioc\u00e9saine d'Angoul\u00eame"},"image":{"@id":"https:\/\/charente.catholique.fr\/grand-angouleme\/#\/schema\/logo\/image\/"},"sameAs":["https:\/\/www.facebook.com\/EgliseCatholiqueCharente","https:\/\/x.com\/diocesecharente","https:\/\/www.instagram.com\/eglisecharente","https:\/\/www.youtube.com\/channel\/UCByyFWApZbw3gDTiADoiAaQ"]}]}},"_links":{"self":[{"href":"https:\/\/charente.catholique.fr\/grand-angouleme\/wp-json\/wp\/v2\/evenement\/7403","targetHints":{"allow":["GET"]}}],"collection":[{"href":"https:\/\/charente.catholique.fr\/grand-angouleme\/wp-json\/wp\/v2\/evenement"}],"about":[{"href":"https:\/\/charente.catholique.fr\/grand-angouleme\/wp-json\/wp\/v2\/types\/evenement"}],"author":[{"embeddable":true,"href":"https:\/\/charente.catholique.fr\/grand-angouleme\/wp-json\/wp\/v2\/users\/4"}],"version-history":[{"count":3,"href":"https:\/\/charente.catholique.fr\/grand-angouleme\/wp-json\/wp\/v2\/evenement\/7403\/revisions"}],"predecessor-version":[{"id":7406,"href":"https:\/\/charente.catholique.fr\/grand-angouleme\/wp-json\/wp\/v2\/evenement\/7403\/revisions\/7406"}],"wp:featuredmedia":[{"embeddable":true,"href":"https:\/\/charente.catholique.fr\/grand-angouleme\/wp-json\/wp\/v2\/media\/1373"}],"wp:attachment":[{"href":"https:\/\/charente.catholique.fr\/grand-angouleme\/wp-json\/wp\/v2\/media?parent=7403"}],"wp:term":[{"taxonomy":"category","embeddable":true,"href":"https:\/\/charente.catholique.fr\/grand-angouleme\/wp-json\/wp\/v2\/categories?post=7403"},{"taxonomy":"post_tag","embeddable":true,"href":"https:\/\/charente.catholique.fr\/grand-angouleme\/wp-json\/wp\/v2\/tags?post=7403"}],"curies":[{"name":"wp","href":"https:\/\/api.w.org\/{rel}","templated":true}]}}