{"id":6039,"date":"2021-08-02T12:02:00","date_gmt":"2021-08-02T10:02:00","guid":{"rendered":"https:\/\/charente.catholique.fr\/grand-angouleme\/?post_type=evenement&#038;p=6039"},"modified":"2021-07-19T18:14:47","modified_gmt":"2021-07-19T16:14:47","slug":"pause-cafe-a-ma-campagne","status":"publish","type":"evenement","link":"https:\/\/charente.catholique.fr\/grand-angouleme\/agenda\/pause-cafe-a-ma-campagne\/","title":{"rendered":"Pause caf\u00e9 \u00e0 Ma Campagne"},"content":{"rendered":"\n<div class=\"wp-block-media-text alignwide is-stacked-on-mobile\" style=\"grid-template-columns:30% auto\"><figure class=\"wp-block-media-text__media\"><a href=\"https:\/\/pixabay.com\/fr\/?utm_source=link-attribution&amp;utm_medium=referral&amp;utm_campaign=image&amp;utm_content=2242215\"><img loading=\"lazy\" decoding=\"async\" width=\"1620\" height=\"1080\" src=\"https:\/\/charente.catholique.fr\/grand-angouleme\/wp-content\/uploads\/sites\/2\/2021\/07\/Pixabay-cafe-copie-1620x1080.jpg\" alt=\"\" class=\"wp-image-6040 size-full\" srcset=\"https:\/\/charente.catholique.fr\/grand-angouleme\/wp-content\/uploads\/sites\/2\/2021\/07\/Pixabay-cafe-copie-1620x1080.jpg 1620w, https:\/\/charente.catholique.fr\/grand-angouleme\/wp-content\/uploads\/sites\/2\/2021\/07\/Pixabay-cafe-copie-300x200.jpg 300w, https:\/\/charente.catholique.fr\/grand-angouleme\/wp-content\/uploads\/sites\/2\/2021\/07\/Pixabay-cafe-copie-768x512.jpg 768w, https:\/\/charente.catholique.fr\/grand-angouleme\/wp-content\/uploads\/sites\/2\/2021\/07\/Pixabay-cafe-copie-1536x1024.jpg 1536w, https:\/\/charente.catholique.fr\/grand-angouleme\/wp-content\/uploads\/sites\/2\/2021\/07\/Pixabay-cafe-copie.jpg 1920w\" sizes=\"auto, (max-width: 1620px) 100vw, 1620px\" \/><\/a><\/figure><div class=\"wp-block-media-text__content\">\n<p class=\"has-medium-font-size\"><strong>A partir du mercredi 11 Ao\u00fbt et tous les mercredis matin suivant jusqu\u2019au 1<\/strong><sup><strong>er<\/strong><\/sup><strong> septembre un caf\u00e9 et autre boisson chaude vous seront offert sur le parvis devant l\u2019\u00e9glise de Ma Campagne. <\/strong><\/p>\n\n\n\n<p class=\"has-medium-font-size\"><strong>Profitons-en&nbsp;et encourageons-nous \u00e0 participer \u00e0 ce moment de convivialit\u00e9 dans nos quartiers. Et apr\u00e8s plusieurs confinements et parfois l\u2019isolement caus\u00e9 par la pand\u00e9mie du covid19 : retrouvons-nous&nbsp;!<\/strong><\/p>\n<\/div><\/div>\n\n\n\n<ul class=\"has-luminous-dusk-gradient-background has-background wp-block-list\"><li><strong>Profitons \u00e9galement de l\u2019\u00e9t\u00e9 <\/strong><\/li><li><strong>pour prendre des nouvelles,<\/strong><\/li><li><strong>pour passer chez les uns, les autres,<\/strong><\/li><li><strong>pour s\u2019inviter \u00e0 prendre un verre<\/strong>,<\/li><li><strong>faire une promenade ou une visite,<\/strong><\/li><li><strong>aller au cin\u00e9ma,<\/strong><\/li><li><strong>voir un spectacle\u2026<\/strong><\/li><\/ul>\n\n\n\n<p><\/p>\n","protected":false},"author":5,"featured_media":6088,"template":"","meta":{"_acf_changed":false,"paroisse":["0"],"service":["0"],"footnotes":""},"categories":[5],"tags":[],"class_list":["post-6039","evenement","type-evenement","status-publish","has-post-thumbnail","hentry","category-ma-campagne-saint-jean-baptiste"],"acf":{"start_date":"2021-08-11 00:00:00","end_date":"","location":"Paroisse Ma Campagne\/Puymoyen","address":{"address":"2 Boulevard Jean Moulin, Angoul\u00eame, France","lat":45.6304453,"lng":0.1500922,"zoom":14,"place_id":"ChIJZxgd5Hwt_kcRfmEcboJpihk","name":"2 Boulevard Jean Moulin","street_number":2,"street_name":"Boulevard Jean Moulin","city":"Angoul\u00eame","state":"Nouvelle-Aquitaine","post_code":16000,"country":"France","country_short":"FR"}},"yoast_head":"<!-- This site is optimized with the Yoast SEO plugin v27.1.1 - https:\/\/yoast.com\/product\/yoast-seo-wordpress\/ -->\n<title>Pause caf\u00e9 \u00e0 Ma Campagne - Doyenn\u00e9 Grand Angoul\u00eame<\/title>\n<meta name=\"robots\" content=\"index, follow, max-snippet:-1, max-image-preview:large, max-video-preview:-1\" \/>\n<link rel=\"canonical\" href=\"https:\/\/charente.catholique.fr\/grand-angouleme\/agenda\/pause-cafe-a-ma-campagne\/\" \/>\n<meta property=\"og:locale\" content=\"fr_FR\" \/>\n<meta property=\"og:type\" content=\"article\" \/>\n<meta property=\"og:title\" content=\"Pause caf\u00e9 \u00e0 Ma Campagne - Doyenn\u00e9 Grand Angoul\u00eame\" \/>\n<meta property=\"og:description\" content=\"A partir du mercredi 11 Ao\u00fbt et tous les mercredis matin suivant jusqu\u2019au 1er septembre un caf\u00e9 et autre boisson chaude vous seront offert sur le parvis devant l\u2019\u00e9glise de Ma Campagne. Profitons-en&nbsp;et encourageons-nous \u00e0 participer \u00e0 ce moment de convivialit\u00e9 dans nos quartiers. Et apr\u00e8s plusieurs confinements et parfois l\u2019isolement caus\u00e9 par la pand\u00e9mie [&hellip;]\" \/>\n<meta property=\"og:url\" content=\"https:\/\/charente.catholique.fr\/grand-angouleme\/agenda\/pause-cafe-a-ma-campagne\/\" \/>\n<meta property=\"og:site_name\" content=\"Doyenn\u00e9 Grand Angoul\u00eame\" \/>\n<meta property=\"article:publisher\" content=\"https:\/\/www.facebook.com\/EgliseCatholiqueCharente\" \/>\n<meta property=\"og:image\" content=\"https:\/\/charente.catholique.fr\/grand-angouleme\/wp-content\/uploads\/sites\/2\/2021\/08\/img_20210718_111133-scaled.jpg\" \/>\n\t<meta property=\"og:image:width\" content=\"1920\" \/>\n\t<meta property=\"og:image:height\" content=\"2560\" \/>\n\t<meta property=\"og:image:type\" content=\"image\/jpeg\" \/>\n<meta name=\"twitter:card\" content=\"summary_large_image\" \/>\n<meta name=\"twitter:site\" content=\"@diocesecharente\" \/>\n<meta name=\"twitter:label1\" content=\"Dur\u00e9e de lecture estim\u00e9e\" \/>\n\t<meta name=\"twitter:data1\" content=\"1 minute\" \/>\n<script type=\"application\/ld+json\" class=\"yoast-schema-graph\">{\"@context\":\"https:\/\/schema.org\",\"@graph\":[{\"@type\":\"WebPage\",\"@id\":\"https:\/\/charente.catholique.fr\/grand-angouleme\/agenda\/pause-cafe-a-ma-campagne\/\",\"url\":\"https:\/\/charente.catholique.fr\/grand-angouleme\/agenda\/pause-cafe-a-ma-campagne\/\",\"name\":\"Pause caf\u00e9 \u00e0 Ma Campagne - Doyenn\u00e9 Grand Angoul\u00eame\",\"isPartOf\":{\"@id\":\"https:\/\/charente.catholique.fr\/grand-angouleme\/#website\"},\"primaryImageOfPage\":{\"@id\":\"https:\/\/charente.catholique.fr\/grand-angouleme\/agenda\/pause-cafe-a-ma-campagne\/#primaryimage\"},\"image\":{\"@id\":\"https:\/\/charente.catholique.fr\/grand-angouleme\/agenda\/pause-cafe-a-ma-campagne\/#primaryimage\"},\"thumbnailUrl\":\"https:\/\/charente.catholique.fr\/grand-angouleme\/wp-content\/uploads\/sites\/2\/2021\/08\/img_20210718_111133-scaled.jpg\",\"datePublished\":\"2021-08-02T10:02:00+00:00\",\"breadcrumb\":{\"@id\":\"https:\/\/charente.catholique.fr\/grand-angouleme\/agenda\/pause-cafe-a-ma-campagne\/#breadcrumb\"},\"inLanguage\":\"fr-FR\",\"potentialAction\":[{\"@type\":\"ReadAction\",\"target\":[\"https:\/\/charente.catholique.fr\/grand-angouleme\/agenda\/pause-cafe-a-ma-campagne\/\"]}]},{\"@type\":\"ImageObject\",\"inLanguage\":\"fr-FR\",\"@id\":\"https:\/\/charente.catholique.fr\/grand-angouleme\/agenda\/pause-cafe-a-ma-campagne\/#primaryimage\",\"url\":\"https:\/\/charente.catholique.fr\/grand-angouleme\/wp-content\/uploads\/sites\/2\/2021\/08\/img_20210718_111133-scaled.jpg\",\"contentUrl\":\"https:\/\/charente.catholique.fr\/grand-angouleme\/wp-content\/uploads\/sites\/2\/2021\/08\/img_20210718_111133-scaled.jpg\",\"width\":1920,\"height\":2560},{\"@type\":\"BreadcrumbList\",\"@id\":\"https:\/\/charente.catholique.fr\/grand-angouleme\/agenda\/pause-cafe-a-ma-campagne\/#breadcrumb\",\"itemListElement\":[{\"@type\":\"ListItem\",\"position\":1,\"name\":\"Accueil\",\"item\":\"https:\/\/charente.catholique.fr\/grand-angouleme\/\"},{\"@type\":\"ListItem\",\"position\":2,\"name\":\"Pause caf\u00e9 \u00e0 Ma Campagne\"}]},{\"@type\":\"WebSite\",\"@id\":\"https:\/\/charente.catholique.fr\/grand-angouleme\/#website\",\"url\":\"https:\/\/charente.catholique.fr\/grand-angouleme\/\",\"name\":\"Doyenn\u00e9 Grand Angoul\u00eame - Dioc\u00e8se d'Angoul\u00eame\",\"description\":\"Dioc\u00e8se d&#039;Angoul\u00eame\",\"publisher\":{\"@id\":\"https:\/\/charente.catholique.fr\/grand-angouleme\/#organization\"},\"potentialAction\":[{\"@type\":\"SearchAction\",\"target\":{\"@type\":\"EntryPoint\",\"urlTemplate\":\"https:\/\/charente.catholique.fr\/grand-angouleme\/?s={search_term_string}\"},\"query-input\":{\"@type\":\"PropertyValueSpecification\",\"valueRequired\":true,\"valueName\":\"search_term_string\"}}],\"inLanguage\":\"fr-FR\"},{\"@type\":\"Organization\",\"@id\":\"https:\/\/charente.catholique.fr\/grand-angouleme\/#organization\",\"name\":\"Association Dioc\u00e9saine d'Angoul\u00eame\",\"url\":\"https:\/\/charente.catholique.fr\/grand-angouleme\/\",\"logo\":{\"@type\":\"ImageObject\",\"inLanguage\":\"fr-FR\",\"@id\":\"https:\/\/charente.catholique.fr\/grand-angouleme\/#\/schema\/logo\/image\/\",\"url\":\"https:\/\/charente.catholique.fr\/grand-angouleme\/wp-content\/uploads\/sites\/2\/2020\/10\/logos.png\",\"contentUrl\":\"https:\/\/charente.catholique.fr\/grand-angouleme\/wp-content\/uploads\/sites\/2\/2020\/10\/logos.png\",\"width\":600,\"height\":257,\"caption\":\"Association Dioc\u00e9saine d'Angoul\u00eame\"},\"image\":{\"@id\":\"https:\/\/charente.catholique.fr\/grand-angouleme\/#\/schema\/logo\/image\/\"},\"sameAs\":[\"https:\/\/www.facebook.com\/EgliseCatholiqueCharente\",\"https:\/\/x.com\/diocesecharente\",\"https:\/\/www.instagram.com\/eglisecharente\",\"https:\/\/www.youtube.com\/channel\/UCByyFWApZbw3gDTiADoiAaQ\"]}]}<\/script>\n<!-- \/ Yoast SEO plugin. -->","yoast_head_json":{"title":"Pause caf\u00e9 \u00e0 Ma Campagne - Doyenn\u00e9 Grand Angoul\u00eame","robots":{"index":"index","follow":"follow","max-snippet":"max-snippet:-1","max-image-preview":"max-image-preview:large","max-video-preview":"max-video-preview:-1"},"canonical":"https:\/\/charente.catholique.fr\/grand-angouleme\/agenda\/pause-cafe-a-ma-campagne\/","og_locale":"fr_FR","og_type":"article","og_title":"Pause caf\u00e9 \u00e0 Ma Campagne - Doyenn\u00e9 Grand Angoul\u00eame","og_description":"A partir du mercredi 11 Ao\u00fbt et tous les mercredis matin suivant jusqu\u2019au 1er septembre un caf\u00e9 et autre boisson chaude vous seront offert sur le parvis devant l\u2019\u00e9glise de Ma Campagne. Profitons-en&nbsp;et encourageons-nous \u00e0 participer \u00e0 ce moment de convivialit\u00e9 dans nos quartiers. Et apr\u00e8s plusieurs confinements et parfois l\u2019isolement caus\u00e9 par la pand\u00e9mie [&hellip;]","og_url":"https:\/\/charente.catholique.fr\/grand-angouleme\/agenda\/pause-cafe-a-ma-campagne\/","og_site_name":"Doyenn\u00e9 Grand Angoul\u00eame","article_publisher":"https:\/\/www.facebook.com\/EgliseCatholiqueCharente","og_image":[{"width":1920,"height":2560,"url":"https:\/\/charente.catholique.fr\/grand-angouleme\/wp-content\/uploads\/sites\/2\/2021\/08\/img_20210718_111133-scaled.jpg","type":"image\/jpeg"}],"twitter_card":"summary_large_image","twitter_site":"@diocesecharente","twitter_misc":{"Dur\u00e9e de lecture estim\u00e9e":"1 minute"},"schema":{"@context":"https:\/\/schema.org","@graph":[{"@type":"WebPage","@id":"https:\/\/charente.catholique.fr\/grand-angouleme\/agenda\/pause-cafe-a-ma-campagne\/","url":"https:\/\/charente.catholique.fr\/grand-angouleme\/agenda\/pause-cafe-a-ma-campagne\/","name":"Pause caf\u00e9 \u00e0 Ma Campagne - Doyenn\u00e9 Grand Angoul\u00eame","isPartOf":{"@id":"https:\/\/charente.catholique.fr\/grand-angouleme\/#website"},"primaryImageOfPage":{"@id":"https:\/\/charente.catholique.fr\/grand-angouleme\/agenda\/pause-cafe-a-ma-campagne\/#primaryimage"},"image":{"@id":"https:\/\/charente.catholique.fr\/grand-angouleme\/agenda\/pause-cafe-a-ma-campagne\/#primaryimage"},"thumbnailUrl":"https:\/\/charente.catholique.fr\/grand-angouleme\/wp-content\/uploads\/sites\/2\/2021\/08\/img_20210718_111133-scaled.jpg","datePublished":"2021-08-02T10:02:00+00:00","breadcrumb":{"@id":"https:\/\/charente.catholique.fr\/grand-angouleme\/agenda\/pause-cafe-a-ma-campagne\/#breadcrumb"},"inLanguage":"fr-FR","potentialAction":[{"@type":"ReadAction","target":["https:\/\/charente.catholique.fr\/grand-angouleme\/agenda\/pause-cafe-a-ma-campagne\/"]}]},{"@type":"ImageObject","inLanguage":"fr-FR","@id":"https:\/\/charente.catholique.fr\/grand-angouleme\/agenda\/pause-cafe-a-ma-campagne\/#primaryimage","url":"https:\/\/charente.catholique.fr\/grand-angouleme\/wp-content\/uploads\/sites\/2\/2021\/08\/img_20210718_111133-scaled.jpg","contentUrl":"https:\/\/charente.catholique.fr\/grand-angouleme\/wp-content\/uploads\/sites\/2\/2021\/08\/img_20210718_111133-scaled.jpg","width":1920,"height":2560},{"@type":"BreadcrumbList","@id":"https:\/\/charente.catholique.fr\/grand-angouleme\/agenda\/pause-cafe-a-ma-campagne\/#breadcrumb","itemListElement":[{"@type":"ListItem","position":1,"name":"Accueil","item":"https:\/\/charente.catholique.fr\/grand-angouleme\/"},{"@type":"ListItem","position":2,"name":"Pause caf\u00e9 \u00e0 Ma Campagne"}]},{"@type":"WebSite","@id":"https:\/\/charente.catholique.fr\/grand-angouleme\/#website","url":"https:\/\/charente.catholique.fr\/grand-angouleme\/","name":"Doyenn\u00e9 Grand Angoul\u00eame - Dioc\u00e8se d'Angoul\u00eame","description":"Dioc\u00e8se d&#039;Angoul\u00eame","publisher":{"@id":"https:\/\/charente.catholique.fr\/grand-angouleme\/#organization"},"potentialAction":[{"@type":"SearchAction","target":{"@type":"EntryPoint","urlTemplate":"https:\/\/charente.catholique.fr\/grand-angouleme\/?s={search_term_string}"},"query-input":{"@type":"PropertyValueSpecification","valueRequired":true,"valueName":"search_term_string"}}],"inLanguage":"fr-FR"},{"@type":"Organization","@id":"https:\/\/charente.catholique.fr\/grand-angouleme\/#organization","name":"Association Dioc\u00e9saine d'Angoul\u00eame","url":"https:\/\/charente.catholique.fr\/grand-angouleme\/","logo":{"@type":"ImageObject","inLanguage":"fr-FR","@id":"https:\/\/charente.catholique.fr\/grand-angouleme\/#\/schema\/logo\/image\/","url":"https:\/\/charente.catholique.fr\/grand-angouleme\/wp-content\/uploads\/sites\/2\/2020\/10\/logos.png","contentUrl":"https:\/\/charente.catholique.fr\/grand-angouleme\/wp-content\/uploads\/sites\/2\/2020\/10\/logos.png","width":600,"height":257,"caption":"Association Dioc\u00e9saine d'Angoul\u00eame"},"image":{"@id":"https:\/\/charente.catholique.fr\/grand-angouleme\/#\/schema\/logo\/image\/"},"sameAs":["https:\/\/www.facebook.com\/EgliseCatholiqueCharente","https:\/\/x.com\/diocesecharente","https:\/\/www.instagram.com\/eglisecharente","https:\/\/www.youtube.com\/channel\/UCByyFWApZbw3gDTiADoiAaQ"]}]}},"_links":{"self":[{"href":"https:\/\/charente.catholique.fr\/grand-angouleme\/wp-json\/wp\/v2\/evenement\/6039","targetHints":{"allow":["GET"]}}],"collection":[{"href":"https:\/\/charente.catholique.fr\/grand-angouleme\/wp-json\/wp\/v2\/evenement"}],"about":[{"href":"https:\/\/charente.catholique.fr\/grand-angouleme\/wp-json\/wp\/v2\/types\/evenement"}],"author":[{"embeddable":true,"href":"https:\/\/charente.catholique.fr\/grand-angouleme\/wp-json\/wp\/v2\/users\/5"}],"version-history":[{"count":10,"href":"https:\/\/charente.catholique.fr\/grand-angouleme\/wp-json\/wp\/v2\/evenement\/6039\/revisions"}],"predecessor-version":[{"id":6094,"href":"https:\/\/charente.catholique.fr\/grand-angouleme\/wp-json\/wp\/v2\/evenement\/6039\/revisions\/6094"}],"wp:featuredmedia":[{"embeddable":true,"href":"https:\/\/charente.catholique.fr\/grand-angouleme\/wp-json\/wp\/v2\/media\/6088"}],"wp:attachment":[{"href":"https:\/\/charente.catholique.fr\/grand-angouleme\/wp-json\/wp\/v2\/media?parent=6039"}],"wp:term":[{"taxonomy":"category","embeddable":true,"href":"https:\/\/charente.catholique.fr\/grand-angouleme\/wp-json\/wp\/v2\/categories?post=6039"},{"taxonomy":"post_tag","embeddable":true,"href":"https:\/\/charente.catholique.fr\/grand-angouleme\/wp-json\/wp\/v2\/tags?post=6039"}],"curies":[{"name":"wp","href":"https:\/\/api.w.org\/{rel}","templated":true}]}}