{"id":5832,"date":"2021-06-22T11:00:14","date_gmt":"2021-06-22T09:00:14","guid":{"rendered":"https:\/\/charente.catholique.fr\/grand-angouleme\/?post_type=evenement&#038;p=5832"},"modified":"2021-06-29T10:02:34","modified_gmt":"2021-06-29T08:02:34","slug":"messe-a-la-grotte-de-saint-cybard-a-angouleme-jardin-vert","status":"publish","type":"evenement","link":"https:\/\/charente.catholique.fr\/grand-angouleme\/agenda\/messe-a-la-grotte-de-saint-cybard-a-angouleme-jardin-vert\/","title":{"rendered":"Messe \u00e0 la grotte de Saint-Cybard \u00e0 Angoul\u00eame (Jardin Vert)"},"content":{"rendered":"\n<p>Nous f\u00eaterons Saint-Cybard le 1er juillet , saint patron de la ville d&#8217;Angoul\u00eame ! <\/p>\n\n\n<a href=\"https:\/\/charente.catholique.fr\/grand-angouleme\/wp-content\/uploads\/sites\/2\/2021\/06\/messe-1er-juillet-2021.pdf\" class=\"pdfemb-viewer\" style=\"\" data-width=\"max\" data-height=\"max\" data-toolbar=\"bottom\" data-toolbar-fixed=\"off\">messe-1er-juillet-2021<\/a>\n<p class=\"wp-block-pdfemb-pdf-embedder-viewer\"><\/p>\n\n\n\n<p><br><\/p>\n","protected":false},"author":13,"featured_media":5833,"template":"","meta":{"_acf_changed":false,"paroisse":["1"],"service":["0"],"footnotes":""},"categories":[],"tags":[],"class_list":["post-5832","evenement","type-evenement","status-publish","has-post-thumbnail","hentry","validated"],"acf":{"start_date":"2021-07-01 17:00:00","end_date":"","location":"Grotte Saint-Cybard Angoul\u00eame","address":{"address":"Jardin Vert, Avenue du Pr\u00e9sident Wilson, Angoul\u00eame, France","lat":45.6513563,"lng":0.145388,"zoom":14,"place_id":"ChIJ4apDiY4t_kcRJDnJPEvUzPU","name":"Jardin Vert","street_number":93,"street_name":"Avenue du Pr\u00e9sident Wilson","city":"Angoul\u00eame","state":"Nouvelle-Aquitaine","post_code":16000,"country":"France","country_short":"FR"}},"yoast_head":"<!-- This site is optimized with the Yoast SEO plugin v27.1.1 - https:\/\/yoast.com\/product\/yoast-seo-wordpress\/ -->\n<title>Messe \u00e0 la grotte de Saint-Cybard \u00e0 Angoul\u00eame (Jardin Vert) - Doyenn\u00e9 Grand Angoul\u00eame<\/title>\n<meta name=\"robots\" content=\"index, follow, max-snippet:-1, max-image-preview:large, max-video-preview:-1\" \/>\n<link rel=\"canonical\" href=\"https:\/\/charente.catholique.fr\/grand-angouleme\/agenda\/messe-a-la-grotte-de-saint-cybard-a-angouleme-jardin-vert\/\" \/>\n<meta property=\"og:locale\" content=\"fr_FR\" \/>\n<meta property=\"og:type\" content=\"article\" \/>\n<meta property=\"og:title\" content=\"Messe \u00e0 la grotte de Saint-Cybard \u00e0 Angoul\u00eame (Jardin Vert) - Doyenn\u00e9 Grand Angoul\u00eame\" \/>\n<meta property=\"og:description\" content=\"Nous f\u00eaterons Saint-Cybard le 1er juillet , saint patron de la ville d&#8217;Angoul\u00eame !\" \/>\n<meta property=\"og:url\" content=\"https:\/\/charente.catholique.fr\/grand-angouleme\/agenda\/messe-a-la-grotte-de-saint-cybard-a-angouleme-jardin-vert\/\" \/>\n<meta property=\"og:site_name\" content=\"Doyenn\u00e9 Grand Angoul\u00eame\" \/>\n<meta property=\"article:publisher\" content=\"https:\/\/www.facebook.com\/EgliseCatholiqueCharente\" \/>\n<meta property=\"article:modified_time\" content=\"2021-06-29T08:02:34+00:00\" \/>\n<meta property=\"og:image\" content=\"https:\/\/charente.catholique.fr\/grand-angouleme\/wp-content\/uploads\/sites\/2\/2021\/06\/grotte-de-st-cybard.jpg\" \/>\n\t<meta property=\"og:image:width\" content=\"800\" \/>\n\t<meta property=\"og:image:height\" content=\"1440\" \/>\n\t<meta property=\"og:image:type\" content=\"image\/jpeg\" \/>\n<meta name=\"twitter:card\" content=\"summary_large_image\" \/>\n<meta name=\"twitter:site\" content=\"@diocesecharente\" \/>\n<meta name=\"twitter:label1\" content=\"Dur\u00e9e de lecture estim\u00e9e\" \/>\n\t<meta name=\"twitter:data1\" content=\"1 minute\" \/>\n<script type=\"application\/ld+json\" class=\"yoast-schema-graph\">{\"@context\":\"https:\/\/schema.org\",\"@graph\":[{\"@type\":\"WebPage\",\"@id\":\"https:\/\/charente.catholique.fr\/grand-angouleme\/agenda\/messe-a-la-grotte-de-saint-cybard-a-angouleme-jardin-vert\/\",\"url\":\"https:\/\/charente.catholique.fr\/grand-angouleme\/agenda\/messe-a-la-grotte-de-saint-cybard-a-angouleme-jardin-vert\/\",\"name\":\"Messe \u00e0 la grotte de Saint-Cybard \u00e0 Angoul\u00eame (Jardin Vert) - Doyenn\u00e9 Grand Angoul\u00eame\",\"isPartOf\":{\"@id\":\"https:\/\/charente.catholique.fr\/grand-angouleme\/#website\"},\"primaryImageOfPage\":{\"@id\":\"https:\/\/charente.catholique.fr\/grand-angouleme\/agenda\/messe-a-la-grotte-de-saint-cybard-a-angouleme-jardin-vert\/#primaryimage\"},\"image\":{\"@id\":\"https:\/\/charente.catholique.fr\/grand-angouleme\/agenda\/messe-a-la-grotte-de-saint-cybard-a-angouleme-jardin-vert\/#primaryimage\"},\"thumbnailUrl\":\"https:\/\/charente.catholique.fr\/grand-angouleme\/wp-content\/uploads\/sites\/2\/2021\/06\/grotte-de-st-cybard.jpg\",\"datePublished\":\"2021-06-22T09:00:14+00:00\",\"dateModified\":\"2021-06-29T08:02:34+00:00\",\"breadcrumb\":{\"@id\":\"https:\/\/charente.catholique.fr\/grand-angouleme\/agenda\/messe-a-la-grotte-de-saint-cybard-a-angouleme-jardin-vert\/#breadcrumb\"},\"inLanguage\":\"fr-FR\",\"potentialAction\":[{\"@type\":\"ReadAction\",\"target\":[\"https:\/\/charente.catholique.fr\/grand-angouleme\/agenda\/messe-a-la-grotte-de-saint-cybard-a-angouleme-jardin-vert\/\"]}]},{\"@type\":\"ImageObject\",\"inLanguage\":\"fr-FR\",\"@id\":\"https:\/\/charente.catholique.fr\/grand-angouleme\/agenda\/messe-a-la-grotte-de-saint-cybard-a-angouleme-jardin-vert\/#primaryimage\",\"url\":\"https:\/\/charente.catholique.fr\/grand-angouleme\/wp-content\/uploads\/sites\/2\/2021\/06\/grotte-de-st-cybard.jpg\",\"contentUrl\":\"https:\/\/charente.catholique.fr\/grand-angouleme\/wp-content\/uploads\/sites\/2\/2021\/06\/grotte-de-st-cybard.jpg\",\"width\":800,\"height\":1440},{\"@type\":\"BreadcrumbList\",\"@id\":\"https:\/\/charente.catholique.fr\/grand-angouleme\/agenda\/messe-a-la-grotte-de-saint-cybard-a-angouleme-jardin-vert\/#breadcrumb\",\"itemListElement\":[{\"@type\":\"ListItem\",\"position\":1,\"name\":\"Accueil\",\"item\":\"https:\/\/charente.catholique.fr\/grand-angouleme\/\"},{\"@type\":\"ListItem\",\"position\":2,\"name\":\"Messe \u00e0 la grotte de Saint-Cybard \u00e0 Angoul\u00eame (Jardin Vert)\"}]},{\"@type\":\"WebSite\",\"@id\":\"https:\/\/charente.catholique.fr\/grand-angouleme\/#website\",\"url\":\"https:\/\/charente.catholique.fr\/grand-angouleme\/\",\"name\":\"Doyenn\u00e9 Grand Angoul\u00eame - Dioc\u00e8se d'Angoul\u00eame\",\"description\":\"Dioc\u00e8se d&#039;Angoul\u00eame\",\"publisher\":{\"@id\":\"https:\/\/charente.catholique.fr\/grand-angouleme\/#organization\"},\"potentialAction\":[{\"@type\":\"SearchAction\",\"target\":{\"@type\":\"EntryPoint\",\"urlTemplate\":\"https:\/\/charente.catholique.fr\/grand-angouleme\/?s={search_term_string}\"},\"query-input\":{\"@type\":\"PropertyValueSpecification\",\"valueRequired\":true,\"valueName\":\"search_term_string\"}}],\"inLanguage\":\"fr-FR\"},{\"@type\":\"Organization\",\"@id\":\"https:\/\/charente.catholique.fr\/grand-angouleme\/#organization\",\"name\":\"Association Dioc\u00e9saine d'Angoul\u00eame\",\"url\":\"https:\/\/charente.catholique.fr\/grand-angouleme\/\",\"logo\":{\"@type\":\"ImageObject\",\"inLanguage\":\"fr-FR\",\"@id\":\"https:\/\/charente.catholique.fr\/grand-angouleme\/#\/schema\/logo\/image\/\",\"url\":\"https:\/\/charente.catholique.fr\/grand-angouleme\/wp-content\/uploads\/sites\/2\/2020\/10\/logos.png\",\"contentUrl\":\"https:\/\/charente.catholique.fr\/grand-angouleme\/wp-content\/uploads\/sites\/2\/2020\/10\/logos.png\",\"width\":600,\"height\":257,\"caption\":\"Association Dioc\u00e9saine d'Angoul\u00eame\"},\"image\":{\"@id\":\"https:\/\/charente.catholique.fr\/grand-angouleme\/#\/schema\/logo\/image\/\"},\"sameAs\":[\"https:\/\/www.facebook.com\/EgliseCatholiqueCharente\",\"https:\/\/x.com\/diocesecharente\",\"https:\/\/www.instagram.com\/eglisecharente\",\"https:\/\/www.youtube.com\/channel\/UCByyFWApZbw3gDTiADoiAaQ\"]}]}<\/script>\n<!-- \/ Yoast SEO plugin. -->","yoast_head_json":{"title":"Messe \u00e0 la grotte de Saint-Cybard \u00e0 Angoul\u00eame (Jardin Vert) - Doyenn\u00e9 Grand Angoul\u00eame","robots":{"index":"index","follow":"follow","max-snippet":"max-snippet:-1","max-image-preview":"max-image-preview:large","max-video-preview":"max-video-preview:-1"},"canonical":"https:\/\/charente.catholique.fr\/grand-angouleme\/agenda\/messe-a-la-grotte-de-saint-cybard-a-angouleme-jardin-vert\/","og_locale":"fr_FR","og_type":"article","og_title":"Messe \u00e0 la grotte de Saint-Cybard \u00e0 Angoul\u00eame (Jardin Vert) - Doyenn\u00e9 Grand Angoul\u00eame","og_description":"Nous f\u00eaterons Saint-Cybard le 1er juillet , saint patron de la ville d&#8217;Angoul\u00eame !","og_url":"https:\/\/charente.catholique.fr\/grand-angouleme\/agenda\/messe-a-la-grotte-de-saint-cybard-a-angouleme-jardin-vert\/","og_site_name":"Doyenn\u00e9 Grand Angoul\u00eame","article_publisher":"https:\/\/www.facebook.com\/EgliseCatholiqueCharente","article_modified_time":"2021-06-29T08:02:34+00:00","og_image":[{"width":800,"height":1440,"url":"https:\/\/charente.catholique.fr\/grand-angouleme\/wp-content\/uploads\/sites\/2\/2021\/06\/grotte-de-st-cybard.jpg","type":"image\/jpeg"}],"twitter_card":"summary_large_image","twitter_site":"@diocesecharente","twitter_misc":{"Dur\u00e9e de lecture estim\u00e9e":"1 minute"},"schema":{"@context":"https:\/\/schema.org","@graph":[{"@type":"WebPage","@id":"https:\/\/charente.catholique.fr\/grand-angouleme\/agenda\/messe-a-la-grotte-de-saint-cybard-a-angouleme-jardin-vert\/","url":"https:\/\/charente.catholique.fr\/grand-angouleme\/agenda\/messe-a-la-grotte-de-saint-cybard-a-angouleme-jardin-vert\/","name":"Messe \u00e0 la grotte de Saint-Cybard \u00e0 Angoul\u00eame (Jardin Vert) - Doyenn\u00e9 Grand Angoul\u00eame","isPartOf":{"@id":"https:\/\/charente.catholique.fr\/grand-angouleme\/#website"},"primaryImageOfPage":{"@id":"https:\/\/charente.catholique.fr\/grand-angouleme\/agenda\/messe-a-la-grotte-de-saint-cybard-a-angouleme-jardin-vert\/#primaryimage"},"image":{"@id":"https:\/\/charente.catholique.fr\/grand-angouleme\/agenda\/messe-a-la-grotte-de-saint-cybard-a-angouleme-jardin-vert\/#primaryimage"},"thumbnailUrl":"https:\/\/charente.catholique.fr\/grand-angouleme\/wp-content\/uploads\/sites\/2\/2021\/06\/grotte-de-st-cybard.jpg","datePublished":"2021-06-22T09:00:14+00:00","dateModified":"2021-06-29T08:02:34+00:00","breadcrumb":{"@id":"https:\/\/charente.catholique.fr\/grand-angouleme\/agenda\/messe-a-la-grotte-de-saint-cybard-a-angouleme-jardin-vert\/#breadcrumb"},"inLanguage":"fr-FR","potentialAction":[{"@type":"ReadAction","target":["https:\/\/charente.catholique.fr\/grand-angouleme\/agenda\/messe-a-la-grotte-de-saint-cybard-a-angouleme-jardin-vert\/"]}]},{"@type":"ImageObject","inLanguage":"fr-FR","@id":"https:\/\/charente.catholique.fr\/grand-angouleme\/agenda\/messe-a-la-grotte-de-saint-cybard-a-angouleme-jardin-vert\/#primaryimage","url":"https:\/\/charente.catholique.fr\/grand-angouleme\/wp-content\/uploads\/sites\/2\/2021\/06\/grotte-de-st-cybard.jpg","contentUrl":"https:\/\/charente.catholique.fr\/grand-angouleme\/wp-content\/uploads\/sites\/2\/2021\/06\/grotte-de-st-cybard.jpg","width":800,"height":1440},{"@type":"BreadcrumbList","@id":"https:\/\/charente.catholique.fr\/grand-angouleme\/agenda\/messe-a-la-grotte-de-saint-cybard-a-angouleme-jardin-vert\/#breadcrumb","itemListElement":[{"@type":"ListItem","position":1,"name":"Accueil","item":"https:\/\/charente.catholique.fr\/grand-angouleme\/"},{"@type":"ListItem","position":2,"name":"Messe \u00e0 la grotte de Saint-Cybard \u00e0 Angoul\u00eame (Jardin Vert)"}]},{"@type":"WebSite","@id":"https:\/\/charente.catholique.fr\/grand-angouleme\/#website","url":"https:\/\/charente.catholique.fr\/grand-angouleme\/","name":"Doyenn\u00e9 Grand Angoul\u00eame - Dioc\u00e8se d'Angoul\u00eame","description":"Dioc\u00e8se d&#039;Angoul\u00eame","publisher":{"@id":"https:\/\/charente.catholique.fr\/grand-angouleme\/#organization"},"potentialAction":[{"@type":"SearchAction","target":{"@type":"EntryPoint","urlTemplate":"https:\/\/charente.catholique.fr\/grand-angouleme\/?s={search_term_string}"},"query-input":{"@type":"PropertyValueSpecification","valueRequired":true,"valueName":"search_term_string"}}],"inLanguage":"fr-FR"},{"@type":"Organization","@id":"https:\/\/charente.catholique.fr\/grand-angouleme\/#organization","name":"Association Dioc\u00e9saine d'Angoul\u00eame","url":"https:\/\/charente.catholique.fr\/grand-angouleme\/","logo":{"@type":"ImageObject","inLanguage":"fr-FR","@id":"https:\/\/charente.catholique.fr\/grand-angouleme\/#\/schema\/logo\/image\/","url":"https:\/\/charente.catholique.fr\/grand-angouleme\/wp-content\/uploads\/sites\/2\/2020\/10\/logos.png","contentUrl":"https:\/\/charente.catholique.fr\/grand-angouleme\/wp-content\/uploads\/sites\/2\/2020\/10\/logos.png","width":600,"height":257,"caption":"Association Dioc\u00e9saine d'Angoul\u00eame"},"image":{"@id":"https:\/\/charente.catholique.fr\/grand-angouleme\/#\/schema\/logo\/image\/"},"sameAs":["https:\/\/www.facebook.com\/EgliseCatholiqueCharente","https:\/\/x.com\/diocesecharente","https:\/\/www.instagram.com\/eglisecharente","https:\/\/www.youtube.com\/channel\/UCByyFWApZbw3gDTiADoiAaQ"]}]}},"_links":{"self":[{"href":"https:\/\/charente.catholique.fr\/grand-angouleme\/wp-json\/wp\/v2\/evenement\/5832","targetHints":{"allow":["GET"]}}],"collection":[{"href":"https:\/\/charente.catholique.fr\/grand-angouleme\/wp-json\/wp\/v2\/evenement"}],"about":[{"href":"https:\/\/charente.catholique.fr\/grand-angouleme\/wp-json\/wp\/v2\/types\/evenement"}],"author":[{"embeddable":true,"href":"https:\/\/charente.catholique.fr\/grand-angouleme\/wp-json\/wp\/v2\/users\/13"}],"version-history":[{"count":6,"href":"https:\/\/charente.catholique.fr\/grand-angouleme\/wp-json\/wp\/v2\/evenement\/5832\/revisions"}],"predecessor-version":[{"id":5859,"href":"https:\/\/charente.catholique.fr\/grand-angouleme\/wp-json\/wp\/v2\/evenement\/5832\/revisions\/5859"}],"wp:featuredmedia":[{"embeddable":true,"href":"https:\/\/charente.catholique.fr\/grand-angouleme\/wp-json\/wp\/v2\/media\/5833"}],"wp:attachment":[{"href":"https:\/\/charente.catholique.fr\/grand-angouleme\/wp-json\/wp\/v2\/media?parent=5832"}],"wp:term":[{"taxonomy":"category","embeddable":true,"href":"https:\/\/charente.catholique.fr\/grand-angouleme\/wp-json\/wp\/v2\/categories?post=5832"},{"taxonomy":"post_tag","embeddable":true,"href":"https:\/\/charente.catholique.fr\/grand-angouleme\/wp-json\/wp\/v2\/tags?post=5832"}],"curies":[{"name":"wp","href":"https:\/\/api.w.org\/{rel}","templated":true}]}}