{"id":5459,"date":"2021-05-20T13:27:28","date_gmt":"2021-05-20T11:27:28","guid":{"rendered":"https:\/\/charente.catholique.fr\/grand-angouleme\/?post_type=evenement&#038;p=5459"},"modified":"2021-05-20T13:30:54","modified_gmt":"2021-05-20T11:30:54","slug":"messe-unique-a-la-cathedrale-suivie-de-lassemblee-paroissiale","status":"publish","type":"evenement","link":"https:\/\/charente.catholique.fr\/grand-angouleme\/agenda\/messe-unique-a-la-cathedrale-suivie-de-lassemblee-paroissiale\/","title":{"rendered":"Messe unique \u00e0 la Cath\u00e9drale suivie de l&#8217;assembl\u00e9e paroissiale"},"content":{"rendered":"\n<p>La messe dominicale sera c\u00e9l\u00e9br\u00e9e exceptionnellement \u00e0 10h00 et sera suivie d&#8217;une assembl\u00e9e paroissiale. Il n&#8217; aura pas pas de messe le samedi 5 juin \u00e0 Saint-Martial ni le dimanche 6 juin \u00e0 Saint-Andr\u00e9.<\/p>\n","protected":false},"author":13,"featured_media":0,"template":"","meta":{"_acf_changed":false,"paroisse":["1"],"service":["0"],"footnotes":""},"categories":[],"tags":[],"class_list":["post-5459","evenement","type-evenement","status-publish","hentry"],"acf":{"start_date":"2021-06-06 10:00:00","end_date":"","location":"Cath\u00e9drale Saint-Pierre d'Angoul\u00eame, Place Saint-Pierre, Angoul\u00eame, France","address":{"address":"Cath\u00e9drale Saint-Pierre d'Angoul\u00eame, Place Saint-Pierre, Angoul\u00eame, France","lat":45.6490071,"lng":0.1516699,"zoom":14,"place_id":"ChIJjbUc8Ygt_kcR8pKW7jfSWS0","name":"Cath\u00e9drale Saint-Pierre d'Angoul\u00eame","street_number":1,"street_name":"Place Saint-Pierre","city":"Angoul\u00eame","state":"Nouvelle-Aquitaine","post_code":16000,"country":"France","country_short":"FR"}},"yoast_head":"<!-- This site is optimized with the Yoast SEO plugin v27.1.1 - https:\/\/yoast.com\/product\/yoast-seo-wordpress\/ -->\n<title>Messe unique \u00e0 la Cath\u00e9drale suivie de l&#039;assembl\u00e9e paroissiale - Doyenn\u00e9 Grand Angoul\u00eame<\/title>\n<meta name=\"robots\" content=\"index, follow, max-snippet:-1, max-image-preview:large, max-video-preview:-1\" \/>\n<link rel=\"canonical\" href=\"https:\/\/charente.catholique.fr\/grand-angouleme\/agenda\/messe-unique-a-la-cathedrale-suivie-de-lassemblee-paroissiale\/\" \/>\n<meta property=\"og:locale\" content=\"fr_FR\" \/>\n<meta property=\"og:type\" content=\"article\" \/>\n<meta property=\"og:title\" content=\"Messe unique \u00e0 la Cath\u00e9drale suivie de l&#039;assembl\u00e9e paroissiale - Doyenn\u00e9 Grand Angoul\u00eame\" \/>\n<meta property=\"og:description\" content=\"La messe dominicale sera c\u00e9l\u00e9br\u00e9e exceptionnellement \u00e0 10h00 et sera suivie d&#8217;une assembl\u00e9e paroissiale. Il n&#8217; aura pas pas de messe le samedi 5 juin \u00e0 Saint-Martial ni le dimanche 6 juin \u00e0 Saint-Andr\u00e9.\" \/>\n<meta property=\"og:url\" content=\"https:\/\/charente.catholique.fr\/grand-angouleme\/agenda\/messe-unique-a-la-cathedrale-suivie-de-lassemblee-paroissiale\/\" \/>\n<meta property=\"og:site_name\" content=\"Doyenn\u00e9 Grand Angoul\u00eame\" \/>\n<meta property=\"article:publisher\" content=\"https:\/\/www.facebook.com\/EgliseCatholiqueCharente\" \/>\n<meta property=\"article:modified_time\" content=\"2021-05-20T11:30:54+00:00\" \/>\n<meta name=\"twitter:card\" content=\"summary_large_image\" \/>\n<meta name=\"twitter:site\" content=\"@diocesecharente\" \/>\n<meta name=\"twitter:label1\" content=\"Dur\u00e9e de lecture estim\u00e9e\" \/>\n\t<meta name=\"twitter:data1\" content=\"1 minute\" \/>\n<script type=\"application\/ld+json\" class=\"yoast-schema-graph\">{\"@context\":\"https:\/\/schema.org\",\"@graph\":[{\"@type\":\"WebPage\",\"@id\":\"https:\/\/charente.catholique.fr\/grand-angouleme\/agenda\/messe-unique-a-la-cathedrale-suivie-de-lassemblee-paroissiale\/\",\"url\":\"https:\/\/charente.catholique.fr\/grand-angouleme\/agenda\/messe-unique-a-la-cathedrale-suivie-de-lassemblee-paroissiale\/\",\"name\":\"Messe unique \u00e0 la Cath\u00e9drale suivie de l'assembl\u00e9e paroissiale - Doyenn\u00e9 Grand Angoul\u00eame\",\"isPartOf\":{\"@id\":\"https:\/\/charente.catholique.fr\/grand-angouleme\/#website\"},\"datePublished\":\"2021-05-20T11:27:28+00:00\",\"dateModified\":\"2021-05-20T11:30:54+00:00\",\"breadcrumb\":{\"@id\":\"https:\/\/charente.catholique.fr\/grand-angouleme\/agenda\/messe-unique-a-la-cathedrale-suivie-de-lassemblee-paroissiale\/#breadcrumb\"},\"inLanguage\":\"fr-FR\",\"potentialAction\":[{\"@type\":\"ReadAction\",\"target\":[\"https:\/\/charente.catholique.fr\/grand-angouleme\/agenda\/messe-unique-a-la-cathedrale-suivie-de-lassemblee-paroissiale\/\"]}]},{\"@type\":\"BreadcrumbList\",\"@id\":\"https:\/\/charente.catholique.fr\/grand-angouleme\/agenda\/messe-unique-a-la-cathedrale-suivie-de-lassemblee-paroissiale\/#breadcrumb\",\"itemListElement\":[{\"@type\":\"ListItem\",\"position\":1,\"name\":\"Accueil\",\"item\":\"https:\/\/charente.catholique.fr\/grand-angouleme\/\"},{\"@type\":\"ListItem\",\"position\":2,\"name\":\"Messe unique \u00e0 la Cath\u00e9drale suivie de l&#8217;assembl\u00e9e paroissiale\"}]},{\"@type\":\"WebSite\",\"@id\":\"https:\/\/charente.catholique.fr\/grand-angouleme\/#website\",\"url\":\"https:\/\/charente.catholique.fr\/grand-angouleme\/\",\"name\":\"Doyenn\u00e9 Grand Angoul\u00eame - Dioc\u00e8se d'Angoul\u00eame\",\"description\":\"Dioc\u00e8se d&#039;Angoul\u00eame\",\"publisher\":{\"@id\":\"https:\/\/charente.catholique.fr\/grand-angouleme\/#organization\"},\"potentialAction\":[{\"@type\":\"SearchAction\",\"target\":{\"@type\":\"EntryPoint\",\"urlTemplate\":\"https:\/\/charente.catholique.fr\/grand-angouleme\/?s={search_term_string}\"},\"query-input\":{\"@type\":\"PropertyValueSpecification\",\"valueRequired\":true,\"valueName\":\"search_term_string\"}}],\"inLanguage\":\"fr-FR\"},{\"@type\":\"Organization\",\"@id\":\"https:\/\/charente.catholique.fr\/grand-angouleme\/#organization\",\"name\":\"Association Dioc\u00e9saine d'Angoul\u00eame\",\"url\":\"https:\/\/charente.catholique.fr\/grand-angouleme\/\",\"logo\":{\"@type\":\"ImageObject\",\"inLanguage\":\"fr-FR\",\"@id\":\"https:\/\/charente.catholique.fr\/grand-angouleme\/#\/schema\/logo\/image\/\",\"url\":\"https:\/\/charente.catholique.fr\/grand-angouleme\/wp-content\/uploads\/sites\/2\/2020\/10\/logos.png\",\"contentUrl\":\"https:\/\/charente.catholique.fr\/grand-angouleme\/wp-content\/uploads\/sites\/2\/2020\/10\/logos.png\",\"width\":600,\"height\":257,\"caption\":\"Association Dioc\u00e9saine d'Angoul\u00eame\"},\"image\":{\"@id\":\"https:\/\/charente.catholique.fr\/grand-angouleme\/#\/schema\/logo\/image\/\"},\"sameAs\":[\"https:\/\/www.facebook.com\/EgliseCatholiqueCharente\",\"https:\/\/x.com\/diocesecharente\",\"https:\/\/www.instagram.com\/eglisecharente\",\"https:\/\/www.youtube.com\/channel\/UCByyFWApZbw3gDTiADoiAaQ\"]}]}<\/script>\n<!-- \/ Yoast SEO plugin. -->","yoast_head_json":{"title":"Messe unique \u00e0 la Cath\u00e9drale suivie de l'assembl\u00e9e paroissiale - Doyenn\u00e9 Grand Angoul\u00eame","robots":{"index":"index","follow":"follow","max-snippet":"max-snippet:-1","max-image-preview":"max-image-preview:large","max-video-preview":"max-video-preview:-1"},"canonical":"https:\/\/charente.catholique.fr\/grand-angouleme\/agenda\/messe-unique-a-la-cathedrale-suivie-de-lassemblee-paroissiale\/","og_locale":"fr_FR","og_type":"article","og_title":"Messe unique \u00e0 la Cath\u00e9drale suivie de l'assembl\u00e9e paroissiale - Doyenn\u00e9 Grand Angoul\u00eame","og_description":"La messe dominicale sera c\u00e9l\u00e9br\u00e9e exceptionnellement \u00e0 10h00 et sera suivie d&#8217;une assembl\u00e9e paroissiale. Il n&#8217; aura pas pas de messe le samedi 5 juin \u00e0 Saint-Martial ni le dimanche 6 juin \u00e0 Saint-Andr\u00e9.","og_url":"https:\/\/charente.catholique.fr\/grand-angouleme\/agenda\/messe-unique-a-la-cathedrale-suivie-de-lassemblee-paroissiale\/","og_site_name":"Doyenn\u00e9 Grand Angoul\u00eame","article_publisher":"https:\/\/www.facebook.com\/EgliseCatholiqueCharente","article_modified_time":"2021-05-20T11:30:54+00:00","twitter_card":"summary_large_image","twitter_site":"@diocesecharente","twitter_misc":{"Dur\u00e9e de lecture estim\u00e9e":"1 minute"},"schema":{"@context":"https:\/\/schema.org","@graph":[{"@type":"WebPage","@id":"https:\/\/charente.catholique.fr\/grand-angouleme\/agenda\/messe-unique-a-la-cathedrale-suivie-de-lassemblee-paroissiale\/","url":"https:\/\/charente.catholique.fr\/grand-angouleme\/agenda\/messe-unique-a-la-cathedrale-suivie-de-lassemblee-paroissiale\/","name":"Messe unique \u00e0 la Cath\u00e9drale suivie de l'assembl\u00e9e paroissiale - Doyenn\u00e9 Grand Angoul\u00eame","isPartOf":{"@id":"https:\/\/charente.catholique.fr\/grand-angouleme\/#website"},"datePublished":"2021-05-20T11:27:28+00:00","dateModified":"2021-05-20T11:30:54+00:00","breadcrumb":{"@id":"https:\/\/charente.catholique.fr\/grand-angouleme\/agenda\/messe-unique-a-la-cathedrale-suivie-de-lassemblee-paroissiale\/#breadcrumb"},"inLanguage":"fr-FR","potentialAction":[{"@type":"ReadAction","target":["https:\/\/charente.catholique.fr\/grand-angouleme\/agenda\/messe-unique-a-la-cathedrale-suivie-de-lassemblee-paroissiale\/"]}]},{"@type":"BreadcrumbList","@id":"https:\/\/charente.catholique.fr\/grand-angouleme\/agenda\/messe-unique-a-la-cathedrale-suivie-de-lassemblee-paroissiale\/#breadcrumb","itemListElement":[{"@type":"ListItem","position":1,"name":"Accueil","item":"https:\/\/charente.catholique.fr\/grand-angouleme\/"},{"@type":"ListItem","position":2,"name":"Messe unique \u00e0 la Cath\u00e9drale suivie de l&#8217;assembl\u00e9e paroissiale"}]},{"@type":"WebSite","@id":"https:\/\/charente.catholique.fr\/grand-angouleme\/#website","url":"https:\/\/charente.catholique.fr\/grand-angouleme\/","name":"Doyenn\u00e9 Grand Angoul\u00eame - Dioc\u00e8se d'Angoul\u00eame","description":"Dioc\u00e8se d&#039;Angoul\u00eame","publisher":{"@id":"https:\/\/charente.catholique.fr\/grand-angouleme\/#organization"},"potentialAction":[{"@type":"SearchAction","target":{"@type":"EntryPoint","urlTemplate":"https:\/\/charente.catholique.fr\/grand-angouleme\/?s={search_term_string}"},"query-input":{"@type":"PropertyValueSpecification","valueRequired":true,"valueName":"search_term_string"}}],"inLanguage":"fr-FR"},{"@type":"Organization","@id":"https:\/\/charente.catholique.fr\/grand-angouleme\/#organization","name":"Association Dioc\u00e9saine d'Angoul\u00eame","url":"https:\/\/charente.catholique.fr\/grand-angouleme\/","logo":{"@type":"ImageObject","inLanguage":"fr-FR","@id":"https:\/\/charente.catholique.fr\/grand-angouleme\/#\/schema\/logo\/image\/","url":"https:\/\/charente.catholique.fr\/grand-angouleme\/wp-content\/uploads\/sites\/2\/2020\/10\/logos.png","contentUrl":"https:\/\/charente.catholique.fr\/grand-angouleme\/wp-content\/uploads\/sites\/2\/2020\/10\/logos.png","width":600,"height":257,"caption":"Association Dioc\u00e9saine d'Angoul\u00eame"},"image":{"@id":"https:\/\/charente.catholique.fr\/grand-angouleme\/#\/schema\/logo\/image\/"},"sameAs":["https:\/\/www.facebook.com\/EgliseCatholiqueCharente","https:\/\/x.com\/diocesecharente","https:\/\/www.instagram.com\/eglisecharente","https:\/\/www.youtube.com\/channel\/UCByyFWApZbw3gDTiADoiAaQ"]}]}},"_links":{"self":[{"href":"https:\/\/charente.catholique.fr\/grand-angouleme\/wp-json\/wp\/v2\/evenement\/5459","targetHints":{"allow":["GET"]}}],"collection":[{"href":"https:\/\/charente.catholique.fr\/grand-angouleme\/wp-json\/wp\/v2\/evenement"}],"about":[{"href":"https:\/\/charente.catholique.fr\/grand-angouleme\/wp-json\/wp\/v2\/types\/evenement"}],"author":[{"embeddable":true,"href":"https:\/\/charente.catholique.fr\/grand-angouleme\/wp-json\/wp\/v2\/users\/13"}],"version-history":[{"count":7,"href":"https:\/\/charente.catholique.fr\/grand-angouleme\/wp-json\/wp\/v2\/evenement\/5459\/revisions"}],"predecessor-version":[{"id":5467,"href":"https:\/\/charente.catholique.fr\/grand-angouleme\/wp-json\/wp\/v2\/evenement\/5459\/revisions\/5467"}],"wp:attachment":[{"href":"https:\/\/charente.catholique.fr\/grand-angouleme\/wp-json\/wp\/v2\/media?parent=5459"}],"wp:term":[{"taxonomy":"category","embeddable":true,"href":"https:\/\/charente.catholique.fr\/grand-angouleme\/wp-json\/wp\/v2\/categories?post=5459"},{"taxonomy":"post_tag","embeddable":true,"href":"https:\/\/charente.catholique.fr\/grand-angouleme\/wp-json\/wp\/v2\/tags?post=5459"}],"curies":[{"name":"wp","href":"https:\/\/api.w.org\/{rel}","templated":true}]}}