{"id":5268,"date":"2021-05-10T15:15:03","date_gmt":"2021-05-10T13:15:03","guid":{"rendered":"https:\/\/charente.catholique.fr\/grand-angouleme\/?post_type=evenement&#038;p=5268"},"modified":"2021-05-10T15:22:56","modified_gmt":"2021-05-10T13:22:56","slug":"confirmations-et-professions-de-foi-des-jeunes-du-doyenne-grand-angouleme","status":"publish","type":"evenement","link":"https:\/\/charente.catholique.fr\/grand-angouleme\/agenda\/confirmations-et-professions-de-foi-des-jeunes-du-doyenne-grand-angouleme\/","title":{"rendered":"Confirmations et Professions de Foi des jeunes du Doyenn\u00e9 Grand Angoul\u00eame"},"content":{"rendered":"\n<p>Samedi 22 Mai 2021<\/p>\n\n\n\n<p>16 H 30 \u00e0 St Jacques de L&#8217;Houmeau, Confirmations des jeunes du Grand Angoul\u00eame (Aum\u00f4nerie de l&#8217;enseignement Public et lyc\u00e9e Saint-Paul)\u00a0<\/p>\n\n\n\n<p>18 H 30 \u00e0 St Jacques de L&#8217;Houmeau : Professions de foi des jeunes de l&#8217;Enseignement public du Grand Angoul\u00eame (messe d&#8217;action de gr\u00e2ce, dimanche 23 Mai \u00e0 10 H 30 \u00e0 St Jacques de L&#8217;Houmeau)\u00a0<\/p>\n","protected":false},"author":13,"featured_media":5274,"template":"","meta":{"_acf_changed":false,"paroisse":[""],"service":["0"],"footnotes":""},"categories":[],"tags":[],"class_list":["post-5268","evenement","type-evenement","status-publish","has-post-thumbnail","hentry","validated"],"acf":{"start_date":"2021-05-22 16:30:00","end_date":"2021-05-23 00:00:00","location":"\u00c9glise Saint-Jacques de l'Houmeau, Pl. Saint Jacques, Angoul\u00eame, France","address":{"address":"\u00c9glise Saint-Jacques de l'Houmeau, Pl. Saint Jacques, Angoul\u00eame, France","lat":45.6556844,"lng":0.1606772,"zoom":15,"place_id":"ChIJqzEM_hIy_kcRhgwTmnEy3lU","name":"\u00c9glise Saint-Jacques de l'Houmeau","street_number":1,"street_name":"Place Saint Jacques","street_name_short":"Pl. Saint Jacques","city":"Angoul\u00eame","state":"Nouvelle-Aquitaine","post_code":16000,"country":"France","country_short":"FR"}},"yoast_head":"<!-- This site is optimized with the Yoast SEO plugin v27.1.1 - https:\/\/yoast.com\/product\/yoast-seo-wordpress\/ -->\n<title>Confirmations et Professions de Foi des jeunes du Doyenn\u00e9 Grand Angoul\u00eame - Doyenn\u00e9 Grand Angoul\u00eame<\/title>\n<meta name=\"robots\" content=\"index, follow, max-snippet:-1, max-image-preview:large, max-video-preview:-1\" \/>\n<link rel=\"canonical\" href=\"https:\/\/charente.catholique.fr\/grand-angouleme\/agenda\/confirmations-et-professions-de-foi-des-jeunes-du-doyenne-grand-angouleme\/\" \/>\n<meta property=\"og:locale\" content=\"fr_FR\" \/>\n<meta property=\"og:type\" content=\"article\" \/>\n<meta property=\"og:title\" content=\"Confirmations et Professions de Foi des jeunes du Doyenn\u00e9 Grand Angoul\u00eame - Doyenn\u00e9 Grand Angoul\u00eame\" \/>\n<meta property=\"og:description\" content=\"Samedi 22 Mai 2021 16 H 30 \u00e0 St Jacques de L&#8217;Houmeau, Confirmations des jeunes du Grand Angoul\u00eame (Aum\u00f4nerie de l&#8217;enseignement Public et lyc\u00e9e Saint-Paul)\u00a0 18 H 30 \u00e0 St Jacques de L&#8217;Houmeau : Professions de foi des jeunes de l&#8217;Enseignement public du Grand Angoul\u00eame (messe d&#8217;action de gr\u00e2ce, dimanche 23 Mai \u00e0 10 H [&hellip;]\" \/>\n<meta property=\"og:url\" content=\"https:\/\/charente.catholique.fr\/grand-angouleme\/agenda\/confirmations-et-professions-de-foi-des-jeunes-du-doyenne-grand-angouleme\/\" \/>\n<meta property=\"og:site_name\" content=\"Doyenn\u00e9 Grand Angoul\u00eame\" \/>\n<meta property=\"article:publisher\" content=\"https:\/\/www.facebook.com\/EgliseCatholiqueCharente\" \/>\n<meta property=\"article:modified_time\" content=\"2021-05-10T13:22:56+00:00\" \/>\n<meta property=\"og:image\" content=\"https:\/\/charente.catholique.fr\/grand-angouleme\/wp-content\/uploads\/sites\/2\/2021\/05\/confirmation-1.png\" \/>\n\t<meta property=\"og:image:width\" content=\"670\" \/>\n\t<meta property=\"og:image:height\" content=\"300\" \/>\n\t<meta property=\"og:image:type\" content=\"image\/png\" \/>\n<meta name=\"twitter:card\" content=\"summary_large_image\" \/>\n<meta name=\"twitter:site\" content=\"@diocesecharente\" \/>\n<meta name=\"twitter:label1\" content=\"Dur\u00e9e de lecture estim\u00e9e\" \/>\n\t<meta name=\"twitter:data1\" content=\"1 minute\" \/>\n<script type=\"application\/ld+json\" class=\"yoast-schema-graph\">{\"@context\":\"https:\/\/schema.org\",\"@graph\":[{\"@type\":\"WebPage\",\"@id\":\"https:\/\/charente.catholique.fr\/grand-angouleme\/agenda\/confirmations-et-professions-de-foi-des-jeunes-du-doyenne-grand-angouleme\/\",\"url\":\"https:\/\/charente.catholique.fr\/grand-angouleme\/agenda\/confirmations-et-professions-de-foi-des-jeunes-du-doyenne-grand-angouleme\/\",\"name\":\"Confirmations et Professions de Foi des jeunes du Doyenn\u00e9 Grand Angoul\u00eame - Doyenn\u00e9 Grand Angoul\u00eame\",\"isPartOf\":{\"@id\":\"https:\/\/charente.catholique.fr\/grand-angouleme\/#website\"},\"primaryImageOfPage\":{\"@id\":\"https:\/\/charente.catholique.fr\/grand-angouleme\/agenda\/confirmations-et-professions-de-foi-des-jeunes-du-doyenne-grand-angouleme\/#primaryimage\"},\"image\":{\"@id\":\"https:\/\/charente.catholique.fr\/grand-angouleme\/agenda\/confirmations-et-professions-de-foi-des-jeunes-du-doyenne-grand-angouleme\/#primaryimage\"},\"thumbnailUrl\":\"https:\/\/charente.catholique.fr\/grand-angouleme\/wp-content\/uploads\/sites\/2\/2021\/05\/confirmation-1.png\",\"datePublished\":\"2021-05-10T13:15:03+00:00\",\"dateModified\":\"2021-05-10T13:22:56+00:00\",\"breadcrumb\":{\"@id\":\"https:\/\/charente.catholique.fr\/grand-angouleme\/agenda\/confirmations-et-professions-de-foi-des-jeunes-du-doyenne-grand-angouleme\/#breadcrumb\"},\"inLanguage\":\"fr-FR\",\"potentialAction\":[{\"@type\":\"ReadAction\",\"target\":[\"https:\/\/charente.catholique.fr\/grand-angouleme\/agenda\/confirmations-et-professions-de-foi-des-jeunes-du-doyenne-grand-angouleme\/\"]}]},{\"@type\":\"ImageObject\",\"inLanguage\":\"fr-FR\",\"@id\":\"https:\/\/charente.catholique.fr\/grand-angouleme\/agenda\/confirmations-et-professions-de-foi-des-jeunes-du-doyenne-grand-angouleme\/#primaryimage\",\"url\":\"https:\/\/charente.catholique.fr\/grand-angouleme\/wp-content\/uploads\/sites\/2\/2021\/05\/confirmation-1.png\",\"contentUrl\":\"https:\/\/charente.catholique.fr\/grand-angouleme\/wp-content\/uploads\/sites\/2\/2021\/05\/confirmation-1.png\",\"width\":670,\"height\":300},{\"@type\":\"BreadcrumbList\",\"@id\":\"https:\/\/charente.catholique.fr\/grand-angouleme\/agenda\/confirmations-et-professions-de-foi-des-jeunes-du-doyenne-grand-angouleme\/#breadcrumb\",\"itemListElement\":[{\"@type\":\"ListItem\",\"position\":1,\"name\":\"Accueil\",\"item\":\"https:\/\/charente.catholique.fr\/grand-angouleme\/\"},{\"@type\":\"ListItem\",\"position\":2,\"name\":\"Confirmations et Professions de Foi des jeunes du Doyenn\u00e9 Grand Angoul\u00eame\"}]},{\"@type\":\"WebSite\",\"@id\":\"https:\/\/charente.catholique.fr\/grand-angouleme\/#website\",\"url\":\"https:\/\/charente.catholique.fr\/grand-angouleme\/\",\"name\":\"Doyenn\u00e9 Grand Angoul\u00eame - Dioc\u00e8se d'Angoul\u00eame\",\"description\":\"Dioc\u00e8se d&#039;Angoul\u00eame\",\"publisher\":{\"@id\":\"https:\/\/charente.catholique.fr\/grand-angouleme\/#organization\"},\"potentialAction\":[{\"@type\":\"SearchAction\",\"target\":{\"@type\":\"EntryPoint\",\"urlTemplate\":\"https:\/\/charente.catholique.fr\/grand-angouleme\/?s={search_term_string}\"},\"query-input\":{\"@type\":\"PropertyValueSpecification\",\"valueRequired\":true,\"valueName\":\"search_term_string\"}}],\"inLanguage\":\"fr-FR\"},{\"@type\":\"Organization\",\"@id\":\"https:\/\/charente.catholique.fr\/grand-angouleme\/#organization\",\"name\":\"Association Dioc\u00e9saine d'Angoul\u00eame\",\"url\":\"https:\/\/charente.catholique.fr\/grand-angouleme\/\",\"logo\":{\"@type\":\"ImageObject\",\"inLanguage\":\"fr-FR\",\"@id\":\"https:\/\/charente.catholique.fr\/grand-angouleme\/#\/schema\/logo\/image\/\",\"url\":\"https:\/\/charente.catholique.fr\/grand-angouleme\/wp-content\/uploads\/sites\/2\/2020\/10\/logos.png\",\"contentUrl\":\"https:\/\/charente.catholique.fr\/grand-angouleme\/wp-content\/uploads\/sites\/2\/2020\/10\/logos.png\",\"width\":600,\"height\":257,\"caption\":\"Association Dioc\u00e9saine d'Angoul\u00eame\"},\"image\":{\"@id\":\"https:\/\/charente.catholique.fr\/grand-angouleme\/#\/schema\/logo\/image\/\"},\"sameAs\":[\"https:\/\/www.facebook.com\/EgliseCatholiqueCharente\",\"https:\/\/x.com\/diocesecharente\",\"https:\/\/www.instagram.com\/eglisecharente\",\"https:\/\/www.youtube.com\/channel\/UCByyFWApZbw3gDTiADoiAaQ\"]}]}<\/script>\n<!-- \/ Yoast SEO plugin. -->","yoast_head_json":{"title":"Confirmations et Professions de Foi des jeunes du Doyenn\u00e9 Grand Angoul\u00eame - Doyenn\u00e9 Grand Angoul\u00eame","robots":{"index":"index","follow":"follow","max-snippet":"max-snippet:-1","max-image-preview":"max-image-preview:large","max-video-preview":"max-video-preview:-1"},"canonical":"https:\/\/charente.catholique.fr\/grand-angouleme\/agenda\/confirmations-et-professions-de-foi-des-jeunes-du-doyenne-grand-angouleme\/","og_locale":"fr_FR","og_type":"article","og_title":"Confirmations et Professions de Foi des jeunes du Doyenn\u00e9 Grand Angoul\u00eame - Doyenn\u00e9 Grand Angoul\u00eame","og_description":"Samedi 22 Mai 2021 16 H 30 \u00e0 St Jacques de L&#8217;Houmeau, Confirmations des jeunes du Grand Angoul\u00eame (Aum\u00f4nerie de l&#8217;enseignement Public et lyc\u00e9e Saint-Paul)\u00a0 18 H 30 \u00e0 St Jacques de L&#8217;Houmeau : Professions de foi des jeunes de l&#8217;Enseignement public du Grand Angoul\u00eame (messe d&#8217;action de gr\u00e2ce, dimanche 23 Mai \u00e0 10 H [&hellip;]","og_url":"https:\/\/charente.catholique.fr\/grand-angouleme\/agenda\/confirmations-et-professions-de-foi-des-jeunes-du-doyenne-grand-angouleme\/","og_site_name":"Doyenn\u00e9 Grand Angoul\u00eame","article_publisher":"https:\/\/www.facebook.com\/EgliseCatholiqueCharente","article_modified_time":"2021-05-10T13:22:56+00:00","og_image":[{"width":670,"height":300,"url":"https:\/\/charente.catholique.fr\/grand-angouleme\/wp-content\/uploads\/sites\/2\/2021\/05\/confirmation-1.png","type":"image\/png"}],"twitter_card":"summary_large_image","twitter_site":"@diocesecharente","twitter_misc":{"Dur\u00e9e de lecture estim\u00e9e":"1 minute"},"schema":{"@context":"https:\/\/schema.org","@graph":[{"@type":"WebPage","@id":"https:\/\/charente.catholique.fr\/grand-angouleme\/agenda\/confirmations-et-professions-de-foi-des-jeunes-du-doyenne-grand-angouleme\/","url":"https:\/\/charente.catholique.fr\/grand-angouleme\/agenda\/confirmations-et-professions-de-foi-des-jeunes-du-doyenne-grand-angouleme\/","name":"Confirmations et Professions de Foi des jeunes du Doyenn\u00e9 Grand Angoul\u00eame - Doyenn\u00e9 Grand Angoul\u00eame","isPartOf":{"@id":"https:\/\/charente.catholique.fr\/grand-angouleme\/#website"},"primaryImageOfPage":{"@id":"https:\/\/charente.catholique.fr\/grand-angouleme\/agenda\/confirmations-et-professions-de-foi-des-jeunes-du-doyenne-grand-angouleme\/#primaryimage"},"image":{"@id":"https:\/\/charente.catholique.fr\/grand-angouleme\/agenda\/confirmations-et-professions-de-foi-des-jeunes-du-doyenne-grand-angouleme\/#primaryimage"},"thumbnailUrl":"https:\/\/charente.catholique.fr\/grand-angouleme\/wp-content\/uploads\/sites\/2\/2021\/05\/confirmation-1.png","datePublished":"2021-05-10T13:15:03+00:00","dateModified":"2021-05-10T13:22:56+00:00","breadcrumb":{"@id":"https:\/\/charente.catholique.fr\/grand-angouleme\/agenda\/confirmations-et-professions-de-foi-des-jeunes-du-doyenne-grand-angouleme\/#breadcrumb"},"inLanguage":"fr-FR","potentialAction":[{"@type":"ReadAction","target":["https:\/\/charente.catholique.fr\/grand-angouleme\/agenda\/confirmations-et-professions-de-foi-des-jeunes-du-doyenne-grand-angouleme\/"]}]},{"@type":"ImageObject","inLanguage":"fr-FR","@id":"https:\/\/charente.catholique.fr\/grand-angouleme\/agenda\/confirmations-et-professions-de-foi-des-jeunes-du-doyenne-grand-angouleme\/#primaryimage","url":"https:\/\/charente.catholique.fr\/grand-angouleme\/wp-content\/uploads\/sites\/2\/2021\/05\/confirmation-1.png","contentUrl":"https:\/\/charente.catholique.fr\/grand-angouleme\/wp-content\/uploads\/sites\/2\/2021\/05\/confirmation-1.png","width":670,"height":300},{"@type":"BreadcrumbList","@id":"https:\/\/charente.catholique.fr\/grand-angouleme\/agenda\/confirmations-et-professions-de-foi-des-jeunes-du-doyenne-grand-angouleme\/#breadcrumb","itemListElement":[{"@type":"ListItem","position":1,"name":"Accueil","item":"https:\/\/charente.catholique.fr\/grand-angouleme\/"},{"@type":"ListItem","position":2,"name":"Confirmations et Professions de Foi des jeunes du Doyenn\u00e9 Grand Angoul\u00eame"}]},{"@type":"WebSite","@id":"https:\/\/charente.catholique.fr\/grand-angouleme\/#website","url":"https:\/\/charente.catholique.fr\/grand-angouleme\/","name":"Doyenn\u00e9 Grand Angoul\u00eame - Dioc\u00e8se d'Angoul\u00eame","description":"Dioc\u00e8se d&#039;Angoul\u00eame","publisher":{"@id":"https:\/\/charente.catholique.fr\/grand-angouleme\/#organization"},"potentialAction":[{"@type":"SearchAction","target":{"@type":"EntryPoint","urlTemplate":"https:\/\/charente.catholique.fr\/grand-angouleme\/?s={search_term_string}"},"query-input":{"@type":"PropertyValueSpecification","valueRequired":true,"valueName":"search_term_string"}}],"inLanguage":"fr-FR"},{"@type":"Organization","@id":"https:\/\/charente.catholique.fr\/grand-angouleme\/#organization","name":"Association Dioc\u00e9saine d'Angoul\u00eame","url":"https:\/\/charente.catholique.fr\/grand-angouleme\/","logo":{"@type":"ImageObject","inLanguage":"fr-FR","@id":"https:\/\/charente.catholique.fr\/grand-angouleme\/#\/schema\/logo\/image\/","url":"https:\/\/charente.catholique.fr\/grand-angouleme\/wp-content\/uploads\/sites\/2\/2020\/10\/logos.png","contentUrl":"https:\/\/charente.catholique.fr\/grand-angouleme\/wp-content\/uploads\/sites\/2\/2020\/10\/logos.png","width":600,"height":257,"caption":"Association Dioc\u00e9saine d'Angoul\u00eame"},"image":{"@id":"https:\/\/charente.catholique.fr\/grand-angouleme\/#\/schema\/logo\/image\/"},"sameAs":["https:\/\/www.facebook.com\/EgliseCatholiqueCharente","https:\/\/x.com\/diocesecharente","https:\/\/www.instagram.com\/eglisecharente","https:\/\/www.youtube.com\/channel\/UCByyFWApZbw3gDTiADoiAaQ"]}]}},"_links":{"self":[{"href":"https:\/\/charente.catholique.fr\/grand-angouleme\/wp-json\/wp\/v2\/evenement\/5268","targetHints":{"allow":["GET"]}}],"collection":[{"href":"https:\/\/charente.catholique.fr\/grand-angouleme\/wp-json\/wp\/v2\/evenement"}],"about":[{"href":"https:\/\/charente.catholique.fr\/grand-angouleme\/wp-json\/wp\/v2\/types\/evenement"}],"author":[{"embeddable":true,"href":"https:\/\/charente.catholique.fr\/grand-angouleme\/wp-json\/wp\/v2\/users\/13"}],"version-history":[{"count":7,"href":"https:\/\/charente.catholique.fr\/grand-angouleme\/wp-json\/wp\/v2\/evenement\/5268\/revisions"}],"predecessor-version":[{"id":5277,"href":"https:\/\/charente.catholique.fr\/grand-angouleme\/wp-json\/wp\/v2\/evenement\/5268\/revisions\/5277"}],"wp:featuredmedia":[{"embeddable":true,"href":"https:\/\/charente.catholique.fr\/grand-angouleme\/wp-json\/wp\/v2\/media\/5274"}],"wp:attachment":[{"href":"https:\/\/charente.catholique.fr\/grand-angouleme\/wp-json\/wp\/v2\/media?parent=5268"}],"wp:term":[{"taxonomy":"category","embeddable":true,"href":"https:\/\/charente.catholique.fr\/grand-angouleme\/wp-json\/wp\/v2\/categories?post=5268"},{"taxonomy":"post_tag","embeddable":true,"href":"https:\/\/charente.catholique.fr\/grand-angouleme\/wp-json\/wp\/v2\/tags?post=5268"}],"curies":[{"name":"wp","href":"https:\/\/api.w.org\/{rel}","templated":true}]}}