{"id":5200,"date":"2021-05-03T10:13:15","date_gmt":"2021-05-03T08:13:15","guid":{"rendered":"https:\/\/charente.catholique.fr\/grand-angouleme\/?post_type=evenement&#038;p=5200"},"modified":"2021-05-11T15:44:20","modified_gmt":"2021-05-11T13:44:20","slug":"10-ans-de-presence-de-la-fraternite-trinitaire-a-angouleme","status":"publish","type":"evenement","link":"https:\/\/charente.catholique.fr\/grand-angouleme\/agenda\/10-ans-de-presence-de-la-fraternite-trinitaire-a-angouleme\/","title":{"rendered":"10 ans de pr\u00e9sence de la Fraternit\u00e9 Trinitaire \u00e0 Angoul\u00eame"},"content":{"rendered":"\n<p>La Fraternit\u00e9 Trinitaire f\u00eate ses 10 ans de pr\u00e9sence \u00e0 Angoul\u00eame !<\/p>\n\n\n\n<p>Le samedi 15 mai, \u00e0 16h30 \u00e0 Saint Martial, les membres t\u00e9moigneront des 10 ann\u00e9es pass\u00e9es en Charente. Mgr Gosselin pr\u00e9sidera la messe qui suivra, \u00e0 17h00.<\/p>\n\n\n\n<div class=\"wp-block-image\"><figure class=\"aligncenter size-large\"><img loading=\"lazy\" decoding=\"async\" width=\"640\" height=\"418\" src=\"https:\/\/charente.catholique.fr\/grand-angouleme\/wp-content\/uploads\/sites\/2\/2021\/05\/trin.jpg\" alt=\"\" class=\"wp-image-5202\" srcset=\"https:\/\/charente.catholique.fr\/grand-angouleme\/wp-content\/uploads\/sites\/2\/2021\/05\/trin.jpg 640w, https:\/\/charente.catholique.fr\/grand-angouleme\/wp-content\/uploads\/sites\/2\/2021\/05\/trin-300x196.jpg 300w\" sizes=\"auto, (max-width: 640px) 100vw, 640px\" \/><\/figure><\/div>\n\n\n\n<p>Lien vers <a href=\"http:\/\/trinitaireangouleme.blogspot.com\/\" target=\"_blank\" rel=\"noreferrer noopener\">le blog de la fraternit\u00e9 trinitaire<\/a><\/p>\n","protected":false},"author":4,"featured_media":5203,"template":"","meta":{"_acf_changed":false,"paroisse":[""],"service":["0"],"footnotes":""},"categories":[],"tags":[],"class_list":["post-5200","evenement","type-evenement","status-publish","has-post-thumbnail","hentry","validated"],"acf":{"start_date":"2021-05-15 16:30:00","end_date":"","location":"Eglise Saint Martial, Angoul\u00eame","address":{"address":"\u00c9glise Saint-Martial d'Angoul\u00eame, Place Saint-Martial, Angoul\u00eame, France","lat":45.64871709999999,"lng":0.1598741,"zoom":14,"place_id":"ChIJ_eGkjnAy_kcRbLTFC28JnFs","name":"\u00c9glise Saint-Martial d'Angoul\u00eame","street_name":"Place Saint-Martial","city":"Angoul\u00eame","state":"Nouvelle-Aquitaine","post_code":16000,"country":"France","country_short":"FR"}},"yoast_head":"<!-- This site is optimized with the Yoast SEO plugin v27.1.1 - https:\/\/yoast.com\/product\/yoast-seo-wordpress\/ -->\n<title>10 ans de pr\u00e9sence de la Fraternit\u00e9 Trinitaire \u00e0 Angoul\u00eame - Doyenn\u00e9 Grand Angoul\u00eame<\/title>\n<meta name=\"robots\" content=\"index, follow, max-snippet:-1, max-image-preview:large, max-video-preview:-1\" \/>\n<link rel=\"canonical\" href=\"https:\/\/charente.catholique.fr\/grand-angouleme\/agenda\/10-ans-de-presence-de-la-fraternite-trinitaire-a-angouleme\/\" \/>\n<meta property=\"og:locale\" content=\"fr_FR\" \/>\n<meta property=\"og:type\" content=\"article\" \/>\n<meta property=\"og:title\" content=\"10 ans de pr\u00e9sence de la Fraternit\u00e9 Trinitaire \u00e0 Angoul\u00eame - Doyenn\u00e9 Grand Angoul\u00eame\" \/>\n<meta property=\"og:description\" content=\"La Fraternit\u00e9 Trinitaire f\u00eate ses 10 ans de pr\u00e9sence \u00e0 Angoul\u00eame ! Le samedi 15 mai, \u00e0 16h30 \u00e0 Saint Martial, les membres t\u00e9moigneront des 10 ann\u00e9es pass\u00e9es en Charente. Mgr Gosselin pr\u00e9sidera la messe qui suivra, \u00e0 17h00. Lien vers le blog de la fraternit\u00e9 trinitaire\" \/>\n<meta property=\"og:url\" content=\"https:\/\/charente.catholique.fr\/grand-angouleme\/agenda\/10-ans-de-presence-de-la-fraternite-trinitaire-a-angouleme\/\" \/>\n<meta property=\"og:site_name\" content=\"Doyenn\u00e9 Grand Angoul\u00eame\" \/>\n<meta property=\"article:publisher\" content=\"https:\/\/www.facebook.com\/EgliseCatholiqueCharente\" \/>\n<meta property=\"article:modified_time\" content=\"2021-05-11T13:44:20+00:00\" \/>\n<meta property=\"og:image\" content=\"https:\/\/charente.catholique.fr\/grand-angouleme\/wp-content\/uploads\/sites\/2\/2021\/05\/img_0226.jpg\" \/>\n\t<meta property=\"og:image:width\" content=\"900\" \/>\n\t<meta property=\"og:image:height\" content=\"309\" \/>\n\t<meta property=\"og:image:type\" content=\"image\/jpeg\" \/>\n<meta name=\"twitter:card\" content=\"summary_large_image\" \/>\n<meta name=\"twitter:site\" content=\"@diocesecharente\" \/>\n<meta name=\"twitter:label1\" content=\"Dur\u00e9e de lecture estim\u00e9e\" \/>\n\t<meta name=\"twitter:data1\" content=\"1 minute\" \/>\n<script type=\"application\/ld+json\" class=\"yoast-schema-graph\">{\"@context\":\"https:\/\/schema.org\",\"@graph\":[{\"@type\":\"WebPage\",\"@id\":\"https:\/\/charente.catholique.fr\/grand-angouleme\/agenda\/10-ans-de-presence-de-la-fraternite-trinitaire-a-angouleme\/\",\"url\":\"https:\/\/charente.catholique.fr\/grand-angouleme\/agenda\/10-ans-de-presence-de-la-fraternite-trinitaire-a-angouleme\/\",\"name\":\"10 ans de pr\u00e9sence de la Fraternit\u00e9 Trinitaire \u00e0 Angoul\u00eame - Doyenn\u00e9 Grand Angoul\u00eame\",\"isPartOf\":{\"@id\":\"https:\/\/charente.catholique.fr\/grand-angouleme\/#website\"},\"primaryImageOfPage\":{\"@id\":\"https:\/\/charente.catholique.fr\/grand-angouleme\/agenda\/10-ans-de-presence-de-la-fraternite-trinitaire-a-angouleme\/#primaryimage\"},\"image\":{\"@id\":\"https:\/\/charente.catholique.fr\/grand-angouleme\/agenda\/10-ans-de-presence-de-la-fraternite-trinitaire-a-angouleme\/#primaryimage\"},\"thumbnailUrl\":\"https:\/\/charente.catholique.fr\/grand-angouleme\/wp-content\/uploads\/sites\/2\/2021\/05\/img_0226.jpg\",\"datePublished\":\"2021-05-03T08:13:15+00:00\",\"dateModified\":\"2021-05-11T13:44:20+00:00\",\"breadcrumb\":{\"@id\":\"https:\/\/charente.catholique.fr\/grand-angouleme\/agenda\/10-ans-de-presence-de-la-fraternite-trinitaire-a-angouleme\/#breadcrumb\"},\"inLanguage\":\"fr-FR\",\"potentialAction\":[{\"@type\":\"ReadAction\",\"target\":[\"https:\/\/charente.catholique.fr\/grand-angouleme\/agenda\/10-ans-de-presence-de-la-fraternite-trinitaire-a-angouleme\/\"]}]},{\"@type\":\"ImageObject\",\"inLanguage\":\"fr-FR\",\"@id\":\"https:\/\/charente.catholique.fr\/grand-angouleme\/agenda\/10-ans-de-presence-de-la-fraternite-trinitaire-a-angouleme\/#primaryimage\",\"url\":\"https:\/\/charente.catholique.fr\/grand-angouleme\/wp-content\/uploads\/sites\/2\/2021\/05\/img_0226.jpg\",\"contentUrl\":\"https:\/\/charente.catholique.fr\/grand-angouleme\/wp-content\/uploads\/sites\/2\/2021\/05\/img_0226.jpg\",\"width\":900,\"height\":309},{\"@type\":\"BreadcrumbList\",\"@id\":\"https:\/\/charente.catholique.fr\/grand-angouleme\/agenda\/10-ans-de-presence-de-la-fraternite-trinitaire-a-angouleme\/#breadcrumb\",\"itemListElement\":[{\"@type\":\"ListItem\",\"position\":1,\"name\":\"Accueil\",\"item\":\"https:\/\/charente.catholique.fr\/grand-angouleme\/\"},{\"@type\":\"ListItem\",\"position\":2,\"name\":\"10 ans de pr\u00e9sence de la Fraternit\u00e9 Trinitaire \u00e0 Angoul\u00eame\"}]},{\"@type\":\"WebSite\",\"@id\":\"https:\/\/charente.catholique.fr\/grand-angouleme\/#website\",\"url\":\"https:\/\/charente.catholique.fr\/grand-angouleme\/\",\"name\":\"Doyenn\u00e9 Grand Angoul\u00eame - Dioc\u00e8se d'Angoul\u00eame\",\"description\":\"Dioc\u00e8se d&#039;Angoul\u00eame\",\"publisher\":{\"@id\":\"https:\/\/charente.catholique.fr\/grand-angouleme\/#organization\"},\"potentialAction\":[{\"@type\":\"SearchAction\",\"target\":{\"@type\":\"EntryPoint\",\"urlTemplate\":\"https:\/\/charente.catholique.fr\/grand-angouleme\/?s={search_term_string}\"},\"query-input\":{\"@type\":\"PropertyValueSpecification\",\"valueRequired\":true,\"valueName\":\"search_term_string\"}}],\"inLanguage\":\"fr-FR\"},{\"@type\":\"Organization\",\"@id\":\"https:\/\/charente.catholique.fr\/grand-angouleme\/#organization\",\"name\":\"Association Dioc\u00e9saine d'Angoul\u00eame\",\"url\":\"https:\/\/charente.catholique.fr\/grand-angouleme\/\",\"logo\":{\"@type\":\"ImageObject\",\"inLanguage\":\"fr-FR\",\"@id\":\"https:\/\/charente.catholique.fr\/grand-angouleme\/#\/schema\/logo\/image\/\",\"url\":\"https:\/\/charente.catholique.fr\/grand-angouleme\/wp-content\/uploads\/sites\/2\/2020\/10\/logos.png\",\"contentUrl\":\"https:\/\/charente.catholique.fr\/grand-angouleme\/wp-content\/uploads\/sites\/2\/2020\/10\/logos.png\",\"width\":600,\"height\":257,\"caption\":\"Association Dioc\u00e9saine d'Angoul\u00eame\"},\"image\":{\"@id\":\"https:\/\/charente.catholique.fr\/grand-angouleme\/#\/schema\/logo\/image\/\"},\"sameAs\":[\"https:\/\/www.facebook.com\/EgliseCatholiqueCharente\",\"https:\/\/x.com\/diocesecharente\",\"https:\/\/www.instagram.com\/eglisecharente\",\"https:\/\/www.youtube.com\/channel\/UCByyFWApZbw3gDTiADoiAaQ\"]}]}<\/script>\n<!-- \/ Yoast SEO plugin. -->","yoast_head_json":{"title":"10 ans de pr\u00e9sence de la Fraternit\u00e9 Trinitaire \u00e0 Angoul\u00eame - Doyenn\u00e9 Grand Angoul\u00eame","robots":{"index":"index","follow":"follow","max-snippet":"max-snippet:-1","max-image-preview":"max-image-preview:large","max-video-preview":"max-video-preview:-1"},"canonical":"https:\/\/charente.catholique.fr\/grand-angouleme\/agenda\/10-ans-de-presence-de-la-fraternite-trinitaire-a-angouleme\/","og_locale":"fr_FR","og_type":"article","og_title":"10 ans de pr\u00e9sence de la Fraternit\u00e9 Trinitaire \u00e0 Angoul\u00eame - Doyenn\u00e9 Grand Angoul\u00eame","og_description":"La Fraternit\u00e9 Trinitaire f\u00eate ses 10 ans de pr\u00e9sence \u00e0 Angoul\u00eame ! Le samedi 15 mai, \u00e0 16h30 \u00e0 Saint Martial, les membres t\u00e9moigneront des 10 ann\u00e9es pass\u00e9es en Charente. Mgr Gosselin pr\u00e9sidera la messe qui suivra, \u00e0 17h00. Lien vers le blog de la fraternit\u00e9 trinitaire","og_url":"https:\/\/charente.catholique.fr\/grand-angouleme\/agenda\/10-ans-de-presence-de-la-fraternite-trinitaire-a-angouleme\/","og_site_name":"Doyenn\u00e9 Grand Angoul\u00eame","article_publisher":"https:\/\/www.facebook.com\/EgliseCatholiqueCharente","article_modified_time":"2021-05-11T13:44:20+00:00","og_image":[{"width":900,"height":309,"url":"https:\/\/charente.catholique.fr\/grand-angouleme\/wp-content\/uploads\/sites\/2\/2021\/05\/img_0226.jpg","type":"image\/jpeg"}],"twitter_card":"summary_large_image","twitter_site":"@diocesecharente","twitter_misc":{"Dur\u00e9e de lecture estim\u00e9e":"1 minute"},"schema":{"@context":"https:\/\/schema.org","@graph":[{"@type":"WebPage","@id":"https:\/\/charente.catholique.fr\/grand-angouleme\/agenda\/10-ans-de-presence-de-la-fraternite-trinitaire-a-angouleme\/","url":"https:\/\/charente.catholique.fr\/grand-angouleme\/agenda\/10-ans-de-presence-de-la-fraternite-trinitaire-a-angouleme\/","name":"10 ans de pr\u00e9sence de la Fraternit\u00e9 Trinitaire \u00e0 Angoul\u00eame - Doyenn\u00e9 Grand Angoul\u00eame","isPartOf":{"@id":"https:\/\/charente.catholique.fr\/grand-angouleme\/#website"},"primaryImageOfPage":{"@id":"https:\/\/charente.catholique.fr\/grand-angouleme\/agenda\/10-ans-de-presence-de-la-fraternite-trinitaire-a-angouleme\/#primaryimage"},"image":{"@id":"https:\/\/charente.catholique.fr\/grand-angouleme\/agenda\/10-ans-de-presence-de-la-fraternite-trinitaire-a-angouleme\/#primaryimage"},"thumbnailUrl":"https:\/\/charente.catholique.fr\/grand-angouleme\/wp-content\/uploads\/sites\/2\/2021\/05\/img_0226.jpg","datePublished":"2021-05-03T08:13:15+00:00","dateModified":"2021-05-11T13:44:20+00:00","breadcrumb":{"@id":"https:\/\/charente.catholique.fr\/grand-angouleme\/agenda\/10-ans-de-presence-de-la-fraternite-trinitaire-a-angouleme\/#breadcrumb"},"inLanguage":"fr-FR","potentialAction":[{"@type":"ReadAction","target":["https:\/\/charente.catholique.fr\/grand-angouleme\/agenda\/10-ans-de-presence-de-la-fraternite-trinitaire-a-angouleme\/"]}]},{"@type":"ImageObject","inLanguage":"fr-FR","@id":"https:\/\/charente.catholique.fr\/grand-angouleme\/agenda\/10-ans-de-presence-de-la-fraternite-trinitaire-a-angouleme\/#primaryimage","url":"https:\/\/charente.catholique.fr\/grand-angouleme\/wp-content\/uploads\/sites\/2\/2021\/05\/img_0226.jpg","contentUrl":"https:\/\/charente.catholique.fr\/grand-angouleme\/wp-content\/uploads\/sites\/2\/2021\/05\/img_0226.jpg","width":900,"height":309},{"@type":"BreadcrumbList","@id":"https:\/\/charente.catholique.fr\/grand-angouleme\/agenda\/10-ans-de-presence-de-la-fraternite-trinitaire-a-angouleme\/#breadcrumb","itemListElement":[{"@type":"ListItem","position":1,"name":"Accueil","item":"https:\/\/charente.catholique.fr\/grand-angouleme\/"},{"@type":"ListItem","position":2,"name":"10 ans de pr\u00e9sence de la Fraternit\u00e9 Trinitaire \u00e0 Angoul\u00eame"}]},{"@type":"WebSite","@id":"https:\/\/charente.catholique.fr\/grand-angouleme\/#website","url":"https:\/\/charente.catholique.fr\/grand-angouleme\/","name":"Doyenn\u00e9 Grand Angoul\u00eame - Dioc\u00e8se d'Angoul\u00eame","description":"Dioc\u00e8se d&#039;Angoul\u00eame","publisher":{"@id":"https:\/\/charente.catholique.fr\/grand-angouleme\/#organization"},"potentialAction":[{"@type":"SearchAction","target":{"@type":"EntryPoint","urlTemplate":"https:\/\/charente.catholique.fr\/grand-angouleme\/?s={search_term_string}"},"query-input":{"@type":"PropertyValueSpecification","valueRequired":true,"valueName":"search_term_string"}}],"inLanguage":"fr-FR"},{"@type":"Organization","@id":"https:\/\/charente.catholique.fr\/grand-angouleme\/#organization","name":"Association Dioc\u00e9saine d'Angoul\u00eame","url":"https:\/\/charente.catholique.fr\/grand-angouleme\/","logo":{"@type":"ImageObject","inLanguage":"fr-FR","@id":"https:\/\/charente.catholique.fr\/grand-angouleme\/#\/schema\/logo\/image\/","url":"https:\/\/charente.catholique.fr\/grand-angouleme\/wp-content\/uploads\/sites\/2\/2020\/10\/logos.png","contentUrl":"https:\/\/charente.catholique.fr\/grand-angouleme\/wp-content\/uploads\/sites\/2\/2020\/10\/logos.png","width":600,"height":257,"caption":"Association Dioc\u00e9saine d'Angoul\u00eame"},"image":{"@id":"https:\/\/charente.catholique.fr\/grand-angouleme\/#\/schema\/logo\/image\/"},"sameAs":["https:\/\/www.facebook.com\/EgliseCatholiqueCharente","https:\/\/x.com\/diocesecharente","https:\/\/www.instagram.com\/eglisecharente","https:\/\/www.youtube.com\/channel\/UCByyFWApZbw3gDTiADoiAaQ"]}]}},"_links":{"self":[{"href":"https:\/\/charente.catholique.fr\/grand-angouleme\/wp-json\/wp\/v2\/evenement\/5200","targetHints":{"allow":["GET"]}}],"collection":[{"href":"https:\/\/charente.catholique.fr\/grand-angouleme\/wp-json\/wp\/v2\/evenement"}],"about":[{"href":"https:\/\/charente.catholique.fr\/grand-angouleme\/wp-json\/wp\/v2\/types\/evenement"}],"author":[{"embeddable":true,"href":"https:\/\/charente.catholique.fr\/grand-angouleme\/wp-json\/wp\/v2\/users\/4"}],"version-history":[{"count":1,"href":"https:\/\/charente.catholique.fr\/grand-angouleme\/wp-json\/wp\/v2\/evenement\/5200\/revisions"}],"predecessor-version":[{"id":5280,"href":"https:\/\/charente.catholique.fr\/grand-angouleme\/wp-json\/wp\/v2\/evenement\/5200\/revisions\/5280"}],"wp:featuredmedia":[{"embeddable":true,"href":"https:\/\/charente.catholique.fr\/grand-angouleme\/wp-json\/wp\/v2\/media\/5203"}],"wp:attachment":[{"href":"https:\/\/charente.catholique.fr\/grand-angouleme\/wp-json\/wp\/v2\/media?parent=5200"}],"wp:term":[{"taxonomy":"category","embeddable":true,"href":"https:\/\/charente.catholique.fr\/grand-angouleme\/wp-json\/wp\/v2\/categories?post=5200"},{"taxonomy":"post_tag","embeddable":true,"href":"https:\/\/charente.catholique.fr\/grand-angouleme\/wp-json\/wp\/v2\/tags?post=5200"}],"curies":[{"name":"wp","href":"https:\/\/api.w.org\/{rel}","templated":true}]}}