{"id":30955,"date":"2026-04-27T11:19:59","date_gmt":"2026-04-27T09:19:59","guid":{"rendered":"https:\/\/charente.catholique.fr\/grand-angouleme\/?post_type=evenement&#038;p=30955"},"modified":"2026-04-27T11:21:19","modified_gmt":"2026-04-27T09:21:19","slug":"a-lheure-de-lentre-soi-le-debat-est-il-encore-possible","status":"publish","type":"evenement","link":"https:\/\/charente.catholique.fr\/grand-angouleme\/agenda\/a-lheure-de-lentre-soi-le-debat-est-il-encore-possible\/","title":{"rendered":"\u00c0 l\u2019heure de l\u2019entre-soi, le d\u00e9bat est-il encore possible ?"},"content":{"rendered":"\n<p>Dans un contexte marqu\u00e9 par les replis identitaires et la difficult\u00e9 croissante du dialogue, le groupe <strong>\u00ab\u202fOser une parole\u202f\u00bb<\/strong> propose une rencontre ouverte \u00e0 tous pour r\u00e9fl\u00e9chir ensemble \u00e0 la place du d\u00e9bat dans notre soci\u00e9t\u00e9.<\/p>\n\n\n\n<p>Anim\u00e9e par <strong>Pierre\u2011Yves Le Manio<\/strong>, psychologue et psychanalyste \u00e0 Angers, cette apr\u00e8s-midi offrira un temps de r\u00e9flexion et d\u2019\u00e9change autour de la question du dialogue, de l\u2019\u00e9coute et de la confrontation des points de vue, \u00e0 l\u2019heure o\u00f9 chacun est souvent tent\u00e9 de rester entre personnes qui pensent de la m\u00eame mani\u00e8re.<\/p>\n\n\n\n<h3 class=\"wp-block-heading\"><strong>Informations pratiques<\/strong><\/h3>\n\n\n\n<ul class=\"wp-block-list\">\n<li><strong>Date<\/strong> : dimanche 21 juin 2026<\/li>\n\n\n\n<li><strong>Heure<\/strong> : de 14h30 \u00e0 17h30<\/li>\n\n\n\n<li><strong>Lieu<\/strong> : \u00e9glise Saint\u2011Paul de Ma Campagne<\/li>\n\n\n\n<li><strong>Intervenant<\/strong> : Pierre\u2011Yves Le Manio, psychologue \u2013 psychanalyste<\/li>\n\n\n\n<li><strong>Organisation<\/strong> : groupe <em>Oser une parole<\/em><\/li>\n<\/ul>\n\n\n\n<p>Cette rencontre se veut un espace de parole respectueux et ouvert, pour oser penser ensemble les conditions d\u2019un d\u00e9bat possible aujourd\u2019hui.<\/p>\n\n\n\n<p><strong>Contact<\/strong> :<br>06\u202f33\u202f70\u202f44\u202f60 \u2013 oseruneparole@gmail.com<\/p>\n\n\n<div class=\"wp-block-image\">\n<figure class=\"aligncenter size-large\"><img decoding=\"async\" src=\"https:\/\/charente.catholique.fr\/wp-content\/uploads\/2026\/04\/Affiche_OserLaParole_21-juin2026-764x1080.png\" alt=\"\" class=\"wp-image-42841\"\/><\/figure>\n<\/div>","protected":false},"author":3,"featured_media":30953,"template":"","meta":{"_acf_changed":false,"paroisse":["8"],"service":["0"],"footnotes":""},"categories":[],"tags":[],"class_list":["post-30955","evenement","type-evenement","status-publish","has-post-thumbnail","hentry","validated"],"acf":{"start_date":"2026-06-21 14:30:00","end_date":"2026-06-21 17:30:00","location":"Eglise Saint Paul de Ma Campagne","address":null},"yoast_head":"<!-- This site is optimized with the Yoast SEO plugin v27.1.1 - https:\/\/yoast.com\/product\/yoast-seo-wordpress\/ -->\n<title>\u00c0 l\u2019heure de l\u2019entre-soi, le d\u00e9bat est-il encore possible ? - Doyenn\u00e9 Grand Angoul\u00eame<\/title>\n<meta name=\"robots\" content=\"index, follow, max-snippet:-1, max-image-preview:large, max-video-preview:-1\" \/>\n<link rel=\"canonical\" href=\"https:\/\/charente.catholique.fr\/grand-angouleme\/agenda\/a-lheure-de-lentre-soi-le-debat-est-il-encore-possible\/\" \/>\n<meta property=\"og:locale\" content=\"fr_FR\" \/>\n<meta property=\"og:type\" content=\"article\" \/>\n<meta property=\"og:title\" content=\"\u00c0 l\u2019heure de l\u2019entre-soi, le d\u00e9bat est-il encore possible ? - Doyenn\u00e9 Grand Angoul\u00eame\" \/>\n<meta property=\"og:description\" content=\"Dans un contexte marqu\u00e9 par les replis identitaires et la difficult\u00e9 croissante du dialogue, le groupe \u00ab\u202fOser une parole\u202f\u00bb propose une rencontre ouverte \u00e0 tous pour r\u00e9fl\u00e9chir ensemble \u00e0 la place du d\u00e9bat dans notre soci\u00e9t\u00e9. Anim\u00e9e par Pierre\u2011Yves Le Manio, psychologue et psychanalyste \u00e0 Angers, cette apr\u00e8s-midi offrira un temps de r\u00e9flexion et d\u2019\u00e9change [&hellip;]\" \/>\n<meta property=\"og:url\" content=\"https:\/\/charente.catholique.fr\/grand-angouleme\/agenda\/a-lheure-de-lentre-soi-le-debat-est-il-encore-possible\/\" \/>\n<meta property=\"og:site_name\" content=\"Doyenn\u00e9 Grand Angoul\u00eame\" \/>\n<meta property=\"article:publisher\" content=\"https:\/\/www.facebook.com\/EgliseCatholiqueCharente\" \/>\n<meta property=\"article:modified_time\" content=\"2026-04-27T09:21:19+00:00\" \/>\n<meta property=\"og:image\" content=\"https:\/\/charente.catholique.fr\/grand-angouleme\/wp-content\/uploads\/sites\/2\/2026\/04\/img-20260412-wa0012.jpg\" \/>\n\t<meta property=\"og:image:width\" content=\"1536\" \/>\n\t<meta property=\"og:image:height\" content=\"1024\" \/>\n\t<meta property=\"og:image:type\" content=\"image\/jpeg\" \/>\n<meta name=\"twitter:card\" content=\"summary_large_image\" \/>\n<meta name=\"twitter:site\" content=\"@diocesecharente\" \/>\n<meta name=\"twitter:label1\" content=\"Dur\u00e9e de lecture estim\u00e9e\" \/>\n\t<meta name=\"twitter:data1\" content=\"2 minutes\" \/>\n<script type=\"application\/ld+json\" class=\"yoast-schema-graph\">{\"@context\":\"https:\/\/schema.org\",\"@graph\":[{\"@type\":\"WebPage\",\"@id\":\"https:\/\/charente.catholique.fr\/grand-angouleme\/agenda\/a-lheure-de-lentre-soi-le-debat-est-il-encore-possible\/\",\"url\":\"https:\/\/charente.catholique.fr\/grand-angouleme\/agenda\/a-lheure-de-lentre-soi-le-debat-est-il-encore-possible\/\",\"name\":\"\u00c0 l\u2019heure de l\u2019entre-soi, le d\u00e9bat est-il encore possible ? - Doyenn\u00e9 Grand Angoul\u00eame\",\"isPartOf\":{\"@id\":\"https:\/\/charente.catholique.fr\/grand-angouleme\/#website\"},\"primaryImageOfPage\":{\"@id\":\"https:\/\/charente.catholique.fr\/grand-angouleme\/agenda\/a-lheure-de-lentre-soi-le-debat-est-il-encore-possible\/#primaryimage\"},\"image\":{\"@id\":\"https:\/\/charente.catholique.fr\/grand-angouleme\/agenda\/a-lheure-de-lentre-soi-le-debat-est-il-encore-possible\/#primaryimage\"},\"thumbnailUrl\":\"https:\/\/charente.catholique.fr\/grand-angouleme\/wp-content\/uploads\/sites\/2\/2026\/04\/img-20260412-wa0012.jpg\",\"datePublished\":\"2026-04-27T09:19:59+00:00\",\"dateModified\":\"2026-04-27T09:21:19+00:00\",\"breadcrumb\":{\"@id\":\"https:\/\/charente.catholique.fr\/grand-angouleme\/agenda\/a-lheure-de-lentre-soi-le-debat-est-il-encore-possible\/#breadcrumb\"},\"inLanguage\":\"fr-FR\",\"potentialAction\":[{\"@type\":\"ReadAction\",\"target\":[\"https:\/\/charente.catholique.fr\/grand-angouleme\/agenda\/a-lheure-de-lentre-soi-le-debat-est-il-encore-possible\/\"]}]},{\"@type\":\"ImageObject\",\"inLanguage\":\"fr-FR\",\"@id\":\"https:\/\/charente.catholique.fr\/grand-angouleme\/agenda\/a-lheure-de-lentre-soi-le-debat-est-il-encore-possible\/#primaryimage\",\"url\":\"https:\/\/charente.catholique.fr\/grand-angouleme\/wp-content\/uploads\/sites\/2\/2026\/04\/img-20260412-wa0012.jpg\",\"contentUrl\":\"https:\/\/charente.catholique.fr\/grand-angouleme\/wp-content\/uploads\/sites\/2\/2026\/04\/img-20260412-wa0012.jpg\",\"width\":1536,\"height\":1024},{\"@type\":\"BreadcrumbList\",\"@id\":\"https:\/\/charente.catholique.fr\/grand-angouleme\/agenda\/a-lheure-de-lentre-soi-le-debat-est-il-encore-possible\/#breadcrumb\",\"itemListElement\":[{\"@type\":\"ListItem\",\"position\":1,\"name\":\"Accueil\",\"item\":\"https:\/\/charente.catholique.fr\/grand-angouleme\/\"},{\"@type\":\"ListItem\",\"position\":2,\"name\":\"\u00c0 l\u2019heure de l\u2019entre-soi, le d\u00e9bat est-il encore possible ?\"}]},{\"@type\":\"WebSite\",\"@id\":\"https:\/\/charente.catholique.fr\/grand-angouleme\/#website\",\"url\":\"https:\/\/charente.catholique.fr\/grand-angouleme\/\",\"name\":\"Doyenn\u00e9 Grand Angoul\u00eame - Dioc\u00e8se d'Angoul\u00eame\",\"description\":\"Dioc\u00e8se d&#039;Angoul\u00eame\",\"publisher\":{\"@id\":\"https:\/\/charente.catholique.fr\/grand-angouleme\/#organization\"},\"potentialAction\":[{\"@type\":\"SearchAction\",\"target\":{\"@type\":\"EntryPoint\",\"urlTemplate\":\"https:\/\/charente.catholique.fr\/grand-angouleme\/?s={search_term_string}\"},\"query-input\":{\"@type\":\"PropertyValueSpecification\",\"valueRequired\":true,\"valueName\":\"search_term_string\"}}],\"inLanguage\":\"fr-FR\"},{\"@type\":\"Organization\",\"@id\":\"https:\/\/charente.catholique.fr\/grand-angouleme\/#organization\",\"name\":\"Association Dioc\u00e9saine d'Angoul\u00eame\",\"url\":\"https:\/\/charente.catholique.fr\/grand-angouleme\/\",\"logo\":{\"@type\":\"ImageObject\",\"inLanguage\":\"fr-FR\",\"@id\":\"https:\/\/charente.catholique.fr\/grand-angouleme\/#\/schema\/logo\/image\/\",\"url\":\"https:\/\/charente.catholique.fr\/grand-angouleme\/wp-content\/uploads\/sites\/2\/2020\/10\/logos.png\",\"contentUrl\":\"https:\/\/charente.catholique.fr\/grand-angouleme\/wp-content\/uploads\/sites\/2\/2020\/10\/logos.png\",\"width\":600,\"height\":257,\"caption\":\"Association Dioc\u00e9saine d'Angoul\u00eame\"},\"image\":{\"@id\":\"https:\/\/charente.catholique.fr\/grand-angouleme\/#\/schema\/logo\/image\/\"},\"sameAs\":[\"https:\/\/www.facebook.com\/EgliseCatholiqueCharente\",\"https:\/\/x.com\/diocesecharente\",\"https:\/\/www.instagram.com\/eglisecharente\",\"https:\/\/www.youtube.com\/channel\/UCByyFWApZbw3gDTiADoiAaQ\"]}]}<\/script>\n<!-- \/ Yoast SEO plugin. -->","yoast_head_json":{"title":"\u00c0 l\u2019heure de l\u2019entre-soi, le d\u00e9bat est-il encore possible ? - Doyenn\u00e9 Grand Angoul\u00eame","robots":{"index":"index","follow":"follow","max-snippet":"max-snippet:-1","max-image-preview":"max-image-preview:large","max-video-preview":"max-video-preview:-1"},"canonical":"https:\/\/charente.catholique.fr\/grand-angouleme\/agenda\/a-lheure-de-lentre-soi-le-debat-est-il-encore-possible\/","og_locale":"fr_FR","og_type":"article","og_title":"\u00c0 l\u2019heure de l\u2019entre-soi, le d\u00e9bat est-il encore possible ? - Doyenn\u00e9 Grand Angoul\u00eame","og_description":"Dans un contexte marqu\u00e9 par les replis identitaires et la difficult\u00e9 croissante du dialogue, le groupe \u00ab\u202fOser une parole\u202f\u00bb propose une rencontre ouverte \u00e0 tous pour r\u00e9fl\u00e9chir ensemble \u00e0 la place du d\u00e9bat dans notre soci\u00e9t\u00e9. Anim\u00e9e par Pierre\u2011Yves Le Manio, psychologue et psychanalyste \u00e0 Angers, cette apr\u00e8s-midi offrira un temps de r\u00e9flexion et d\u2019\u00e9change [&hellip;]","og_url":"https:\/\/charente.catholique.fr\/grand-angouleme\/agenda\/a-lheure-de-lentre-soi-le-debat-est-il-encore-possible\/","og_site_name":"Doyenn\u00e9 Grand Angoul\u00eame","article_publisher":"https:\/\/www.facebook.com\/EgliseCatholiqueCharente","article_modified_time":"2026-04-27T09:21:19+00:00","og_image":[{"width":1536,"height":1024,"url":"https:\/\/charente.catholique.fr\/grand-angouleme\/wp-content\/uploads\/sites\/2\/2026\/04\/img-20260412-wa0012.jpg","type":"image\/jpeg"}],"twitter_card":"summary_large_image","twitter_site":"@diocesecharente","twitter_misc":{"Dur\u00e9e de lecture estim\u00e9e":"2 minutes"},"schema":{"@context":"https:\/\/schema.org","@graph":[{"@type":"WebPage","@id":"https:\/\/charente.catholique.fr\/grand-angouleme\/agenda\/a-lheure-de-lentre-soi-le-debat-est-il-encore-possible\/","url":"https:\/\/charente.catholique.fr\/grand-angouleme\/agenda\/a-lheure-de-lentre-soi-le-debat-est-il-encore-possible\/","name":"\u00c0 l\u2019heure de l\u2019entre-soi, le d\u00e9bat est-il encore possible ? - Doyenn\u00e9 Grand Angoul\u00eame","isPartOf":{"@id":"https:\/\/charente.catholique.fr\/grand-angouleme\/#website"},"primaryImageOfPage":{"@id":"https:\/\/charente.catholique.fr\/grand-angouleme\/agenda\/a-lheure-de-lentre-soi-le-debat-est-il-encore-possible\/#primaryimage"},"image":{"@id":"https:\/\/charente.catholique.fr\/grand-angouleme\/agenda\/a-lheure-de-lentre-soi-le-debat-est-il-encore-possible\/#primaryimage"},"thumbnailUrl":"https:\/\/charente.catholique.fr\/grand-angouleme\/wp-content\/uploads\/sites\/2\/2026\/04\/img-20260412-wa0012.jpg","datePublished":"2026-04-27T09:19:59+00:00","dateModified":"2026-04-27T09:21:19+00:00","breadcrumb":{"@id":"https:\/\/charente.catholique.fr\/grand-angouleme\/agenda\/a-lheure-de-lentre-soi-le-debat-est-il-encore-possible\/#breadcrumb"},"inLanguage":"fr-FR","potentialAction":[{"@type":"ReadAction","target":["https:\/\/charente.catholique.fr\/grand-angouleme\/agenda\/a-lheure-de-lentre-soi-le-debat-est-il-encore-possible\/"]}]},{"@type":"ImageObject","inLanguage":"fr-FR","@id":"https:\/\/charente.catholique.fr\/grand-angouleme\/agenda\/a-lheure-de-lentre-soi-le-debat-est-il-encore-possible\/#primaryimage","url":"https:\/\/charente.catholique.fr\/grand-angouleme\/wp-content\/uploads\/sites\/2\/2026\/04\/img-20260412-wa0012.jpg","contentUrl":"https:\/\/charente.catholique.fr\/grand-angouleme\/wp-content\/uploads\/sites\/2\/2026\/04\/img-20260412-wa0012.jpg","width":1536,"height":1024},{"@type":"BreadcrumbList","@id":"https:\/\/charente.catholique.fr\/grand-angouleme\/agenda\/a-lheure-de-lentre-soi-le-debat-est-il-encore-possible\/#breadcrumb","itemListElement":[{"@type":"ListItem","position":1,"name":"Accueil","item":"https:\/\/charente.catholique.fr\/grand-angouleme\/"},{"@type":"ListItem","position":2,"name":"\u00c0 l\u2019heure de l\u2019entre-soi, le d\u00e9bat est-il encore possible ?"}]},{"@type":"WebSite","@id":"https:\/\/charente.catholique.fr\/grand-angouleme\/#website","url":"https:\/\/charente.catholique.fr\/grand-angouleme\/","name":"Doyenn\u00e9 Grand Angoul\u00eame - Dioc\u00e8se d'Angoul\u00eame","description":"Dioc\u00e8se d&#039;Angoul\u00eame","publisher":{"@id":"https:\/\/charente.catholique.fr\/grand-angouleme\/#organization"},"potentialAction":[{"@type":"SearchAction","target":{"@type":"EntryPoint","urlTemplate":"https:\/\/charente.catholique.fr\/grand-angouleme\/?s={search_term_string}"},"query-input":{"@type":"PropertyValueSpecification","valueRequired":true,"valueName":"search_term_string"}}],"inLanguage":"fr-FR"},{"@type":"Organization","@id":"https:\/\/charente.catholique.fr\/grand-angouleme\/#organization","name":"Association Dioc\u00e9saine d'Angoul\u00eame","url":"https:\/\/charente.catholique.fr\/grand-angouleme\/","logo":{"@type":"ImageObject","inLanguage":"fr-FR","@id":"https:\/\/charente.catholique.fr\/grand-angouleme\/#\/schema\/logo\/image\/","url":"https:\/\/charente.catholique.fr\/grand-angouleme\/wp-content\/uploads\/sites\/2\/2020\/10\/logos.png","contentUrl":"https:\/\/charente.catholique.fr\/grand-angouleme\/wp-content\/uploads\/sites\/2\/2020\/10\/logos.png","width":600,"height":257,"caption":"Association Dioc\u00e9saine d'Angoul\u00eame"},"image":{"@id":"https:\/\/charente.catholique.fr\/grand-angouleme\/#\/schema\/logo\/image\/"},"sameAs":["https:\/\/www.facebook.com\/EgliseCatholiqueCharente","https:\/\/x.com\/diocesecharente","https:\/\/www.instagram.com\/eglisecharente","https:\/\/www.youtube.com\/channel\/UCByyFWApZbw3gDTiADoiAaQ"]}]}},"_links":{"self":[{"href":"https:\/\/charente.catholique.fr\/grand-angouleme\/wp-json\/wp\/v2\/evenement\/30955","targetHints":{"allow":["GET"]}}],"collection":[{"href":"https:\/\/charente.catholique.fr\/grand-angouleme\/wp-json\/wp\/v2\/evenement"}],"about":[{"href":"https:\/\/charente.catholique.fr\/grand-angouleme\/wp-json\/wp\/v2\/types\/evenement"}],"author":[{"embeddable":true,"href":"https:\/\/charente.catholique.fr\/grand-angouleme\/wp-json\/wp\/v2\/users\/3"}],"version-history":[{"count":1,"href":"https:\/\/charente.catholique.fr\/grand-angouleme\/wp-json\/wp\/v2\/evenement\/30955\/revisions"}],"predecessor-version":[{"id":30956,"href":"https:\/\/charente.catholique.fr\/grand-angouleme\/wp-json\/wp\/v2\/evenement\/30955\/revisions\/30956"}],"wp:featuredmedia":[{"embeddable":true,"href":"https:\/\/charente.catholique.fr\/grand-angouleme\/wp-json\/wp\/v2\/media\/30953"}],"wp:attachment":[{"href":"https:\/\/charente.catholique.fr\/grand-angouleme\/wp-json\/wp\/v2\/media?parent=30955"}],"wp:term":[{"taxonomy":"category","embeddable":true,"href":"https:\/\/charente.catholique.fr\/grand-angouleme\/wp-json\/wp\/v2\/categories?post=30955"},{"taxonomy":"post_tag","embeddable":true,"href":"https:\/\/charente.catholique.fr\/grand-angouleme\/wp-json\/wp\/v2\/tags?post=30955"}],"curies":[{"name":"wp","href":"https:\/\/api.w.org\/{rel}","templated":true}]}}