{"id":28824,"date":"2025-10-24T09:00:17","date_gmt":"2025-10-24T07:00:17","guid":{"rendered":"https:\/\/charente.catholique.fr\/grand-angouleme\/?post_type=evenement&#038;p=28824"},"modified":"2025-10-24T09:03:19","modified_gmt":"2025-10-24T07:03:19","slug":"spectacle-musical-de-noel-a-leglise-saint-jacques-de-lhoumeau","status":"publish","type":"evenement","link":"https:\/\/charente.catholique.fr\/grand-angouleme\/agenda\/spectacle-musical-de-noel-a-leglise-saint-jacques-de-lhoumeau\/","title":{"rendered":"Spectacle musical de No\u00ebl \u00e0 l&#8217;Eglise Saint-Jacques de l&#8217;Houmeau"},"content":{"rendered":"\n<p>\u00c0 l\u2019approche des f\u00eates,\u00a0<strong>l\u2019association\u00a0<em>Voix l\u2019Atout<\/em><\/strong>\u00a0a le plaisir de vous inviter \u00e0 un\u00a0<strong>spectacle musical de No\u00ebl f\u00e9erique et plein d\u2019\u00e9motions<\/strong>\u00a0!&#8230; <a href=\"https:\/\/charente.catholique.fr\/grand-angouleme\/actualites\/concert-de-noel\/\">https:\/\/charente.catholique.fr\/grand-angouleme\/actualites\/concert-de-noel\/<\/a><\/p>\n\n\n\n<figure class=\"wp-block-image size-large\"><img loading=\"lazy\" decoding=\"async\" width=\"1528\" height=\"1080\" src=\"https:\/\/charente.catholique.fr\/grand-angouleme\/wp-content\/uploads\/sites\/2\/2025\/10\/Affiche-13-12-2025-1528x1080.jpg\" alt=\"\" class=\"wp-image-28819\" srcset=\"https:\/\/charente.catholique.fr\/grand-angouleme\/wp-content\/uploads\/sites\/2\/2025\/10\/Affiche-13-12-2025-1528x1080.jpg 1528w, https:\/\/charente.catholique.fr\/grand-angouleme\/wp-content\/uploads\/sites\/2\/2025\/10\/Affiche-13-12-2025-300x212.jpg 300w, https:\/\/charente.catholique.fr\/grand-angouleme\/wp-content\/uploads\/sites\/2\/2025\/10\/Affiche-13-12-2025-768x543.jpg 768w, https:\/\/charente.catholique.fr\/grand-angouleme\/wp-content\/uploads\/sites\/2\/2025\/10\/Affiche-13-12-2025-1536x1086.jpg 1536w, https:\/\/charente.catholique.fr\/grand-angouleme\/wp-content\/uploads\/sites\/2\/2025\/10\/Affiche-13-12-2025-2048x1448.jpg 2048w, https:\/\/charente.catholique.fr\/grand-angouleme\/wp-content\/uploads\/sites\/2\/2025\/10\/Affiche-13-12-2025-1320x933.jpg 1320w\" sizes=\"auto, (max-width: 1528px) 100vw, 1528px\" \/><\/figure>\n\n\n\n<p><\/p>\n","protected":false},"author":13,"featured_media":28821,"template":"","meta":{"_acf_changed":false,"paroisse":["1"],"service":["0"],"footnotes":""},"categories":[1,2],"tags":[],"class_list":["post-28824","evenement","type-evenement","status-publish","has-post-thumbnail","hentry","category-actualites","category-saints-apotres","validated"],"acf":{"start_date":"2025-12-13 19:30:00","end_date":"","location":"\u00c9glise Saint-Jacques de l'Houmeau, Pl. Saint Jacques, Angoul\u00eame, France","address":null},"yoast_head":"<!-- This site is optimized with the Yoast SEO plugin v27.1.1 - https:\/\/yoast.com\/product\/yoast-seo-wordpress\/ -->\n<title>Spectacle musical de No\u00ebl \u00e0 l&#039;Eglise Saint-Jacques de l&#039;Houmeau - Doyenn\u00e9 Grand Angoul\u00eame<\/title>\n<meta name=\"robots\" content=\"index, follow, max-snippet:-1, max-image-preview:large, max-video-preview:-1\" \/>\n<link rel=\"canonical\" href=\"https:\/\/charente.catholique.fr\/grand-angouleme\/agenda\/spectacle-musical-de-noel-a-leglise-saint-jacques-de-lhoumeau\/\" \/>\n<meta property=\"og:locale\" content=\"fr_FR\" \/>\n<meta property=\"og:type\" content=\"article\" \/>\n<meta property=\"og:title\" content=\"Spectacle musical de No\u00ebl \u00e0 l&#039;Eglise Saint-Jacques de l&#039;Houmeau - Doyenn\u00e9 Grand Angoul\u00eame\" \/>\n<meta property=\"og:description\" content=\"\u00c0 l\u2019approche des f\u00eates,\u00a0l\u2019association\u00a0Voix l\u2019Atout\u00a0a le plaisir de vous inviter \u00e0 un\u00a0spectacle musical de No\u00ebl f\u00e9erique et plein d\u2019\u00e9motions\u00a0!&#8230; https:\/\/charente.catholique.fr\/grand-angouleme\/actualites\/concert-de-noel\/\" \/>\n<meta property=\"og:url\" content=\"https:\/\/charente.catholique.fr\/grand-angouleme\/agenda\/spectacle-musical-de-noel-a-leglise-saint-jacques-de-lhoumeau\/\" \/>\n<meta property=\"og:site_name\" content=\"Doyenn\u00e9 Grand Angoul\u00eame\" \/>\n<meta property=\"article:publisher\" content=\"https:\/\/www.facebook.com\/EgliseCatholiqueCharente\" \/>\n<meta property=\"article:modified_time\" content=\"2025-10-24T07:03:19+00:00\" \/>\n<meta property=\"og:image\" content=\"https:\/\/charente.catholique.fr\/grand-angouleme\/wp-content\/uploads\/sites\/2\/2025\/10\/partition-noel.jpg\" \/>\n\t<meta property=\"og:image:width\" content=\"1280\" \/>\n\t<meta property=\"og:image:height\" content=\"853\" \/>\n\t<meta property=\"og:image:type\" content=\"image\/jpeg\" \/>\n<meta name=\"twitter:card\" content=\"summary_large_image\" \/>\n<meta name=\"twitter:site\" content=\"@diocesecharente\" \/>\n<meta name=\"twitter:label1\" content=\"Dur\u00e9e de lecture estim\u00e9e\" \/>\n\t<meta name=\"twitter:data1\" content=\"1 minute\" \/>\n<script type=\"application\/ld+json\" class=\"yoast-schema-graph\">{\"@context\":\"https:\/\/schema.org\",\"@graph\":[{\"@type\":\"WebPage\",\"@id\":\"https:\/\/charente.catholique.fr\/grand-angouleme\/agenda\/spectacle-musical-de-noel-a-leglise-saint-jacques-de-lhoumeau\/\",\"url\":\"https:\/\/charente.catholique.fr\/grand-angouleme\/agenda\/spectacle-musical-de-noel-a-leglise-saint-jacques-de-lhoumeau\/\",\"name\":\"Spectacle musical de No\u00ebl \u00e0 l'Eglise Saint-Jacques de l'Houmeau - Doyenn\u00e9 Grand Angoul\u00eame\",\"isPartOf\":{\"@id\":\"https:\/\/charente.catholique.fr\/grand-angouleme\/#website\"},\"primaryImageOfPage\":{\"@id\":\"https:\/\/charente.catholique.fr\/grand-angouleme\/agenda\/spectacle-musical-de-noel-a-leglise-saint-jacques-de-lhoumeau\/#primaryimage\"},\"image\":{\"@id\":\"https:\/\/charente.catholique.fr\/grand-angouleme\/agenda\/spectacle-musical-de-noel-a-leglise-saint-jacques-de-lhoumeau\/#primaryimage\"},\"thumbnailUrl\":\"https:\/\/charente.catholique.fr\/grand-angouleme\/wp-content\/uploads\/sites\/2\/2025\/10\/partition-noel.jpg\",\"datePublished\":\"2025-10-24T07:00:17+00:00\",\"dateModified\":\"2025-10-24T07:03:19+00:00\",\"breadcrumb\":{\"@id\":\"https:\/\/charente.catholique.fr\/grand-angouleme\/agenda\/spectacle-musical-de-noel-a-leglise-saint-jacques-de-lhoumeau\/#breadcrumb\"},\"inLanguage\":\"fr-FR\",\"potentialAction\":[{\"@type\":\"ReadAction\",\"target\":[\"https:\/\/charente.catholique.fr\/grand-angouleme\/agenda\/spectacle-musical-de-noel-a-leglise-saint-jacques-de-lhoumeau\/\"]}]},{\"@type\":\"ImageObject\",\"inLanguage\":\"fr-FR\",\"@id\":\"https:\/\/charente.catholique.fr\/grand-angouleme\/agenda\/spectacle-musical-de-noel-a-leglise-saint-jacques-de-lhoumeau\/#primaryimage\",\"url\":\"https:\/\/charente.catholique.fr\/grand-angouleme\/wp-content\/uploads\/sites\/2\/2025\/10\/partition-noel.jpg\",\"contentUrl\":\"https:\/\/charente.catholique.fr\/grand-angouleme\/wp-content\/uploads\/sites\/2\/2025\/10\/partition-noel.jpg\",\"width\":1280,\"height\":853},{\"@type\":\"BreadcrumbList\",\"@id\":\"https:\/\/charente.catholique.fr\/grand-angouleme\/agenda\/spectacle-musical-de-noel-a-leglise-saint-jacques-de-lhoumeau\/#breadcrumb\",\"itemListElement\":[{\"@type\":\"ListItem\",\"position\":1,\"name\":\"Accueil\",\"item\":\"https:\/\/charente.catholique.fr\/grand-angouleme\/\"},{\"@type\":\"ListItem\",\"position\":2,\"name\":\"Spectacle musical de No\u00ebl \u00e0 l&#8217;Eglise Saint-Jacques de l&#8217;Houmeau\"}]},{\"@type\":\"WebSite\",\"@id\":\"https:\/\/charente.catholique.fr\/grand-angouleme\/#website\",\"url\":\"https:\/\/charente.catholique.fr\/grand-angouleme\/\",\"name\":\"Doyenn\u00e9 Grand Angoul\u00eame - Dioc\u00e8se d'Angoul\u00eame\",\"description\":\"Dioc\u00e8se d&#039;Angoul\u00eame\",\"publisher\":{\"@id\":\"https:\/\/charente.catholique.fr\/grand-angouleme\/#organization\"},\"potentialAction\":[{\"@type\":\"SearchAction\",\"target\":{\"@type\":\"EntryPoint\",\"urlTemplate\":\"https:\/\/charente.catholique.fr\/grand-angouleme\/?s={search_term_string}\"},\"query-input\":{\"@type\":\"PropertyValueSpecification\",\"valueRequired\":true,\"valueName\":\"search_term_string\"}}],\"inLanguage\":\"fr-FR\"},{\"@type\":\"Organization\",\"@id\":\"https:\/\/charente.catholique.fr\/grand-angouleme\/#organization\",\"name\":\"Association Dioc\u00e9saine d'Angoul\u00eame\",\"url\":\"https:\/\/charente.catholique.fr\/grand-angouleme\/\",\"logo\":{\"@type\":\"ImageObject\",\"inLanguage\":\"fr-FR\",\"@id\":\"https:\/\/charente.catholique.fr\/grand-angouleme\/#\/schema\/logo\/image\/\",\"url\":\"https:\/\/charente.catholique.fr\/grand-angouleme\/wp-content\/uploads\/sites\/2\/2020\/10\/logos.png\",\"contentUrl\":\"https:\/\/charente.catholique.fr\/grand-angouleme\/wp-content\/uploads\/sites\/2\/2020\/10\/logos.png\",\"width\":600,\"height\":257,\"caption\":\"Association Dioc\u00e9saine d'Angoul\u00eame\"},\"image\":{\"@id\":\"https:\/\/charente.catholique.fr\/grand-angouleme\/#\/schema\/logo\/image\/\"},\"sameAs\":[\"https:\/\/www.facebook.com\/EgliseCatholiqueCharente\",\"https:\/\/x.com\/diocesecharente\",\"https:\/\/www.instagram.com\/eglisecharente\",\"https:\/\/www.youtube.com\/channel\/UCByyFWApZbw3gDTiADoiAaQ\"]}]}<\/script>\n<!-- \/ Yoast SEO plugin. -->","yoast_head_json":{"title":"Spectacle musical de No\u00ebl \u00e0 l'Eglise Saint-Jacques de l'Houmeau - Doyenn\u00e9 Grand Angoul\u00eame","robots":{"index":"index","follow":"follow","max-snippet":"max-snippet:-1","max-image-preview":"max-image-preview:large","max-video-preview":"max-video-preview:-1"},"canonical":"https:\/\/charente.catholique.fr\/grand-angouleme\/agenda\/spectacle-musical-de-noel-a-leglise-saint-jacques-de-lhoumeau\/","og_locale":"fr_FR","og_type":"article","og_title":"Spectacle musical de No\u00ebl \u00e0 l'Eglise Saint-Jacques de l'Houmeau - Doyenn\u00e9 Grand Angoul\u00eame","og_description":"\u00c0 l\u2019approche des f\u00eates,\u00a0l\u2019association\u00a0Voix l\u2019Atout\u00a0a le plaisir de vous inviter \u00e0 un\u00a0spectacle musical de No\u00ebl f\u00e9erique et plein d\u2019\u00e9motions\u00a0!&#8230; https:\/\/charente.catholique.fr\/grand-angouleme\/actualites\/concert-de-noel\/","og_url":"https:\/\/charente.catholique.fr\/grand-angouleme\/agenda\/spectacle-musical-de-noel-a-leglise-saint-jacques-de-lhoumeau\/","og_site_name":"Doyenn\u00e9 Grand Angoul\u00eame","article_publisher":"https:\/\/www.facebook.com\/EgliseCatholiqueCharente","article_modified_time":"2025-10-24T07:03:19+00:00","og_image":[{"width":1280,"height":853,"url":"https:\/\/charente.catholique.fr\/grand-angouleme\/wp-content\/uploads\/sites\/2\/2025\/10\/partition-noel.jpg","type":"image\/jpeg"}],"twitter_card":"summary_large_image","twitter_site":"@diocesecharente","twitter_misc":{"Dur\u00e9e de lecture estim\u00e9e":"1 minute"},"schema":{"@context":"https:\/\/schema.org","@graph":[{"@type":"WebPage","@id":"https:\/\/charente.catholique.fr\/grand-angouleme\/agenda\/spectacle-musical-de-noel-a-leglise-saint-jacques-de-lhoumeau\/","url":"https:\/\/charente.catholique.fr\/grand-angouleme\/agenda\/spectacle-musical-de-noel-a-leglise-saint-jacques-de-lhoumeau\/","name":"Spectacle musical de No\u00ebl \u00e0 l'Eglise Saint-Jacques de l'Houmeau - Doyenn\u00e9 Grand Angoul\u00eame","isPartOf":{"@id":"https:\/\/charente.catholique.fr\/grand-angouleme\/#website"},"primaryImageOfPage":{"@id":"https:\/\/charente.catholique.fr\/grand-angouleme\/agenda\/spectacle-musical-de-noel-a-leglise-saint-jacques-de-lhoumeau\/#primaryimage"},"image":{"@id":"https:\/\/charente.catholique.fr\/grand-angouleme\/agenda\/spectacle-musical-de-noel-a-leglise-saint-jacques-de-lhoumeau\/#primaryimage"},"thumbnailUrl":"https:\/\/charente.catholique.fr\/grand-angouleme\/wp-content\/uploads\/sites\/2\/2025\/10\/partition-noel.jpg","datePublished":"2025-10-24T07:00:17+00:00","dateModified":"2025-10-24T07:03:19+00:00","breadcrumb":{"@id":"https:\/\/charente.catholique.fr\/grand-angouleme\/agenda\/spectacle-musical-de-noel-a-leglise-saint-jacques-de-lhoumeau\/#breadcrumb"},"inLanguage":"fr-FR","potentialAction":[{"@type":"ReadAction","target":["https:\/\/charente.catholique.fr\/grand-angouleme\/agenda\/spectacle-musical-de-noel-a-leglise-saint-jacques-de-lhoumeau\/"]}]},{"@type":"ImageObject","inLanguage":"fr-FR","@id":"https:\/\/charente.catholique.fr\/grand-angouleme\/agenda\/spectacle-musical-de-noel-a-leglise-saint-jacques-de-lhoumeau\/#primaryimage","url":"https:\/\/charente.catholique.fr\/grand-angouleme\/wp-content\/uploads\/sites\/2\/2025\/10\/partition-noel.jpg","contentUrl":"https:\/\/charente.catholique.fr\/grand-angouleme\/wp-content\/uploads\/sites\/2\/2025\/10\/partition-noel.jpg","width":1280,"height":853},{"@type":"BreadcrumbList","@id":"https:\/\/charente.catholique.fr\/grand-angouleme\/agenda\/spectacle-musical-de-noel-a-leglise-saint-jacques-de-lhoumeau\/#breadcrumb","itemListElement":[{"@type":"ListItem","position":1,"name":"Accueil","item":"https:\/\/charente.catholique.fr\/grand-angouleme\/"},{"@type":"ListItem","position":2,"name":"Spectacle musical de No\u00ebl \u00e0 l&#8217;Eglise Saint-Jacques de l&#8217;Houmeau"}]},{"@type":"WebSite","@id":"https:\/\/charente.catholique.fr\/grand-angouleme\/#website","url":"https:\/\/charente.catholique.fr\/grand-angouleme\/","name":"Doyenn\u00e9 Grand Angoul\u00eame - Dioc\u00e8se d'Angoul\u00eame","description":"Dioc\u00e8se d&#039;Angoul\u00eame","publisher":{"@id":"https:\/\/charente.catholique.fr\/grand-angouleme\/#organization"},"potentialAction":[{"@type":"SearchAction","target":{"@type":"EntryPoint","urlTemplate":"https:\/\/charente.catholique.fr\/grand-angouleme\/?s={search_term_string}"},"query-input":{"@type":"PropertyValueSpecification","valueRequired":true,"valueName":"search_term_string"}}],"inLanguage":"fr-FR"},{"@type":"Organization","@id":"https:\/\/charente.catholique.fr\/grand-angouleme\/#organization","name":"Association Dioc\u00e9saine d'Angoul\u00eame","url":"https:\/\/charente.catholique.fr\/grand-angouleme\/","logo":{"@type":"ImageObject","inLanguage":"fr-FR","@id":"https:\/\/charente.catholique.fr\/grand-angouleme\/#\/schema\/logo\/image\/","url":"https:\/\/charente.catholique.fr\/grand-angouleme\/wp-content\/uploads\/sites\/2\/2020\/10\/logos.png","contentUrl":"https:\/\/charente.catholique.fr\/grand-angouleme\/wp-content\/uploads\/sites\/2\/2020\/10\/logos.png","width":600,"height":257,"caption":"Association Dioc\u00e9saine d'Angoul\u00eame"},"image":{"@id":"https:\/\/charente.catholique.fr\/grand-angouleme\/#\/schema\/logo\/image\/"},"sameAs":["https:\/\/www.facebook.com\/EgliseCatholiqueCharente","https:\/\/x.com\/diocesecharente","https:\/\/www.instagram.com\/eglisecharente","https:\/\/www.youtube.com\/channel\/UCByyFWApZbw3gDTiADoiAaQ"]}]}},"_links":{"self":[{"href":"https:\/\/charente.catholique.fr\/grand-angouleme\/wp-json\/wp\/v2\/evenement\/28824","targetHints":{"allow":["GET"]}}],"collection":[{"href":"https:\/\/charente.catholique.fr\/grand-angouleme\/wp-json\/wp\/v2\/evenement"}],"about":[{"href":"https:\/\/charente.catholique.fr\/grand-angouleme\/wp-json\/wp\/v2\/types\/evenement"}],"author":[{"embeddable":true,"href":"https:\/\/charente.catholique.fr\/grand-angouleme\/wp-json\/wp\/v2\/users\/13"}],"version-history":[{"count":2,"href":"https:\/\/charente.catholique.fr\/grand-angouleme\/wp-json\/wp\/v2\/evenement\/28824\/revisions"}],"predecessor-version":[{"id":28827,"href":"https:\/\/charente.catholique.fr\/grand-angouleme\/wp-json\/wp\/v2\/evenement\/28824\/revisions\/28827"}],"wp:featuredmedia":[{"embeddable":true,"href":"https:\/\/charente.catholique.fr\/grand-angouleme\/wp-json\/wp\/v2\/media\/28821"}],"wp:attachment":[{"href":"https:\/\/charente.catholique.fr\/grand-angouleme\/wp-json\/wp\/v2\/media?parent=28824"}],"wp:term":[{"taxonomy":"category","embeddable":true,"href":"https:\/\/charente.catholique.fr\/grand-angouleme\/wp-json\/wp\/v2\/categories?post=28824"},{"taxonomy":"post_tag","embeddable":true,"href":"https:\/\/charente.catholique.fr\/grand-angouleme\/wp-json\/wp\/v2\/tags?post=28824"}],"curies":[{"name":"wp","href":"https:\/\/api.w.org\/{rel}","templated":true}]}}