{"id":28679,"date":"2025-10-10T11:47:01","date_gmt":"2025-10-10T09:47:01","guid":{"rendered":"https:\/\/charente.catholique.fr\/grand-angouleme\/?post_type=evenement&#038;p=28679"},"modified":"2025-10-17T08:53:30","modified_gmt":"2025-10-17T06:53:30","slug":"fete-de-la-saint-vincent-a-puymoyen-3","status":"publish","type":"evenement","link":"https:\/\/charente.catholique.fr\/grand-angouleme\/agenda\/fete-de-la-saint-vincent-a-puymoyen-3\/","title":{"rendered":"F\u00eate de la Saint Vincent \u00e0 Puymoyen"},"content":{"rendered":"\n<p class=\"has-medium-font-size\">Journ\u00e9e festive \u00e0 Puymoyen dimanche 26 octobre 2025 pour la Saint Vincent.  Messe, repas partag\u00e9 (chacun apporte un plat sal\u00e9 ou sucr\u00e9 et sa gamelle !), concert du groupe &#8220;Arp\u00e8ge&#8221; dirig\u00e9 par Jacques Marot.<\/p>\n\n\n\n<div class=\"wp-block-group is-nowrap is-layout-flex wp-container-core-group-is-layout-6c531013 wp-block-group-is-layout-flex\">\n<figure class=\"wp-block-image size-large is-resized\"><img loading=\"lazy\" decoding=\"async\" width=\"764\" height=\"1080\" src=\"https:\/\/charente.catholique.fr\/grand-angouleme\/wp-content\/uploads\/sites\/2\/2025\/10\/affichea4-ga-saint-vincent-des-vignes-pdf-764x1080.jpg\" alt=\"\" class=\"wp-image-28680\" style=\"width:642px;height:auto\"\/><\/figure>\n\n\n\n<figure class=\"wp-block-image size-large\"><img loading=\"lazy\" decoding=\"async\" width=\"764\" height=\"1080\" src=\"https:\/\/charente.catholique.fr\/grand-angouleme\/wp-content\/uploads\/sites\/2\/2025\/10\/Affiche-concert-PUYMOYEN-26-10-25.pdf-764x1080.png\" alt=\"\" class=\"wp-image-28743\" srcset=\"https:\/\/charente.catholique.fr\/grand-angouleme\/wp-content\/uploads\/sites\/2\/2025\/10\/Affiche-concert-PUYMOYEN-26-10-25.pdf-764x1080.png 764w, https:\/\/charente.catholique.fr\/grand-angouleme\/wp-content\/uploads\/sites\/2\/2025\/10\/Affiche-concert-PUYMOYEN-26-10-25.pdf-212x300.png 212w, https:\/\/charente.catholique.fr\/grand-angouleme\/wp-content\/uploads\/sites\/2\/2025\/10\/Affiche-concert-PUYMOYEN-26-10-25.pdf-768x1086.png 768w, https:\/\/charente.catholique.fr\/grand-angouleme\/wp-content\/uploads\/sites\/2\/2025\/10\/Affiche-concert-PUYMOYEN-26-10-25.pdf-1086x1536.png 1086w, https:\/\/charente.catholique.fr\/grand-angouleme\/wp-content\/uploads\/sites\/2\/2025\/10\/Affiche-concert-PUYMOYEN-26-10-25.pdf-1320x1867.png 1320w, https:\/\/charente.catholique.fr\/grand-angouleme\/wp-content\/uploads\/sites\/2\/2025\/10\/Affiche-concert-PUYMOYEN-26-10-25.pdf.png 1414w\" sizes=\"auto, (max-width: 764px) 100vw, 764px\" \/><\/figure>\n<\/div>\n\n\n\n<h5 class=\"wp-block-heading\">Programme<\/h5>\n\n\n\n<div style=\"height:30px\" aria-hidden=\"true\" class=\"wp-block-spacer\"><\/div>\n\n\n\n<div class=\"wp-block-columns is-layout-flex wp-container-core-columns-is-layout-28f84493 wp-block-columns-is-layout-flex\">\n<div class=\"wp-block-column is-layout-flow wp-block-column-is-layout-flow\" style=\"flex-basis:50%\">\n<p><strong>1\u00e8re PARTIE<\/strong><br>ARPEGE : Direction : Chantal CELMA<br><br>G. FAURE et A.MESSAGER : \u00ab MESSE des P\u00caCHEURS de VILLERVILLE \u00bb<br>Kyrie<br>Gloria<br>Sanctus<br>\u00d4 Salutaris<br>Agnus Dei<br>C. St SA\u00cbNS \u00ab Ave Maria \u00bb<br><br><\/p>\n<\/div>\n\n\n\n<div class=\"wp-block-column is-layout-flow wp-block-column-is-layout-flow\" style=\"flex-basis:50%\">\n<p><strong>2\u00e8me PARTIE<\/strong><br>AMADEVS : Direction : Jacques MAROT<br><br>F.POULENC : \u00ab Les chemins de l\u2019Amour \u00bb solo de Chantal CELMA<br>G.VERDI : \u00ab Va pensiero \u00bb extrait de NABUCCO : CHOEUR<br>G.VERDI : \u00ab Oh, dischiuso \u00e8 il firmamento \u00bb aria de Fenena extrait : de NABUCCO :<br>solo de Chantal CELMA<br>G.PUCCINI : extrait de Mme Butterfly \u00ab Bouches ferm\u00e9es \u00bb : CHOEUR<br>G PUCCINI : \u00ab O mio babbino caro \u00bb ( Oh mon petit papa ch\u00e9ri) extrait de l\u2019op\u00e9ra SCHICCHI :<br>solo de Chantal CELMA<br>CACCINI : \u00ab Ave Maria \u00bb CHOEUR<br>MASCAGNI : Extrait de \u00ab Cavaleria rusticana \u00bb Intermezzo \u00ab Sancta Maria Dei \u00bb<br>\u00ab Voi lo sapete \u00bb solo de Chantal CELMA<br>D. BORTNIANSKI : \u00ab Tibie Pa\u00eeom \u00bbchant liturgique russe CHOEUR<br>DVORAK \u00ab Un monde meilleur \u00bb CH\u0152UR et soliste V.VALLAT<br>L. COHEN : \u00ab Hallelujah \u00bb CHOEUR et soliste C.CELMA<\/p>\n<\/div>\n<\/div>\n","protected":false},"author":5,"featured_media":21876,"template":"","meta":{"_acf_changed":false,"paroisse":["8","8"],"service":["0"],"footnotes":""},"categories":[],"tags":[],"class_list":["post-28679","evenement","type-evenement","status-publish","has-post-thumbnail","hentry","validated"],"acf":{"start_date":"2025-10-26 10:30:00","end_date":"","location":"Eglise Saint Vincent","address":{"address":"Puymoyen, France","lat":45.61349,"lng":0.18178,"zoom":14,"place_id":"ChIJ81r7Prgy_kcRYLHuYJLTBQQ","name":"Puymoyen","city":"Puymoyen","state":"Nouvelle-Aquitaine","country":"France","country_short":"FR"}},"yoast_head":"<!-- This site is optimized with the Yoast SEO plugin v27.1.1 - https:\/\/yoast.com\/product\/yoast-seo-wordpress\/ -->\n<title>F\u00eate de la Saint Vincent \u00e0 Puymoyen - Doyenn\u00e9 Grand Angoul\u00eame<\/title>\n<meta name=\"robots\" content=\"index, follow, max-snippet:-1, max-image-preview:large, max-video-preview:-1\" \/>\n<link rel=\"canonical\" href=\"https:\/\/charente.catholique.fr\/grand-angouleme\/agenda\/fete-de-la-saint-vincent-a-puymoyen-3\/\" \/>\n<meta property=\"og:locale\" content=\"fr_FR\" \/>\n<meta property=\"og:type\" content=\"article\" \/>\n<meta property=\"og:title\" content=\"F\u00eate de la Saint Vincent \u00e0 Puymoyen - Doyenn\u00e9 Grand Angoul\u00eame\" \/>\n<meta property=\"og:description\" content=\"Journ\u00e9e festive \u00e0 Puymoyen dimanche 26 octobre 2025 pour la Saint Vincent. Messe, repas partag\u00e9 (chacun apporte un plat sal\u00e9 ou sucr\u00e9 et sa gamelle !), concert du groupe &#8220;Arp\u00e8ge&#8221; dirig\u00e9 par Jacques Marot. Programme 1\u00e8re PARTIEARPEGE : Direction : Chantal CELMA G. FAURE et A.MESSAGER : \u00ab MESSE des P\u00caCHEURS de VILLERVILLE \u00bbKyrieGloriaSanctus\u00d4 SalutarisAgnus [&hellip;]\" \/>\n<meta property=\"og:url\" content=\"https:\/\/charente.catholique.fr\/grand-angouleme\/agenda\/fete-de-la-saint-vincent-a-puymoyen-3\/\" \/>\n<meta property=\"og:site_name\" content=\"Doyenn\u00e9 Grand Angoul\u00eame\" \/>\n<meta property=\"article:publisher\" content=\"https:\/\/www.facebook.com\/EgliseCatholiqueCharente\" \/>\n<meta property=\"article:modified_time\" content=\"2025-10-17T06:53:30+00:00\" \/>\n<meta property=\"og:image\" content=\"https:\/\/charente.catholique.fr\/grand-angouleme\/wp-content\/uploads\/sites\/2\/2023\/09\/img_20230907_074337-scaled.jpg\" \/>\n\t<meta property=\"og:image:width\" content=\"2560\" \/>\n\t<meta property=\"og:image:height\" content=\"1920\" \/>\n\t<meta property=\"og:image:type\" content=\"image\/jpeg\" \/>\n<meta name=\"twitter:card\" content=\"summary_large_image\" \/>\n<meta name=\"twitter:site\" content=\"@diocesecharente\" \/>\n<meta name=\"twitter:label1\" content=\"Dur\u00e9e de lecture estim\u00e9e\" \/>\n\t<meta name=\"twitter:data1\" content=\"2 minutes\" \/>\n<script type=\"application\/ld+json\" class=\"yoast-schema-graph\">{\"@context\":\"https:\/\/schema.org\",\"@graph\":[{\"@type\":\"WebPage\",\"@id\":\"https:\/\/charente.catholique.fr\/grand-angouleme\/agenda\/fete-de-la-saint-vincent-a-puymoyen-3\/\",\"url\":\"https:\/\/charente.catholique.fr\/grand-angouleme\/agenda\/fete-de-la-saint-vincent-a-puymoyen-3\/\",\"name\":\"F\u00eate de la Saint Vincent \u00e0 Puymoyen - Doyenn\u00e9 Grand Angoul\u00eame\",\"isPartOf\":{\"@id\":\"https:\/\/charente.catholique.fr\/grand-angouleme\/#website\"},\"primaryImageOfPage\":{\"@id\":\"https:\/\/charente.catholique.fr\/grand-angouleme\/agenda\/fete-de-la-saint-vincent-a-puymoyen-3\/#primaryimage\"},\"image\":{\"@id\":\"https:\/\/charente.catholique.fr\/grand-angouleme\/agenda\/fete-de-la-saint-vincent-a-puymoyen-3\/#primaryimage\"},\"thumbnailUrl\":\"https:\/\/charente.catholique.fr\/grand-angouleme\/wp-content\/uploads\/sites\/2\/2023\/09\/img_20230907_074337-scaled.jpg\",\"datePublished\":\"2025-10-10T09:47:01+00:00\",\"dateModified\":\"2025-10-17T06:53:30+00:00\",\"breadcrumb\":{\"@id\":\"https:\/\/charente.catholique.fr\/grand-angouleme\/agenda\/fete-de-la-saint-vincent-a-puymoyen-3\/#breadcrumb\"},\"inLanguage\":\"fr-FR\",\"potentialAction\":[{\"@type\":\"ReadAction\",\"target\":[\"https:\/\/charente.catholique.fr\/grand-angouleme\/agenda\/fete-de-la-saint-vincent-a-puymoyen-3\/\"]}]},{\"@type\":\"ImageObject\",\"inLanguage\":\"fr-FR\",\"@id\":\"https:\/\/charente.catholique.fr\/grand-angouleme\/agenda\/fete-de-la-saint-vincent-a-puymoyen-3\/#primaryimage\",\"url\":\"https:\/\/charente.catholique.fr\/grand-angouleme\/wp-content\/uploads\/sites\/2\/2023\/09\/img_20230907_074337-scaled.jpg\",\"contentUrl\":\"https:\/\/charente.catholique.fr\/grand-angouleme\/wp-content\/uploads\/sites\/2\/2023\/09\/img_20230907_074337-scaled.jpg\",\"width\":2560,\"height\":1920},{\"@type\":\"BreadcrumbList\",\"@id\":\"https:\/\/charente.catholique.fr\/grand-angouleme\/agenda\/fete-de-la-saint-vincent-a-puymoyen-3\/#breadcrumb\",\"itemListElement\":[{\"@type\":\"ListItem\",\"position\":1,\"name\":\"Accueil\",\"item\":\"https:\/\/charente.catholique.fr\/grand-angouleme\/\"},{\"@type\":\"ListItem\",\"position\":2,\"name\":\"F\u00eate de la Saint Vincent \u00e0 Puymoyen\"}]},{\"@type\":\"WebSite\",\"@id\":\"https:\/\/charente.catholique.fr\/grand-angouleme\/#website\",\"url\":\"https:\/\/charente.catholique.fr\/grand-angouleme\/\",\"name\":\"Doyenn\u00e9 Grand Angoul\u00eame - Dioc\u00e8se d'Angoul\u00eame\",\"description\":\"Dioc\u00e8se d&#039;Angoul\u00eame\",\"publisher\":{\"@id\":\"https:\/\/charente.catholique.fr\/grand-angouleme\/#organization\"},\"potentialAction\":[{\"@type\":\"SearchAction\",\"target\":{\"@type\":\"EntryPoint\",\"urlTemplate\":\"https:\/\/charente.catholique.fr\/grand-angouleme\/?s={search_term_string}\"},\"query-input\":{\"@type\":\"PropertyValueSpecification\",\"valueRequired\":true,\"valueName\":\"search_term_string\"}}],\"inLanguage\":\"fr-FR\"},{\"@type\":\"Organization\",\"@id\":\"https:\/\/charente.catholique.fr\/grand-angouleme\/#organization\",\"name\":\"Association Dioc\u00e9saine d'Angoul\u00eame\",\"url\":\"https:\/\/charente.catholique.fr\/grand-angouleme\/\",\"logo\":{\"@type\":\"ImageObject\",\"inLanguage\":\"fr-FR\",\"@id\":\"https:\/\/charente.catholique.fr\/grand-angouleme\/#\/schema\/logo\/image\/\",\"url\":\"https:\/\/charente.catholique.fr\/grand-angouleme\/wp-content\/uploads\/sites\/2\/2020\/10\/logos.png\",\"contentUrl\":\"https:\/\/charente.catholique.fr\/grand-angouleme\/wp-content\/uploads\/sites\/2\/2020\/10\/logos.png\",\"width\":600,\"height\":257,\"caption\":\"Association Dioc\u00e9saine d'Angoul\u00eame\"},\"image\":{\"@id\":\"https:\/\/charente.catholique.fr\/grand-angouleme\/#\/schema\/logo\/image\/\"},\"sameAs\":[\"https:\/\/www.facebook.com\/EgliseCatholiqueCharente\",\"https:\/\/x.com\/diocesecharente\",\"https:\/\/www.instagram.com\/eglisecharente\",\"https:\/\/www.youtube.com\/channel\/UCByyFWApZbw3gDTiADoiAaQ\"]}]}<\/script>\n<!-- \/ Yoast SEO plugin. -->","yoast_head_json":{"title":"F\u00eate de la Saint Vincent \u00e0 Puymoyen - Doyenn\u00e9 Grand Angoul\u00eame","robots":{"index":"index","follow":"follow","max-snippet":"max-snippet:-1","max-image-preview":"max-image-preview:large","max-video-preview":"max-video-preview:-1"},"canonical":"https:\/\/charente.catholique.fr\/grand-angouleme\/agenda\/fete-de-la-saint-vincent-a-puymoyen-3\/","og_locale":"fr_FR","og_type":"article","og_title":"F\u00eate de la Saint Vincent \u00e0 Puymoyen - Doyenn\u00e9 Grand Angoul\u00eame","og_description":"Journ\u00e9e festive \u00e0 Puymoyen dimanche 26 octobre 2025 pour la Saint Vincent. Messe, repas partag\u00e9 (chacun apporte un plat sal\u00e9 ou sucr\u00e9 et sa gamelle !), concert du groupe &#8220;Arp\u00e8ge&#8221; dirig\u00e9 par Jacques Marot. Programme 1\u00e8re PARTIEARPEGE : Direction : Chantal CELMA G. FAURE et A.MESSAGER : \u00ab MESSE des P\u00caCHEURS de VILLERVILLE \u00bbKyrieGloriaSanctus\u00d4 SalutarisAgnus [&hellip;]","og_url":"https:\/\/charente.catholique.fr\/grand-angouleme\/agenda\/fete-de-la-saint-vincent-a-puymoyen-3\/","og_site_name":"Doyenn\u00e9 Grand Angoul\u00eame","article_publisher":"https:\/\/www.facebook.com\/EgliseCatholiqueCharente","article_modified_time":"2025-10-17T06:53:30+00:00","og_image":[{"width":2560,"height":1920,"url":"https:\/\/charente.catholique.fr\/grand-angouleme\/wp-content\/uploads\/sites\/2\/2023\/09\/img_20230907_074337-scaled.jpg","type":"image\/jpeg"}],"twitter_card":"summary_large_image","twitter_site":"@diocesecharente","twitter_misc":{"Dur\u00e9e de lecture estim\u00e9e":"2 minutes"},"schema":{"@context":"https:\/\/schema.org","@graph":[{"@type":"WebPage","@id":"https:\/\/charente.catholique.fr\/grand-angouleme\/agenda\/fete-de-la-saint-vincent-a-puymoyen-3\/","url":"https:\/\/charente.catholique.fr\/grand-angouleme\/agenda\/fete-de-la-saint-vincent-a-puymoyen-3\/","name":"F\u00eate de la Saint Vincent \u00e0 Puymoyen - Doyenn\u00e9 Grand Angoul\u00eame","isPartOf":{"@id":"https:\/\/charente.catholique.fr\/grand-angouleme\/#website"},"primaryImageOfPage":{"@id":"https:\/\/charente.catholique.fr\/grand-angouleme\/agenda\/fete-de-la-saint-vincent-a-puymoyen-3\/#primaryimage"},"image":{"@id":"https:\/\/charente.catholique.fr\/grand-angouleme\/agenda\/fete-de-la-saint-vincent-a-puymoyen-3\/#primaryimage"},"thumbnailUrl":"https:\/\/charente.catholique.fr\/grand-angouleme\/wp-content\/uploads\/sites\/2\/2023\/09\/img_20230907_074337-scaled.jpg","datePublished":"2025-10-10T09:47:01+00:00","dateModified":"2025-10-17T06:53:30+00:00","breadcrumb":{"@id":"https:\/\/charente.catholique.fr\/grand-angouleme\/agenda\/fete-de-la-saint-vincent-a-puymoyen-3\/#breadcrumb"},"inLanguage":"fr-FR","potentialAction":[{"@type":"ReadAction","target":["https:\/\/charente.catholique.fr\/grand-angouleme\/agenda\/fete-de-la-saint-vincent-a-puymoyen-3\/"]}]},{"@type":"ImageObject","inLanguage":"fr-FR","@id":"https:\/\/charente.catholique.fr\/grand-angouleme\/agenda\/fete-de-la-saint-vincent-a-puymoyen-3\/#primaryimage","url":"https:\/\/charente.catholique.fr\/grand-angouleme\/wp-content\/uploads\/sites\/2\/2023\/09\/img_20230907_074337-scaled.jpg","contentUrl":"https:\/\/charente.catholique.fr\/grand-angouleme\/wp-content\/uploads\/sites\/2\/2023\/09\/img_20230907_074337-scaled.jpg","width":2560,"height":1920},{"@type":"BreadcrumbList","@id":"https:\/\/charente.catholique.fr\/grand-angouleme\/agenda\/fete-de-la-saint-vincent-a-puymoyen-3\/#breadcrumb","itemListElement":[{"@type":"ListItem","position":1,"name":"Accueil","item":"https:\/\/charente.catholique.fr\/grand-angouleme\/"},{"@type":"ListItem","position":2,"name":"F\u00eate de la Saint Vincent \u00e0 Puymoyen"}]},{"@type":"WebSite","@id":"https:\/\/charente.catholique.fr\/grand-angouleme\/#website","url":"https:\/\/charente.catholique.fr\/grand-angouleme\/","name":"Doyenn\u00e9 Grand Angoul\u00eame - Dioc\u00e8se d'Angoul\u00eame","description":"Dioc\u00e8se d&#039;Angoul\u00eame","publisher":{"@id":"https:\/\/charente.catholique.fr\/grand-angouleme\/#organization"},"potentialAction":[{"@type":"SearchAction","target":{"@type":"EntryPoint","urlTemplate":"https:\/\/charente.catholique.fr\/grand-angouleme\/?s={search_term_string}"},"query-input":{"@type":"PropertyValueSpecification","valueRequired":true,"valueName":"search_term_string"}}],"inLanguage":"fr-FR"},{"@type":"Organization","@id":"https:\/\/charente.catholique.fr\/grand-angouleme\/#organization","name":"Association Dioc\u00e9saine d'Angoul\u00eame","url":"https:\/\/charente.catholique.fr\/grand-angouleme\/","logo":{"@type":"ImageObject","inLanguage":"fr-FR","@id":"https:\/\/charente.catholique.fr\/grand-angouleme\/#\/schema\/logo\/image\/","url":"https:\/\/charente.catholique.fr\/grand-angouleme\/wp-content\/uploads\/sites\/2\/2020\/10\/logos.png","contentUrl":"https:\/\/charente.catholique.fr\/grand-angouleme\/wp-content\/uploads\/sites\/2\/2020\/10\/logos.png","width":600,"height":257,"caption":"Association Dioc\u00e9saine d'Angoul\u00eame"},"image":{"@id":"https:\/\/charente.catholique.fr\/grand-angouleme\/#\/schema\/logo\/image\/"},"sameAs":["https:\/\/www.facebook.com\/EgliseCatholiqueCharente","https:\/\/x.com\/diocesecharente","https:\/\/www.instagram.com\/eglisecharente","https:\/\/www.youtube.com\/channel\/UCByyFWApZbw3gDTiADoiAaQ"]}]}},"_links":{"self":[{"href":"https:\/\/charente.catholique.fr\/grand-angouleme\/wp-json\/wp\/v2\/evenement\/28679","targetHints":{"allow":["GET"]}}],"collection":[{"href":"https:\/\/charente.catholique.fr\/grand-angouleme\/wp-json\/wp\/v2\/evenement"}],"about":[{"href":"https:\/\/charente.catholique.fr\/grand-angouleme\/wp-json\/wp\/v2\/types\/evenement"}],"author":[{"embeddable":true,"href":"https:\/\/charente.catholique.fr\/grand-angouleme\/wp-json\/wp\/v2\/users\/5"}],"version-history":[{"count":8,"href":"https:\/\/charente.catholique.fr\/grand-angouleme\/wp-json\/wp\/v2\/evenement\/28679\/revisions"}],"predecessor-version":[{"id":28750,"href":"https:\/\/charente.catholique.fr\/grand-angouleme\/wp-json\/wp\/v2\/evenement\/28679\/revisions\/28750"}],"wp:featuredmedia":[{"embeddable":true,"href":"https:\/\/charente.catholique.fr\/grand-angouleme\/wp-json\/wp\/v2\/media\/21876"}],"wp:attachment":[{"href":"https:\/\/charente.catholique.fr\/grand-angouleme\/wp-json\/wp\/v2\/media?parent=28679"}],"wp:term":[{"taxonomy":"category","embeddable":true,"href":"https:\/\/charente.catholique.fr\/grand-angouleme\/wp-json\/wp\/v2\/categories?post=28679"},{"taxonomy":"post_tag","embeddable":true,"href":"https:\/\/charente.catholique.fr\/grand-angouleme\/wp-json\/wp\/v2\/tags?post=28679"}],"curies":[{"name":"wp","href":"https:\/\/api.w.org\/{rel}","templated":true}]}}