{"id":27477,"date":"2025-05-02T14:11:00","date_gmt":"2025-05-02T12:11:00","guid":{"rendered":"https:\/\/charente.catholique.fr\/grand-angouleme\/?post_type=evenement&#038;p=27477"},"modified":"2025-05-07T10:11:22","modified_gmt":"2025-05-07T08:11:22","slug":"messe-pour-lentree-en-conclave-des-cardinaux","status":"publish","type":"evenement","link":"https:\/\/charente.catholique.fr\/grand-angouleme\/agenda\/messe-pour-lentree-en-conclave-des-cardinaux\/","title":{"rendered":"Messe pour l\u2019entr\u00e9e en conclave des cardinaux"},"content":{"rendered":"\n<p><strong> Mercredi 7 mai \u00e0 18h \u00e0 Saint-Martial<\/strong><\/p>\n\n\n\n<p><strong>Demain, les cardinaux entrent en conclave \u00e0 Rome pour \u00e9lire le successeur du pape Fran\u00e7ois.<\/strong> Un moment historique et solennel pour l&#8217;\u00c9glise universelle, v\u00e9cu dans la foi, l&#8217;impatience et la confiance par les catholiques du monde entier.<\/p>\n\n\n\n<p>\u00c0 cette occasion, des messes seront c\u00e9l\u00e9br\u00e9es avec une attention particuli\u00e8re dans tout le dioc\u00e8se. \u00c0 Angoul\u00eame, une messe dioc\u00e9saine sera c\u00e9l\u00e9br\u00e9e <strong>ce mercredi 7 mai \u00e0 18h \u00e0 l\u2019\u00e9glise Saint-Martial<\/strong>, pr\u00e9sid\u00e9e par le p\u00e8re Michel Granger, vicaire g\u00e9n\u00e9ral du dioc\u00e8se.<\/p>\n\n\n\n<p>\u00ab\u202fNous allons prier ensemble, invoquer l&#8217;Esprit Saint, comme le font des millions de fid\u00e8les \u00e0 travers le monde,\u202f\u00bb confie le p\u00e8re Granger. \u00ab\u202fNous portons dans la pri\u00e8re ces cardinaux r\u00e9unis \u00e0 Rome, conscients de la lourde responsabilit\u00e9 qui est la leur.\u202f\u00bb<\/p>\n\n\n\n<p>Ce temps de conclave est aussi un temps de communion : communion dans l\u2019attente, dans la pri\u00e8re et dans l\u2019esp\u00e9rance. L&#8217;\u00c9glise toute enti\u00e8re invoque l&#8217;Esprit Saint pour \u00e9clairer les cardinaux appel\u00e9s \u00e0 discerner quel pasteur incarnera, pour les ann\u00e9es \u00e0 venir, le visage de l\u2019\u00c9glise et la mission du successeur de Pierre.<\/p>\n\n\n<div class=\"wp-block-image\">\n<figure class=\"aligncenter size-large\"><img loading=\"lazy\" decoding=\"async\" width=\"764\" height=\"1080\" src=\"https:\/\/charente.catholique.fr\/grand-angouleme\/wp-content\/uploads\/sites\/2\/2025\/05\/MESSE-POUR-LENTREE-EN-CONCLAVE-DES-CARDINAUX-7-mai-2025-764x1080.png\" alt=\"\" class=\"wp-image-27479\" srcset=\"https:\/\/charente.catholique.fr\/grand-angouleme\/wp-content\/uploads\/sites\/2\/2025\/05\/MESSE-POUR-LENTREE-EN-CONCLAVE-DES-CARDINAUX-7-mai-2025-764x1080.png 764w, https:\/\/charente.catholique.fr\/grand-angouleme\/wp-content\/uploads\/sites\/2\/2025\/05\/MESSE-POUR-LENTREE-EN-CONCLAVE-DES-CARDINAUX-7-mai-2025-212x300.png 212w, https:\/\/charente.catholique.fr\/grand-angouleme\/wp-content\/uploads\/sites\/2\/2025\/05\/MESSE-POUR-LENTREE-EN-CONCLAVE-DES-CARDINAUX-7-mai-2025-768x1086.png 768w, https:\/\/charente.catholique.fr\/grand-angouleme\/wp-content\/uploads\/sites\/2\/2025\/05\/MESSE-POUR-LENTREE-EN-CONCLAVE-DES-CARDINAUX-7-mai-2025-1086x1536.png 1086w, https:\/\/charente.catholique.fr\/grand-angouleme\/wp-content\/uploads\/sites\/2\/2025\/05\/MESSE-POUR-LENTREE-EN-CONCLAVE-DES-CARDINAUX-7-mai-2025-1320x1867.png 1320w, https:\/\/charente.catholique.fr\/grand-angouleme\/wp-content\/uploads\/sites\/2\/2025\/05\/MESSE-POUR-LENTREE-EN-CONCLAVE-DES-CARDINAUX-7-mai-2025.png 1414w\" sizes=\"auto, (max-width: 764px) 100vw, 764px\" \/><\/figure>\n<\/div>\n\n\n<p class=\"has-text-align-center has-medium-font-size\"><strong><a href=\"https:\/\/eglise.catholique.fr\/vatican\/conclave-qui-est-le-nouveau-pape\/\">Suivre le conclave 2025<\/a><\/strong><\/p>\n","protected":false},"author":3,"featured_media":27458,"template":"","meta":{"_acf_changed":false,"paroisse":["1"],"service":["0"],"footnotes":""},"categories":[],"tags":[],"class_list":["post-27477","evenement","type-evenement","status-publish","has-post-thumbnail","hentry","validated"],"acf":{"start_date":"2025-05-07 18:00:00","end_date":"","location":"Eglise Saint Martial","address":null},"yoast_head":"<!-- This site is optimized with the Yoast SEO plugin v27.1.1 - https:\/\/yoast.com\/product\/yoast-seo-wordpress\/ -->\n<title>Messe pour l\u2019entr\u00e9e en conclave des cardinaux - Doyenn\u00e9 Grand Angoul\u00eame<\/title>\n<meta name=\"robots\" content=\"index, follow, max-snippet:-1, max-image-preview:large, max-video-preview:-1\" \/>\n<link rel=\"canonical\" href=\"https:\/\/charente.catholique.fr\/grand-angouleme\/agenda\/messe-pour-lentree-en-conclave-des-cardinaux\/\" \/>\n<meta property=\"og:locale\" content=\"fr_FR\" \/>\n<meta property=\"og:type\" content=\"article\" \/>\n<meta property=\"og:title\" content=\"Messe pour l\u2019entr\u00e9e en conclave des cardinaux - Doyenn\u00e9 Grand Angoul\u00eame\" \/>\n<meta property=\"og:description\" content=\"Mercredi 7 mai \u00e0 18h \u00e0 Saint-Martial Demain, les cardinaux entrent en conclave \u00e0 Rome pour \u00e9lire le successeur du pape Fran\u00e7ois. Un moment historique et solennel pour l&#8217;\u00c9glise universelle, v\u00e9cu dans la foi, l&#8217;impatience et la confiance par les catholiques du monde entier. \u00c0 cette occasion, des messes seront c\u00e9l\u00e9br\u00e9es avec une attention particuli\u00e8re [&hellip;]\" \/>\n<meta property=\"og:url\" content=\"https:\/\/charente.catholique.fr\/grand-angouleme\/agenda\/messe-pour-lentree-en-conclave-des-cardinaux\/\" \/>\n<meta property=\"og:site_name\" content=\"Doyenn\u00e9 Grand Angoul\u00eame\" \/>\n<meta property=\"article:publisher\" content=\"https:\/\/www.facebook.com\/EgliseCatholiqueCharente\" \/>\n<meta property=\"article:modified_time\" content=\"2025-05-07T08:11:22+00:00\" \/>\n<meta property=\"og:image\" content=\"https:\/\/charente.catholique.fr\/grand-angouleme\/wp-content\/uploads\/sites\/2\/2025\/04\/conclave.png\" \/>\n\t<meta property=\"og:image:width\" content=\"620\" \/>\n\t<meta property=\"og:image:height\" content=\"350\" \/>\n\t<meta property=\"og:image:type\" content=\"image\/png\" \/>\n<meta name=\"twitter:card\" content=\"summary_large_image\" \/>\n<meta name=\"twitter:site\" content=\"@diocesecharente\" \/>\n<meta name=\"twitter:label1\" content=\"Dur\u00e9e de lecture estim\u00e9e\" \/>\n\t<meta name=\"twitter:data1\" content=\"2 minutes\" \/>\n<script type=\"application\/ld+json\" class=\"yoast-schema-graph\">{\"@context\":\"https:\/\/schema.org\",\"@graph\":[{\"@type\":\"WebPage\",\"@id\":\"https:\/\/charente.catholique.fr\/grand-angouleme\/agenda\/messe-pour-lentree-en-conclave-des-cardinaux\/\",\"url\":\"https:\/\/charente.catholique.fr\/grand-angouleme\/agenda\/messe-pour-lentree-en-conclave-des-cardinaux\/\",\"name\":\"Messe pour l\u2019entr\u00e9e en conclave des cardinaux - Doyenn\u00e9 Grand Angoul\u00eame\",\"isPartOf\":{\"@id\":\"https:\/\/charente.catholique.fr\/grand-angouleme\/#website\"},\"primaryImageOfPage\":{\"@id\":\"https:\/\/charente.catholique.fr\/grand-angouleme\/agenda\/messe-pour-lentree-en-conclave-des-cardinaux\/#primaryimage\"},\"image\":{\"@id\":\"https:\/\/charente.catholique.fr\/grand-angouleme\/agenda\/messe-pour-lentree-en-conclave-des-cardinaux\/#primaryimage\"},\"thumbnailUrl\":\"https:\/\/charente.catholique.fr\/grand-angouleme\/wp-content\/uploads\/sites\/2\/2025\/04\/conclave.png\",\"datePublished\":\"2025-05-02T12:11:00+00:00\",\"dateModified\":\"2025-05-07T08:11:22+00:00\",\"breadcrumb\":{\"@id\":\"https:\/\/charente.catholique.fr\/grand-angouleme\/agenda\/messe-pour-lentree-en-conclave-des-cardinaux\/#breadcrumb\"},\"inLanguage\":\"fr-FR\",\"potentialAction\":[{\"@type\":\"ReadAction\",\"target\":[\"https:\/\/charente.catholique.fr\/grand-angouleme\/agenda\/messe-pour-lentree-en-conclave-des-cardinaux\/\"]}]},{\"@type\":\"ImageObject\",\"inLanguage\":\"fr-FR\",\"@id\":\"https:\/\/charente.catholique.fr\/grand-angouleme\/agenda\/messe-pour-lentree-en-conclave-des-cardinaux\/#primaryimage\",\"url\":\"https:\/\/charente.catholique.fr\/grand-angouleme\/wp-content\/uploads\/sites\/2\/2025\/04\/conclave.png\",\"contentUrl\":\"https:\/\/charente.catholique.fr\/grand-angouleme\/wp-content\/uploads\/sites\/2\/2025\/04\/conclave.png\",\"width\":620,\"height\":350},{\"@type\":\"BreadcrumbList\",\"@id\":\"https:\/\/charente.catholique.fr\/grand-angouleme\/agenda\/messe-pour-lentree-en-conclave-des-cardinaux\/#breadcrumb\",\"itemListElement\":[{\"@type\":\"ListItem\",\"position\":1,\"name\":\"Accueil\",\"item\":\"https:\/\/charente.catholique.fr\/grand-angouleme\/\"},{\"@type\":\"ListItem\",\"position\":2,\"name\":\"Messe pour l\u2019entr\u00e9e en conclave des cardinaux\"}]},{\"@type\":\"WebSite\",\"@id\":\"https:\/\/charente.catholique.fr\/grand-angouleme\/#website\",\"url\":\"https:\/\/charente.catholique.fr\/grand-angouleme\/\",\"name\":\"Doyenn\u00e9 Grand Angoul\u00eame - Dioc\u00e8se d'Angoul\u00eame\",\"description\":\"Dioc\u00e8se d&#039;Angoul\u00eame\",\"publisher\":{\"@id\":\"https:\/\/charente.catholique.fr\/grand-angouleme\/#organization\"},\"potentialAction\":[{\"@type\":\"SearchAction\",\"target\":{\"@type\":\"EntryPoint\",\"urlTemplate\":\"https:\/\/charente.catholique.fr\/grand-angouleme\/?s={search_term_string}\"},\"query-input\":{\"@type\":\"PropertyValueSpecification\",\"valueRequired\":true,\"valueName\":\"search_term_string\"}}],\"inLanguage\":\"fr-FR\"},{\"@type\":\"Organization\",\"@id\":\"https:\/\/charente.catholique.fr\/grand-angouleme\/#organization\",\"name\":\"Association Dioc\u00e9saine d'Angoul\u00eame\",\"url\":\"https:\/\/charente.catholique.fr\/grand-angouleme\/\",\"logo\":{\"@type\":\"ImageObject\",\"inLanguage\":\"fr-FR\",\"@id\":\"https:\/\/charente.catholique.fr\/grand-angouleme\/#\/schema\/logo\/image\/\",\"url\":\"https:\/\/charente.catholique.fr\/grand-angouleme\/wp-content\/uploads\/sites\/2\/2020\/10\/logos.png\",\"contentUrl\":\"https:\/\/charente.catholique.fr\/grand-angouleme\/wp-content\/uploads\/sites\/2\/2020\/10\/logos.png\",\"width\":600,\"height\":257,\"caption\":\"Association Dioc\u00e9saine d'Angoul\u00eame\"},\"image\":{\"@id\":\"https:\/\/charente.catholique.fr\/grand-angouleme\/#\/schema\/logo\/image\/\"},\"sameAs\":[\"https:\/\/www.facebook.com\/EgliseCatholiqueCharente\",\"https:\/\/x.com\/diocesecharente\",\"https:\/\/www.instagram.com\/eglisecharente\",\"https:\/\/www.youtube.com\/channel\/UCByyFWApZbw3gDTiADoiAaQ\"]}]}<\/script>\n<!-- \/ Yoast SEO plugin. -->","yoast_head_json":{"title":"Messe pour l\u2019entr\u00e9e en conclave des cardinaux - Doyenn\u00e9 Grand Angoul\u00eame","robots":{"index":"index","follow":"follow","max-snippet":"max-snippet:-1","max-image-preview":"max-image-preview:large","max-video-preview":"max-video-preview:-1"},"canonical":"https:\/\/charente.catholique.fr\/grand-angouleme\/agenda\/messe-pour-lentree-en-conclave-des-cardinaux\/","og_locale":"fr_FR","og_type":"article","og_title":"Messe pour l\u2019entr\u00e9e en conclave des cardinaux - Doyenn\u00e9 Grand Angoul\u00eame","og_description":"Mercredi 7 mai \u00e0 18h \u00e0 Saint-Martial Demain, les cardinaux entrent en conclave \u00e0 Rome pour \u00e9lire le successeur du pape Fran\u00e7ois. Un moment historique et solennel pour l&#8217;\u00c9glise universelle, v\u00e9cu dans la foi, l&#8217;impatience et la confiance par les catholiques du monde entier. \u00c0 cette occasion, des messes seront c\u00e9l\u00e9br\u00e9es avec une attention particuli\u00e8re [&hellip;]","og_url":"https:\/\/charente.catholique.fr\/grand-angouleme\/agenda\/messe-pour-lentree-en-conclave-des-cardinaux\/","og_site_name":"Doyenn\u00e9 Grand Angoul\u00eame","article_publisher":"https:\/\/www.facebook.com\/EgliseCatholiqueCharente","article_modified_time":"2025-05-07T08:11:22+00:00","og_image":[{"width":620,"height":350,"url":"https:\/\/charente.catholique.fr\/grand-angouleme\/wp-content\/uploads\/sites\/2\/2025\/04\/conclave.png","type":"image\/png"}],"twitter_card":"summary_large_image","twitter_site":"@diocesecharente","twitter_misc":{"Dur\u00e9e de lecture estim\u00e9e":"2 minutes"},"schema":{"@context":"https:\/\/schema.org","@graph":[{"@type":"WebPage","@id":"https:\/\/charente.catholique.fr\/grand-angouleme\/agenda\/messe-pour-lentree-en-conclave-des-cardinaux\/","url":"https:\/\/charente.catholique.fr\/grand-angouleme\/agenda\/messe-pour-lentree-en-conclave-des-cardinaux\/","name":"Messe pour l\u2019entr\u00e9e en conclave des cardinaux - Doyenn\u00e9 Grand Angoul\u00eame","isPartOf":{"@id":"https:\/\/charente.catholique.fr\/grand-angouleme\/#website"},"primaryImageOfPage":{"@id":"https:\/\/charente.catholique.fr\/grand-angouleme\/agenda\/messe-pour-lentree-en-conclave-des-cardinaux\/#primaryimage"},"image":{"@id":"https:\/\/charente.catholique.fr\/grand-angouleme\/agenda\/messe-pour-lentree-en-conclave-des-cardinaux\/#primaryimage"},"thumbnailUrl":"https:\/\/charente.catholique.fr\/grand-angouleme\/wp-content\/uploads\/sites\/2\/2025\/04\/conclave.png","datePublished":"2025-05-02T12:11:00+00:00","dateModified":"2025-05-07T08:11:22+00:00","breadcrumb":{"@id":"https:\/\/charente.catholique.fr\/grand-angouleme\/agenda\/messe-pour-lentree-en-conclave-des-cardinaux\/#breadcrumb"},"inLanguage":"fr-FR","potentialAction":[{"@type":"ReadAction","target":["https:\/\/charente.catholique.fr\/grand-angouleme\/agenda\/messe-pour-lentree-en-conclave-des-cardinaux\/"]}]},{"@type":"ImageObject","inLanguage":"fr-FR","@id":"https:\/\/charente.catholique.fr\/grand-angouleme\/agenda\/messe-pour-lentree-en-conclave-des-cardinaux\/#primaryimage","url":"https:\/\/charente.catholique.fr\/grand-angouleme\/wp-content\/uploads\/sites\/2\/2025\/04\/conclave.png","contentUrl":"https:\/\/charente.catholique.fr\/grand-angouleme\/wp-content\/uploads\/sites\/2\/2025\/04\/conclave.png","width":620,"height":350},{"@type":"BreadcrumbList","@id":"https:\/\/charente.catholique.fr\/grand-angouleme\/agenda\/messe-pour-lentree-en-conclave-des-cardinaux\/#breadcrumb","itemListElement":[{"@type":"ListItem","position":1,"name":"Accueil","item":"https:\/\/charente.catholique.fr\/grand-angouleme\/"},{"@type":"ListItem","position":2,"name":"Messe pour l\u2019entr\u00e9e en conclave des cardinaux"}]},{"@type":"WebSite","@id":"https:\/\/charente.catholique.fr\/grand-angouleme\/#website","url":"https:\/\/charente.catholique.fr\/grand-angouleme\/","name":"Doyenn\u00e9 Grand Angoul\u00eame - Dioc\u00e8se d'Angoul\u00eame","description":"Dioc\u00e8se d&#039;Angoul\u00eame","publisher":{"@id":"https:\/\/charente.catholique.fr\/grand-angouleme\/#organization"},"potentialAction":[{"@type":"SearchAction","target":{"@type":"EntryPoint","urlTemplate":"https:\/\/charente.catholique.fr\/grand-angouleme\/?s={search_term_string}"},"query-input":{"@type":"PropertyValueSpecification","valueRequired":true,"valueName":"search_term_string"}}],"inLanguage":"fr-FR"},{"@type":"Organization","@id":"https:\/\/charente.catholique.fr\/grand-angouleme\/#organization","name":"Association Dioc\u00e9saine d'Angoul\u00eame","url":"https:\/\/charente.catholique.fr\/grand-angouleme\/","logo":{"@type":"ImageObject","inLanguage":"fr-FR","@id":"https:\/\/charente.catholique.fr\/grand-angouleme\/#\/schema\/logo\/image\/","url":"https:\/\/charente.catholique.fr\/grand-angouleme\/wp-content\/uploads\/sites\/2\/2020\/10\/logos.png","contentUrl":"https:\/\/charente.catholique.fr\/grand-angouleme\/wp-content\/uploads\/sites\/2\/2020\/10\/logos.png","width":600,"height":257,"caption":"Association Dioc\u00e9saine d'Angoul\u00eame"},"image":{"@id":"https:\/\/charente.catholique.fr\/grand-angouleme\/#\/schema\/logo\/image\/"},"sameAs":["https:\/\/www.facebook.com\/EgliseCatholiqueCharente","https:\/\/x.com\/diocesecharente","https:\/\/www.instagram.com\/eglisecharente","https:\/\/www.youtube.com\/channel\/UCByyFWApZbw3gDTiADoiAaQ"]}]}},"_links":{"self":[{"href":"https:\/\/charente.catholique.fr\/grand-angouleme\/wp-json\/wp\/v2\/evenement\/27477","targetHints":{"allow":["GET"]}}],"collection":[{"href":"https:\/\/charente.catholique.fr\/grand-angouleme\/wp-json\/wp\/v2\/evenement"}],"about":[{"href":"https:\/\/charente.catholique.fr\/grand-angouleme\/wp-json\/wp\/v2\/types\/evenement"}],"author":[{"embeddable":true,"href":"https:\/\/charente.catholique.fr\/grand-angouleme\/wp-json\/wp\/v2\/users\/3"}],"version-history":[{"count":4,"href":"https:\/\/charente.catholique.fr\/grand-angouleme\/wp-json\/wp\/v2\/evenement\/27477\/revisions"}],"predecessor-version":[{"id":27541,"href":"https:\/\/charente.catholique.fr\/grand-angouleme\/wp-json\/wp\/v2\/evenement\/27477\/revisions\/27541"}],"wp:featuredmedia":[{"embeddable":true,"href":"https:\/\/charente.catholique.fr\/grand-angouleme\/wp-json\/wp\/v2\/media\/27458"}],"wp:attachment":[{"href":"https:\/\/charente.catholique.fr\/grand-angouleme\/wp-json\/wp\/v2\/media?parent=27477"}],"wp:term":[{"taxonomy":"category","embeddable":true,"href":"https:\/\/charente.catholique.fr\/grand-angouleme\/wp-json\/wp\/v2\/categories?post=27477"},{"taxonomy":"post_tag","embeddable":true,"href":"https:\/\/charente.catholique.fr\/grand-angouleme\/wp-json\/wp\/v2\/tags?post=27477"}],"curies":[{"name":"wp","href":"https:\/\/api.w.org\/{rel}","templated":true}]}}