{"id":27101,"date":"2025-03-17T21:08:54","date_gmt":"2025-03-17T20:08:54","guid":{"rendered":"https:\/\/charente.catholique.fr\/grand-angouleme\/?post_type=evenement&#038;p=27101"},"modified":"2025-03-17T21:11:10","modified_gmt":"2025-03-17T20:11:10","slug":"sortie-paroissiale-a-labbaye-de-chancelade","status":"publish","type":"evenement","link":"https:\/\/charente.catholique.fr\/grand-angouleme\/agenda\/sortie-paroissiale-a-labbaye-de-chancelade\/","title":{"rendered":"Sortie paroissiale \u00e0 l&#8217;abbaye de Chancelade"},"content":{"rendered":"\n<p>Le dimanche 11 mai prochain, nous nous rendrons \u00e0 l&#8217;abbaye de Chancelade (24). <\/p>\n\n\n\n<p>Voici le programme pour cette journ\u00e9e ensemble :<\/p>\n\n\n\n<ul class=\"wp-block-list\">\n<li>8H : Rendez-vous place du Champ de Mars de RUELLE et installation dans le bus. <\/li>\n\n\n\n<li>8H15 : D\u00e9part du bus pour l\u2019abbaye.<\/li>\n\n\n\n<li>9H30 : Arriv\u00e9e \u00e0 l\u2019abbaye de Chancelade. Pr\u00e9sentation du lieu et de la journ\u00e9e. <\/li>\n\n\n\n<li>10H30 : Messe conc\u00e9l\u00e9br\u00e9e avec les chanoines de St-Augustin.<\/li>\n\n\n\n<li>11H30 : D\u00e9marche jubilaire<\/li>\n\n\n\n<li>12H30 : Ap\u00e9ritif offert par la paroisse, suivi du repas pr\u00e9par\u00e9 par un traiteur.Des bancs et tables nous seront fournis, mais pas la vaisselle : nous devrons apporter chacun notre assiette, notre verre et nos couverts.<\/li>\n\n\n\n<li>14 H 30 : T\u00e9moignage de la communaut\u00e9 qui nous accueille,suivi de la visite de l&#8217;abbaye pour ceux qui le veulent (ou temps d\u2019\u00e9changes ou jeux)<\/li>\n\n\n\n<li>16 H: Balade autour de l\u2019abbaye ou temps libre<\/li>\n\n\n\n<li>17 H: D\u00e9part du bus.<\/li>\n\n\n\n<li>18H15 : arriv\u00e9e \u00e0 RUELLE<\/li>\n<\/ul>\n\n\n\n<p>Le co\u00fbt total de cette sortie s\u2019\u00e9l\u00e8ve \u00e0 <strong>40 Euros<\/strong> pour les plus de 20 ans. La sortie est <strong>gratuite pour les moins de 20 ans<\/strong>.<\/p>\n\n\n\n<p>Merci de remettre votre inscription avec le r\u00e8glement \u00e0 Alain Souchereau ou par courrier \u00e0 Maison paroissiale &#8211; 19 place de l\u2019\u00e9glise &#8211; 16600 Ruelle sur Touvre (ch\u00e8que \u00e0 l\u2019ordre de \u201cParoisse Notre-Dame des sources\u201d)<\/p>\n\n\n\n<p>contact : <a href=\"mailto:paroissenotredamedessources@orange.fr\">paroissenotredamedessources@orange.fr<\/a> &#8211; 05 45 65 40 53<\/p>\n\n\n\n<p>Nous esp\u00e9rons vous compter nombreux, jeunes et moins jeunes, \u00e0 cette sortie paroissiale !<\/p>\n\n\n<a href=\"https:\/\/charente.catholique.fr\/grand-angouleme\/wp-content\/uploads\/sites\/2\/2025\/03\/affiche-sortie-paroissiale-ndds-a-chancelade.pdf\" class=\"pdfemb-viewer\" style=\"\" data-width=\"max\" data-height=\"max\" data-toolbar=\"bottom\" data-toolbar-fixed=\"off\">affiche-sortie-paroissiale-ndds-a-chancelade<\/a>","protected":false},"author":27,"featured_media":27106,"template":"","meta":{"_acf_changed":false,"paroisse":["7"],"service":["0"],"footnotes":""},"categories":[1,9],"tags":[],"class_list":["post-27101","evenement","type-evenement","status-publish","has-post-thumbnail","hentry","category-actualites","category-notre-dame-des-sources"],"acf":{"start_date":"2025-05-11 08:00:00","end_date":"2025-05-11 18:15:00","location":"Abbaye de Chancelade","address":{"address":"Abbaye Notre Dame de Chancelade, Route des Carri\u00e8res, Chancelade, France","lat":45.2073925,"lng":0.6666116999999998,"zoom":14,"place_id":"ChIJlfIAlb52_0cRt_HjJir5JyE","name":"Abbaye Notre Dame de Chancelade","street_name":"Route des Carri\u00e8res","street_name_short":"Rte des Carri\u00e8res","city":"Chancelade","state":"Nouvelle-Aquitaine","post_code":24650,"country":"France","country_short":"FR"}},"yoast_head":"<!-- This site is optimized with the Yoast SEO plugin v27.1.1 - https:\/\/yoast.com\/product\/yoast-seo-wordpress\/ -->\n<title>Sortie paroissiale \u00e0 l&#039;abbaye de Chancelade - Doyenn\u00e9 Grand Angoul\u00eame<\/title>\n<meta name=\"robots\" content=\"index, follow, max-snippet:-1, max-image-preview:large, max-video-preview:-1\" \/>\n<link rel=\"canonical\" href=\"https:\/\/charente.catholique.fr\/grand-angouleme\/agenda\/sortie-paroissiale-a-labbaye-de-chancelade\/\" \/>\n<meta property=\"og:locale\" content=\"fr_FR\" \/>\n<meta property=\"og:type\" content=\"article\" \/>\n<meta property=\"og:title\" content=\"Sortie paroissiale \u00e0 l&#039;abbaye de Chancelade - Doyenn\u00e9 Grand Angoul\u00eame\" \/>\n<meta property=\"og:description\" content=\"Le dimanche 11 mai prochain, nous nous rendrons \u00e0 l&#8217;abbaye de Chancelade (24). Voici le programme pour cette journ\u00e9e ensemble : Le co\u00fbt total de cette sortie s\u2019\u00e9l\u00e8ve \u00e0 40 Euros pour les plus de 20 ans. La sortie est gratuite pour les moins de 20 ans. Merci de remettre votre inscription avec le r\u00e8glement [&hellip;]\" \/>\n<meta property=\"og:url\" content=\"https:\/\/charente.catholique.fr\/grand-angouleme\/agenda\/sortie-paroissiale-a-labbaye-de-chancelade\/\" \/>\n<meta property=\"og:site_name\" content=\"Doyenn\u00e9 Grand Angoul\u00eame\" \/>\n<meta property=\"article:publisher\" content=\"https:\/\/www.facebook.com\/EgliseCatholiqueCharente\" \/>\n<meta property=\"article:modified_time\" content=\"2025-03-17T20:11:10+00:00\" \/>\n<meta property=\"og:image\" content=\"https:\/\/charente.catholique.fr\/grand-angouleme\/wp-content\/uploads\/sites\/2\/2025\/03\/abbaye-de-chancelade-06.jpg\" \/>\n\t<meta property=\"og:image:width\" content=\"1024\" \/>\n\t<meta property=\"og:image:height\" content=\"696\" \/>\n\t<meta property=\"og:image:type\" content=\"image\/jpeg\" \/>\n<meta name=\"twitter:card\" content=\"summary_large_image\" \/>\n<meta name=\"twitter:site\" content=\"@diocesecharente\" \/>\n<meta name=\"twitter:label1\" content=\"Dur\u00e9e de lecture estim\u00e9e\" \/>\n\t<meta name=\"twitter:data1\" content=\"2 minutes\" \/>\n<script type=\"application\/ld+json\" class=\"yoast-schema-graph\">{\"@context\":\"https:\/\/schema.org\",\"@graph\":[{\"@type\":\"WebPage\",\"@id\":\"https:\/\/charente.catholique.fr\/grand-angouleme\/agenda\/sortie-paroissiale-a-labbaye-de-chancelade\/\",\"url\":\"https:\/\/charente.catholique.fr\/grand-angouleme\/agenda\/sortie-paroissiale-a-labbaye-de-chancelade\/\",\"name\":\"Sortie paroissiale \u00e0 l'abbaye de Chancelade - Doyenn\u00e9 Grand Angoul\u00eame\",\"isPartOf\":{\"@id\":\"https:\/\/charente.catholique.fr\/grand-angouleme\/#website\"},\"primaryImageOfPage\":{\"@id\":\"https:\/\/charente.catholique.fr\/grand-angouleme\/agenda\/sortie-paroissiale-a-labbaye-de-chancelade\/#primaryimage\"},\"image\":{\"@id\":\"https:\/\/charente.catholique.fr\/grand-angouleme\/agenda\/sortie-paroissiale-a-labbaye-de-chancelade\/#primaryimage\"},\"thumbnailUrl\":\"https:\/\/charente.catholique.fr\/grand-angouleme\/wp-content\/uploads\/sites\/2\/2025\/03\/abbaye-de-chancelade-06.jpg\",\"datePublished\":\"2025-03-17T20:08:54+00:00\",\"dateModified\":\"2025-03-17T20:11:10+00:00\",\"breadcrumb\":{\"@id\":\"https:\/\/charente.catholique.fr\/grand-angouleme\/agenda\/sortie-paroissiale-a-labbaye-de-chancelade\/#breadcrumb\"},\"inLanguage\":\"fr-FR\",\"potentialAction\":[{\"@type\":\"ReadAction\",\"target\":[\"https:\/\/charente.catholique.fr\/grand-angouleme\/agenda\/sortie-paroissiale-a-labbaye-de-chancelade\/\"]}]},{\"@type\":\"ImageObject\",\"inLanguage\":\"fr-FR\",\"@id\":\"https:\/\/charente.catholique.fr\/grand-angouleme\/agenda\/sortie-paroissiale-a-labbaye-de-chancelade\/#primaryimage\",\"url\":\"https:\/\/charente.catholique.fr\/grand-angouleme\/wp-content\/uploads\/sites\/2\/2025\/03\/abbaye-de-chancelade-06.jpg\",\"contentUrl\":\"https:\/\/charente.catholique.fr\/grand-angouleme\/wp-content\/uploads\/sites\/2\/2025\/03\/abbaye-de-chancelade-06.jpg\",\"width\":1024,\"height\":696},{\"@type\":\"BreadcrumbList\",\"@id\":\"https:\/\/charente.catholique.fr\/grand-angouleme\/agenda\/sortie-paroissiale-a-labbaye-de-chancelade\/#breadcrumb\",\"itemListElement\":[{\"@type\":\"ListItem\",\"position\":1,\"name\":\"Accueil\",\"item\":\"https:\/\/charente.catholique.fr\/grand-angouleme\/\"},{\"@type\":\"ListItem\",\"position\":2,\"name\":\"Sortie paroissiale \u00e0 l&#8217;abbaye de Chancelade\"}]},{\"@type\":\"WebSite\",\"@id\":\"https:\/\/charente.catholique.fr\/grand-angouleme\/#website\",\"url\":\"https:\/\/charente.catholique.fr\/grand-angouleme\/\",\"name\":\"Doyenn\u00e9 Grand Angoul\u00eame - Dioc\u00e8se d'Angoul\u00eame\",\"description\":\"Dioc\u00e8se d&#039;Angoul\u00eame\",\"publisher\":{\"@id\":\"https:\/\/charente.catholique.fr\/grand-angouleme\/#organization\"},\"potentialAction\":[{\"@type\":\"SearchAction\",\"target\":{\"@type\":\"EntryPoint\",\"urlTemplate\":\"https:\/\/charente.catholique.fr\/grand-angouleme\/?s={search_term_string}\"},\"query-input\":{\"@type\":\"PropertyValueSpecification\",\"valueRequired\":true,\"valueName\":\"search_term_string\"}}],\"inLanguage\":\"fr-FR\"},{\"@type\":\"Organization\",\"@id\":\"https:\/\/charente.catholique.fr\/grand-angouleme\/#organization\",\"name\":\"Association Dioc\u00e9saine d'Angoul\u00eame\",\"url\":\"https:\/\/charente.catholique.fr\/grand-angouleme\/\",\"logo\":{\"@type\":\"ImageObject\",\"inLanguage\":\"fr-FR\",\"@id\":\"https:\/\/charente.catholique.fr\/grand-angouleme\/#\/schema\/logo\/image\/\",\"url\":\"https:\/\/charente.catholique.fr\/grand-angouleme\/wp-content\/uploads\/sites\/2\/2020\/10\/logos.png\",\"contentUrl\":\"https:\/\/charente.catholique.fr\/grand-angouleme\/wp-content\/uploads\/sites\/2\/2020\/10\/logos.png\",\"width\":600,\"height\":257,\"caption\":\"Association Dioc\u00e9saine d'Angoul\u00eame\"},\"image\":{\"@id\":\"https:\/\/charente.catholique.fr\/grand-angouleme\/#\/schema\/logo\/image\/\"},\"sameAs\":[\"https:\/\/www.facebook.com\/EgliseCatholiqueCharente\",\"https:\/\/x.com\/diocesecharente\",\"https:\/\/www.instagram.com\/eglisecharente\",\"https:\/\/www.youtube.com\/channel\/UCByyFWApZbw3gDTiADoiAaQ\"]}]}<\/script>\n<!-- \/ Yoast SEO plugin. -->","yoast_head_json":{"title":"Sortie paroissiale \u00e0 l'abbaye de Chancelade - Doyenn\u00e9 Grand Angoul\u00eame","robots":{"index":"index","follow":"follow","max-snippet":"max-snippet:-1","max-image-preview":"max-image-preview:large","max-video-preview":"max-video-preview:-1"},"canonical":"https:\/\/charente.catholique.fr\/grand-angouleme\/agenda\/sortie-paroissiale-a-labbaye-de-chancelade\/","og_locale":"fr_FR","og_type":"article","og_title":"Sortie paroissiale \u00e0 l'abbaye de Chancelade - Doyenn\u00e9 Grand Angoul\u00eame","og_description":"Le dimanche 11 mai prochain, nous nous rendrons \u00e0 l&#8217;abbaye de Chancelade (24). Voici le programme pour cette journ\u00e9e ensemble : Le co\u00fbt total de cette sortie s\u2019\u00e9l\u00e8ve \u00e0 40 Euros pour les plus de 20 ans. La sortie est gratuite pour les moins de 20 ans. Merci de remettre votre inscription avec le r\u00e8glement [&hellip;]","og_url":"https:\/\/charente.catholique.fr\/grand-angouleme\/agenda\/sortie-paroissiale-a-labbaye-de-chancelade\/","og_site_name":"Doyenn\u00e9 Grand Angoul\u00eame","article_publisher":"https:\/\/www.facebook.com\/EgliseCatholiqueCharente","article_modified_time":"2025-03-17T20:11:10+00:00","og_image":[{"width":1024,"height":696,"url":"https:\/\/charente.catholique.fr\/grand-angouleme\/wp-content\/uploads\/sites\/2\/2025\/03\/abbaye-de-chancelade-06.jpg","type":"image\/jpeg"}],"twitter_card":"summary_large_image","twitter_site":"@diocesecharente","twitter_misc":{"Dur\u00e9e de lecture estim\u00e9e":"2 minutes"},"schema":{"@context":"https:\/\/schema.org","@graph":[{"@type":"WebPage","@id":"https:\/\/charente.catholique.fr\/grand-angouleme\/agenda\/sortie-paroissiale-a-labbaye-de-chancelade\/","url":"https:\/\/charente.catholique.fr\/grand-angouleme\/agenda\/sortie-paroissiale-a-labbaye-de-chancelade\/","name":"Sortie paroissiale \u00e0 l'abbaye de Chancelade - Doyenn\u00e9 Grand Angoul\u00eame","isPartOf":{"@id":"https:\/\/charente.catholique.fr\/grand-angouleme\/#website"},"primaryImageOfPage":{"@id":"https:\/\/charente.catholique.fr\/grand-angouleme\/agenda\/sortie-paroissiale-a-labbaye-de-chancelade\/#primaryimage"},"image":{"@id":"https:\/\/charente.catholique.fr\/grand-angouleme\/agenda\/sortie-paroissiale-a-labbaye-de-chancelade\/#primaryimage"},"thumbnailUrl":"https:\/\/charente.catholique.fr\/grand-angouleme\/wp-content\/uploads\/sites\/2\/2025\/03\/abbaye-de-chancelade-06.jpg","datePublished":"2025-03-17T20:08:54+00:00","dateModified":"2025-03-17T20:11:10+00:00","breadcrumb":{"@id":"https:\/\/charente.catholique.fr\/grand-angouleme\/agenda\/sortie-paroissiale-a-labbaye-de-chancelade\/#breadcrumb"},"inLanguage":"fr-FR","potentialAction":[{"@type":"ReadAction","target":["https:\/\/charente.catholique.fr\/grand-angouleme\/agenda\/sortie-paroissiale-a-labbaye-de-chancelade\/"]}]},{"@type":"ImageObject","inLanguage":"fr-FR","@id":"https:\/\/charente.catholique.fr\/grand-angouleme\/agenda\/sortie-paroissiale-a-labbaye-de-chancelade\/#primaryimage","url":"https:\/\/charente.catholique.fr\/grand-angouleme\/wp-content\/uploads\/sites\/2\/2025\/03\/abbaye-de-chancelade-06.jpg","contentUrl":"https:\/\/charente.catholique.fr\/grand-angouleme\/wp-content\/uploads\/sites\/2\/2025\/03\/abbaye-de-chancelade-06.jpg","width":1024,"height":696},{"@type":"BreadcrumbList","@id":"https:\/\/charente.catholique.fr\/grand-angouleme\/agenda\/sortie-paroissiale-a-labbaye-de-chancelade\/#breadcrumb","itemListElement":[{"@type":"ListItem","position":1,"name":"Accueil","item":"https:\/\/charente.catholique.fr\/grand-angouleme\/"},{"@type":"ListItem","position":2,"name":"Sortie paroissiale \u00e0 l&#8217;abbaye de Chancelade"}]},{"@type":"WebSite","@id":"https:\/\/charente.catholique.fr\/grand-angouleme\/#website","url":"https:\/\/charente.catholique.fr\/grand-angouleme\/","name":"Doyenn\u00e9 Grand Angoul\u00eame - Dioc\u00e8se d'Angoul\u00eame","description":"Dioc\u00e8se d&#039;Angoul\u00eame","publisher":{"@id":"https:\/\/charente.catholique.fr\/grand-angouleme\/#organization"},"potentialAction":[{"@type":"SearchAction","target":{"@type":"EntryPoint","urlTemplate":"https:\/\/charente.catholique.fr\/grand-angouleme\/?s={search_term_string}"},"query-input":{"@type":"PropertyValueSpecification","valueRequired":true,"valueName":"search_term_string"}}],"inLanguage":"fr-FR"},{"@type":"Organization","@id":"https:\/\/charente.catholique.fr\/grand-angouleme\/#organization","name":"Association Dioc\u00e9saine d'Angoul\u00eame","url":"https:\/\/charente.catholique.fr\/grand-angouleme\/","logo":{"@type":"ImageObject","inLanguage":"fr-FR","@id":"https:\/\/charente.catholique.fr\/grand-angouleme\/#\/schema\/logo\/image\/","url":"https:\/\/charente.catholique.fr\/grand-angouleme\/wp-content\/uploads\/sites\/2\/2020\/10\/logos.png","contentUrl":"https:\/\/charente.catholique.fr\/grand-angouleme\/wp-content\/uploads\/sites\/2\/2020\/10\/logos.png","width":600,"height":257,"caption":"Association Dioc\u00e9saine d'Angoul\u00eame"},"image":{"@id":"https:\/\/charente.catholique.fr\/grand-angouleme\/#\/schema\/logo\/image\/"},"sameAs":["https:\/\/www.facebook.com\/EgliseCatholiqueCharente","https:\/\/x.com\/diocesecharente","https:\/\/www.instagram.com\/eglisecharente","https:\/\/www.youtube.com\/channel\/UCByyFWApZbw3gDTiADoiAaQ"]}]}},"_links":{"self":[{"href":"https:\/\/charente.catholique.fr\/grand-angouleme\/wp-json\/wp\/v2\/evenement\/27101","targetHints":{"allow":["GET"]}}],"collection":[{"href":"https:\/\/charente.catholique.fr\/grand-angouleme\/wp-json\/wp\/v2\/evenement"}],"about":[{"href":"https:\/\/charente.catholique.fr\/grand-angouleme\/wp-json\/wp\/v2\/types\/evenement"}],"author":[{"embeddable":true,"href":"https:\/\/charente.catholique.fr\/grand-angouleme\/wp-json\/wp\/v2\/users\/27"}],"version-history":[{"count":2,"href":"https:\/\/charente.catholique.fr\/grand-angouleme\/wp-json\/wp\/v2\/evenement\/27101\/revisions"}],"predecessor-version":[{"id":27107,"href":"https:\/\/charente.catholique.fr\/grand-angouleme\/wp-json\/wp\/v2\/evenement\/27101\/revisions\/27107"}],"wp:featuredmedia":[{"embeddable":true,"href":"https:\/\/charente.catholique.fr\/grand-angouleme\/wp-json\/wp\/v2\/media\/27106"}],"wp:attachment":[{"href":"https:\/\/charente.catholique.fr\/grand-angouleme\/wp-json\/wp\/v2\/media?parent=27101"}],"wp:term":[{"taxonomy":"category","embeddable":true,"href":"https:\/\/charente.catholique.fr\/grand-angouleme\/wp-json\/wp\/v2\/categories?post=27101"},{"taxonomy":"post_tag","embeddable":true,"href":"https:\/\/charente.catholique.fr\/grand-angouleme\/wp-json\/wp\/v2\/tags?post=27101"}],"curies":[{"name":"wp","href":"https:\/\/api.w.org\/{rel}","templated":true}]}}