{"id":24081,"date":"2024-05-12T11:39:05","date_gmt":"2024-05-12T09:39:05","guid":{"rendered":"https:\/\/charente.catholique.fr\/grand-angouleme\/?post_type=evenement&#038;p=24081"},"modified":"2024-06-11T12:00:23","modified_gmt":"2024-06-11T10:00:23","slug":"exposition-photos-de-gerald-jamin-regard-de-regard","status":"publish","type":"evenement","link":"https:\/\/charente.catholique.fr\/grand-angouleme\/agenda\/exposition-photos-de-gerald-jamin-regard-de-regard\/","title":{"rendered":"Exposition photos de G\u00e9rald Jamin &#8220;Regard de Regard&#8221;"},"content":{"rendered":"\n<p class=\"has-medium-font-size\">L&#8217;\u2019association \u201cD\u00e9ambulations Mystiques\u201d vous invite \u00e0 l\u2019exposition photos \u201cRegard de Regard\u201d de G\u00e9rald Jamin du 30 mai au 31 ao\u00fbt 2024. L\u2019exposition est visible tous les samedis et dimanches de 14h \u00e0 16h30 ou sur rendez-vous au 06 33 70 44 60\u00a0\u00e0 B\u00e9thanie 9, rue Fanfrelin Angoul\u00eame.<\/p>\n\n\n\n<div style=\"height:25px\" aria-hidden=\"true\" class=\"wp-block-spacer\"><\/div>\n\n\n<div class=\"wp-block-image\">\n<figure class=\"aligncenter size-large is-resized\"><img loading=\"lazy\" decoding=\"async\" width=\"764\" height=\"1080\" src=\"https:\/\/charente.catholique.fr\/grand-angouleme\/wp-content\/uploads\/sites\/2\/2024\/06\/2024-05_Deambulations-mystiques-2-764x1080.png\" alt=\"\" class=\"wp-image-24341\" style=\"width:626px;height:auto\" srcset=\"https:\/\/charente.catholique.fr\/grand-angouleme\/wp-content\/uploads\/sites\/2\/2024\/06\/2024-05_Deambulations-mystiques-2-764x1080.png 764w, https:\/\/charente.catholique.fr\/grand-angouleme\/wp-content\/uploads\/sites\/2\/2024\/06\/2024-05_Deambulations-mystiques-2-212x300.png 212w, https:\/\/charente.catholique.fr\/grand-angouleme\/wp-content\/uploads\/sites\/2\/2024\/06\/2024-05_Deambulations-mystiques-2-768x1086.png 768w, https:\/\/charente.catholique.fr\/grand-angouleme\/wp-content\/uploads\/sites\/2\/2024\/06\/2024-05_Deambulations-mystiques-2-1086x1536.png 1086w, https:\/\/charente.catholique.fr\/grand-angouleme\/wp-content\/uploads\/sites\/2\/2024\/06\/2024-05_Deambulations-mystiques-2-1320x1867.png 1320w, https:\/\/charente.catholique.fr\/grand-angouleme\/wp-content\/uploads\/sites\/2\/2024\/06\/2024-05_Deambulations-mystiques-2.png 1414w\" sizes=\"auto, (max-width: 764px) 100vw, 764px\" \/><\/figure>\n<\/div>\n\n\n<div class=\"wp-block-file\"><a id=\"wp-block-file--media-e40723af-de85-42f5-ad04-f7543999ec13\" href=\"https:\/\/charente.catholique.fr\/grand-angouleme\/wp-content\/uploads\/sites\/2\/2024\/06\/2024-05_Deambulations-mystiques.pdf\">2024-05_Deambulations-mystiques<\/a><a href=\"https:\/\/charente.catholique.fr\/grand-angouleme\/wp-content\/uploads\/sites\/2\/2024\/06\/2024-05_Deambulations-mystiques.pdf\" class=\"wp-block-file__button wp-element-button\" download aria-describedby=\"wp-block-file--media-e40723af-de85-42f5-ad04-f7543999ec13\">T\u00e9l\u00e9charger<\/a><\/div>\n\n\n\n<blockquote class=\"wp-block-quote is-layout-flow wp-block-quote-is-layout-flow\">\n<p>&#8211; Que voyez-vous ?<br>&#8211; Eh bien, je vois un grand porche et au pied de ce porche un homme assis ; et, au-dessus du porche, un homme assis \u00e9galement, jambes pendantes. Bien dangereux !<br>&#8211; Recommencez Monsieur 33.<br>&#8211; Si vous voulez. Donc en bas un homme assis, un porche et en haut un homme assis.<br>&#8211; Encore.<br>&#8211; En bas un homme assis, un porche, en haut un homme assis et puis un porche et puis en bas un homme assis et puis un porche et puis un homme assis et puis&#8230;\u00c7a commence \u00e0 me donner le tournis.<br>&#8211; C&#8217;est exactement \u00e7a : \u00e7a vous donne le tournis !Mais je vais vous l&#8217;agrandir un peu ce qui fait qu&#8217;en haut l&#8217;homme assis va dispara\u00eetre. Maintenant que voyez-vous ?<br>&#8211; Eh bien, toujours cet homme assis sur le sol et puis derri\u00e8re lui un grand porche.<br>&#8211; Pouvez-vous me d\u00e9crire l&#8217;un et l&#8217;autre ?<br>&#8211; Donc, cet homme assis semble emmitoufl\u00e9 dans une djellaba\u2026je dirais marron et noire&#8230;<br>&#8211; Brun ! Sur la palette du peintre il n&#8217;y a pas de marron, il n&#8217;y a que des bruns\u2026<br>&#8211; Admettons. Noire et brune, voire s\u00e9pia, et, derri\u00e8re, un grand porche dont la porte est richement sculpt\u00e9e dans des tons de bleu, je dirais m\u00eame de bleu frisant le bleu Klein.<br>&#8211; Et que pensez-vous de cette alliance ?<br>&#8211; Cet homme ressemble \u00e0 un mendiant ce qui contraste pour le moins avec la richesse du porche devant lequel il est assis.<br>&#8211; Et les couleurs ?<br>&#8211; Je dirais que les couleurs du mendiant sont chaudes quand celles du porche sont froides, comme s&#8217;il lui refusait l&#8217;entr\u00e9e en quelque sorte.<br>Et en quoi cela diff\u00e8re-t-il de la premi\u00e8re vision ?<br>&#8211; Il me semble Monsieur 33 que vous m&#8217;aviez dit avoir eu le tournis. En effet, ce qui se passait dans la premi\u00e8re photo, compl\u00e8te, tient \u00e0 ce que votre \u0153il allant d\u2019un personnage \u00e0 l\u2019autre et retour, comme un yoyo, vous ne pouviez pas savoir ce que le photographe avait vu et par l\u00e0 nous donnait \u00e0 voir. En revanche, en recadrant la photo, le mendiant est devenu le centre d\u2019int\u00e9r\u00eat et, du m\u00eame coup, vous avez pu remarquer la structure de la porte et le contraste entre ces deux \u00e9l\u00e9ments de la sc\u00e8ne. Bref, vous avez pu rep\u00e9rer ce que moi j\u2019avais vu et par l\u00e0 vous donnais \u00e0 voir.<br>&#8211; Tr\u00e8s fort ! Gr\u00e2ce \u00e0 votre simple recadrage, nous avons en quelque sorte acc\u00e9d\u00e9 \u00e0 Un regard de regard comme l&#8217;on dit.<br>&#8211; Mais encore ?<br>&#8211; Lorsqu&#8217;un spectateur est face \u00e0 une \u0153uvre d&#8217;art, de fa\u00e7on quasiment inquisitrice il cherche \u00e0 rep\u00e9rer ce que l&#8217;artiste a regard\u00e9.<br>Effectivement, en y repensant, tant dans la photo du porche que celle du d\u00e9sert, je n&#8217;avais pas trop id\u00e9e de ce que votre ami avait vu. Mais les deux photos sont tout de m\u00eame tr\u00e8s belles.<br>&#8211; Monsieur 33, \u00eates-vous all\u00e9 d\u00e9j\u00e0 \u00e0 Florence<br>&#8211; Oui<br>&#8211; Et avez-vous visit\u00e9 le mus\u00e9e des offices ?<br>&#8211; Bien s\u00fbr.<br>&#8211; Avez-vous vu la Naissance de V\u00e9nus de Botticelli ?<br>-Difficile, de rater ce chef d\u2019\u0153uvre !<br>&#8211; Et qu&#8217;en avez-vous pens\u00e9 ?<br>&#8211; C&#8217;est une composition absolument magnifique, qui m&#8217;a toujours sid\u00e9r\u00e9.<br>&#8211; Et pourriez-vous dire qu&#8217;une photographie de la V\u00e9nus de Botticelli est magnifique ?<br>&#8211; \u00c9videmment non.<br>&#8211; Et bien pour moi, la photographie de ce magnifique d\u00e9sert n&#8217;est pas magnifique en tant que photographie. Comme pour la V\u00e9nus, c&#8217;est le sujet, en l\u2019occurrence le paysage qui l\u2019est.<br>Voil\u00e0 pourquoi, concernant le talent de mon ami, je suis\u2026<br>Comment disiez-vous d\u00e9j\u00e0 ?<br>&#8211; Dubitatif\u2026<\/p>\n<cite>LUMINIS ASPECTU REDAMETUR LUMINIS AUTOR<br>Que l&#8217;auteur de la lumi\u00e8re soit aim\u00e9 \u00e0 la vue de la lumi\u00e8re<\/cite><\/blockquote>\n\n\n\n<p><\/p>\n\n\n\n<p><em>*G\u00e9rald Jamin, m\u00e9decin en soins palliatifs, \u00e9tait venu l&#8217;ann\u00e9e derni\u00e8re proposer \u00e0 partir des&nbsp;derniers&nbsp;moments du Christ (la C\u00e8ne, Geths\u00e9mani et les 7 paroles du Christ en Croix) une r\u00e9flexion sur le chemin de solitude et d\u2019apaisement que peut emprunter un patient en fin de vie.<\/em><\/p>\n","protected":false},"author":5,"featured_media":24090,"template":"","meta":{"_acf_changed":false,"paroisse":["0"],"service":["0"],"footnotes":""},"categories":[5],"tags":[],"class_list":["post-24081","evenement","type-evenement","status-publish","has-post-thumbnail","hentry","category-ma-campagne-saint-jean-baptiste","validated"],"acf":{"start_date":"2024-05-30 19:00:00","end_date":"2024-08-30 00:00:00","location":"B\u00e9thanie","address":{"address":"9 Rue Fanfrelin, Angoul\u00eame, France","lat":45.6479852,"lng":0.1600089,"zoom":14,"place_id":"ChIJ4TpagHAy_kcRKbxIQ5oj2rA","name":"9 Rue Fanfrelin","street_number":9,"street_name":"Rue Fanfrelin","city":"Angoul\u00eame","state":"Nouvelle-Aquitaine","post_code":16000,"country":"France","country_short":"FR"}},"yoast_head":"<!-- This site is optimized with the Yoast SEO plugin v27.1.1 - https:\/\/yoast.com\/product\/yoast-seo-wordpress\/ -->\n<title>Exposition photos de G\u00e9rald Jamin &quot;Regard de Regard&quot; - Doyenn\u00e9 Grand Angoul\u00eame<\/title>\n<meta name=\"robots\" content=\"index, follow, max-snippet:-1, max-image-preview:large, max-video-preview:-1\" \/>\n<link rel=\"canonical\" href=\"https:\/\/charente.catholique.fr\/grand-angouleme\/agenda\/exposition-photos-de-gerald-jamin-regard-de-regard\/\" \/>\n<meta property=\"og:locale\" content=\"fr_FR\" \/>\n<meta property=\"og:type\" content=\"article\" \/>\n<meta property=\"og:title\" content=\"Exposition photos de G\u00e9rald Jamin &quot;Regard de Regard&quot; - Doyenn\u00e9 Grand Angoul\u00eame\" \/>\n<meta property=\"og:description\" content=\"L&#8217;\u2019association \u201cD\u00e9ambulations Mystiques\u201d vous invite \u00e0 l\u2019exposition photos \u201cRegard de Regard\u201d de G\u00e9rald Jamin du 30 mai au 31 ao\u00fbt 2024. L\u2019exposition est visible tous les samedis et dimanches de 14h \u00e0 16h30 ou sur rendez-vous au 06 33 70 44 60\u00a0\u00e0 B\u00e9thanie 9, rue Fanfrelin Angoul\u00eame. &#8211; Que voyez-vous ?&#8211; Eh bien, je vois [&hellip;]\" \/>\n<meta property=\"og:url\" content=\"https:\/\/charente.catholique.fr\/grand-angouleme\/agenda\/exposition-photos-de-gerald-jamin-regard-de-regard\/\" \/>\n<meta property=\"og:site_name\" content=\"Doyenn\u00e9 Grand Angoul\u00eame\" \/>\n<meta property=\"article:publisher\" content=\"https:\/\/www.facebook.com\/EgliseCatholiqueCharente\" \/>\n<meta property=\"article:modified_time\" content=\"2024-06-11T10:00:23+00:00\" \/>\n<meta property=\"og:image\" content=\"https:\/\/charente.catholique.fr\/grand-angouleme\/wp-content\/uploads\/sites\/2\/2024\/05\/affiche-1.2-17x23-1-scaled-e1715507183106.jpg\" \/>\n\t<meta property=\"og:image:width\" content=\"1890\" \/>\n\t<meta property=\"og:image:height\" content=\"1497\" \/>\n\t<meta property=\"og:image:type\" content=\"image\/jpeg\" \/>\n<meta name=\"twitter:card\" content=\"summary_large_image\" \/>\n<meta name=\"twitter:site\" content=\"@diocesecharente\" \/>\n<meta name=\"twitter:label1\" content=\"Dur\u00e9e de lecture estim\u00e9e\" \/>\n\t<meta name=\"twitter:data1\" content=\"1 minute\" \/>\n<script type=\"application\/ld+json\" class=\"yoast-schema-graph\">{\"@context\":\"https:\/\/schema.org\",\"@graph\":[{\"@type\":\"WebPage\",\"@id\":\"https:\/\/charente.catholique.fr\/grand-angouleme\/agenda\/exposition-photos-de-gerald-jamin-regard-de-regard\/\",\"url\":\"https:\/\/charente.catholique.fr\/grand-angouleme\/agenda\/exposition-photos-de-gerald-jamin-regard-de-regard\/\",\"name\":\"Exposition photos de G\u00e9rald Jamin \\\"Regard de Regard\\\" - Doyenn\u00e9 Grand Angoul\u00eame\",\"isPartOf\":{\"@id\":\"https:\/\/charente.catholique.fr\/grand-angouleme\/#website\"},\"primaryImageOfPage\":{\"@id\":\"https:\/\/charente.catholique.fr\/grand-angouleme\/agenda\/exposition-photos-de-gerald-jamin-regard-de-regard\/#primaryimage\"},\"image\":{\"@id\":\"https:\/\/charente.catholique.fr\/grand-angouleme\/agenda\/exposition-photos-de-gerald-jamin-regard-de-regard\/#primaryimage\"},\"thumbnailUrl\":\"https:\/\/charente.catholique.fr\/grand-angouleme\/wp-content\/uploads\/sites\/2\/2024\/05\/affiche-1.2-17x23-1-scaled-e1715507183106.jpg\",\"datePublished\":\"2024-05-12T09:39:05+00:00\",\"dateModified\":\"2024-06-11T10:00:23+00:00\",\"breadcrumb\":{\"@id\":\"https:\/\/charente.catholique.fr\/grand-angouleme\/agenda\/exposition-photos-de-gerald-jamin-regard-de-regard\/#breadcrumb\"},\"inLanguage\":\"fr-FR\",\"potentialAction\":[{\"@type\":\"ReadAction\",\"target\":[\"https:\/\/charente.catholique.fr\/grand-angouleme\/agenda\/exposition-photos-de-gerald-jamin-regard-de-regard\/\"]}]},{\"@type\":\"ImageObject\",\"inLanguage\":\"fr-FR\",\"@id\":\"https:\/\/charente.catholique.fr\/grand-angouleme\/agenda\/exposition-photos-de-gerald-jamin-regard-de-regard\/#primaryimage\",\"url\":\"https:\/\/charente.catholique.fr\/grand-angouleme\/wp-content\/uploads\/sites\/2\/2024\/05\/affiche-1.2-17x23-1-scaled-e1715507183106.jpg\",\"contentUrl\":\"https:\/\/charente.catholique.fr\/grand-angouleme\/wp-content\/uploads\/sites\/2\/2024\/05\/affiche-1.2-17x23-1-scaled-e1715507183106.jpg\",\"width\":1890,\"height\":1497,\"caption\":\"Photo G\u00e9rald Jamin\"},{\"@type\":\"BreadcrumbList\",\"@id\":\"https:\/\/charente.catholique.fr\/grand-angouleme\/agenda\/exposition-photos-de-gerald-jamin-regard-de-regard\/#breadcrumb\",\"itemListElement\":[{\"@type\":\"ListItem\",\"position\":1,\"name\":\"Accueil\",\"item\":\"https:\/\/charente.catholique.fr\/grand-angouleme\/\"},{\"@type\":\"ListItem\",\"position\":2,\"name\":\"Exposition photos de G\u00e9rald Jamin &#8220;Regard de Regard&#8221;\"}]},{\"@type\":\"WebSite\",\"@id\":\"https:\/\/charente.catholique.fr\/grand-angouleme\/#website\",\"url\":\"https:\/\/charente.catholique.fr\/grand-angouleme\/\",\"name\":\"Doyenn\u00e9 Grand Angoul\u00eame - Dioc\u00e8se d'Angoul\u00eame\",\"description\":\"Dioc\u00e8se d&#039;Angoul\u00eame\",\"publisher\":{\"@id\":\"https:\/\/charente.catholique.fr\/grand-angouleme\/#organization\"},\"potentialAction\":[{\"@type\":\"SearchAction\",\"target\":{\"@type\":\"EntryPoint\",\"urlTemplate\":\"https:\/\/charente.catholique.fr\/grand-angouleme\/?s={search_term_string}\"},\"query-input\":{\"@type\":\"PropertyValueSpecification\",\"valueRequired\":true,\"valueName\":\"search_term_string\"}}],\"inLanguage\":\"fr-FR\"},{\"@type\":\"Organization\",\"@id\":\"https:\/\/charente.catholique.fr\/grand-angouleme\/#organization\",\"name\":\"Association Dioc\u00e9saine d'Angoul\u00eame\",\"url\":\"https:\/\/charente.catholique.fr\/grand-angouleme\/\",\"logo\":{\"@type\":\"ImageObject\",\"inLanguage\":\"fr-FR\",\"@id\":\"https:\/\/charente.catholique.fr\/grand-angouleme\/#\/schema\/logo\/image\/\",\"url\":\"https:\/\/charente.catholique.fr\/grand-angouleme\/wp-content\/uploads\/sites\/2\/2020\/10\/logos.png\",\"contentUrl\":\"https:\/\/charente.catholique.fr\/grand-angouleme\/wp-content\/uploads\/sites\/2\/2020\/10\/logos.png\",\"width\":600,\"height\":257,\"caption\":\"Association Dioc\u00e9saine d'Angoul\u00eame\"},\"image\":{\"@id\":\"https:\/\/charente.catholique.fr\/grand-angouleme\/#\/schema\/logo\/image\/\"},\"sameAs\":[\"https:\/\/www.facebook.com\/EgliseCatholiqueCharente\",\"https:\/\/x.com\/diocesecharente\",\"https:\/\/www.instagram.com\/eglisecharente\",\"https:\/\/www.youtube.com\/channel\/UCByyFWApZbw3gDTiADoiAaQ\"]}]}<\/script>\n<!-- \/ Yoast SEO plugin. -->","yoast_head_json":{"title":"Exposition photos de G\u00e9rald Jamin \"Regard de Regard\" - Doyenn\u00e9 Grand Angoul\u00eame","robots":{"index":"index","follow":"follow","max-snippet":"max-snippet:-1","max-image-preview":"max-image-preview:large","max-video-preview":"max-video-preview:-1"},"canonical":"https:\/\/charente.catholique.fr\/grand-angouleme\/agenda\/exposition-photos-de-gerald-jamin-regard-de-regard\/","og_locale":"fr_FR","og_type":"article","og_title":"Exposition photos de G\u00e9rald Jamin \"Regard de Regard\" - Doyenn\u00e9 Grand Angoul\u00eame","og_description":"L&#8217;\u2019association \u201cD\u00e9ambulations Mystiques\u201d vous invite \u00e0 l\u2019exposition photos \u201cRegard de Regard\u201d de G\u00e9rald Jamin du 30 mai au 31 ao\u00fbt 2024. L\u2019exposition est visible tous les samedis et dimanches de 14h \u00e0 16h30 ou sur rendez-vous au 06 33 70 44 60\u00a0\u00e0 B\u00e9thanie 9, rue Fanfrelin Angoul\u00eame. &#8211; Que voyez-vous ?&#8211; Eh bien, je vois [&hellip;]","og_url":"https:\/\/charente.catholique.fr\/grand-angouleme\/agenda\/exposition-photos-de-gerald-jamin-regard-de-regard\/","og_site_name":"Doyenn\u00e9 Grand Angoul\u00eame","article_publisher":"https:\/\/www.facebook.com\/EgliseCatholiqueCharente","article_modified_time":"2024-06-11T10:00:23+00:00","og_image":[{"width":1890,"height":1497,"url":"https:\/\/charente.catholique.fr\/grand-angouleme\/wp-content\/uploads\/sites\/2\/2024\/05\/affiche-1.2-17x23-1-scaled-e1715507183106.jpg","type":"image\/jpeg"}],"twitter_card":"summary_large_image","twitter_site":"@diocesecharente","twitter_misc":{"Dur\u00e9e de lecture estim\u00e9e":"1 minute"},"schema":{"@context":"https:\/\/schema.org","@graph":[{"@type":"WebPage","@id":"https:\/\/charente.catholique.fr\/grand-angouleme\/agenda\/exposition-photos-de-gerald-jamin-regard-de-regard\/","url":"https:\/\/charente.catholique.fr\/grand-angouleme\/agenda\/exposition-photos-de-gerald-jamin-regard-de-regard\/","name":"Exposition photos de G\u00e9rald Jamin \"Regard de Regard\" - Doyenn\u00e9 Grand Angoul\u00eame","isPartOf":{"@id":"https:\/\/charente.catholique.fr\/grand-angouleme\/#website"},"primaryImageOfPage":{"@id":"https:\/\/charente.catholique.fr\/grand-angouleme\/agenda\/exposition-photos-de-gerald-jamin-regard-de-regard\/#primaryimage"},"image":{"@id":"https:\/\/charente.catholique.fr\/grand-angouleme\/agenda\/exposition-photos-de-gerald-jamin-regard-de-regard\/#primaryimage"},"thumbnailUrl":"https:\/\/charente.catholique.fr\/grand-angouleme\/wp-content\/uploads\/sites\/2\/2024\/05\/affiche-1.2-17x23-1-scaled-e1715507183106.jpg","datePublished":"2024-05-12T09:39:05+00:00","dateModified":"2024-06-11T10:00:23+00:00","breadcrumb":{"@id":"https:\/\/charente.catholique.fr\/grand-angouleme\/agenda\/exposition-photos-de-gerald-jamin-regard-de-regard\/#breadcrumb"},"inLanguage":"fr-FR","potentialAction":[{"@type":"ReadAction","target":["https:\/\/charente.catholique.fr\/grand-angouleme\/agenda\/exposition-photos-de-gerald-jamin-regard-de-regard\/"]}]},{"@type":"ImageObject","inLanguage":"fr-FR","@id":"https:\/\/charente.catholique.fr\/grand-angouleme\/agenda\/exposition-photos-de-gerald-jamin-regard-de-regard\/#primaryimage","url":"https:\/\/charente.catholique.fr\/grand-angouleme\/wp-content\/uploads\/sites\/2\/2024\/05\/affiche-1.2-17x23-1-scaled-e1715507183106.jpg","contentUrl":"https:\/\/charente.catholique.fr\/grand-angouleme\/wp-content\/uploads\/sites\/2\/2024\/05\/affiche-1.2-17x23-1-scaled-e1715507183106.jpg","width":1890,"height":1497,"caption":"Photo G\u00e9rald Jamin"},{"@type":"BreadcrumbList","@id":"https:\/\/charente.catholique.fr\/grand-angouleme\/agenda\/exposition-photos-de-gerald-jamin-regard-de-regard\/#breadcrumb","itemListElement":[{"@type":"ListItem","position":1,"name":"Accueil","item":"https:\/\/charente.catholique.fr\/grand-angouleme\/"},{"@type":"ListItem","position":2,"name":"Exposition photos de G\u00e9rald Jamin &#8220;Regard de Regard&#8221;"}]},{"@type":"WebSite","@id":"https:\/\/charente.catholique.fr\/grand-angouleme\/#website","url":"https:\/\/charente.catholique.fr\/grand-angouleme\/","name":"Doyenn\u00e9 Grand Angoul\u00eame - Dioc\u00e8se d'Angoul\u00eame","description":"Dioc\u00e8se d&#039;Angoul\u00eame","publisher":{"@id":"https:\/\/charente.catholique.fr\/grand-angouleme\/#organization"},"potentialAction":[{"@type":"SearchAction","target":{"@type":"EntryPoint","urlTemplate":"https:\/\/charente.catholique.fr\/grand-angouleme\/?s={search_term_string}"},"query-input":{"@type":"PropertyValueSpecification","valueRequired":true,"valueName":"search_term_string"}}],"inLanguage":"fr-FR"},{"@type":"Organization","@id":"https:\/\/charente.catholique.fr\/grand-angouleme\/#organization","name":"Association Dioc\u00e9saine d'Angoul\u00eame","url":"https:\/\/charente.catholique.fr\/grand-angouleme\/","logo":{"@type":"ImageObject","inLanguage":"fr-FR","@id":"https:\/\/charente.catholique.fr\/grand-angouleme\/#\/schema\/logo\/image\/","url":"https:\/\/charente.catholique.fr\/grand-angouleme\/wp-content\/uploads\/sites\/2\/2020\/10\/logos.png","contentUrl":"https:\/\/charente.catholique.fr\/grand-angouleme\/wp-content\/uploads\/sites\/2\/2020\/10\/logos.png","width":600,"height":257,"caption":"Association Dioc\u00e9saine d'Angoul\u00eame"},"image":{"@id":"https:\/\/charente.catholique.fr\/grand-angouleme\/#\/schema\/logo\/image\/"},"sameAs":["https:\/\/www.facebook.com\/EgliseCatholiqueCharente","https:\/\/x.com\/diocesecharente","https:\/\/www.instagram.com\/eglisecharente","https:\/\/www.youtube.com\/channel\/UCByyFWApZbw3gDTiADoiAaQ"]}]}},"_links":{"self":[{"href":"https:\/\/charente.catholique.fr\/grand-angouleme\/wp-json\/wp\/v2\/evenement\/24081","targetHints":{"allow":["GET"]}}],"collection":[{"href":"https:\/\/charente.catholique.fr\/grand-angouleme\/wp-json\/wp\/v2\/evenement"}],"about":[{"href":"https:\/\/charente.catholique.fr\/grand-angouleme\/wp-json\/wp\/v2\/types\/evenement"}],"author":[{"embeddable":true,"href":"https:\/\/charente.catholique.fr\/grand-angouleme\/wp-json\/wp\/v2\/users\/5"}],"version-history":[{"count":9,"href":"https:\/\/charente.catholique.fr\/grand-angouleme\/wp-json\/wp\/v2\/evenement\/24081\/revisions"}],"predecessor-version":[{"id":24343,"href":"https:\/\/charente.catholique.fr\/grand-angouleme\/wp-json\/wp\/v2\/evenement\/24081\/revisions\/24343"}],"wp:featuredmedia":[{"embeddable":true,"href":"https:\/\/charente.catholique.fr\/grand-angouleme\/wp-json\/wp\/v2\/media\/24090"}],"wp:attachment":[{"href":"https:\/\/charente.catholique.fr\/grand-angouleme\/wp-json\/wp\/v2\/media?parent=24081"}],"wp:term":[{"taxonomy":"category","embeddable":true,"href":"https:\/\/charente.catholique.fr\/grand-angouleme\/wp-json\/wp\/v2\/categories?post=24081"},{"taxonomy":"post_tag","embeddable":true,"href":"https:\/\/charente.catholique.fr\/grand-angouleme\/wp-json\/wp\/v2\/tags?post=24081"}],"curies":[{"name":"wp","href":"https:\/\/api.w.org\/{rel}","templated":true}]}}