{"id":23007,"date":"2024-01-17T09:23:07","date_gmt":"2024-01-17T08:23:07","guid":{"rendered":"https:\/\/charente.catholique.fr\/grand-angouleme\/?post_type=evenement&#038;p=23007"},"modified":"2024-01-17T10:14:28","modified_gmt":"2024-01-17T09:14:28","slug":"projection-du-film-sacerdoce","status":"publish","type":"evenement","link":"https:\/\/charente.catholique.fr\/grand-angouleme\/agenda\/projection-du-film-sacerdoce\/","title":{"rendered":"Projection du film : SACERDOCE"},"content":{"rendered":"\n<h2 class=\"wp-block-heading\">Un film pour comprendre l&#8217;appel hors du commun des pr\u00eatres.<\/h2>\n\n\n\n<p><strong>La paroisse du Sacr\u00e9 C\u0153ur vous invite \u00e0 la diffusion du film SACERDOCE le dimanche 28 janvier \u00e0 16 h au M\u00e9garama.<\/strong><\/p>\n\n\n\n<p>Depuis des si\u00e8cles, les pr\u00eatres accompagnent de nombreuses personnes dans leur vie, dans les moments de joie comme d\u2019\u00e9preuve. Alors que le scandale des abus a entach\u00e9 l\u2019\u00c9glise ces derni\u00e8res ann\u00e9es, les pr\u00eatres demeurent un myst\u00e8re. Plus qu\u2019un simple m\u00e9tier, leur fonction exige un style de vie radical, celui du c\u00e9libat, de l\u2019abandon de la paternit\u00e9 et de la sobri\u00e9t\u00e9. Antoine, pr\u00eatre vagabond, rider, sillonne l\u2019Ari\u00e8ge avec sa caravane pour \u00e9couter les villageois. Gaspard, pr\u00eatre montagnard, pousse les jeunes \u00e0 se d\u00e9passer, \u00e0 contempler la cr\u00e9ation, et \u00e0 se d\u00e9barrasser de leurs addictions. Fran\u00e7ois, vieux pr\u00eatre parisien, offre son regard d&#8217;exp\u00e9rience sur les d\u00e9fis de la pr\u00eatrise. Paul souhaite remporter le championnat de France du clerg\u00e9 \u00e0 v\u00e9lo. Le P\u00e8re Matthieu sort des milliers d&#8217;enfants des bidonvilles pour leur offrir un autre avenir. A travers eux s\u2019esquissent les enjeux de leur engagement et de la pr\u00eatrise au XXIe si\u00e8cle.<\/p>\n\n\n\n<p><strong>DES HOMMES ORDINAIRES<\/strong><\/p>\n\n\n\n<p>Les pr\u00eatres, figures saintes ou p\u00e9docriminels en puissance ? Ces caricatures refl\u00e8tent le clivage et la pol\u00e9mique autour de l\u2019image des pr\u00eatres, mais aussi de l\u2019image du Christ et de toute une culture mill\u00e9naire fran\u00e7aise et europ\u00e9enne pourtant fond\u00e9e sur cette foi.<br>Ces pr\u00eatres sont avant tout des hommes ordinaires qui disent avoir r\u00e9pondu \u00e0 un appel hors du commun : celui de la pr\u00eatrise, la responsabilit\u00e9 du sacr\u00e9.<\/p>\n\n\n\n<p>C\u2019est avec un regard sinc\u00e8re et d\u00e9cal\u00e9 que nous raconteront les histoires de quatre pr\u00eatres en France et d\u2019un pr\u00eatre missionnaire fran\u00e7ais aux Philippines.<\/p>\n\n\n\n<p>A travers le quotidien d\u2019un pr\u00eatre vagabond qui sillonne l\u2019Ari\u00e8ge avec sa caravane pour \u00e9couter les villageois, celui d\u2019un pr\u00eatre montagnard qui pousse les jeunes \u00e0 se d\u00e9passer et \u00e0 contempler la cr\u00e9ation, le regard d\u2019un vieux pr\u00eatre parisien \u2013 c\u00e9libataire par d\u00e9finition \u2013 sp\u00e9cialiste des couples et de la sensualit\u00e9; \u00e0 travers de la figure d\u2019un ex-ing\u00e9nieur de famille bourgeoise qui partage sa foi parmi les chasseurs ou encore la vie d\u2019un pr\u00eatre qui s\u2019est d\u00e9vou\u00e9 aux enfants de la rue \u00e0 Manille, nous d\u00e9couvrirons les enjeux de ce que repr\u00e9sente vraiment le sacerdoce.<\/p>\n\n\n\n<figure class=\"wp-block-embed is-type-video is-provider-youtube wp-block-embed-youtube wp-embed-aspect-16-9 wp-has-aspect-ratio\"><div class=\"wp-block-embed__wrapper\">\n<iframe loading=\"lazy\" title=\"SACERDOCE | Bande-annonce officielle | Au cin\u00e9ma le 18 octobre\" width=\"500\" height=\"281\" src=\"https:\/\/www.youtube.com\/embed\/gQ9VZSYY4AI?feature=oembed\" frameborder=\"0\" allow=\"accelerometer; autoplay; clipboard-write; encrypted-media; gyroscope; picture-in-picture; web-share\" referrerpolicy=\"strict-origin-when-cross-origin\" allowfullscreen><\/iframe>\n<\/div><\/figure>\n\n\n\n<div class=\"wp-block-file\"><a id=\"wp-block-file--media-40acedca-9ee3-478c-b5ee-0dcd586237de\" href=\"https:\/\/charente.catholique.fr\/grand-angouleme\/wp-content\/uploads\/sites\/2\/2024\/01\/Film-SACERDOCE-2024-paroisse-Sacre-Coeur.pdf\">Film-SACERDOCE-2024-paroisse-Sacre-Coeur<\/a><a href=\"https:\/\/charente.catholique.fr\/grand-angouleme\/wp-content\/uploads\/sites\/2\/2024\/01\/Film-SACERDOCE-2024-paroisse-Sacre-Coeur.pdf\" class=\"wp-block-file__button wp-element-button\" download aria-describedby=\"wp-block-file--media-40acedca-9ee3-478c-b5ee-0dcd586237de\">T\u00e9l\u00e9charger<\/a><\/div>\n","protected":false},"author":3,"featured_media":23008,"template":"","meta":{"_acf_changed":false,"paroisse":["6"],"service":["0"],"footnotes":""},"categories":[],"tags":[],"class_list":["post-23007","evenement","type-evenement","status-publish","has-post-thumbnail","hentry","validated"],"acf":{"start_date":"2024-01-28 16:00:00","end_date":"","location":"M\u00e9garama","address":{"address":"Cinescop Megarama, Sous la Penotte, Garat, France","lat":45.62939049999999,"lng":0.2303009,"zoom":14,"place_id":"ChIJU4x9koI0_kcR5nrVPYuCcyg","name":"Cinescop Megarama","street_name":"Sous la Penotte","city":"Garat","state":"Nouvelle-Aquitaine","post_code":16410,"country":"France","country_short":"FR"}},"yoast_head":"<!-- This site is optimized with the Yoast SEO plugin v27.1.1 - https:\/\/yoast.com\/product\/yoast-seo-wordpress\/ -->\n<title>Projection du film : SACERDOCE - Doyenn\u00e9 Grand Angoul\u00eame<\/title>\n<meta name=\"robots\" content=\"index, follow, max-snippet:-1, max-image-preview:large, max-video-preview:-1\" \/>\n<link rel=\"canonical\" href=\"https:\/\/charente.catholique.fr\/grand-angouleme\/agenda\/projection-du-film-sacerdoce\/\" \/>\n<meta property=\"og:locale\" content=\"fr_FR\" \/>\n<meta property=\"og:type\" content=\"article\" \/>\n<meta property=\"og:title\" content=\"Projection du film : SACERDOCE - Doyenn\u00e9 Grand Angoul\u00eame\" \/>\n<meta property=\"og:description\" content=\"Un film pour comprendre l&#8217;appel hors du commun des pr\u00eatres. La paroisse du Sacr\u00e9 C\u0153ur vous invite \u00e0 la diffusion du film SACERDOCE le dimanche 28 janvier \u00e0 16 h au M\u00e9garama. Depuis des si\u00e8cles, les pr\u00eatres accompagnent de nombreuses personnes dans leur vie, dans les moments de joie comme d\u2019\u00e9preuve. Alors que le scandale [&hellip;]\" \/>\n<meta property=\"og:url\" content=\"https:\/\/charente.catholique.fr\/grand-angouleme\/agenda\/projection-du-film-sacerdoce\/\" \/>\n<meta property=\"og:site_name\" content=\"Doyenn\u00e9 Grand Angoul\u00eame\" \/>\n<meta property=\"article:publisher\" content=\"https:\/\/www.facebook.com\/EgliseCatholiqueCharente\" \/>\n<meta property=\"article:modified_time\" content=\"2024-01-17T09:14:28+00:00\" \/>\n<meta property=\"og:image\" content=\"https:\/\/charente.catholique.fr\/grand-angouleme\/wp-content\/uploads\/sites\/2\/2024\/01\/8-fa9bb8e6.png\" \/>\n\t<meta property=\"og:image:width\" content=\"1920\" \/>\n\t<meta property=\"og:image:height\" content=\"795\" \/>\n\t<meta property=\"og:image:type\" content=\"image\/png\" \/>\n<meta name=\"twitter:card\" content=\"summary_large_image\" \/>\n<meta name=\"twitter:site\" content=\"@diocesecharente\" \/>\n<meta name=\"twitter:label1\" content=\"Dur\u00e9e de lecture estim\u00e9e\" \/>\n\t<meta name=\"twitter:data1\" content=\"3 minutes\" \/>\n<script type=\"application\/ld+json\" class=\"yoast-schema-graph\">{\"@context\":\"https:\/\/schema.org\",\"@graph\":[{\"@type\":\"WebPage\",\"@id\":\"https:\/\/charente.catholique.fr\/grand-angouleme\/agenda\/projection-du-film-sacerdoce\/\",\"url\":\"https:\/\/charente.catholique.fr\/grand-angouleme\/agenda\/projection-du-film-sacerdoce\/\",\"name\":\"Projection du film : SACERDOCE - Doyenn\u00e9 Grand Angoul\u00eame\",\"isPartOf\":{\"@id\":\"https:\/\/charente.catholique.fr\/grand-angouleme\/#website\"},\"primaryImageOfPage\":{\"@id\":\"https:\/\/charente.catholique.fr\/grand-angouleme\/agenda\/projection-du-film-sacerdoce\/#primaryimage\"},\"image\":{\"@id\":\"https:\/\/charente.catholique.fr\/grand-angouleme\/agenda\/projection-du-film-sacerdoce\/#primaryimage\"},\"thumbnailUrl\":\"https:\/\/charente.catholique.fr\/grand-angouleme\/wp-content\/uploads\/sites\/2\/2024\/01\/8-fa9bb8e6.png\",\"datePublished\":\"2024-01-17T08:23:07+00:00\",\"dateModified\":\"2024-01-17T09:14:28+00:00\",\"breadcrumb\":{\"@id\":\"https:\/\/charente.catholique.fr\/grand-angouleme\/agenda\/projection-du-film-sacerdoce\/#breadcrumb\"},\"inLanguage\":\"fr-FR\",\"potentialAction\":[{\"@type\":\"ReadAction\",\"target\":[\"https:\/\/charente.catholique.fr\/grand-angouleme\/agenda\/projection-du-film-sacerdoce\/\"]}]},{\"@type\":\"ImageObject\",\"inLanguage\":\"fr-FR\",\"@id\":\"https:\/\/charente.catholique.fr\/grand-angouleme\/agenda\/projection-du-film-sacerdoce\/#primaryimage\",\"url\":\"https:\/\/charente.catholique.fr\/grand-angouleme\/wp-content\/uploads\/sites\/2\/2024\/01\/8-fa9bb8e6.png\",\"contentUrl\":\"https:\/\/charente.catholique.fr\/grand-angouleme\/wp-content\/uploads\/sites\/2\/2024\/01\/8-fa9bb8e6.png\",\"width\":1920,\"height\":795},{\"@type\":\"BreadcrumbList\",\"@id\":\"https:\/\/charente.catholique.fr\/grand-angouleme\/agenda\/projection-du-film-sacerdoce\/#breadcrumb\",\"itemListElement\":[{\"@type\":\"ListItem\",\"position\":1,\"name\":\"Accueil\",\"item\":\"https:\/\/charente.catholique.fr\/grand-angouleme\/\"},{\"@type\":\"ListItem\",\"position\":2,\"name\":\"Projection du film : SACERDOCE\"}]},{\"@type\":\"WebSite\",\"@id\":\"https:\/\/charente.catholique.fr\/grand-angouleme\/#website\",\"url\":\"https:\/\/charente.catholique.fr\/grand-angouleme\/\",\"name\":\"Doyenn\u00e9 Grand Angoul\u00eame - Dioc\u00e8se d'Angoul\u00eame\",\"description\":\"Dioc\u00e8se d&#039;Angoul\u00eame\",\"publisher\":{\"@id\":\"https:\/\/charente.catholique.fr\/grand-angouleme\/#organization\"},\"potentialAction\":[{\"@type\":\"SearchAction\",\"target\":{\"@type\":\"EntryPoint\",\"urlTemplate\":\"https:\/\/charente.catholique.fr\/grand-angouleme\/?s={search_term_string}\"},\"query-input\":{\"@type\":\"PropertyValueSpecification\",\"valueRequired\":true,\"valueName\":\"search_term_string\"}}],\"inLanguage\":\"fr-FR\"},{\"@type\":\"Organization\",\"@id\":\"https:\/\/charente.catholique.fr\/grand-angouleme\/#organization\",\"name\":\"Association Dioc\u00e9saine d'Angoul\u00eame\",\"url\":\"https:\/\/charente.catholique.fr\/grand-angouleme\/\",\"logo\":{\"@type\":\"ImageObject\",\"inLanguage\":\"fr-FR\",\"@id\":\"https:\/\/charente.catholique.fr\/grand-angouleme\/#\/schema\/logo\/image\/\",\"url\":\"https:\/\/charente.catholique.fr\/grand-angouleme\/wp-content\/uploads\/sites\/2\/2020\/10\/logos.png\",\"contentUrl\":\"https:\/\/charente.catholique.fr\/grand-angouleme\/wp-content\/uploads\/sites\/2\/2020\/10\/logos.png\",\"width\":600,\"height\":257,\"caption\":\"Association Dioc\u00e9saine d'Angoul\u00eame\"},\"image\":{\"@id\":\"https:\/\/charente.catholique.fr\/grand-angouleme\/#\/schema\/logo\/image\/\"},\"sameAs\":[\"https:\/\/www.facebook.com\/EgliseCatholiqueCharente\",\"https:\/\/x.com\/diocesecharente\",\"https:\/\/www.instagram.com\/eglisecharente\",\"https:\/\/www.youtube.com\/channel\/UCByyFWApZbw3gDTiADoiAaQ\"]}]}<\/script>\n<!-- \/ Yoast SEO plugin. -->","yoast_head_json":{"title":"Projection du film : SACERDOCE - Doyenn\u00e9 Grand Angoul\u00eame","robots":{"index":"index","follow":"follow","max-snippet":"max-snippet:-1","max-image-preview":"max-image-preview:large","max-video-preview":"max-video-preview:-1"},"canonical":"https:\/\/charente.catholique.fr\/grand-angouleme\/agenda\/projection-du-film-sacerdoce\/","og_locale":"fr_FR","og_type":"article","og_title":"Projection du film : SACERDOCE - Doyenn\u00e9 Grand Angoul\u00eame","og_description":"Un film pour comprendre l&#8217;appel hors du commun des pr\u00eatres. La paroisse du Sacr\u00e9 C\u0153ur vous invite \u00e0 la diffusion du film SACERDOCE le dimanche 28 janvier \u00e0 16 h au M\u00e9garama. Depuis des si\u00e8cles, les pr\u00eatres accompagnent de nombreuses personnes dans leur vie, dans les moments de joie comme d\u2019\u00e9preuve. Alors que le scandale [&hellip;]","og_url":"https:\/\/charente.catholique.fr\/grand-angouleme\/agenda\/projection-du-film-sacerdoce\/","og_site_name":"Doyenn\u00e9 Grand Angoul\u00eame","article_publisher":"https:\/\/www.facebook.com\/EgliseCatholiqueCharente","article_modified_time":"2024-01-17T09:14:28+00:00","og_image":[{"width":1920,"height":795,"url":"https:\/\/charente.catholique.fr\/grand-angouleme\/wp-content\/uploads\/sites\/2\/2024\/01\/8-fa9bb8e6.png","type":"image\/png"}],"twitter_card":"summary_large_image","twitter_site":"@diocesecharente","twitter_misc":{"Dur\u00e9e de lecture estim\u00e9e":"3 minutes"},"schema":{"@context":"https:\/\/schema.org","@graph":[{"@type":"WebPage","@id":"https:\/\/charente.catholique.fr\/grand-angouleme\/agenda\/projection-du-film-sacerdoce\/","url":"https:\/\/charente.catholique.fr\/grand-angouleme\/agenda\/projection-du-film-sacerdoce\/","name":"Projection du film : SACERDOCE - Doyenn\u00e9 Grand Angoul\u00eame","isPartOf":{"@id":"https:\/\/charente.catholique.fr\/grand-angouleme\/#website"},"primaryImageOfPage":{"@id":"https:\/\/charente.catholique.fr\/grand-angouleme\/agenda\/projection-du-film-sacerdoce\/#primaryimage"},"image":{"@id":"https:\/\/charente.catholique.fr\/grand-angouleme\/agenda\/projection-du-film-sacerdoce\/#primaryimage"},"thumbnailUrl":"https:\/\/charente.catholique.fr\/grand-angouleme\/wp-content\/uploads\/sites\/2\/2024\/01\/8-fa9bb8e6.png","datePublished":"2024-01-17T08:23:07+00:00","dateModified":"2024-01-17T09:14:28+00:00","breadcrumb":{"@id":"https:\/\/charente.catholique.fr\/grand-angouleme\/agenda\/projection-du-film-sacerdoce\/#breadcrumb"},"inLanguage":"fr-FR","potentialAction":[{"@type":"ReadAction","target":["https:\/\/charente.catholique.fr\/grand-angouleme\/agenda\/projection-du-film-sacerdoce\/"]}]},{"@type":"ImageObject","inLanguage":"fr-FR","@id":"https:\/\/charente.catholique.fr\/grand-angouleme\/agenda\/projection-du-film-sacerdoce\/#primaryimage","url":"https:\/\/charente.catholique.fr\/grand-angouleme\/wp-content\/uploads\/sites\/2\/2024\/01\/8-fa9bb8e6.png","contentUrl":"https:\/\/charente.catholique.fr\/grand-angouleme\/wp-content\/uploads\/sites\/2\/2024\/01\/8-fa9bb8e6.png","width":1920,"height":795},{"@type":"BreadcrumbList","@id":"https:\/\/charente.catholique.fr\/grand-angouleme\/agenda\/projection-du-film-sacerdoce\/#breadcrumb","itemListElement":[{"@type":"ListItem","position":1,"name":"Accueil","item":"https:\/\/charente.catholique.fr\/grand-angouleme\/"},{"@type":"ListItem","position":2,"name":"Projection du film : SACERDOCE"}]},{"@type":"WebSite","@id":"https:\/\/charente.catholique.fr\/grand-angouleme\/#website","url":"https:\/\/charente.catholique.fr\/grand-angouleme\/","name":"Doyenn\u00e9 Grand Angoul\u00eame - Dioc\u00e8se d'Angoul\u00eame","description":"Dioc\u00e8se d&#039;Angoul\u00eame","publisher":{"@id":"https:\/\/charente.catholique.fr\/grand-angouleme\/#organization"},"potentialAction":[{"@type":"SearchAction","target":{"@type":"EntryPoint","urlTemplate":"https:\/\/charente.catholique.fr\/grand-angouleme\/?s={search_term_string}"},"query-input":{"@type":"PropertyValueSpecification","valueRequired":true,"valueName":"search_term_string"}}],"inLanguage":"fr-FR"},{"@type":"Organization","@id":"https:\/\/charente.catholique.fr\/grand-angouleme\/#organization","name":"Association Dioc\u00e9saine d'Angoul\u00eame","url":"https:\/\/charente.catholique.fr\/grand-angouleme\/","logo":{"@type":"ImageObject","inLanguage":"fr-FR","@id":"https:\/\/charente.catholique.fr\/grand-angouleme\/#\/schema\/logo\/image\/","url":"https:\/\/charente.catholique.fr\/grand-angouleme\/wp-content\/uploads\/sites\/2\/2020\/10\/logos.png","contentUrl":"https:\/\/charente.catholique.fr\/grand-angouleme\/wp-content\/uploads\/sites\/2\/2020\/10\/logos.png","width":600,"height":257,"caption":"Association Dioc\u00e9saine d'Angoul\u00eame"},"image":{"@id":"https:\/\/charente.catholique.fr\/grand-angouleme\/#\/schema\/logo\/image\/"},"sameAs":["https:\/\/www.facebook.com\/EgliseCatholiqueCharente","https:\/\/x.com\/diocesecharente","https:\/\/www.instagram.com\/eglisecharente","https:\/\/www.youtube.com\/channel\/UCByyFWApZbw3gDTiADoiAaQ"]}]}},"_links":{"self":[{"href":"https:\/\/charente.catholique.fr\/grand-angouleme\/wp-json\/wp\/v2\/evenement\/23007","targetHints":{"allow":["GET"]}}],"collection":[{"href":"https:\/\/charente.catholique.fr\/grand-angouleme\/wp-json\/wp\/v2\/evenement"}],"about":[{"href":"https:\/\/charente.catholique.fr\/grand-angouleme\/wp-json\/wp\/v2\/types\/evenement"}],"author":[{"embeddable":true,"href":"https:\/\/charente.catholique.fr\/grand-angouleme\/wp-json\/wp\/v2\/users\/3"}],"version-history":[{"count":4,"href":"https:\/\/charente.catholique.fr\/grand-angouleme\/wp-json\/wp\/v2\/evenement\/23007\/revisions"}],"predecessor-version":[{"id":23013,"href":"https:\/\/charente.catholique.fr\/grand-angouleme\/wp-json\/wp\/v2\/evenement\/23007\/revisions\/23013"}],"wp:featuredmedia":[{"embeddable":true,"href":"https:\/\/charente.catholique.fr\/grand-angouleme\/wp-json\/wp\/v2\/media\/23008"}],"wp:attachment":[{"href":"https:\/\/charente.catholique.fr\/grand-angouleme\/wp-json\/wp\/v2\/media?parent=23007"}],"wp:term":[{"taxonomy":"category","embeddable":true,"href":"https:\/\/charente.catholique.fr\/grand-angouleme\/wp-json\/wp\/v2\/categories?post=23007"},{"taxonomy":"post_tag","embeddable":true,"href":"https:\/\/charente.catholique.fr\/grand-angouleme\/wp-json\/wp\/v2\/tags?post=23007"}],"curies":[{"name":"wp","href":"https:\/\/api.w.org\/{rel}","templated":true}]}}