{"id":2202,"date":"2020-11-02T17:34:39","date_gmt":"2020-11-02T16:34:39","guid":{"rendered":"https:\/\/charente.catholique.fr\/grand-angouleme\/?post_type=evenement&#038;p=2202"},"modified":"2020-11-10T12:14:47","modified_gmt":"2020-11-10T11:14:47","slug":"se-souvenir-et-prier-pour-tous-nos-defunts-en-incluant-les-morts-de-la-covid","status":"publish","type":"evenement","link":"https:\/\/charente.catholique.fr\/grand-angouleme\/agenda\/se-souvenir-et-prier-pour-tous-nos-defunts-en-incluant-les-morts-de-la-covid\/","title":{"rendered":"Se souvenir et prier pour tous nos d\u00e9funts, en incluant les morts de la Covid"},"content":{"rendered":"\n<p>Chers fr\u00e8res et s\u0153urs,<\/p>\n\n\n\n<figure class=\"wp-block-image size-large\"><img loading=\"lazy\" decoding=\"async\" width=\"450\" height=\"299\" src=\"https:\/\/charente.catholique.fr\/grand-angouleme\/wp-content\/uploads\/sites\/2\/2020\/11\/cierges-allumes-OK-1.jpg\" alt=\"\" class=\"wp-image-2204\" srcset=\"https:\/\/charente.catholique.fr\/grand-angouleme\/wp-content\/uploads\/sites\/2\/2020\/11\/cierges-allumes-OK-1.jpg 450w, https:\/\/charente.catholique.fr\/grand-angouleme\/wp-content\/uploads\/sites\/2\/2020\/11\/cierges-allumes-OK-1-300x199.jpg 300w\" sizes=\"auto, (max-width: 450px) 100vw, 450px\" \/><figcaption>Des lumi\u00e8res dans la nuit de nos d\u00e9funts<\/figcaption><\/figure>\n\n\n\n<p>Beaucoup parmi nous ont perdu au cours de cette ann\u00e9e un ou plusieurs personnes qui \u00e9taient ch\u00e8res. La pand\u00e9mie du Covid 19 a aussi d\u00e9cim\u00e9 un bon nombre d\u2019hommes et de femmes dans le monde entier. Au lendemain de la f\u00eate de la Toussaint qui nous a unis \u00e0 l\u2019Eglise c\u00e9leste, l\u2019Eglise nous propose de nous souvenir de tous les d\u00e9funts et de prier pour eux, afin qu\u2019ils entrent eux aussi dans la paix et la lumi\u00e8re du Christ. Nous allons donc confier au Seigneur nominativement chaque d\u00e9funt de l\u2019ann\u00e9e \u00e9coul\u00e9e,dans l\u2019Eucharistie de ce soir, en pensant aussi \u00e0 nos fr\u00e8res et s\u0153urs victimes de la pand\u00e9mie qui continue de s\u00e9vir.<\/p>\n\n\n\n<p>En effet, la journ\u00e9e du 2 novembre est d\u00e9j\u00e0 bien ancr\u00e9e dans nos habitudes et il est important de transmettre cet h\u00e9ritage de foi aux jeunes g\u00e9n\u00e9rations. C\u2019est une journ\u00e9e de comm\u00e9moration et d\u2019intercession. Mais la pri\u00e8re pour les morts ne se limite pas tout simplement \u00e0 ce jour. Autant l\u2019Eglise est proche des saints qui interc\u00e8dent pour elle, autant elle offre en permanence le sacrifice eucharistique \u00e0 Dieu pour les vivants et les morts. C\u2019est l\u2019expression de notre foi en la communion de Saints et la manifestation de notre esp\u00e9rance en la vie \u00e9ternelle donn\u00e9e par le Christ.<\/p>\n\n\n\n<p>Ce Christ, nous venons de le voir venir dans sa gloire dans l\u2019Evangile pour prononcer le jugement dernier et donner \u00ab <em>en h\u00e9ritage le Royaume pr\u00e9par\u00e9 pour nous depuis la fondation du monde<\/em> \u00bb. Ce texte nous enseigne que le but de notre vie est d\u2019entrer en possession de ce royaume pour \u00eatre coh\u00e9ritier avec le Fils de Dieu. Pour y arriver, le Christ nous demande de vivre dans la charit\u00e9 et d\u2019avoir une attitude bienveillante envers les personnes vivants dans la pr\u00e9carit\u00e9&nbsp;: \u00ab <em>Chaque fois que vous l\u2019avez fait \u00e0 l\u2019un de ces plus petits de mes fr\u00e8res, c\u2019est \u00e0 moi que vous l\u2019avez fait. <\/em>\u00bb Ces fr\u00e8res plus petits, aim\u00e9s de Dieu, sont l\u2019affam\u00e9 et le malade, l\u2019\u00e9tranger et le prisonnier, le pauvre et l\u2019abandonn\u00e9, celui qui souffre sans aide et celui qui est dans le besoin ou qui est exclu. Le pape Fran\u00e7ois le soutenait dans une de ses&nbsp; hom\u00e9lies: \u00ab <em>Si aux yeux du monde, les pauvres ont peu de valeur, ce sont eux qui nous ouvrent le chemin du ciel, ils sont nos \u201cpasseports pour le paradis\u201d<\/em>.<\/p>\n\n\n\n<p>Dans le dialogue qu\u2019il entame avec les personnes qui comparaissent \u00e0 ce tribunal, le Seigneur les rappelle le sacrement du fr\u00e8re qui est le signe de sa pr\u00e9sence parmi nous et que nous devons soigner comme \u00e9tant son propre corps. Ainsi, nos actes sont importants et indiquent notre foi, ainsi que notre d\u00e9sir du ciel qui est bien \u00e0 notre port\u00e9e. Juste un verre d\u2019eau \u00e0 celui qui a soif, et nous voil\u00e0 parmi les bienheureux. Il donne plus que nous n\u2019osons esp\u00e9rer, fruit de son grand amour et de sa mis\u00e9ricorde pour nous.<\/p>\n\n\n\n<p>En offrant ce sacrifice pour nos d\u00e9funts, c\u00e9l\u00e9brons cet amour de Dieu&nbsp; qui s\u2019est engag\u00e9 \u00e0 nous sauver du p\u00e9ch\u00e9 et de la mort. Il nous a envoy\u00e9 son Fils unique pour nous apprendre la loi de l\u2019amour et celle du service. Nous avons aussi besoin de nous engager pour Dieu et plusieurs occasions nous sont offertes dans notre vie. Le drame de la maladie traverse l\u2019existence de tant de nos fr\u00e8res et s\u0153urs, le drame de la solitude des ain\u00e9s, le drame de la faim dans le monde. Ils suscitent tant de souffrances et de larmes. Nous pouvons apporter le r\u00e9confort d\u2019une pr\u00e9sence pleine d\u2019esp\u00e9rance \u00e0 ces personnes pour les faire revivre et ressusciter \u00e0 notre tour. Saint Jean dans la premi\u00e8re lecture nous a interpell\u00e9s dans ce sens&nbsp;: \u00ab&nbsp;<em>Mes bien-aim\u00e9s, parce que nous aimons nos fr\u00e8res, nous savons que nous sommes pass\u00e9s de la mort \u00e0 la vie. Celui qui n&#8217;aime pas reste dans la mort.<\/em>&nbsp;\u00bb<\/p>\n\n\n\n<p>&nbsp; Au cours de cette messe, Rendons gr\u00e2ce \u00e0 Dieu pour cette foi, pour cette esp\u00e9rance et pour cette charit\u00e9 qui animent d\u00e9j\u00e0 certaines personnes au milieu de nous. Qu\u2019Il suscite d\u2019autres personnes pour cette mission d\u2019attention, d\u2019amour et de charit\u00e9. Demandons lui enfin, avec l\u2019intercession de la Vierge Marie, qu\u2019Il conduise chacun de ceux qui nous ont quitt\u00e9s vers la pleine lumi\u00e8re, vers le repos \u00e9ternel. Amen.&nbsp;<\/p>\n\n\n\n<p><strong>Jacques Emmanuel NDONG<\/strong><\/p>\n","protected":false},"author":13,"featured_media":0,"template":"","meta":{"_acf_changed":false,"paroisse":["0"],"service":["0"],"footnotes":""},"categories":[],"tags":[],"class_list":["post-2202","evenement","type-evenement","status-publish","hentry","validated"],"acf":{"start_date":"2020-11-02 18:30:00","end_date":"","location":"La couronne","address":null},"yoast_head":"<!-- This site is optimized with the Yoast SEO plugin v27.1.1 - https:\/\/yoast.com\/product\/yoast-seo-wordpress\/ -->\n<title>Se souvenir et prier pour tous nos d\u00e9funts, en incluant les morts de la Covid - Doyenn\u00e9 Grand Angoul\u00eame<\/title>\n<meta name=\"robots\" content=\"index, follow, max-snippet:-1, max-image-preview:large, max-video-preview:-1\" \/>\n<link rel=\"canonical\" href=\"https:\/\/charente.catholique.fr\/grand-angouleme\/agenda\/se-souvenir-et-prier-pour-tous-nos-defunts-en-incluant-les-morts-de-la-covid\/\" \/>\n<meta property=\"og:locale\" content=\"fr_FR\" \/>\n<meta property=\"og:type\" content=\"article\" \/>\n<meta property=\"og:title\" content=\"Se souvenir et prier pour tous nos d\u00e9funts, en incluant les morts de la Covid - Doyenn\u00e9 Grand Angoul\u00eame\" \/>\n<meta property=\"og:description\" content=\"Chers fr\u00e8res et s\u0153urs, Beaucoup parmi nous ont perdu au cours de cette ann\u00e9e un ou plusieurs personnes qui \u00e9taient ch\u00e8res. La pand\u00e9mie du Covid 19 a aussi d\u00e9cim\u00e9 un bon nombre d\u2019hommes et de femmes dans le monde entier. Au lendemain de la f\u00eate de la Toussaint qui nous a unis \u00e0 l\u2019Eglise c\u00e9leste, [&hellip;]\" \/>\n<meta property=\"og:url\" content=\"https:\/\/charente.catholique.fr\/grand-angouleme\/agenda\/se-souvenir-et-prier-pour-tous-nos-defunts-en-incluant-les-morts-de-la-covid\/\" \/>\n<meta property=\"og:site_name\" content=\"Doyenn\u00e9 Grand Angoul\u00eame\" \/>\n<meta property=\"article:publisher\" content=\"https:\/\/www.facebook.com\/EgliseCatholiqueCharente\" \/>\n<meta property=\"article:modified_time\" content=\"2020-11-10T11:14:47+00:00\" \/>\n<meta property=\"og:image\" content=\"https:\/\/charente.catholique.fr\/grand-angouleme\/wp-content\/uploads\/sites\/2\/2020\/11\/cierges-allumes-OK-1.jpg\" \/>\n<meta name=\"twitter:card\" content=\"summary_large_image\" \/>\n<meta name=\"twitter:site\" content=\"@diocesecharente\" \/>\n<meta name=\"twitter:label1\" content=\"Dur\u00e9e de lecture estim\u00e9e\" \/>\n\t<meta name=\"twitter:data1\" content=\"4 minutes\" \/>\n<script type=\"application\/ld+json\" class=\"yoast-schema-graph\">{\"@context\":\"https:\/\/schema.org\",\"@graph\":[{\"@type\":\"WebPage\",\"@id\":\"https:\/\/charente.catholique.fr\/grand-angouleme\/agenda\/se-souvenir-et-prier-pour-tous-nos-defunts-en-incluant-les-morts-de-la-covid\/\",\"url\":\"https:\/\/charente.catholique.fr\/grand-angouleme\/agenda\/se-souvenir-et-prier-pour-tous-nos-defunts-en-incluant-les-morts-de-la-covid\/\",\"name\":\"Se souvenir et prier pour tous nos d\u00e9funts, en incluant les morts de la Covid - Doyenn\u00e9 Grand Angoul\u00eame\",\"isPartOf\":{\"@id\":\"https:\/\/charente.catholique.fr\/grand-angouleme\/#website\"},\"primaryImageOfPage\":{\"@id\":\"https:\/\/charente.catholique.fr\/grand-angouleme\/agenda\/se-souvenir-et-prier-pour-tous-nos-defunts-en-incluant-les-morts-de-la-covid\/#primaryimage\"},\"image\":{\"@id\":\"https:\/\/charente.catholique.fr\/grand-angouleme\/agenda\/se-souvenir-et-prier-pour-tous-nos-defunts-en-incluant-les-morts-de-la-covid\/#primaryimage\"},\"thumbnailUrl\":\"https:\/\/charente.catholique.fr\/grand-angouleme\/wp-content\/uploads\/sites\/2\/2020\/11\/cierges-allumes-OK-1.jpg\",\"datePublished\":\"2020-11-02T16:34:39+00:00\",\"dateModified\":\"2020-11-10T11:14:47+00:00\",\"breadcrumb\":{\"@id\":\"https:\/\/charente.catholique.fr\/grand-angouleme\/agenda\/se-souvenir-et-prier-pour-tous-nos-defunts-en-incluant-les-morts-de-la-covid\/#breadcrumb\"},\"inLanguage\":\"fr-FR\",\"potentialAction\":[{\"@type\":\"ReadAction\",\"target\":[\"https:\/\/charente.catholique.fr\/grand-angouleme\/agenda\/se-souvenir-et-prier-pour-tous-nos-defunts-en-incluant-les-morts-de-la-covid\/\"]}]},{\"@type\":\"ImageObject\",\"inLanguage\":\"fr-FR\",\"@id\":\"https:\/\/charente.catholique.fr\/grand-angouleme\/agenda\/se-souvenir-et-prier-pour-tous-nos-defunts-en-incluant-les-morts-de-la-covid\/#primaryimage\",\"url\":\"https:\/\/charente.catholique.fr\/grand-angouleme\/wp-content\/uploads\/sites\/2\/2020\/11\/cierges-allumes-OK-1.jpg\",\"contentUrl\":\"https:\/\/charente.catholique.fr\/grand-angouleme\/wp-content\/uploads\/sites\/2\/2020\/11\/cierges-allumes-OK-1.jpg\",\"width\":450,\"height\":299},{\"@type\":\"BreadcrumbList\",\"@id\":\"https:\/\/charente.catholique.fr\/grand-angouleme\/agenda\/se-souvenir-et-prier-pour-tous-nos-defunts-en-incluant-les-morts-de-la-covid\/#breadcrumb\",\"itemListElement\":[{\"@type\":\"ListItem\",\"position\":1,\"name\":\"Accueil\",\"item\":\"https:\/\/charente.catholique.fr\/grand-angouleme\/\"},{\"@type\":\"ListItem\",\"position\":2,\"name\":\"Se souvenir et prier pour tous nos d\u00e9funts, en incluant les morts de la Covid\"}]},{\"@type\":\"WebSite\",\"@id\":\"https:\/\/charente.catholique.fr\/grand-angouleme\/#website\",\"url\":\"https:\/\/charente.catholique.fr\/grand-angouleme\/\",\"name\":\"Doyenn\u00e9 Grand Angoul\u00eame - Dioc\u00e8se d'Angoul\u00eame\",\"description\":\"Dioc\u00e8se d&#039;Angoul\u00eame\",\"publisher\":{\"@id\":\"https:\/\/charente.catholique.fr\/grand-angouleme\/#organization\"},\"potentialAction\":[{\"@type\":\"SearchAction\",\"target\":{\"@type\":\"EntryPoint\",\"urlTemplate\":\"https:\/\/charente.catholique.fr\/grand-angouleme\/?s={search_term_string}\"},\"query-input\":{\"@type\":\"PropertyValueSpecification\",\"valueRequired\":true,\"valueName\":\"search_term_string\"}}],\"inLanguage\":\"fr-FR\"},{\"@type\":\"Organization\",\"@id\":\"https:\/\/charente.catholique.fr\/grand-angouleme\/#organization\",\"name\":\"Association Dioc\u00e9saine d'Angoul\u00eame\",\"url\":\"https:\/\/charente.catholique.fr\/grand-angouleme\/\",\"logo\":{\"@type\":\"ImageObject\",\"inLanguage\":\"fr-FR\",\"@id\":\"https:\/\/charente.catholique.fr\/grand-angouleme\/#\/schema\/logo\/image\/\",\"url\":\"https:\/\/charente.catholique.fr\/grand-angouleme\/wp-content\/uploads\/sites\/2\/2020\/10\/logos.png\",\"contentUrl\":\"https:\/\/charente.catholique.fr\/grand-angouleme\/wp-content\/uploads\/sites\/2\/2020\/10\/logos.png\",\"width\":600,\"height\":257,\"caption\":\"Association Dioc\u00e9saine d'Angoul\u00eame\"},\"image\":{\"@id\":\"https:\/\/charente.catholique.fr\/grand-angouleme\/#\/schema\/logo\/image\/\"},\"sameAs\":[\"https:\/\/www.facebook.com\/EgliseCatholiqueCharente\",\"https:\/\/x.com\/diocesecharente\",\"https:\/\/www.instagram.com\/eglisecharente\",\"https:\/\/www.youtube.com\/channel\/UCByyFWApZbw3gDTiADoiAaQ\"]}]}<\/script>\n<!-- \/ Yoast SEO plugin. -->","yoast_head_json":{"title":"Se souvenir et prier pour tous nos d\u00e9funts, en incluant les morts de la Covid - Doyenn\u00e9 Grand Angoul\u00eame","robots":{"index":"index","follow":"follow","max-snippet":"max-snippet:-1","max-image-preview":"max-image-preview:large","max-video-preview":"max-video-preview:-1"},"canonical":"https:\/\/charente.catholique.fr\/grand-angouleme\/agenda\/se-souvenir-et-prier-pour-tous-nos-defunts-en-incluant-les-morts-de-la-covid\/","og_locale":"fr_FR","og_type":"article","og_title":"Se souvenir et prier pour tous nos d\u00e9funts, en incluant les morts de la Covid - Doyenn\u00e9 Grand Angoul\u00eame","og_description":"Chers fr\u00e8res et s\u0153urs, Beaucoup parmi nous ont perdu au cours de cette ann\u00e9e un ou plusieurs personnes qui \u00e9taient ch\u00e8res. La pand\u00e9mie du Covid 19 a aussi d\u00e9cim\u00e9 un bon nombre d\u2019hommes et de femmes dans le monde entier. Au lendemain de la f\u00eate de la Toussaint qui nous a unis \u00e0 l\u2019Eglise c\u00e9leste, [&hellip;]","og_url":"https:\/\/charente.catholique.fr\/grand-angouleme\/agenda\/se-souvenir-et-prier-pour-tous-nos-defunts-en-incluant-les-morts-de-la-covid\/","og_site_name":"Doyenn\u00e9 Grand Angoul\u00eame","article_publisher":"https:\/\/www.facebook.com\/EgliseCatholiqueCharente","article_modified_time":"2020-11-10T11:14:47+00:00","og_image":[{"url":"https:\/\/charente.catholique.fr\/grand-angouleme\/wp-content\/uploads\/sites\/2\/2020\/11\/cierges-allumes-OK-1.jpg","type":"","width":"","height":""}],"twitter_card":"summary_large_image","twitter_site":"@diocesecharente","twitter_misc":{"Dur\u00e9e de lecture estim\u00e9e":"4 minutes"},"schema":{"@context":"https:\/\/schema.org","@graph":[{"@type":"WebPage","@id":"https:\/\/charente.catholique.fr\/grand-angouleme\/agenda\/se-souvenir-et-prier-pour-tous-nos-defunts-en-incluant-les-morts-de-la-covid\/","url":"https:\/\/charente.catholique.fr\/grand-angouleme\/agenda\/se-souvenir-et-prier-pour-tous-nos-defunts-en-incluant-les-morts-de-la-covid\/","name":"Se souvenir et prier pour tous nos d\u00e9funts, en incluant les morts de la Covid - Doyenn\u00e9 Grand Angoul\u00eame","isPartOf":{"@id":"https:\/\/charente.catholique.fr\/grand-angouleme\/#website"},"primaryImageOfPage":{"@id":"https:\/\/charente.catholique.fr\/grand-angouleme\/agenda\/se-souvenir-et-prier-pour-tous-nos-defunts-en-incluant-les-morts-de-la-covid\/#primaryimage"},"image":{"@id":"https:\/\/charente.catholique.fr\/grand-angouleme\/agenda\/se-souvenir-et-prier-pour-tous-nos-defunts-en-incluant-les-morts-de-la-covid\/#primaryimage"},"thumbnailUrl":"https:\/\/charente.catholique.fr\/grand-angouleme\/wp-content\/uploads\/sites\/2\/2020\/11\/cierges-allumes-OK-1.jpg","datePublished":"2020-11-02T16:34:39+00:00","dateModified":"2020-11-10T11:14:47+00:00","breadcrumb":{"@id":"https:\/\/charente.catholique.fr\/grand-angouleme\/agenda\/se-souvenir-et-prier-pour-tous-nos-defunts-en-incluant-les-morts-de-la-covid\/#breadcrumb"},"inLanguage":"fr-FR","potentialAction":[{"@type":"ReadAction","target":["https:\/\/charente.catholique.fr\/grand-angouleme\/agenda\/se-souvenir-et-prier-pour-tous-nos-defunts-en-incluant-les-morts-de-la-covid\/"]}]},{"@type":"ImageObject","inLanguage":"fr-FR","@id":"https:\/\/charente.catholique.fr\/grand-angouleme\/agenda\/se-souvenir-et-prier-pour-tous-nos-defunts-en-incluant-les-morts-de-la-covid\/#primaryimage","url":"https:\/\/charente.catholique.fr\/grand-angouleme\/wp-content\/uploads\/sites\/2\/2020\/11\/cierges-allumes-OK-1.jpg","contentUrl":"https:\/\/charente.catholique.fr\/grand-angouleme\/wp-content\/uploads\/sites\/2\/2020\/11\/cierges-allumes-OK-1.jpg","width":450,"height":299},{"@type":"BreadcrumbList","@id":"https:\/\/charente.catholique.fr\/grand-angouleme\/agenda\/se-souvenir-et-prier-pour-tous-nos-defunts-en-incluant-les-morts-de-la-covid\/#breadcrumb","itemListElement":[{"@type":"ListItem","position":1,"name":"Accueil","item":"https:\/\/charente.catholique.fr\/grand-angouleme\/"},{"@type":"ListItem","position":2,"name":"Se souvenir et prier pour tous nos d\u00e9funts, en incluant les morts de la Covid"}]},{"@type":"WebSite","@id":"https:\/\/charente.catholique.fr\/grand-angouleme\/#website","url":"https:\/\/charente.catholique.fr\/grand-angouleme\/","name":"Doyenn\u00e9 Grand Angoul\u00eame - Dioc\u00e8se d'Angoul\u00eame","description":"Dioc\u00e8se d&#039;Angoul\u00eame","publisher":{"@id":"https:\/\/charente.catholique.fr\/grand-angouleme\/#organization"},"potentialAction":[{"@type":"SearchAction","target":{"@type":"EntryPoint","urlTemplate":"https:\/\/charente.catholique.fr\/grand-angouleme\/?s={search_term_string}"},"query-input":{"@type":"PropertyValueSpecification","valueRequired":true,"valueName":"search_term_string"}}],"inLanguage":"fr-FR"},{"@type":"Organization","@id":"https:\/\/charente.catholique.fr\/grand-angouleme\/#organization","name":"Association Dioc\u00e9saine d'Angoul\u00eame","url":"https:\/\/charente.catholique.fr\/grand-angouleme\/","logo":{"@type":"ImageObject","inLanguage":"fr-FR","@id":"https:\/\/charente.catholique.fr\/grand-angouleme\/#\/schema\/logo\/image\/","url":"https:\/\/charente.catholique.fr\/grand-angouleme\/wp-content\/uploads\/sites\/2\/2020\/10\/logos.png","contentUrl":"https:\/\/charente.catholique.fr\/grand-angouleme\/wp-content\/uploads\/sites\/2\/2020\/10\/logos.png","width":600,"height":257,"caption":"Association Dioc\u00e9saine d'Angoul\u00eame"},"image":{"@id":"https:\/\/charente.catholique.fr\/grand-angouleme\/#\/schema\/logo\/image\/"},"sameAs":["https:\/\/www.facebook.com\/EgliseCatholiqueCharente","https:\/\/x.com\/diocesecharente","https:\/\/www.instagram.com\/eglisecharente","https:\/\/www.youtube.com\/channel\/UCByyFWApZbw3gDTiADoiAaQ"]}]}},"_links":{"self":[{"href":"https:\/\/charente.catholique.fr\/grand-angouleme\/wp-json\/wp\/v2\/evenement\/2202","targetHints":{"allow":["GET"]}}],"collection":[{"href":"https:\/\/charente.catholique.fr\/grand-angouleme\/wp-json\/wp\/v2\/evenement"}],"about":[{"href":"https:\/\/charente.catholique.fr\/grand-angouleme\/wp-json\/wp\/v2\/types\/evenement"}],"author":[{"embeddable":true,"href":"https:\/\/charente.catholique.fr\/grand-angouleme\/wp-json\/wp\/v2\/users\/13"}],"version-history":[{"count":0,"href":"https:\/\/charente.catholique.fr\/grand-angouleme\/wp-json\/wp\/v2\/evenement\/2202\/revisions"}],"wp:attachment":[{"href":"https:\/\/charente.catholique.fr\/grand-angouleme\/wp-json\/wp\/v2\/media?parent=2202"}],"wp:term":[{"taxonomy":"category","embeddable":true,"href":"https:\/\/charente.catholique.fr\/grand-angouleme\/wp-json\/wp\/v2\/categories?post=2202"},{"taxonomy":"post_tag","embeddable":true,"href":"https:\/\/charente.catholique.fr\/grand-angouleme\/wp-json\/wp\/v2\/tags?post=2202"}],"curies":[{"name":"wp","href":"https:\/\/api.w.org\/{rel}","templated":true}]}}