{"id":20841,"date":"2023-04-25T11:54:51","date_gmt":"2023-04-25T09:54:51","guid":{"rendered":"https:\/\/charente.catholique.fr\/grand-angouleme\/?post_type=evenement&#038;p=20841"},"modified":"2023-04-28T14:10:27","modified_gmt":"2023-04-28T12:10:27","slug":"journee-mondiale-contre-lhomophobie-temps-de-priere","status":"publish","type":"evenement","link":"https:\/\/charente.catholique.fr\/grand-angouleme\/agenda\/journee-mondiale-contre-lhomophobie-temps-de-priere\/","title":{"rendered":"Journ\u00e9e Mondiale contre l&#8217;homophobie : Temps de pri\u00e8re"},"content":{"rendered":"\n<h2 class=\"wp-block-heading\">A l&#8217;occasion de la Journ\u00e9e Mondiale contre l&#8217;Homophobie, un temps de pri\u00e8re \u0153cum\u00e9nique et interreligieux est propos\u00e9 le 17 mai 2023 \u00e0 20h30 \u00e0 la paroisse de Ma Campagne.<\/h2>\n\n\n\n<blockquote class=\"wp-block-quote is-layout-flow wp-block-quote-is-layout-flow\">\n<p>Dieu, Seigneur, P\u00e8re,<br><br>Tu es le seul Dieu et chacun est unique devant ton amour,<br>Devant toi il n\u2019y a ni majorit\u00e9 ni minorit\u00e9,<br>Il n\u2019y a que ceux que tu appelles, que tu choisis, que tu sauves.<br>Tu nous as donn\u00e9 tes commandements pour que nous t\u00e9moignions que ton amour est universel,<br>Et qu\u2019aucun homme, aucune femme n\u2019en est exclu, m\u00eame si ses orientations sexuelles ne correspondent pas aux normes religieuses transmises et impos\u00e9es de g\u00e9n\u00e9ration en g\u00e9n\u00e9ration.<br>Tu as donn\u00e9 ton amour non pas pour qu\u2019il divise mais pour qu\u2019il rassemble.<\/p>\n<cite>Jacques M\u00e9rienne<\/cite><\/blockquote>\n\n\n<div class=\"wp-block-image\">\n<figure class=\"aligncenter size-large\"><img decoding=\"async\" src=\"https:\/\/charente.catholique.fr\/wp-content\/uploads\/2023\/04\/17-MAI-2023-Homophobie-763x1080.png\" alt=\"\" class=\"wp-image-17509\"\/><\/figure>\n<\/div>","protected":false},"author":4,"featured_media":20842,"template":"","meta":{"_acf_changed":false,"paroisse":["0"],"service":["0"],"footnotes":""},"categories":[],"tags":[],"class_list":["post-20841","evenement","type-evenement","status-publish","has-post-thumbnail","hentry","validated"],"acf":{"start_date":"2023-05-17 20:30:00","end_date":"","location":"Paroisse Ma Campagne","address":{"address":"2 Boulevard Jean Moulin, Angoul\u00eame, France","lat":45.63145249999999,"lng":0.1507176,"zoom":14,"place_id":"ChIJZxgd5Hwt_kcRfmEcboJpihk","name":"2 Bd Jean Moulin","street_number":2,"street_name":"Boulevard Jean Moulin","street_name_short":"Bd Jean Moulin","city":"Angoul\u00eame","state":"Nouvelle-Aquitaine","post_code":16000,"country":"France","country_short":"FR"}},"yoast_head":"<!-- This site is optimized with the Yoast SEO plugin v27.1.1 - https:\/\/yoast.com\/product\/yoast-seo-wordpress\/ -->\n<title>Journ\u00e9e Mondiale contre l&#039;homophobie : Temps de pri\u00e8re - Doyenn\u00e9 Grand Angoul\u00eame<\/title>\n<meta name=\"robots\" content=\"index, follow, max-snippet:-1, max-image-preview:large, max-video-preview:-1\" \/>\n<link rel=\"canonical\" href=\"https:\/\/charente.catholique.fr\/grand-angouleme\/agenda\/journee-mondiale-contre-lhomophobie-temps-de-priere\/\" \/>\n<meta property=\"og:locale\" content=\"fr_FR\" \/>\n<meta property=\"og:type\" content=\"article\" \/>\n<meta property=\"og:title\" content=\"Journ\u00e9e Mondiale contre l&#039;homophobie : Temps de pri\u00e8re - Doyenn\u00e9 Grand Angoul\u00eame\" \/>\n<meta property=\"og:description\" content=\"A l&#8217;occasion de la Journ\u00e9e Mondiale contre l&#8217;Homophobie, un temps de pri\u00e8re \u0153cum\u00e9nique et interreligieux est propos\u00e9 le 17 mai 2023 \u00e0 20h30 \u00e0 la paroisse de Ma Campagne. Dieu, Seigneur, P\u00e8re, Tu es le seul Dieu et chacun est unique devant ton amour,Devant toi il n\u2019y a ni majorit\u00e9 ni minorit\u00e9,Il n\u2019y a que [&hellip;]\" \/>\n<meta property=\"og:url\" content=\"https:\/\/charente.catholique.fr\/grand-angouleme\/agenda\/journee-mondiale-contre-lhomophobie-temps-de-priere\/\" \/>\n<meta property=\"og:site_name\" content=\"Doyenn\u00e9 Grand Angoul\u00eame\" \/>\n<meta property=\"article:publisher\" content=\"https:\/\/www.facebook.com\/EgliseCatholiqueCharente\" \/>\n<meta property=\"article:modified_time\" content=\"2023-04-28T12:10:27+00:00\" \/>\n<meta property=\"og:image\" content=\"https:\/\/charente.catholique.fr\/grand-angouleme\/wp-content\/uploads\/sites\/2\/2023\/04\/17-mai-2023-homophobie-1-763x1080-1.png\" \/>\n\t<meta property=\"og:image:width\" content=\"763\" \/>\n\t<meta property=\"og:image:height\" content=\"1080\" \/>\n\t<meta property=\"og:image:type\" content=\"image\/png\" \/>\n<meta name=\"twitter:card\" content=\"summary_large_image\" \/>\n<meta name=\"twitter:site\" content=\"@diocesecharente\" \/>\n<meta name=\"twitter:label1\" content=\"Dur\u00e9e de lecture estim\u00e9e\" \/>\n\t<meta name=\"twitter:data1\" content=\"1 minute\" \/>\n<script type=\"application\/ld+json\" class=\"yoast-schema-graph\">{\"@context\":\"https:\/\/schema.org\",\"@graph\":[{\"@type\":\"WebPage\",\"@id\":\"https:\/\/charente.catholique.fr\/grand-angouleme\/agenda\/journee-mondiale-contre-lhomophobie-temps-de-priere\/\",\"url\":\"https:\/\/charente.catholique.fr\/grand-angouleme\/agenda\/journee-mondiale-contre-lhomophobie-temps-de-priere\/\",\"name\":\"Journ\u00e9e Mondiale contre l'homophobie : Temps de pri\u00e8re - Doyenn\u00e9 Grand Angoul\u00eame\",\"isPartOf\":{\"@id\":\"https:\/\/charente.catholique.fr\/grand-angouleme\/#website\"},\"primaryImageOfPage\":{\"@id\":\"https:\/\/charente.catholique.fr\/grand-angouleme\/agenda\/journee-mondiale-contre-lhomophobie-temps-de-priere\/#primaryimage\"},\"image\":{\"@id\":\"https:\/\/charente.catholique.fr\/grand-angouleme\/agenda\/journee-mondiale-contre-lhomophobie-temps-de-priere\/#primaryimage\"},\"thumbnailUrl\":\"https:\/\/charente.catholique.fr\/grand-angouleme\/wp-content\/uploads\/sites\/2\/2023\/04\/17-mai-2023-homophobie-1-763x1080-1.png\",\"datePublished\":\"2023-04-25T09:54:51+00:00\",\"dateModified\":\"2023-04-28T12:10:27+00:00\",\"breadcrumb\":{\"@id\":\"https:\/\/charente.catholique.fr\/grand-angouleme\/agenda\/journee-mondiale-contre-lhomophobie-temps-de-priere\/#breadcrumb\"},\"inLanguage\":\"fr-FR\",\"potentialAction\":[{\"@type\":\"ReadAction\",\"target\":[\"https:\/\/charente.catholique.fr\/grand-angouleme\/agenda\/journee-mondiale-contre-lhomophobie-temps-de-priere\/\"]}]},{\"@type\":\"ImageObject\",\"inLanguage\":\"fr-FR\",\"@id\":\"https:\/\/charente.catholique.fr\/grand-angouleme\/agenda\/journee-mondiale-contre-lhomophobie-temps-de-priere\/#primaryimage\",\"url\":\"https:\/\/charente.catholique.fr\/grand-angouleme\/wp-content\/uploads\/sites\/2\/2023\/04\/17-mai-2023-homophobie-1-763x1080-1.png\",\"contentUrl\":\"https:\/\/charente.catholique.fr\/grand-angouleme\/wp-content\/uploads\/sites\/2\/2023\/04\/17-mai-2023-homophobie-1-763x1080-1.png\",\"width\":763,\"height\":1080},{\"@type\":\"BreadcrumbList\",\"@id\":\"https:\/\/charente.catholique.fr\/grand-angouleme\/agenda\/journee-mondiale-contre-lhomophobie-temps-de-priere\/#breadcrumb\",\"itemListElement\":[{\"@type\":\"ListItem\",\"position\":1,\"name\":\"Accueil\",\"item\":\"https:\/\/charente.catholique.fr\/grand-angouleme\/\"},{\"@type\":\"ListItem\",\"position\":2,\"name\":\"Journ\u00e9e Mondiale contre l&#8217;homophobie : Temps de pri\u00e8re\"}]},{\"@type\":\"WebSite\",\"@id\":\"https:\/\/charente.catholique.fr\/grand-angouleme\/#website\",\"url\":\"https:\/\/charente.catholique.fr\/grand-angouleme\/\",\"name\":\"Doyenn\u00e9 Grand Angoul\u00eame - Dioc\u00e8se d'Angoul\u00eame\",\"description\":\"Dioc\u00e8se d&#039;Angoul\u00eame\",\"publisher\":{\"@id\":\"https:\/\/charente.catholique.fr\/grand-angouleme\/#organization\"},\"potentialAction\":[{\"@type\":\"SearchAction\",\"target\":{\"@type\":\"EntryPoint\",\"urlTemplate\":\"https:\/\/charente.catholique.fr\/grand-angouleme\/?s={search_term_string}\"},\"query-input\":{\"@type\":\"PropertyValueSpecification\",\"valueRequired\":true,\"valueName\":\"search_term_string\"}}],\"inLanguage\":\"fr-FR\"},{\"@type\":\"Organization\",\"@id\":\"https:\/\/charente.catholique.fr\/grand-angouleme\/#organization\",\"name\":\"Association Dioc\u00e9saine d'Angoul\u00eame\",\"url\":\"https:\/\/charente.catholique.fr\/grand-angouleme\/\",\"logo\":{\"@type\":\"ImageObject\",\"inLanguage\":\"fr-FR\",\"@id\":\"https:\/\/charente.catholique.fr\/grand-angouleme\/#\/schema\/logo\/image\/\",\"url\":\"https:\/\/charente.catholique.fr\/grand-angouleme\/wp-content\/uploads\/sites\/2\/2020\/10\/logos.png\",\"contentUrl\":\"https:\/\/charente.catholique.fr\/grand-angouleme\/wp-content\/uploads\/sites\/2\/2020\/10\/logos.png\",\"width\":600,\"height\":257,\"caption\":\"Association Dioc\u00e9saine d'Angoul\u00eame\"},\"image\":{\"@id\":\"https:\/\/charente.catholique.fr\/grand-angouleme\/#\/schema\/logo\/image\/\"},\"sameAs\":[\"https:\/\/www.facebook.com\/EgliseCatholiqueCharente\",\"https:\/\/x.com\/diocesecharente\",\"https:\/\/www.instagram.com\/eglisecharente\",\"https:\/\/www.youtube.com\/channel\/UCByyFWApZbw3gDTiADoiAaQ\"]}]}<\/script>\n<!-- \/ Yoast SEO plugin. -->","yoast_head_json":{"title":"Journ\u00e9e Mondiale contre l'homophobie : Temps de pri\u00e8re - Doyenn\u00e9 Grand Angoul\u00eame","robots":{"index":"index","follow":"follow","max-snippet":"max-snippet:-1","max-image-preview":"max-image-preview:large","max-video-preview":"max-video-preview:-1"},"canonical":"https:\/\/charente.catholique.fr\/grand-angouleme\/agenda\/journee-mondiale-contre-lhomophobie-temps-de-priere\/","og_locale":"fr_FR","og_type":"article","og_title":"Journ\u00e9e Mondiale contre l'homophobie : Temps de pri\u00e8re - Doyenn\u00e9 Grand Angoul\u00eame","og_description":"A l&#8217;occasion de la Journ\u00e9e Mondiale contre l&#8217;Homophobie, un temps de pri\u00e8re \u0153cum\u00e9nique et interreligieux est propos\u00e9 le 17 mai 2023 \u00e0 20h30 \u00e0 la paroisse de Ma Campagne. Dieu, Seigneur, P\u00e8re, Tu es le seul Dieu et chacun est unique devant ton amour,Devant toi il n\u2019y a ni majorit\u00e9 ni minorit\u00e9,Il n\u2019y a que [&hellip;]","og_url":"https:\/\/charente.catholique.fr\/grand-angouleme\/agenda\/journee-mondiale-contre-lhomophobie-temps-de-priere\/","og_site_name":"Doyenn\u00e9 Grand Angoul\u00eame","article_publisher":"https:\/\/www.facebook.com\/EgliseCatholiqueCharente","article_modified_time":"2023-04-28T12:10:27+00:00","og_image":[{"width":763,"height":1080,"url":"https:\/\/charente.catholique.fr\/grand-angouleme\/wp-content\/uploads\/sites\/2\/2023\/04\/17-mai-2023-homophobie-1-763x1080-1.png","type":"image\/png"}],"twitter_card":"summary_large_image","twitter_site":"@diocesecharente","twitter_misc":{"Dur\u00e9e de lecture estim\u00e9e":"1 minute"},"schema":{"@context":"https:\/\/schema.org","@graph":[{"@type":"WebPage","@id":"https:\/\/charente.catholique.fr\/grand-angouleme\/agenda\/journee-mondiale-contre-lhomophobie-temps-de-priere\/","url":"https:\/\/charente.catholique.fr\/grand-angouleme\/agenda\/journee-mondiale-contre-lhomophobie-temps-de-priere\/","name":"Journ\u00e9e Mondiale contre l'homophobie : Temps de pri\u00e8re - Doyenn\u00e9 Grand Angoul\u00eame","isPartOf":{"@id":"https:\/\/charente.catholique.fr\/grand-angouleme\/#website"},"primaryImageOfPage":{"@id":"https:\/\/charente.catholique.fr\/grand-angouleme\/agenda\/journee-mondiale-contre-lhomophobie-temps-de-priere\/#primaryimage"},"image":{"@id":"https:\/\/charente.catholique.fr\/grand-angouleme\/agenda\/journee-mondiale-contre-lhomophobie-temps-de-priere\/#primaryimage"},"thumbnailUrl":"https:\/\/charente.catholique.fr\/grand-angouleme\/wp-content\/uploads\/sites\/2\/2023\/04\/17-mai-2023-homophobie-1-763x1080-1.png","datePublished":"2023-04-25T09:54:51+00:00","dateModified":"2023-04-28T12:10:27+00:00","breadcrumb":{"@id":"https:\/\/charente.catholique.fr\/grand-angouleme\/agenda\/journee-mondiale-contre-lhomophobie-temps-de-priere\/#breadcrumb"},"inLanguage":"fr-FR","potentialAction":[{"@type":"ReadAction","target":["https:\/\/charente.catholique.fr\/grand-angouleme\/agenda\/journee-mondiale-contre-lhomophobie-temps-de-priere\/"]}]},{"@type":"ImageObject","inLanguage":"fr-FR","@id":"https:\/\/charente.catholique.fr\/grand-angouleme\/agenda\/journee-mondiale-contre-lhomophobie-temps-de-priere\/#primaryimage","url":"https:\/\/charente.catholique.fr\/grand-angouleme\/wp-content\/uploads\/sites\/2\/2023\/04\/17-mai-2023-homophobie-1-763x1080-1.png","contentUrl":"https:\/\/charente.catholique.fr\/grand-angouleme\/wp-content\/uploads\/sites\/2\/2023\/04\/17-mai-2023-homophobie-1-763x1080-1.png","width":763,"height":1080},{"@type":"BreadcrumbList","@id":"https:\/\/charente.catholique.fr\/grand-angouleme\/agenda\/journee-mondiale-contre-lhomophobie-temps-de-priere\/#breadcrumb","itemListElement":[{"@type":"ListItem","position":1,"name":"Accueil","item":"https:\/\/charente.catholique.fr\/grand-angouleme\/"},{"@type":"ListItem","position":2,"name":"Journ\u00e9e Mondiale contre l&#8217;homophobie : Temps de pri\u00e8re"}]},{"@type":"WebSite","@id":"https:\/\/charente.catholique.fr\/grand-angouleme\/#website","url":"https:\/\/charente.catholique.fr\/grand-angouleme\/","name":"Doyenn\u00e9 Grand Angoul\u00eame - Dioc\u00e8se d'Angoul\u00eame","description":"Dioc\u00e8se d&#039;Angoul\u00eame","publisher":{"@id":"https:\/\/charente.catholique.fr\/grand-angouleme\/#organization"},"potentialAction":[{"@type":"SearchAction","target":{"@type":"EntryPoint","urlTemplate":"https:\/\/charente.catholique.fr\/grand-angouleme\/?s={search_term_string}"},"query-input":{"@type":"PropertyValueSpecification","valueRequired":true,"valueName":"search_term_string"}}],"inLanguage":"fr-FR"},{"@type":"Organization","@id":"https:\/\/charente.catholique.fr\/grand-angouleme\/#organization","name":"Association Dioc\u00e9saine d'Angoul\u00eame","url":"https:\/\/charente.catholique.fr\/grand-angouleme\/","logo":{"@type":"ImageObject","inLanguage":"fr-FR","@id":"https:\/\/charente.catholique.fr\/grand-angouleme\/#\/schema\/logo\/image\/","url":"https:\/\/charente.catholique.fr\/grand-angouleme\/wp-content\/uploads\/sites\/2\/2020\/10\/logos.png","contentUrl":"https:\/\/charente.catholique.fr\/grand-angouleme\/wp-content\/uploads\/sites\/2\/2020\/10\/logos.png","width":600,"height":257,"caption":"Association Dioc\u00e9saine d'Angoul\u00eame"},"image":{"@id":"https:\/\/charente.catholique.fr\/grand-angouleme\/#\/schema\/logo\/image\/"},"sameAs":["https:\/\/www.facebook.com\/EgliseCatholiqueCharente","https:\/\/x.com\/diocesecharente","https:\/\/www.instagram.com\/eglisecharente","https:\/\/www.youtube.com\/channel\/UCByyFWApZbw3gDTiADoiAaQ"]}]}},"_links":{"self":[{"href":"https:\/\/charente.catholique.fr\/grand-angouleme\/wp-json\/wp\/v2\/evenement\/20841","targetHints":{"allow":["GET"]}}],"collection":[{"href":"https:\/\/charente.catholique.fr\/grand-angouleme\/wp-json\/wp\/v2\/evenement"}],"about":[{"href":"https:\/\/charente.catholique.fr\/grand-angouleme\/wp-json\/wp\/v2\/types\/evenement"}],"author":[{"embeddable":true,"href":"https:\/\/charente.catholique.fr\/grand-angouleme\/wp-json\/wp\/v2\/users\/4"}],"version-history":[{"count":2,"href":"https:\/\/charente.catholique.fr\/grand-angouleme\/wp-json\/wp\/v2\/evenement\/20841\/revisions"}],"predecessor-version":[{"id":20844,"href":"https:\/\/charente.catholique.fr\/grand-angouleme\/wp-json\/wp\/v2\/evenement\/20841\/revisions\/20844"}],"wp:featuredmedia":[{"embeddable":true,"href":"https:\/\/charente.catholique.fr\/grand-angouleme\/wp-json\/wp\/v2\/media\/20842"}],"wp:attachment":[{"href":"https:\/\/charente.catholique.fr\/grand-angouleme\/wp-json\/wp\/v2\/media?parent=20841"}],"wp:term":[{"taxonomy":"category","embeddable":true,"href":"https:\/\/charente.catholique.fr\/grand-angouleme\/wp-json\/wp\/v2\/categories?post=20841"},{"taxonomy":"post_tag","embeddable":true,"href":"https:\/\/charente.catholique.fr\/grand-angouleme\/wp-json\/wp\/v2\/tags?post=20841"}],"curies":[{"name":"wp","href":"https:\/\/api.w.org\/{rel}","templated":true}]}}