{"id":18979,"date":"2022-11-25T10:24:56","date_gmt":"2022-11-25T09:24:56","guid":{"rendered":"https:\/\/charente.catholique.fr\/grand-angouleme\/?post_type=evenement&#038;p=18979"},"modified":"2022-11-25T10:24:57","modified_gmt":"2022-11-25T09:24:57","slug":"formation-proposee-aux-equipes-deuil","status":"publish","type":"evenement","link":"https:\/\/charente.catholique.fr\/grand-angouleme\/agenda\/formation-proposee-aux-equipes-deuil\/","title":{"rendered":"Formation propos\u00e9e aux \u00e9quipes deuil"},"content":{"rendered":"\n<p>Pour toutes les personnes qui d\u00e9butent dans le service accompagnement des obs\u00e8ques, pour toutes les personnes qui veulent revisiter leur mani\u00e8re de c\u00e9l\u00e9brer, se renouveler, partager sur toutes les questions que soul\u00e8vent les c\u00e9l\u00e9brations\u2026une matin\u00e9e de formation <strong>Niveau 1<\/strong> est propos\u00e9e &#8230; <a href=\"https:\/\/charente.catholique.fr\/grand-angouleme\/actualites\/formation-proposee-aux-equipes-deuil\/\">https:\/\/charente.catholique.fr\/grand-angouleme\/actualites\/formation-proposee-aux-equipes-deuil\/<\/a><\/p>\n","protected":false},"author":13,"featured_media":18976,"template":"","meta":{"_acf_changed":false,"paroisse":[""],"service":["0"],"footnotes":""},"categories":[],"tags":[],"class_list":["post-18979","evenement","type-evenement","status-publish","has-post-thumbnail","hentry","validated"],"acf":{"start_date":"2022-12-15 09:15:00","end_date":"","location":"Maison Dioc\u00e9saine - 226 Rue de Bordeaux - 16000 Angoul\u00eame","address":null},"yoast_head":"<!-- This site is optimized with the Yoast SEO plugin v27.1.1 - https:\/\/yoast.com\/product\/yoast-seo-wordpress\/ -->\n<title>Formation propos\u00e9e aux \u00e9quipes deuil - Doyenn\u00e9 Grand Angoul\u00eame<\/title>\n<meta name=\"robots\" content=\"index, follow, max-snippet:-1, max-image-preview:large, max-video-preview:-1\" \/>\n<link rel=\"canonical\" href=\"https:\/\/charente.catholique.fr\/grand-angouleme\/agenda\/formation-proposee-aux-equipes-deuil\/\" \/>\n<meta property=\"og:locale\" content=\"fr_FR\" \/>\n<meta property=\"og:type\" content=\"article\" \/>\n<meta property=\"og:title\" content=\"Formation propos\u00e9e aux \u00e9quipes deuil - Doyenn\u00e9 Grand Angoul\u00eame\" \/>\n<meta property=\"og:description\" content=\"Pour toutes les personnes qui d\u00e9butent dans le service accompagnement des obs\u00e8ques, pour toutes les personnes qui veulent revisiter leur mani\u00e8re de c\u00e9l\u00e9brer, se renouveler, partager sur toutes les questions que soul\u00e8vent les c\u00e9l\u00e9brations\u2026une matin\u00e9e de formation Niveau 1 est propos\u00e9e &#8230; https:\/\/charente.catholique.fr\/grand-angouleme\/actualites\/formation-proposee-aux-equipes-deuil\/\" \/>\n<meta property=\"og:url\" content=\"https:\/\/charente.catholique.fr\/grand-angouleme\/agenda\/formation-proposee-aux-equipes-deuil\/\" \/>\n<meta property=\"og:site_name\" content=\"Doyenn\u00e9 Grand Angoul\u00eame\" \/>\n<meta property=\"article:publisher\" content=\"https:\/\/www.facebook.com\/EgliseCatholiqueCharente\" \/>\n<meta property=\"article:modified_time\" content=\"2022-11-25T09:24:57+00:00\" \/>\n<meta property=\"og:image\" content=\"https:\/\/charente.catholique.fr\/grand-angouleme\/wp-content\/uploads\/sites\/2\/2022\/11\/tea-lights-g1e81f98bb_1920.jpg\" \/>\n\t<meta property=\"og:image:width\" content=\"1920\" \/>\n\t<meta property=\"og:image:height\" content=\"1088\" \/>\n\t<meta property=\"og:image:type\" content=\"image\/jpeg\" \/>\n<meta name=\"twitter:card\" content=\"summary_large_image\" \/>\n<meta name=\"twitter:site\" content=\"@diocesecharente\" \/>\n<meta name=\"twitter:label1\" content=\"Dur\u00e9e de lecture estim\u00e9e\" \/>\n\t<meta name=\"twitter:data1\" content=\"1 minute\" \/>\n<script type=\"application\/ld+json\" class=\"yoast-schema-graph\">{\"@context\":\"https:\/\/schema.org\",\"@graph\":[{\"@type\":\"WebPage\",\"@id\":\"https:\/\/charente.catholique.fr\/grand-angouleme\/agenda\/formation-proposee-aux-equipes-deuil\/\",\"url\":\"https:\/\/charente.catholique.fr\/grand-angouleme\/agenda\/formation-proposee-aux-equipes-deuil\/\",\"name\":\"Formation propos\u00e9e aux \u00e9quipes deuil - Doyenn\u00e9 Grand Angoul\u00eame\",\"isPartOf\":{\"@id\":\"https:\/\/charente.catholique.fr\/grand-angouleme\/#website\"},\"primaryImageOfPage\":{\"@id\":\"https:\/\/charente.catholique.fr\/grand-angouleme\/agenda\/formation-proposee-aux-equipes-deuil\/#primaryimage\"},\"image\":{\"@id\":\"https:\/\/charente.catholique.fr\/grand-angouleme\/agenda\/formation-proposee-aux-equipes-deuil\/#primaryimage\"},\"thumbnailUrl\":\"https:\/\/charente.catholique.fr\/grand-angouleme\/wp-content\/uploads\/sites\/2\/2022\/11\/tea-lights-g1e81f98bb_1920.jpg\",\"datePublished\":\"2022-11-25T09:24:56+00:00\",\"dateModified\":\"2022-11-25T09:24:57+00:00\",\"breadcrumb\":{\"@id\":\"https:\/\/charente.catholique.fr\/grand-angouleme\/agenda\/formation-proposee-aux-equipes-deuil\/#breadcrumb\"},\"inLanguage\":\"fr-FR\",\"potentialAction\":[{\"@type\":\"ReadAction\",\"target\":[\"https:\/\/charente.catholique.fr\/grand-angouleme\/agenda\/formation-proposee-aux-equipes-deuil\/\"]}]},{\"@type\":\"ImageObject\",\"inLanguage\":\"fr-FR\",\"@id\":\"https:\/\/charente.catholique.fr\/grand-angouleme\/agenda\/formation-proposee-aux-equipes-deuil\/#primaryimage\",\"url\":\"https:\/\/charente.catholique.fr\/grand-angouleme\/wp-content\/uploads\/sites\/2\/2022\/11\/tea-lights-g1e81f98bb_1920.jpg\",\"contentUrl\":\"https:\/\/charente.catholique.fr\/grand-angouleme\/wp-content\/uploads\/sites\/2\/2022\/11\/tea-lights-g1e81f98bb_1920.jpg\",\"width\":1920,\"height\":1088},{\"@type\":\"BreadcrumbList\",\"@id\":\"https:\/\/charente.catholique.fr\/grand-angouleme\/agenda\/formation-proposee-aux-equipes-deuil\/#breadcrumb\",\"itemListElement\":[{\"@type\":\"ListItem\",\"position\":1,\"name\":\"Accueil\",\"item\":\"https:\/\/charente.catholique.fr\/grand-angouleme\/\"},{\"@type\":\"ListItem\",\"position\":2,\"name\":\"Formation propos\u00e9e aux \u00e9quipes deuil\"}]},{\"@type\":\"WebSite\",\"@id\":\"https:\/\/charente.catholique.fr\/grand-angouleme\/#website\",\"url\":\"https:\/\/charente.catholique.fr\/grand-angouleme\/\",\"name\":\"Doyenn\u00e9 Grand Angoul\u00eame - Dioc\u00e8se d'Angoul\u00eame\",\"description\":\"Dioc\u00e8se d&#039;Angoul\u00eame\",\"publisher\":{\"@id\":\"https:\/\/charente.catholique.fr\/grand-angouleme\/#organization\"},\"potentialAction\":[{\"@type\":\"SearchAction\",\"target\":{\"@type\":\"EntryPoint\",\"urlTemplate\":\"https:\/\/charente.catholique.fr\/grand-angouleme\/?s={search_term_string}\"},\"query-input\":{\"@type\":\"PropertyValueSpecification\",\"valueRequired\":true,\"valueName\":\"search_term_string\"}}],\"inLanguage\":\"fr-FR\"},{\"@type\":\"Organization\",\"@id\":\"https:\/\/charente.catholique.fr\/grand-angouleme\/#organization\",\"name\":\"Association Dioc\u00e9saine d'Angoul\u00eame\",\"url\":\"https:\/\/charente.catholique.fr\/grand-angouleme\/\",\"logo\":{\"@type\":\"ImageObject\",\"inLanguage\":\"fr-FR\",\"@id\":\"https:\/\/charente.catholique.fr\/grand-angouleme\/#\/schema\/logo\/image\/\",\"url\":\"https:\/\/charente.catholique.fr\/grand-angouleme\/wp-content\/uploads\/sites\/2\/2020\/10\/logos.png\",\"contentUrl\":\"https:\/\/charente.catholique.fr\/grand-angouleme\/wp-content\/uploads\/sites\/2\/2020\/10\/logos.png\",\"width\":600,\"height\":257,\"caption\":\"Association Dioc\u00e9saine d'Angoul\u00eame\"},\"image\":{\"@id\":\"https:\/\/charente.catholique.fr\/grand-angouleme\/#\/schema\/logo\/image\/\"},\"sameAs\":[\"https:\/\/www.facebook.com\/EgliseCatholiqueCharente\",\"https:\/\/x.com\/diocesecharente\",\"https:\/\/www.instagram.com\/eglisecharente\",\"https:\/\/www.youtube.com\/channel\/UCByyFWApZbw3gDTiADoiAaQ\"]}]}<\/script>\n<!-- \/ Yoast SEO plugin. -->","yoast_head_json":{"title":"Formation propos\u00e9e aux \u00e9quipes deuil - Doyenn\u00e9 Grand Angoul\u00eame","robots":{"index":"index","follow":"follow","max-snippet":"max-snippet:-1","max-image-preview":"max-image-preview:large","max-video-preview":"max-video-preview:-1"},"canonical":"https:\/\/charente.catholique.fr\/grand-angouleme\/agenda\/formation-proposee-aux-equipes-deuil\/","og_locale":"fr_FR","og_type":"article","og_title":"Formation propos\u00e9e aux \u00e9quipes deuil - Doyenn\u00e9 Grand Angoul\u00eame","og_description":"Pour toutes les personnes qui d\u00e9butent dans le service accompagnement des obs\u00e8ques, pour toutes les personnes qui veulent revisiter leur mani\u00e8re de c\u00e9l\u00e9brer, se renouveler, partager sur toutes les questions que soul\u00e8vent les c\u00e9l\u00e9brations\u2026une matin\u00e9e de formation Niveau 1 est propos\u00e9e &#8230; https:\/\/charente.catholique.fr\/grand-angouleme\/actualites\/formation-proposee-aux-equipes-deuil\/","og_url":"https:\/\/charente.catholique.fr\/grand-angouleme\/agenda\/formation-proposee-aux-equipes-deuil\/","og_site_name":"Doyenn\u00e9 Grand Angoul\u00eame","article_publisher":"https:\/\/www.facebook.com\/EgliseCatholiqueCharente","article_modified_time":"2022-11-25T09:24:57+00:00","og_image":[{"width":1920,"height":1088,"url":"https:\/\/charente.catholique.fr\/grand-angouleme\/wp-content\/uploads\/sites\/2\/2022\/11\/tea-lights-g1e81f98bb_1920.jpg","type":"image\/jpeg"}],"twitter_card":"summary_large_image","twitter_site":"@diocesecharente","twitter_misc":{"Dur\u00e9e de lecture estim\u00e9e":"1 minute"},"schema":{"@context":"https:\/\/schema.org","@graph":[{"@type":"WebPage","@id":"https:\/\/charente.catholique.fr\/grand-angouleme\/agenda\/formation-proposee-aux-equipes-deuil\/","url":"https:\/\/charente.catholique.fr\/grand-angouleme\/agenda\/formation-proposee-aux-equipes-deuil\/","name":"Formation propos\u00e9e aux \u00e9quipes deuil - Doyenn\u00e9 Grand Angoul\u00eame","isPartOf":{"@id":"https:\/\/charente.catholique.fr\/grand-angouleme\/#website"},"primaryImageOfPage":{"@id":"https:\/\/charente.catholique.fr\/grand-angouleme\/agenda\/formation-proposee-aux-equipes-deuil\/#primaryimage"},"image":{"@id":"https:\/\/charente.catholique.fr\/grand-angouleme\/agenda\/formation-proposee-aux-equipes-deuil\/#primaryimage"},"thumbnailUrl":"https:\/\/charente.catholique.fr\/grand-angouleme\/wp-content\/uploads\/sites\/2\/2022\/11\/tea-lights-g1e81f98bb_1920.jpg","datePublished":"2022-11-25T09:24:56+00:00","dateModified":"2022-11-25T09:24:57+00:00","breadcrumb":{"@id":"https:\/\/charente.catholique.fr\/grand-angouleme\/agenda\/formation-proposee-aux-equipes-deuil\/#breadcrumb"},"inLanguage":"fr-FR","potentialAction":[{"@type":"ReadAction","target":["https:\/\/charente.catholique.fr\/grand-angouleme\/agenda\/formation-proposee-aux-equipes-deuil\/"]}]},{"@type":"ImageObject","inLanguage":"fr-FR","@id":"https:\/\/charente.catholique.fr\/grand-angouleme\/agenda\/formation-proposee-aux-equipes-deuil\/#primaryimage","url":"https:\/\/charente.catholique.fr\/grand-angouleme\/wp-content\/uploads\/sites\/2\/2022\/11\/tea-lights-g1e81f98bb_1920.jpg","contentUrl":"https:\/\/charente.catholique.fr\/grand-angouleme\/wp-content\/uploads\/sites\/2\/2022\/11\/tea-lights-g1e81f98bb_1920.jpg","width":1920,"height":1088},{"@type":"BreadcrumbList","@id":"https:\/\/charente.catholique.fr\/grand-angouleme\/agenda\/formation-proposee-aux-equipes-deuil\/#breadcrumb","itemListElement":[{"@type":"ListItem","position":1,"name":"Accueil","item":"https:\/\/charente.catholique.fr\/grand-angouleme\/"},{"@type":"ListItem","position":2,"name":"Formation propos\u00e9e aux \u00e9quipes deuil"}]},{"@type":"WebSite","@id":"https:\/\/charente.catholique.fr\/grand-angouleme\/#website","url":"https:\/\/charente.catholique.fr\/grand-angouleme\/","name":"Doyenn\u00e9 Grand Angoul\u00eame - Dioc\u00e8se d'Angoul\u00eame","description":"Dioc\u00e8se d&#039;Angoul\u00eame","publisher":{"@id":"https:\/\/charente.catholique.fr\/grand-angouleme\/#organization"},"potentialAction":[{"@type":"SearchAction","target":{"@type":"EntryPoint","urlTemplate":"https:\/\/charente.catholique.fr\/grand-angouleme\/?s={search_term_string}"},"query-input":{"@type":"PropertyValueSpecification","valueRequired":true,"valueName":"search_term_string"}}],"inLanguage":"fr-FR"},{"@type":"Organization","@id":"https:\/\/charente.catholique.fr\/grand-angouleme\/#organization","name":"Association Dioc\u00e9saine d'Angoul\u00eame","url":"https:\/\/charente.catholique.fr\/grand-angouleme\/","logo":{"@type":"ImageObject","inLanguage":"fr-FR","@id":"https:\/\/charente.catholique.fr\/grand-angouleme\/#\/schema\/logo\/image\/","url":"https:\/\/charente.catholique.fr\/grand-angouleme\/wp-content\/uploads\/sites\/2\/2020\/10\/logos.png","contentUrl":"https:\/\/charente.catholique.fr\/grand-angouleme\/wp-content\/uploads\/sites\/2\/2020\/10\/logos.png","width":600,"height":257,"caption":"Association Dioc\u00e9saine d'Angoul\u00eame"},"image":{"@id":"https:\/\/charente.catholique.fr\/grand-angouleme\/#\/schema\/logo\/image\/"},"sameAs":["https:\/\/www.facebook.com\/EgliseCatholiqueCharente","https:\/\/x.com\/diocesecharente","https:\/\/www.instagram.com\/eglisecharente","https:\/\/www.youtube.com\/channel\/UCByyFWApZbw3gDTiADoiAaQ"]}]}},"_links":{"self":[{"href":"https:\/\/charente.catholique.fr\/grand-angouleme\/wp-json\/wp\/v2\/evenement\/18979","targetHints":{"allow":["GET"]}}],"collection":[{"href":"https:\/\/charente.catholique.fr\/grand-angouleme\/wp-json\/wp\/v2\/evenement"}],"about":[{"href":"https:\/\/charente.catholique.fr\/grand-angouleme\/wp-json\/wp\/v2\/types\/evenement"}],"author":[{"embeddable":true,"href":"https:\/\/charente.catholique.fr\/grand-angouleme\/wp-json\/wp\/v2\/users\/13"}],"version-history":[{"count":2,"href":"https:\/\/charente.catholique.fr\/grand-angouleme\/wp-json\/wp\/v2\/evenement\/18979\/revisions"}],"predecessor-version":[{"id":18981,"href":"https:\/\/charente.catholique.fr\/grand-angouleme\/wp-json\/wp\/v2\/evenement\/18979\/revisions\/18981"}],"wp:featuredmedia":[{"embeddable":true,"href":"https:\/\/charente.catholique.fr\/grand-angouleme\/wp-json\/wp\/v2\/media\/18976"}],"wp:attachment":[{"href":"https:\/\/charente.catholique.fr\/grand-angouleme\/wp-json\/wp\/v2\/media?parent=18979"}],"wp:term":[{"taxonomy":"category","embeddable":true,"href":"https:\/\/charente.catholique.fr\/grand-angouleme\/wp-json\/wp\/v2\/categories?post=18979"},{"taxonomy":"post_tag","embeddable":true,"href":"https:\/\/charente.catholique.fr\/grand-angouleme\/wp-json\/wp\/v2\/tags?post=18979"}],"curies":[{"name":"wp","href":"https:\/\/api.w.org\/{rel}","templated":true}]}}