{"id":18685,"date":"2022-10-24T14:07:55","date_gmt":"2022-10-24T12:07:55","guid":{"rendered":"https:\/\/charente.catholique.fr\/grand-angouleme\/?post_type=evenement&#038;p=18685"},"modified":"2022-10-24T14:08:55","modified_gmt":"2022-10-24T12:08:55","slug":"12-ans-de-presence-de-la-fraternite-trinitaire","status":"publish","type":"evenement","link":"https:\/\/charente.catholique.fr\/grand-angouleme\/agenda\/12-ans-de-presence-de-la-fraternite-trinitaire\/","title":{"rendered":"12 ann\u00e9es de pr\u00e9sence de la Fraternit\u00e9 Trinitaire \u00e0 Angoul\u00eame"},"content":{"rendered":"\n<figure class=\"wp-block-pullquote\"><blockquote><p><strong>Jeudi 27 octobre \u00e0 18h00 Eucharistie avec V\u00eapres int\u00e9gr\u00e9es \u00e0 l\u2019\u00e9glise Saint-Martial.<\/strong> <strong><em>Vous \u00eates invit\u00e9s \u00e0 la suite de cette messe \u00e0 venir partager le verre de l\u2019Amiti\u00e9 \u00e0 B\u00e9thanie (9 Rue Fanfrelin) pour f\u00eater les 12 ann\u00e9es de pr\u00e9sence de la Fraternit\u00e9 Trinitaire&nbsp;!<\/em><\/strong><\/p><\/blockquote><\/figure>\n","protected":false},"author":13,"featured_media":18686,"template":"","meta":{"_acf_changed":false,"paroisse":["1"],"service":["0"],"footnotes":""},"categories":[],"tags":[],"class_list":["post-18685","evenement","type-evenement","status-publish","has-post-thumbnail","hentry","validated"],"acf":{"start_date":"2022-10-27 18:00:00","end_date":"","location":"Le Saint Martial, Place Saint-Martial, Angoul\u00eame, France","address":null},"yoast_head":"<!-- This site is optimized with the Yoast SEO plugin v27.1.1 - https:\/\/yoast.com\/product\/yoast-seo-wordpress\/ -->\n<title>12 ann\u00e9es de pr\u00e9sence de la Fraternit\u00e9 Trinitaire \u00e0 Angoul\u00eame - Doyenn\u00e9 Grand Angoul\u00eame<\/title>\n<meta name=\"robots\" content=\"index, follow, max-snippet:-1, max-image-preview:large, max-video-preview:-1\" \/>\n<link rel=\"canonical\" href=\"https:\/\/charente.catholique.fr\/grand-angouleme\/agenda\/12-ans-de-presence-de-la-fraternite-trinitaire\/\" \/>\n<meta property=\"og:locale\" content=\"fr_FR\" \/>\n<meta property=\"og:type\" content=\"article\" \/>\n<meta property=\"og:title\" content=\"12 ann\u00e9es de pr\u00e9sence de la Fraternit\u00e9 Trinitaire \u00e0 Angoul\u00eame - Doyenn\u00e9 Grand Angoul\u00eame\" \/>\n<meta property=\"og:description\" content=\"Jeudi 27 octobre \u00e0 18h00 Eucharistie avec V\u00eapres int\u00e9gr\u00e9es \u00e0 l\u2019\u00e9glise Saint-Martial. Vous \u00eates invit\u00e9s \u00e0 la suite de cette messe \u00e0 venir partager le verre de l\u2019Amiti\u00e9 \u00e0 B\u00e9thanie (9 Rue Fanfrelin) pour f\u00eater les 12 ann\u00e9es de pr\u00e9sence de la Fraternit\u00e9 Trinitaire&nbsp;!\" \/>\n<meta property=\"og:url\" content=\"https:\/\/charente.catholique.fr\/grand-angouleme\/agenda\/12-ans-de-presence-de-la-fraternite-trinitaire\/\" \/>\n<meta property=\"og:site_name\" content=\"Doyenn\u00e9 Grand Angoul\u00eame\" \/>\n<meta property=\"article:publisher\" content=\"https:\/\/www.facebook.com\/EgliseCatholiqueCharente\" \/>\n<meta property=\"article:modified_time\" content=\"2022-10-24T12:08:55+00:00\" \/>\n<meta property=\"og:image\" content=\"https:\/\/charente.catholique.fr\/grand-angouleme\/wp-content\/uploads\/sites\/2\/2022\/10\/jus-de-fruits-pixabay.jpg\" \/>\n\t<meta property=\"og:image:width\" content=\"1562\" \/>\n\t<meta property=\"og:image:height\" content=\"1920\" \/>\n\t<meta property=\"og:image:type\" content=\"image\/jpeg\" \/>\n<meta name=\"twitter:card\" content=\"summary_large_image\" \/>\n<meta name=\"twitter:site\" content=\"@diocesecharente\" \/>\n<meta name=\"twitter:label1\" content=\"Dur\u00e9e de lecture estim\u00e9e\" \/>\n\t<meta name=\"twitter:data1\" content=\"1 minute\" \/>\n<script type=\"application\/ld+json\" class=\"yoast-schema-graph\">{\"@context\":\"https:\/\/schema.org\",\"@graph\":[{\"@type\":\"WebPage\",\"@id\":\"https:\/\/charente.catholique.fr\/grand-angouleme\/agenda\/12-ans-de-presence-de-la-fraternite-trinitaire\/\",\"url\":\"https:\/\/charente.catholique.fr\/grand-angouleme\/agenda\/12-ans-de-presence-de-la-fraternite-trinitaire\/\",\"name\":\"12 ann\u00e9es de pr\u00e9sence de la Fraternit\u00e9 Trinitaire \u00e0 Angoul\u00eame - Doyenn\u00e9 Grand Angoul\u00eame\",\"isPartOf\":{\"@id\":\"https:\/\/charente.catholique.fr\/grand-angouleme\/#website\"},\"primaryImageOfPage\":{\"@id\":\"https:\/\/charente.catholique.fr\/grand-angouleme\/agenda\/12-ans-de-presence-de-la-fraternite-trinitaire\/#primaryimage\"},\"image\":{\"@id\":\"https:\/\/charente.catholique.fr\/grand-angouleme\/agenda\/12-ans-de-presence-de-la-fraternite-trinitaire\/#primaryimage\"},\"thumbnailUrl\":\"https:\/\/charente.catholique.fr\/grand-angouleme\/wp-content\/uploads\/sites\/2\/2022\/10\/jus-de-fruits-pixabay.jpg\",\"datePublished\":\"2022-10-24T12:07:55+00:00\",\"dateModified\":\"2022-10-24T12:08:55+00:00\",\"breadcrumb\":{\"@id\":\"https:\/\/charente.catholique.fr\/grand-angouleme\/agenda\/12-ans-de-presence-de-la-fraternite-trinitaire\/#breadcrumb\"},\"inLanguage\":\"fr-FR\",\"potentialAction\":[{\"@type\":\"ReadAction\",\"target\":[\"https:\/\/charente.catholique.fr\/grand-angouleme\/agenda\/12-ans-de-presence-de-la-fraternite-trinitaire\/\"]}]},{\"@type\":\"ImageObject\",\"inLanguage\":\"fr-FR\",\"@id\":\"https:\/\/charente.catholique.fr\/grand-angouleme\/agenda\/12-ans-de-presence-de-la-fraternite-trinitaire\/#primaryimage\",\"url\":\"https:\/\/charente.catholique.fr\/grand-angouleme\/wp-content\/uploads\/sites\/2\/2022\/10\/jus-de-fruits-pixabay.jpg\",\"contentUrl\":\"https:\/\/charente.catholique.fr\/grand-angouleme\/wp-content\/uploads\/sites\/2\/2022\/10\/jus-de-fruits-pixabay.jpg\",\"width\":1562,\"height\":1920},{\"@type\":\"BreadcrumbList\",\"@id\":\"https:\/\/charente.catholique.fr\/grand-angouleme\/agenda\/12-ans-de-presence-de-la-fraternite-trinitaire\/#breadcrumb\",\"itemListElement\":[{\"@type\":\"ListItem\",\"position\":1,\"name\":\"Accueil\",\"item\":\"https:\/\/charente.catholique.fr\/grand-angouleme\/\"},{\"@type\":\"ListItem\",\"position\":2,\"name\":\"12 ann\u00e9es de pr\u00e9sence de la Fraternit\u00e9 Trinitaire \u00e0 Angoul\u00eame\"}]},{\"@type\":\"WebSite\",\"@id\":\"https:\/\/charente.catholique.fr\/grand-angouleme\/#website\",\"url\":\"https:\/\/charente.catholique.fr\/grand-angouleme\/\",\"name\":\"Doyenn\u00e9 Grand Angoul\u00eame - Dioc\u00e8se d'Angoul\u00eame\",\"description\":\"Dioc\u00e8se d&#039;Angoul\u00eame\",\"publisher\":{\"@id\":\"https:\/\/charente.catholique.fr\/grand-angouleme\/#organization\"},\"potentialAction\":[{\"@type\":\"SearchAction\",\"target\":{\"@type\":\"EntryPoint\",\"urlTemplate\":\"https:\/\/charente.catholique.fr\/grand-angouleme\/?s={search_term_string}\"},\"query-input\":{\"@type\":\"PropertyValueSpecification\",\"valueRequired\":true,\"valueName\":\"search_term_string\"}}],\"inLanguage\":\"fr-FR\"},{\"@type\":\"Organization\",\"@id\":\"https:\/\/charente.catholique.fr\/grand-angouleme\/#organization\",\"name\":\"Association Dioc\u00e9saine d'Angoul\u00eame\",\"url\":\"https:\/\/charente.catholique.fr\/grand-angouleme\/\",\"logo\":{\"@type\":\"ImageObject\",\"inLanguage\":\"fr-FR\",\"@id\":\"https:\/\/charente.catholique.fr\/grand-angouleme\/#\/schema\/logo\/image\/\",\"url\":\"https:\/\/charente.catholique.fr\/grand-angouleme\/wp-content\/uploads\/sites\/2\/2020\/10\/logos.png\",\"contentUrl\":\"https:\/\/charente.catholique.fr\/grand-angouleme\/wp-content\/uploads\/sites\/2\/2020\/10\/logos.png\",\"width\":600,\"height\":257,\"caption\":\"Association Dioc\u00e9saine d'Angoul\u00eame\"},\"image\":{\"@id\":\"https:\/\/charente.catholique.fr\/grand-angouleme\/#\/schema\/logo\/image\/\"},\"sameAs\":[\"https:\/\/www.facebook.com\/EgliseCatholiqueCharente\",\"https:\/\/x.com\/diocesecharente\",\"https:\/\/www.instagram.com\/eglisecharente\",\"https:\/\/www.youtube.com\/channel\/UCByyFWApZbw3gDTiADoiAaQ\"]}]}<\/script>\n<!-- \/ Yoast SEO plugin. -->","yoast_head_json":{"title":"12 ann\u00e9es de pr\u00e9sence de la Fraternit\u00e9 Trinitaire \u00e0 Angoul\u00eame - Doyenn\u00e9 Grand Angoul\u00eame","robots":{"index":"index","follow":"follow","max-snippet":"max-snippet:-1","max-image-preview":"max-image-preview:large","max-video-preview":"max-video-preview:-1"},"canonical":"https:\/\/charente.catholique.fr\/grand-angouleme\/agenda\/12-ans-de-presence-de-la-fraternite-trinitaire\/","og_locale":"fr_FR","og_type":"article","og_title":"12 ann\u00e9es de pr\u00e9sence de la Fraternit\u00e9 Trinitaire \u00e0 Angoul\u00eame - Doyenn\u00e9 Grand Angoul\u00eame","og_description":"Jeudi 27 octobre \u00e0 18h00 Eucharistie avec V\u00eapres int\u00e9gr\u00e9es \u00e0 l\u2019\u00e9glise Saint-Martial. Vous \u00eates invit\u00e9s \u00e0 la suite de cette messe \u00e0 venir partager le verre de l\u2019Amiti\u00e9 \u00e0 B\u00e9thanie (9 Rue Fanfrelin) pour f\u00eater les 12 ann\u00e9es de pr\u00e9sence de la Fraternit\u00e9 Trinitaire&nbsp;!","og_url":"https:\/\/charente.catholique.fr\/grand-angouleme\/agenda\/12-ans-de-presence-de-la-fraternite-trinitaire\/","og_site_name":"Doyenn\u00e9 Grand Angoul\u00eame","article_publisher":"https:\/\/www.facebook.com\/EgliseCatholiqueCharente","article_modified_time":"2022-10-24T12:08:55+00:00","og_image":[{"width":1562,"height":1920,"url":"https:\/\/charente.catholique.fr\/grand-angouleme\/wp-content\/uploads\/sites\/2\/2022\/10\/jus-de-fruits-pixabay.jpg","type":"image\/jpeg"}],"twitter_card":"summary_large_image","twitter_site":"@diocesecharente","twitter_misc":{"Dur\u00e9e de lecture estim\u00e9e":"1 minute"},"schema":{"@context":"https:\/\/schema.org","@graph":[{"@type":"WebPage","@id":"https:\/\/charente.catholique.fr\/grand-angouleme\/agenda\/12-ans-de-presence-de-la-fraternite-trinitaire\/","url":"https:\/\/charente.catholique.fr\/grand-angouleme\/agenda\/12-ans-de-presence-de-la-fraternite-trinitaire\/","name":"12 ann\u00e9es de pr\u00e9sence de la Fraternit\u00e9 Trinitaire \u00e0 Angoul\u00eame - Doyenn\u00e9 Grand Angoul\u00eame","isPartOf":{"@id":"https:\/\/charente.catholique.fr\/grand-angouleme\/#website"},"primaryImageOfPage":{"@id":"https:\/\/charente.catholique.fr\/grand-angouleme\/agenda\/12-ans-de-presence-de-la-fraternite-trinitaire\/#primaryimage"},"image":{"@id":"https:\/\/charente.catholique.fr\/grand-angouleme\/agenda\/12-ans-de-presence-de-la-fraternite-trinitaire\/#primaryimage"},"thumbnailUrl":"https:\/\/charente.catholique.fr\/grand-angouleme\/wp-content\/uploads\/sites\/2\/2022\/10\/jus-de-fruits-pixabay.jpg","datePublished":"2022-10-24T12:07:55+00:00","dateModified":"2022-10-24T12:08:55+00:00","breadcrumb":{"@id":"https:\/\/charente.catholique.fr\/grand-angouleme\/agenda\/12-ans-de-presence-de-la-fraternite-trinitaire\/#breadcrumb"},"inLanguage":"fr-FR","potentialAction":[{"@type":"ReadAction","target":["https:\/\/charente.catholique.fr\/grand-angouleme\/agenda\/12-ans-de-presence-de-la-fraternite-trinitaire\/"]}]},{"@type":"ImageObject","inLanguage":"fr-FR","@id":"https:\/\/charente.catholique.fr\/grand-angouleme\/agenda\/12-ans-de-presence-de-la-fraternite-trinitaire\/#primaryimage","url":"https:\/\/charente.catholique.fr\/grand-angouleme\/wp-content\/uploads\/sites\/2\/2022\/10\/jus-de-fruits-pixabay.jpg","contentUrl":"https:\/\/charente.catholique.fr\/grand-angouleme\/wp-content\/uploads\/sites\/2\/2022\/10\/jus-de-fruits-pixabay.jpg","width":1562,"height":1920},{"@type":"BreadcrumbList","@id":"https:\/\/charente.catholique.fr\/grand-angouleme\/agenda\/12-ans-de-presence-de-la-fraternite-trinitaire\/#breadcrumb","itemListElement":[{"@type":"ListItem","position":1,"name":"Accueil","item":"https:\/\/charente.catholique.fr\/grand-angouleme\/"},{"@type":"ListItem","position":2,"name":"12 ann\u00e9es de pr\u00e9sence de la Fraternit\u00e9 Trinitaire \u00e0 Angoul\u00eame"}]},{"@type":"WebSite","@id":"https:\/\/charente.catholique.fr\/grand-angouleme\/#website","url":"https:\/\/charente.catholique.fr\/grand-angouleme\/","name":"Doyenn\u00e9 Grand Angoul\u00eame - Dioc\u00e8se d'Angoul\u00eame","description":"Dioc\u00e8se d&#039;Angoul\u00eame","publisher":{"@id":"https:\/\/charente.catholique.fr\/grand-angouleme\/#organization"},"potentialAction":[{"@type":"SearchAction","target":{"@type":"EntryPoint","urlTemplate":"https:\/\/charente.catholique.fr\/grand-angouleme\/?s={search_term_string}"},"query-input":{"@type":"PropertyValueSpecification","valueRequired":true,"valueName":"search_term_string"}}],"inLanguage":"fr-FR"},{"@type":"Organization","@id":"https:\/\/charente.catholique.fr\/grand-angouleme\/#organization","name":"Association Dioc\u00e9saine d'Angoul\u00eame","url":"https:\/\/charente.catholique.fr\/grand-angouleme\/","logo":{"@type":"ImageObject","inLanguage":"fr-FR","@id":"https:\/\/charente.catholique.fr\/grand-angouleme\/#\/schema\/logo\/image\/","url":"https:\/\/charente.catholique.fr\/grand-angouleme\/wp-content\/uploads\/sites\/2\/2020\/10\/logos.png","contentUrl":"https:\/\/charente.catholique.fr\/grand-angouleme\/wp-content\/uploads\/sites\/2\/2020\/10\/logos.png","width":600,"height":257,"caption":"Association Dioc\u00e9saine d'Angoul\u00eame"},"image":{"@id":"https:\/\/charente.catholique.fr\/grand-angouleme\/#\/schema\/logo\/image\/"},"sameAs":["https:\/\/www.facebook.com\/EgliseCatholiqueCharente","https:\/\/x.com\/diocesecharente","https:\/\/www.instagram.com\/eglisecharente","https:\/\/www.youtube.com\/channel\/UCByyFWApZbw3gDTiADoiAaQ"]}]}},"_links":{"self":[{"href":"https:\/\/charente.catholique.fr\/grand-angouleme\/wp-json\/wp\/v2\/evenement\/18685","targetHints":{"allow":["GET"]}}],"collection":[{"href":"https:\/\/charente.catholique.fr\/grand-angouleme\/wp-json\/wp\/v2\/evenement"}],"about":[{"href":"https:\/\/charente.catholique.fr\/grand-angouleme\/wp-json\/wp\/v2\/types\/evenement"}],"author":[{"embeddable":true,"href":"https:\/\/charente.catholique.fr\/grand-angouleme\/wp-json\/wp\/v2\/users\/13"}],"version-history":[{"count":3,"href":"https:\/\/charente.catholique.fr\/grand-angouleme\/wp-json\/wp\/v2\/evenement\/18685\/revisions"}],"predecessor-version":[{"id":18689,"href":"https:\/\/charente.catholique.fr\/grand-angouleme\/wp-json\/wp\/v2\/evenement\/18685\/revisions\/18689"}],"wp:featuredmedia":[{"embeddable":true,"href":"https:\/\/charente.catholique.fr\/grand-angouleme\/wp-json\/wp\/v2\/media\/18686"}],"wp:attachment":[{"href":"https:\/\/charente.catholique.fr\/grand-angouleme\/wp-json\/wp\/v2\/media?parent=18685"}],"wp:term":[{"taxonomy":"category","embeddable":true,"href":"https:\/\/charente.catholique.fr\/grand-angouleme\/wp-json\/wp\/v2\/categories?post=18685"},{"taxonomy":"post_tag","embeddable":true,"href":"https:\/\/charente.catholique.fr\/grand-angouleme\/wp-json\/wp\/v2\/tags?post=18685"}],"curies":[{"name":"wp","href":"https:\/\/api.w.org\/{rel}","templated":true}]}}