{"id":18146,"date":"2022-09-09T16:14:29","date_gmt":"2022-09-09T14:14:29","guid":{"rendered":"https:\/\/charente.catholique.fr\/grand-angouleme\/?post_type=evenement&#038;p=18146"},"modified":"2022-09-09T16:14:30","modified_gmt":"2022-09-09T14:14:30","slug":"catechumenes-journee-de-rentree-et-dechanges","status":"publish","type":"evenement","link":"https:\/\/charente.catholique.fr\/grand-angouleme\/agenda\/catechumenes-journee-de-rentree-et-dechanges\/","title":{"rendered":"Cat\u00e9chum\u00e8nes : Journ\u00e9e de rentr\u00e9e et d&#8217;\u00e9changes"},"content":{"rendered":"\n<p>Tous les cat\u00e9chum\u00e8nes ( Bapt\u00eame, premi\u00e8re Communion, Confirmation) et ceux qui les accompagnent dans les paroisses de notre doyenn\u00e9 sont invit\u00e9s \u00e0 venir passer une journ\u00e9e de rentr\u00e9e.  Le th\u00e8me qui sera abord\u00e9 est &#8220;Ma\u00eetre o\u00f9 demeures-tu ?&#8221;<\/p>\n\n\n\n<p>Programme  :<\/p>\n\n\n\n<p>9h30: Accueil autour d&#8217;un caf\u00e9&nbsp;<\/p>\n\n\n\n<p>10h15: Pri\u00e8re dans l&#8217;\u00e9glise Saint Michel. Introduction de la journ\u00e9e + Pr\u00e9sentation de chaque participant.&nbsp;<\/p>\n\n\n\n<p>11h: Partage en petits groupes autour des exp\u00e9riences personnelles de foi et d&#8217;esp\u00e9rance.<\/p>\n\n\n\n<p>12h: Pique-nique partag\u00e9. ( chacun apporte quelque chose \u00e0 partager).<\/p>\n\n\n\n<p>14h: enseignement sur l&#8217;appel des premiers disciples : Jean 1, 35-51.<\/p>\n\n\n\n<p>15h: Echanges en petits groupes.<\/p>\n\n\n\n<p>16h: Pri\u00e8re de conclusion.<\/p>\n","protected":false},"author":13,"featured_media":18147,"template":"","meta":{"_acf_changed":false,"paroisse":["4"],"service":["0"],"footnotes":""},"categories":[],"tags":[],"class_list":["post-18146","evenement","type-evenement","status-publish","has-post-thumbnail","hentry","validated"],"acf":{"start_date":"2022-09-24 09:30:00","end_date":"","location":"Eglise Saint-Michel 4 place Abb\u00e9 Noir de Chazournes 16470 Saint-Michel","address":null},"yoast_head":"<!-- This site is optimized with the Yoast SEO plugin v27.1.1 - https:\/\/yoast.com\/product\/yoast-seo-wordpress\/ -->\n<title>Cat\u00e9chum\u00e8nes : Journ\u00e9e de rentr\u00e9e et d&#039;\u00e9changes - Doyenn\u00e9 Grand Angoul\u00eame<\/title>\n<meta name=\"robots\" content=\"index, follow, max-snippet:-1, max-image-preview:large, max-video-preview:-1\" \/>\n<link rel=\"canonical\" href=\"https:\/\/charente.catholique.fr\/grand-angouleme\/agenda\/catechumenes-journee-de-rentree-et-dechanges\/\" \/>\n<meta property=\"og:locale\" content=\"fr_FR\" \/>\n<meta property=\"og:type\" content=\"article\" \/>\n<meta property=\"og:title\" content=\"Cat\u00e9chum\u00e8nes : Journ\u00e9e de rentr\u00e9e et d&#039;\u00e9changes - Doyenn\u00e9 Grand Angoul\u00eame\" \/>\n<meta property=\"og:description\" content=\"Tous les cat\u00e9chum\u00e8nes ( Bapt\u00eame, premi\u00e8re Communion, Confirmation) et ceux qui les accompagnent dans les paroisses de notre doyenn\u00e9 sont invit\u00e9s \u00e0 venir passer une journ\u00e9e de rentr\u00e9e. Le th\u00e8me qui sera abord\u00e9 est &#8220;Ma\u00eetre o\u00f9 demeures-tu ?&#8221; Programme : 9h30: Accueil autour d&#8217;un caf\u00e9&nbsp; 10h15: Pri\u00e8re dans l&#8217;\u00e9glise Saint Michel. Introduction de la journ\u00e9e [&hellip;]\" \/>\n<meta property=\"og:url\" content=\"https:\/\/charente.catholique.fr\/grand-angouleme\/agenda\/catechumenes-journee-de-rentree-et-dechanges\/\" \/>\n<meta property=\"og:site_name\" content=\"Doyenn\u00e9 Grand Angoul\u00eame\" \/>\n<meta property=\"article:publisher\" content=\"https:\/\/www.facebook.com\/EgliseCatholiqueCharente\" \/>\n<meta property=\"article:modified_time\" content=\"2022-09-09T14:14:30+00:00\" \/>\n<meta property=\"og:image\" content=\"https:\/\/charente.catholique.fr\/grand-angouleme\/wp-content\/uploads\/sites\/2\/2022\/09\/adulte-pexels-scaled.jpg\" \/>\n\t<meta property=\"og:image:width\" content=\"1708\" \/>\n\t<meta property=\"og:image:height\" content=\"2560\" \/>\n\t<meta property=\"og:image:type\" content=\"image\/jpeg\" \/>\n<meta name=\"twitter:card\" content=\"summary_large_image\" \/>\n<meta name=\"twitter:site\" content=\"@diocesecharente\" \/>\n<meta name=\"twitter:label1\" content=\"Dur\u00e9e de lecture estim\u00e9e\" \/>\n\t<meta name=\"twitter:data1\" content=\"1 minute\" \/>\n<script type=\"application\/ld+json\" class=\"yoast-schema-graph\">{\"@context\":\"https:\/\/schema.org\",\"@graph\":[{\"@type\":\"WebPage\",\"@id\":\"https:\/\/charente.catholique.fr\/grand-angouleme\/agenda\/catechumenes-journee-de-rentree-et-dechanges\/\",\"url\":\"https:\/\/charente.catholique.fr\/grand-angouleme\/agenda\/catechumenes-journee-de-rentree-et-dechanges\/\",\"name\":\"Cat\u00e9chum\u00e8nes : Journ\u00e9e de rentr\u00e9e et d'\u00e9changes - Doyenn\u00e9 Grand Angoul\u00eame\",\"isPartOf\":{\"@id\":\"https:\/\/charente.catholique.fr\/grand-angouleme\/#website\"},\"primaryImageOfPage\":{\"@id\":\"https:\/\/charente.catholique.fr\/grand-angouleme\/agenda\/catechumenes-journee-de-rentree-et-dechanges\/#primaryimage\"},\"image\":{\"@id\":\"https:\/\/charente.catholique.fr\/grand-angouleme\/agenda\/catechumenes-journee-de-rentree-et-dechanges\/#primaryimage\"},\"thumbnailUrl\":\"https:\/\/charente.catholique.fr\/grand-angouleme\/wp-content\/uploads\/sites\/2\/2022\/09\/adulte-pexels-scaled.jpg\",\"datePublished\":\"2022-09-09T14:14:29+00:00\",\"dateModified\":\"2022-09-09T14:14:30+00:00\",\"breadcrumb\":{\"@id\":\"https:\/\/charente.catholique.fr\/grand-angouleme\/agenda\/catechumenes-journee-de-rentree-et-dechanges\/#breadcrumb\"},\"inLanguage\":\"fr-FR\",\"potentialAction\":[{\"@type\":\"ReadAction\",\"target\":[\"https:\/\/charente.catholique.fr\/grand-angouleme\/agenda\/catechumenes-journee-de-rentree-et-dechanges\/\"]}]},{\"@type\":\"ImageObject\",\"inLanguage\":\"fr-FR\",\"@id\":\"https:\/\/charente.catholique.fr\/grand-angouleme\/agenda\/catechumenes-journee-de-rentree-et-dechanges\/#primaryimage\",\"url\":\"https:\/\/charente.catholique.fr\/grand-angouleme\/wp-content\/uploads\/sites\/2\/2022\/09\/adulte-pexels-scaled.jpg\",\"contentUrl\":\"https:\/\/charente.catholique.fr\/grand-angouleme\/wp-content\/uploads\/sites\/2\/2022\/09\/adulte-pexels-scaled.jpg\",\"width\":1708,\"height\":2560},{\"@type\":\"BreadcrumbList\",\"@id\":\"https:\/\/charente.catholique.fr\/grand-angouleme\/agenda\/catechumenes-journee-de-rentree-et-dechanges\/#breadcrumb\",\"itemListElement\":[{\"@type\":\"ListItem\",\"position\":1,\"name\":\"Accueil\",\"item\":\"https:\/\/charente.catholique.fr\/grand-angouleme\/\"},{\"@type\":\"ListItem\",\"position\":2,\"name\":\"Cat\u00e9chum\u00e8nes : Journ\u00e9e de rentr\u00e9e et d&#8217;\u00e9changes\"}]},{\"@type\":\"WebSite\",\"@id\":\"https:\/\/charente.catholique.fr\/grand-angouleme\/#website\",\"url\":\"https:\/\/charente.catholique.fr\/grand-angouleme\/\",\"name\":\"Doyenn\u00e9 Grand Angoul\u00eame - Dioc\u00e8se d'Angoul\u00eame\",\"description\":\"Dioc\u00e8se d&#039;Angoul\u00eame\",\"publisher\":{\"@id\":\"https:\/\/charente.catholique.fr\/grand-angouleme\/#organization\"},\"potentialAction\":[{\"@type\":\"SearchAction\",\"target\":{\"@type\":\"EntryPoint\",\"urlTemplate\":\"https:\/\/charente.catholique.fr\/grand-angouleme\/?s={search_term_string}\"},\"query-input\":{\"@type\":\"PropertyValueSpecification\",\"valueRequired\":true,\"valueName\":\"search_term_string\"}}],\"inLanguage\":\"fr-FR\"},{\"@type\":\"Organization\",\"@id\":\"https:\/\/charente.catholique.fr\/grand-angouleme\/#organization\",\"name\":\"Association Dioc\u00e9saine d'Angoul\u00eame\",\"url\":\"https:\/\/charente.catholique.fr\/grand-angouleme\/\",\"logo\":{\"@type\":\"ImageObject\",\"inLanguage\":\"fr-FR\",\"@id\":\"https:\/\/charente.catholique.fr\/grand-angouleme\/#\/schema\/logo\/image\/\",\"url\":\"https:\/\/charente.catholique.fr\/grand-angouleme\/wp-content\/uploads\/sites\/2\/2020\/10\/logos.png\",\"contentUrl\":\"https:\/\/charente.catholique.fr\/grand-angouleme\/wp-content\/uploads\/sites\/2\/2020\/10\/logos.png\",\"width\":600,\"height\":257,\"caption\":\"Association Dioc\u00e9saine d'Angoul\u00eame\"},\"image\":{\"@id\":\"https:\/\/charente.catholique.fr\/grand-angouleme\/#\/schema\/logo\/image\/\"},\"sameAs\":[\"https:\/\/www.facebook.com\/EgliseCatholiqueCharente\",\"https:\/\/x.com\/diocesecharente\",\"https:\/\/www.instagram.com\/eglisecharente\",\"https:\/\/www.youtube.com\/channel\/UCByyFWApZbw3gDTiADoiAaQ\"]}]}<\/script>\n<!-- \/ Yoast SEO plugin. -->","yoast_head_json":{"title":"Cat\u00e9chum\u00e8nes : Journ\u00e9e de rentr\u00e9e et d'\u00e9changes - Doyenn\u00e9 Grand Angoul\u00eame","robots":{"index":"index","follow":"follow","max-snippet":"max-snippet:-1","max-image-preview":"max-image-preview:large","max-video-preview":"max-video-preview:-1"},"canonical":"https:\/\/charente.catholique.fr\/grand-angouleme\/agenda\/catechumenes-journee-de-rentree-et-dechanges\/","og_locale":"fr_FR","og_type":"article","og_title":"Cat\u00e9chum\u00e8nes : Journ\u00e9e de rentr\u00e9e et d'\u00e9changes - Doyenn\u00e9 Grand Angoul\u00eame","og_description":"Tous les cat\u00e9chum\u00e8nes ( Bapt\u00eame, premi\u00e8re Communion, Confirmation) et ceux qui les accompagnent dans les paroisses de notre doyenn\u00e9 sont invit\u00e9s \u00e0 venir passer une journ\u00e9e de rentr\u00e9e. Le th\u00e8me qui sera abord\u00e9 est &#8220;Ma\u00eetre o\u00f9 demeures-tu ?&#8221; Programme : 9h30: Accueil autour d&#8217;un caf\u00e9&nbsp; 10h15: Pri\u00e8re dans l&#8217;\u00e9glise Saint Michel. Introduction de la journ\u00e9e [&hellip;]","og_url":"https:\/\/charente.catholique.fr\/grand-angouleme\/agenda\/catechumenes-journee-de-rentree-et-dechanges\/","og_site_name":"Doyenn\u00e9 Grand Angoul\u00eame","article_publisher":"https:\/\/www.facebook.com\/EgliseCatholiqueCharente","article_modified_time":"2022-09-09T14:14:30+00:00","og_image":[{"width":1708,"height":2560,"url":"https:\/\/charente.catholique.fr\/grand-angouleme\/wp-content\/uploads\/sites\/2\/2022\/09\/adulte-pexels-scaled.jpg","type":"image\/jpeg"}],"twitter_card":"summary_large_image","twitter_site":"@diocesecharente","twitter_misc":{"Dur\u00e9e de lecture estim\u00e9e":"1 minute"},"schema":{"@context":"https:\/\/schema.org","@graph":[{"@type":"WebPage","@id":"https:\/\/charente.catholique.fr\/grand-angouleme\/agenda\/catechumenes-journee-de-rentree-et-dechanges\/","url":"https:\/\/charente.catholique.fr\/grand-angouleme\/agenda\/catechumenes-journee-de-rentree-et-dechanges\/","name":"Cat\u00e9chum\u00e8nes : Journ\u00e9e de rentr\u00e9e et d'\u00e9changes - Doyenn\u00e9 Grand Angoul\u00eame","isPartOf":{"@id":"https:\/\/charente.catholique.fr\/grand-angouleme\/#website"},"primaryImageOfPage":{"@id":"https:\/\/charente.catholique.fr\/grand-angouleme\/agenda\/catechumenes-journee-de-rentree-et-dechanges\/#primaryimage"},"image":{"@id":"https:\/\/charente.catholique.fr\/grand-angouleme\/agenda\/catechumenes-journee-de-rentree-et-dechanges\/#primaryimage"},"thumbnailUrl":"https:\/\/charente.catholique.fr\/grand-angouleme\/wp-content\/uploads\/sites\/2\/2022\/09\/adulte-pexels-scaled.jpg","datePublished":"2022-09-09T14:14:29+00:00","dateModified":"2022-09-09T14:14:30+00:00","breadcrumb":{"@id":"https:\/\/charente.catholique.fr\/grand-angouleme\/agenda\/catechumenes-journee-de-rentree-et-dechanges\/#breadcrumb"},"inLanguage":"fr-FR","potentialAction":[{"@type":"ReadAction","target":["https:\/\/charente.catholique.fr\/grand-angouleme\/agenda\/catechumenes-journee-de-rentree-et-dechanges\/"]}]},{"@type":"ImageObject","inLanguage":"fr-FR","@id":"https:\/\/charente.catholique.fr\/grand-angouleme\/agenda\/catechumenes-journee-de-rentree-et-dechanges\/#primaryimage","url":"https:\/\/charente.catholique.fr\/grand-angouleme\/wp-content\/uploads\/sites\/2\/2022\/09\/adulte-pexels-scaled.jpg","contentUrl":"https:\/\/charente.catholique.fr\/grand-angouleme\/wp-content\/uploads\/sites\/2\/2022\/09\/adulte-pexels-scaled.jpg","width":1708,"height":2560},{"@type":"BreadcrumbList","@id":"https:\/\/charente.catholique.fr\/grand-angouleme\/agenda\/catechumenes-journee-de-rentree-et-dechanges\/#breadcrumb","itemListElement":[{"@type":"ListItem","position":1,"name":"Accueil","item":"https:\/\/charente.catholique.fr\/grand-angouleme\/"},{"@type":"ListItem","position":2,"name":"Cat\u00e9chum\u00e8nes : Journ\u00e9e de rentr\u00e9e et d&#8217;\u00e9changes"}]},{"@type":"WebSite","@id":"https:\/\/charente.catholique.fr\/grand-angouleme\/#website","url":"https:\/\/charente.catholique.fr\/grand-angouleme\/","name":"Doyenn\u00e9 Grand Angoul\u00eame - Dioc\u00e8se d'Angoul\u00eame","description":"Dioc\u00e8se d&#039;Angoul\u00eame","publisher":{"@id":"https:\/\/charente.catholique.fr\/grand-angouleme\/#organization"},"potentialAction":[{"@type":"SearchAction","target":{"@type":"EntryPoint","urlTemplate":"https:\/\/charente.catholique.fr\/grand-angouleme\/?s={search_term_string}"},"query-input":{"@type":"PropertyValueSpecification","valueRequired":true,"valueName":"search_term_string"}}],"inLanguage":"fr-FR"},{"@type":"Organization","@id":"https:\/\/charente.catholique.fr\/grand-angouleme\/#organization","name":"Association Dioc\u00e9saine d'Angoul\u00eame","url":"https:\/\/charente.catholique.fr\/grand-angouleme\/","logo":{"@type":"ImageObject","inLanguage":"fr-FR","@id":"https:\/\/charente.catholique.fr\/grand-angouleme\/#\/schema\/logo\/image\/","url":"https:\/\/charente.catholique.fr\/grand-angouleme\/wp-content\/uploads\/sites\/2\/2020\/10\/logos.png","contentUrl":"https:\/\/charente.catholique.fr\/grand-angouleme\/wp-content\/uploads\/sites\/2\/2020\/10\/logos.png","width":600,"height":257,"caption":"Association Dioc\u00e9saine d'Angoul\u00eame"},"image":{"@id":"https:\/\/charente.catholique.fr\/grand-angouleme\/#\/schema\/logo\/image\/"},"sameAs":["https:\/\/www.facebook.com\/EgliseCatholiqueCharente","https:\/\/x.com\/diocesecharente","https:\/\/www.instagram.com\/eglisecharente","https:\/\/www.youtube.com\/channel\/UCByyFWApZbw3gDTiADoiAaQ"]}]}},"_links":{"self":[{"href":"https:\/\/charente.catholique.fr\/grand-angouleme\/wp-json\/wp\/v2\/evenement\/18146","targetHints":{"allow":["GET"]}}],"collection":[{"href":"https:\/\/charente.catholique.fr\/grand-angouleme\/wp-json\/wp\/v2\/evenement"}],"about":[{"href":"https:\/\/charente.catholique.fr\/grand-angouleme\/wp-json\/wp\/v2\/types\/evenement"}],"author":[{"embeddable":true,"href":"https:\/\/charente.catholique.fr\/grand-angouleme\/wp-json\/wp\/v2\/users\/13"}],"version-history":[{"count":2,"href":"https:\/\/charente.catholique.fr\/grand-angouleme\/wp-json\/wp\/v2\/evenement\/18146\/revisions"}],"predecessor-version":[{"id":18149,"href":"https:\/\/charente.catholique.fr\/grand-angouleme\/wp-json\/wp\/v2\/evenement\/18146\/revisions\/18149"}],"wp:featuredmedia":[{"embeddable":true,"href":"https:\/\/charente.catholique.fr\/grand-angouleme\/wp-json\/wp\/v2\/media\/18147"}],"wp:attachment":[{"href":"https:\/\/charente.catholique.fr\/grand-angouleme\/wp-json\/wp\/v2\/media?parent=18146"}],"wp:term":[{"taxonomy":"category","embeddable":true,"href":"https:\/\/charente.catholique.fr\/grand-angouleme\/wp-json\/wp\/v2\/categories?post=18146"},{"taxonomy":"post_tag","embeddable":true,"href":"https:\/\/charente.catholique.fr\/grand-angouleme\/wp-json\/wp\/v2\/tags?post=18146"}],"curies":[{"name":"wp","href":"https:\/\/api.w.org\/{rel}","templated":true}]}}