{"id":17409,"date":"2022-06-10T07:59:36","date_gmt":"2022-06-10T05:59:36","guid":{"rendered":"https:\/\/charente.catholique.fr\/grand-angouleme\/?post_type=evenement&#038;p=17409"},"modified":"2022-06-10T07:59:36","modified_gmt":"2022-06-10T05:59:36","slug":"rcf-charente-a-30-ans","status":"publish","type":"evenement","link":"https:\/\/charente.catholique.fr\/grand-angouleme\/agenda\/rcf-charente-a-30-ans\/","title":{"rendered":"RCF Charente a 30 ans"},"content":{"rendered":"\n<p>Pour f\u00eater ses 30 ans, et parce qu\u2019elle vit pour plus de moiti\u00e9 des dons de ses auditeurs, la radio RCF Charente&nbsp; organise le vendredi 24 juin \u00e0 18h30 une AG extraordinaire \u201cgrand public\u201d au cours de laquelle elle pr\u00e9sentera ses comptes et ses projets.<\/p>\n\n\n\n<p>Cette AG sera doubl\u00e9e d\u2019une conf\u00e9rence sur un th\u00e8me qui guide son action depuis 30 ans: \u201d Le pouvoir des gentils \u201c.<br>La gentillesse donne en effet non seulement le pouvoir de rendre les autres heureux mais permet aussi de f\u00e9d\u00e9rer les \u00e9nergies pour un monde meilleur.<br>La conf\u00e9rence sera donn\u00e9e par Franck Martin, fondateur et dirigeant d\u2019une soci\u00e9t\u00e9 de conseil, auteur d\u2019un livre au titre \u00e9ponyme, qui montrera que la gentillesse peut aussi \u00eatre une strat\u00e9gie gagnante en affaires.<\/p>\n\n\n\n<figure class=\"wp-block-embed is-type-wp-embed is-provider-diocese-d-039-angouleme wp-block-embed-diocese-d-039-angouleme\"><div class=\"wp-block-embed__wrapper\">\nhttps:\/\/charente.catholique.fr\/agenda\/rcf-charente-a-30-ans\/\n<\/div><\/figure>\n","protected":false},"author":13,"featured_media":8905,"template":"","meta":{"_acf_changed":false,"paroisse":[""],"service":["0"],"footnotes":""},"categories":[],"tags":[],"class_list":["post-17409","evenement","type-evenement","status-publish","has-post-thumbnail","hentry","validated"],"acf":{"start_date":"2022-06-24 18:30:00","end_date":"","location":"Maison Dioc\u00e9saine (AD Angoul\u00eame), Rue de Bordeaux, Angoul\u00eame, France","address":null},"yoast_head":"<!-- This site is optimized with the Yoast SEO plugin v27.1.1 - https:\/\/yoast.com\/product\/yoast-seo-wordpress\/ -->\n<title>RCF Charente a 30 ans - Doyenn\u00e9 Grand Angoul\u00eame<\/title>\n<meta name=\"robots\" content=\"index, follow, max-snippet:-1, max-image-preview:large, max-video-preview:-1\" \/>\n<link rel=\"canonical\" href=\"https:\/\/charente.catholique.fr\/grand-angouleme\/agenda\/rcf-charente-a-30-ans\/\" \/>\n<meta property=\"og:locale\" content=\"fr_FR\" \/>\n<meta property=\"og:type\" content=\"article\" \/>\n<meta property=\"og:title\" content=\"RCF Charente a 30 ans - Doyenn\u00e9 Grand Angoul\u00eame\" \/>\n<meta property=\"og:description\" content=\"Pour f\u00eater ses 30 ans, et parce qu\u2019elle vit pour plus de moiti\u00e9 des dons de ses auditeurs, la radio RCF Charente&nbsp; organise le vendredi 24 juin \u00e0 18h30 une AG extraordinaire \u201cgrand public\u201d au cours de laquelle elle pr\u00e9sentera ses comptes et ses projets. Cette AG sera doubl\u00e9e d\u2019une conf\u00e9rence sur un th\u00e8me qui [&hellip;]\" \/>\n<meta property=\"og:url\" content=\"https:\/\/charente.catholique.fr\/grand-angouleme\/agenda\/rcf-charente-a-30-ans\/\" \/>\n<meta property=\"og:site_name\" content=\"Doyenn\u00e9 Grand Angoul\u00eame\" \/>\n<meta property=\"article:publisher\" content=\"https:\/\/www.facebook.com\/EgliseCatholiqueCharente\" \/>\n<meta property=\"og:image\" content=\"https:\/\/charente.catholique.fr\/grand-angouleme\/wp-content\/uploads\/sites\/2\/2022\/01\/logo-rcf-800x600-1.png\" \/>\n\t<meta property=\"og:image:width\" content=\"800\" \/>\n\t<meta property=\"og:image:height\" content=\"500\" \/>\n\t<meta property=\"og:image:type\" content=\"image\/png\" \/>\n<meta name=\"twitter:card\" content=\"summary_large_image\" \/>\n<meta name=\"twitter:site\" content=\"@diocesecharente\" \/>\n<meta name=\"twitter:label1\" content=\"Dur\u00e9e de lecture estim\u00e9e\" \/>\n\t<meta name=\"twitter:data1\" content=\"1 minute\" \/>\n<script type=\"application\/ld+json\" class=\"yoast-schema-graph\">{\"@context\":\"https:\/\/schema.org\",\"@graph\":[{\"@type\":\"WebPage\",\"@id\":\"https:\/\/charente.catholique.fr\/grand-angouleme\/agenda\/rcf-charente-a-30-ans\/\",\"url\":\"https:\/\/charente.catholique.fr\/grand-angouleme\/agenda\/rcf-charente-a-30-ans\/\",\"name\":\"RCF Charente a 30 ans - Doyenn\u00e9 Grand Angoul\u00eame\",\"isPartOf\":{\"@id\":\"https:\/\/charente.catholique.fr\/grand-angouleme\/#website\"},\"primaryImageOfPage\":{\"@id\":\"https:\/\/charente.catholique.fr\/grand-angouleme\/agenda\/rcf-charente-a-30-ans\/#primaryimage\"},\"image\":{\"@id\":\"https:\/\/charente.catholique.fr\/grand-angouleme\/agenda\/rcf-charente-a-30-ans\/#primaryimage\"},\"thumbnailUrl\":\"https:\/\/charente.catholique.fr\/grand-angouleme\/wp-content\/uploads\/sites\/2\/2022\/01\/logo-rcf-800x600-1.png\",\"datePublished\":\"2022-06-10T05:59:36+00:00\",\"breadcrumb\":{\"@id\":\"https:\/\/charente.catholique.fr\/grand-angouleme\/agenda\/rcf-charente-a-30-ans\/#breadcrumb\"},\"inLanguage\":\"fr-FR\",\"potentialAction\":[{\"@type\":\"ReadAction\",\"target\":[\"https:\/\/charente.catholique.fr\/grand-angouleme\/agenda\/rcf-charente-a-30-ans\/\"]}]},{\"@type\":\"ImageObject\",\"inLanguage\":\"fr-FR\",\"@id\":\"https:\/\/charente.catholique.fr\/grand-angouleme\/agenda\/rcf-charente-a-30-ans\/#primaryimage\",\"url\":\"https:\/\/charente.catholique.fr\/grand-angouleme\/wp-content\/uploads\/sites\/2\/2022\/01\/logo-rcf-800x600-1.png\",\"contentUrl\":\"https:\/\/charente.catholique.fr\/grand-angouleme\/wp-content\/uploads\/sites\/2\/2022\/01\/logo-rcf-800x600-1.png\",\"width\":800,\"height\":500},{\"@type\":\"BreadcrumbList\",\"@id\":\"https:\/\/charente.catholique.fr\/grand-angouleme\/agenda\/rcf-charente-a-30-ans\/#breadcrumb\",\"itemListElement\":[{\"@type\":\"ListItem\",\"position\":1,\"name\":\"Accueil\",\"item\":\"https:\/\/charente.catholique.fr\/grand-angouleme\/\"},{\"@type\":\"ListItem\",\"position\":2,\"name\":\"RCF Charente a 30 ans\"}]},{\"@type\":\"WebSite\",\"@id\":\"https:\/\/charente.catholique.fr\/grand-angouleme\/#website\",\"url\":\"https:\/\/charente.catholique.fr\/grand-angouleme\/\",\"name\":\"Doyenn\u00e9 Grand Angoul\u00eame - Dioc\u00e8se d'Angoul\u00eame\",\"description\":\"Dioc\u00e8se d&#039;Angoul\u00eame\",\"publisher\":{\"@id\":\"https:\/\/charente.catholique.fr\/grand-angouleme\/#organization\"},\"potentialAction\":[{\"@type\":\"SearchAction\",\"target\":{\"@type\":\"EntryPoint\",\"urlTemplate\":\"https:\/\/charente.catholique.fr\/grand-angouleme\/?s={search_term_string}\"},\"query-input\":{\"@type\":\"PropertyValueSpecification\",\"valueRequired\":true,\"valueName\":\"search_term_string\"}}],\"inLanguage\":\"fr-FR\"},{\"@type\":\"Organization\",\"@id\":\"https:\/\/charente.catholique.fr\/grand-angouleme\/#organization\",\"name\":\"Association Dioc\u00e9saine d'Angoul\u00eame\",\"url\":\"https:\/\/charente.catholique.fr\/grand-angouleme\/\",\"logo\":{\"@type\":\"ImageObject\",\"inLanguage\":\"fr-FR\",\"@id\":\"https:\/\/charente.catholique.fr\/grand-angouleme\/#\/schema\/logo\/image\/\",\"url\":\"https:\/\/charente.catholique.fr\/grand-angouleme\/wp-content\/uploads\/sites\/2\/2020\/10\/logos.png\",\"contentUrl\":\"https:\/\/charente.catholique.fr\/grand-angouleme\/wp-content\/uploads\/sites\/2\/2020\/10\/logos.png\",\"width\":600,\"height\":257,\"caption\":\"Association Dioc\u00e9saine d'Angoul\u00eame\"},\"image\":{\"@id\":\"https:\/\/charente.catholique.fr\/grand-angouleme\/#\/schema\/logo\/image\/\"},\"sameAs\":[\"https:\/\/www.facebook.com\/EgliseCatholiqueCharente\",\"https:\/\/x.com\/diocesecharente\",\"https:\/\/www.instagram.com\/eglisecharente\",\"https:\/\/www.youtube.com\/channel\/UCByyFWApZbw3gDTiADoiAaQ\"]}]}<\/script>\n<!-- \/ Yoast SEO plugin. -->","yoast_head_json":{"title":"RCF Charente a 30 ans - Doyenn\u00e9 Grand Angoul\u00eame","robots":{"index":"index","follow":"follow","max-snippet":"max-snippet:-1","max-image-preview":"max-image-preview:large","max-video-preview":"max-video-preview:-1"},"canonical":"https:\/\/charente.catholique.fr\/grand-angouleme\/agenda\/rcf-charente-a-30-ans\/","og_locale":"fr_FR","og_type":"article","og_title":"RCF Charente a 30 ans - Doyenn\u00e9 Grand Angoul\u00eame","og_description":"Pour f\u00eater ses 30 ans, et parce qu\u2019elle vit pour plus de moiti\u00e9 des dons de ses auditeurs, la radio RCF Charente&nbsp; organise le vendredi 24 juin \u00e0 18h30 une AG extraordinaire \u201cgrand public\u201d au cours de laquelle elle pr\u00e9sentera ses comptes et ses projets. Cette AG sera doubl\u00e9e d\u2019une conf\u00e9rence sur un th\u00e8me qui [&hellip;]","og_url":"https:\/\/charente.catholique.fr\/grand-angouleme\/agenda\/rcf-charente-a-30-ans\/","og_site_name":"Doyenn\u00e9 Grand Angoul\u00eame","article_publisher":"https:\/\/www.facebook.com\/EgliseCatholiqueCharente","og_image":[{"width":800,"height":500,"url":"https:\/\/charente.catholique.fr\/grand-angouleme\/wp-content\/uploads\/sites\/2\/2022\/01\/logo-rcf-800x600-1.png","type":"image\/png"}],"twitter_card":"summary_large_image","twitter_site":"@diocesecharente","twitter_misc":{"Dur\u00e9e de lecture estim\u00e9e":"1 minute"},"schema":{"@context":"https:\/\/schema.org","@graph":[{"@type":"WebPage","@id":"https:\/\/charente.catholique.fr\/grand-angouleme\/agenda\/rcf-charente-a-30-ans\/","url":"https:\/\/charente.catholique.fr\/grand-angouleme\/agenda\/rcf-charente-a-30-ans\/","name":"RCF Charente a 30 ans - Doyenn\u00e9 Grand Angoul\u00eame","isPartOf":{"@id":"https:\/\/charente.catholique.fr\/grand-angouleme\/#website"},"primaryImageOfPage":{"@id":"https:\/\/charente.catholique.fr\/grand-angouleme\/agenda\/rcf-charente-a-30-ans\/#primaryimage"},"image":{"@id":"https:\/\/charente.catholique.fr\/grand-angouleme\/agenda\/rcf-charente-a-30-ans\/#primaryimage"},"thumbnailUrl":"https:\/\/charente.catholique.fr\/grand-angouleme\/wp-content\/uploads\/sites\/2\/2022\/01\/logo-rcf-800x600-1.png","datePublished":"2022-06-10T05:59:36+00:00","breadcrumb":{"@id":"https:\/\/charente.catholique.fr\/grand-angouleme\/agenda\/rcf-charente-a-30-ans\/#breadcrumb"},"inLanguage":"fr-FR","potentialAction":[{"@type":"ReadAction","target":["https:\/\/charente.catholique.fr\/grand-angouleme\/agenda\/rcf-charente-a-30-ans\/"]}]},{"@type":"ImageObject","inLanguage":"fr-FR","@id":"https:\/\/charente.catholique.fr\/grand-angouleme\/agenda\/rcf-charente-a-30-ans\/#primaryimage","url":"https:\/\/charente.catholique.fr\/grand-angouleme\/wp-content\/uploads\/sites\/2\/2022\/01\/logo-rcf-800x600-1.png","contentUrl":"https:\/\/charente.catholique.fr\/grand-angouleme\/wp-content\/uploads\/sites\/2\/2022\/01\/logo-rcf-800x600-1.png","width":800,"height":500},{"@type":"BreadcrumbList","@id":"https:\/\/charente.catholique.fr\/grand-angouleme\/agenda\/rcf-charente-a-30-ans\/#breadcrumb","itemListElement":[{"@type":"ListItem","position":1,"name":"Accueil","item":"https:\/\/charente.catholique.fr\/grand-angouleme\/"},{"@type":"ListItem","position":2,"name":"RCF Charente a 30 ans"}]},{"@type":"WebSite","@id":"https:\/\/charente.catholique.fr\/grand-angouleme\/#website","url":"https:\/\/charente.catholique.fr\/grand-angouleme\/","name":"Doyenn\u00e9 Grand Angoul\u00eame - Dioc\u00e8se d'Angoul\u00eame","description":"Dioc\u00e8se d&#039;Angoul\u00eame","publisher":{"@id":"https:\/\/charente.catholique.fr\/grand-angouleme\/#organization"},"potentialAction":[{"@type":"SearchAction","target":{"@type":"EntryPoint","urlTemplate":"https:\/\/charente.catholique.fr\/grand-angouleme\/?s={search_term_string}"},"query-input":{"@type":"PropertyValueSpecification","valueRequired":true,"valueName":"search_term_string"}}],"inLanguage":"fr-FR"},{"@type":"Organization","@id":"https:\/\/charente.catholique.fr\/grand-angouleme\/#organization","name":"Association Dioc\u00e9saine d'Angoul\u00eame","url":"https:\/\/charente.catholique.fr\/grand-angouleme\/","logo":{"@type":"ImageObject","inLanguage":"fr-FR","@id":"https:\/\/charente.catholique.fr\/grand-angouleme\/#\/schema\/logo\/image\/","url":"https:\/\/charente.catholique.fr\/grand-angouleme\/wp-content\/uploads\/sites\/2\/2020\/10\/logos.png","contentUrl":"https:\/\/charente.catholique.fr\/grand-angouleme\/wp-content\/uploads\/sites\/2\/2020\/10\/logos.png","width":600,"height":257,"caption":"Association Dioc\u00e9saine d'Angoul\u00eame"},"image":{"@id":"https:\/\/charente.catholique.fr\/grand-angouleme\/#\/schema\/logo\/image\/"},"sameAs":["https:\/\/www.facebook.com\/EgliseCatholiqueCharente","https:\/\/x.com\/diocesecharente","https:\/\/www.instagram.com\/eglisecharente","https:\/\/www.youtube.com\/channel\/UCByyFWApZbw3gDTiADoiAaQ"]}]}},"_links":{"self":[{"href":"https:\/\/charente.catholique.fr\/grand-angouleme\/wp-json\/wp\/v2\/evenement\/17409","targetHints":{"allow":["GET"]}}],"collection":[{"href":"https:\/\/charente.catholique.fr\/grand-angouleme\/wp-json\/wp\/v2\/evenement"}],"about":[{"href":"https:\/\/charente.catholique.fr\/grand-angouleme\/wp-json\/wp\/v2\/types\/evenement"}],"author":[{"embeddable":true,"href":"https:\/\/charente.catholique.fr\/grand-angouleme\/wp-json\/wp\/v2\/users\/13"}],"version-history":[{"count":2,"href":"https:\/\/charente.catholique.fr\/grand-angouleme\/wp-json\/wp\/v2\/evenement\/17409\/revisions"}],"predecessor-version":[{"id":17411,"href":"https:\/\/charente.catholique.fr\/grand-angouleme\/wp-json\/wp\/v2\/evenement\/17409\/revisions\/17411"}],"wp:featuredmedia":[{"embeddable":true,"href":"https:\/\/charente.catholique.fr\/grand-angouleme\/wp-json\/wp\/v2\/media\/8905"}],"wp:attachment":[{"href":"https:\/\/charente.catholique.fr\/grand-angouleme\/wp-json\/wp\/v2\/media?parent=17409"}],"wp:term":[{"taxonomy":"category","embeddable":true,"href":"https:\/\/charente.catholique.fr\/grand-angouleme\/wp-json\/wp\/v2\/categories?post=17409"},{"taxonomy":"post_tag","embeddable":true,"href":"https:\/\/charente.catholique.fr\/grand-angouleme\/wp-json\/wp\/v2\/tags?post=17409"}],"curies":[{"name":"wp","href":"https:\/\/api.w.org\/{rel}","templated":true}]}}